{"id":1313,"date":"2022-10-30T11:37:26","date_gmt":"2022-10-30T11:37:26","guid":{"rendered":"http:\/\/musicactiva.net\/escolademusica\/?page_id=1313"},"modified":"2023-11-06T17:54:29","modified_gmt":"2023-11-06T17:54:29","slug":"melodia","status":"publish","type":"page","link":"http:\/\/musicactiva.net\/escolademusica\/melodia\/","title":{"rendered":"MELODIA"},"content":{"rendered":"\t\t<div data-elementor-type=\"wp-page\" data-elementor-id=\"1313\" class=\"elementor elementor-1313\">\n\t\t\t\t\t\t\t\t\t<section class=\"elementor-section elementor-top-section elementor-element elementor-element-cc241e8 elementor-section-boxed elementor-section-height-default elementor-section-height-default\" data-id=\"cc241e8\" data-element_type=\"section\">\n\t\t\t\t\t\t<div class=\"elementor-container elementor-column-gap-default\">\n\t\t\t\t\t<div class=\"elementor-column elementor-col-100 elementor-top-column elementor-element elementor-element-0c77d85\" data-id=\"0c77d85\" data-element_type=\"column\">\n\t\t\t<div class=\"elementor-widget-wrap elementor-element-populated\">\n\t\t\t\t\t\t\t\t<div class=\"elementor-element elementor-element-c6252a1 elementor-widget elementor-widget-text-editor\" data-id=\"c6252a1\" data-element_type=\"widget\" data-widget_type=\"text-editor.default\">\n\t\t\t\t<div class=\"elementor-widget-container\">\n\t\t\t<style>\/*! elementor - v3.7.8 - 02-10-2022 *\/\n.elementor-widget-text-editor.elementor-drop-cap-view-stacked .elementor-drop-cap{background-color:#818a91;color:#fff}.elementor-widget-text-editor.elementor-drop-cap-view-framed .elementor-drop-cap{color:#818a91;border:3px solid;background-color:transparent}.elementor-widget-text-editor:not(.elementor-drop-cap-view-default) .elementor-drop-cap{margin-top:8px}.elementor-widget-text-editor:not(.elementor-drop-cap-view-default) .elementor-drop-cap-letter{width:1em;height:1em}.elementor-widget-text-editor .elementor-drop-cap{float:left;text-align:center;line-height:1;font-size:50px}.elementor-widget-text-editor .elementor-drop-cap-letter{display:inline-block}<\/style>\t\t\t\t<p><b>MELODIA<\/b><\/p>\t\t\t\t\t\t<\/div>\n\t\t\t\t<\/div>\n\t\t\t\t<div class=\"elementor-element elementor-element-3bf2de7 elementor-widget elementor-widget-text-editor\" data-id=\"3bf2de7\" data-element_type=\"widget\" data-widget_type=\"text-editor.default\">\n\t\t\t\t<div class=\"elementor-widget-container\">\n\t\t\t\t\t\t\t<p><strong style=\"color: var( --e-global-color-primary );\"><em>Apr\u00e8n a improvisar, llegir i escriure melodies mitjan\u00e7ant exercicis<\/em><\/strong><strong style=\"color: var( --e-global-color-primary );\"><em> d&#8217; improvisaci\u00f3 i de composici\u00f3 amb qu\u00e8 <\/em><\/strong><strong style=\"color: var( --e-global-color-primary );\"><em>afinar\u00e0s la teva o\u00efda,&nbsp;<\/em><\/strong><strong style=\"color: var( --e-global-color-primary );\"><em>construir\u00e0s el teu propi \u00abfraseig musical\u00bb i&nbsp;<\/em><\/strong><strong style=\"color: var( --e-global-color-primary );\"><em>descobrir\u00e0s el funcionament del sistema tonal.<\/em><\/strong><\/p>\n<p><strong style=\"color: var( --e-global-color-primary );\"><em>Construir\u00e0s un llenguatge musical que et servir\u00e0 per a tota mena de m\u00fasica&#8230;!!!!<\/em><\/strong><\/p>\n<p><b><i>Aprendr\u00e0s tota la teoria de la m\u00fasica d&#8217;una manera totalment pr\u00e0ctica.<\/i><\/b><\/p>\t\t\t\t\t\t<\/div>\n\t\t\t\t<\/div>\n\t\t\t\t<div class=\"elementor-element elementor-element-942b034 elementor-widget elementor-widget-text-editor\" data-id=\"942b034\" data-element_type=\"widget\" data-widget_type=\"text-editor.default\">\n\t\t\t\t<div class=\"elementor-widget-container\">\n\t\t\t\t\t\t\t<p style=\"text-align: left;\"><em><strong>Si t&#8217;interessa el tema, llegeix m\u00e9s&#8230;:<\/strong><\/em><\/p>\t\t\t\t\t\t<\/div>\n\t\t\t\t<\/div>\n\t\t\t\t\t<\/div>\n\t\t<\/div>\n\t\t\t\t\t\t\t<\/div>\n\t\t<\/section>\n\t\t\t\t<section class=\"elementor-section elementor-top-section elementor-element elementor-element-caa0750 elementor-section-boxed elementor-section-height-default elementor-section-height-default\" data-id=\"caa0750\" data-element_type=\"section\">\n\t\t\t\t\t\t<div class=\"elementor-container elementor-column-gap-default\">\n\t\t\t\t\t<div class=\"elementor-column elementor-col-100 elementor-top-column elementor-element elementor-element-82e250f\" data-id=\"82e250f\" data-element_type=\"column\">\n\t\t\t<div class=\"elementor-widget-wrap elementor-element-populated\">\n\t\t\t\t\t\t\t\t<section class=\"elementor-section elementor-inner-section elementor-element elementor-element-52fd0b6 elementor-section-boxed elementor-section-height-default elementor-section-height-default\" data-id=\"52fd0b6\" data-element_type=\"section\">\n\t\t\t\t\t\t<div class=\"elementor-container elementor-column-gap-default\">\n\t\t\t\t\t<div class=\"elementor-column elementor-col-25 elementor-inner-column elementor-element elementor-element-bfb7859\" data-id=\"bfb7859\" data-element_type=\"column\" data-settings=\"{&quot;background_background&quot;:&quot;classic&quot;}\">\n\t\t\t<div class=\"elementor-widget-wrap elementor-element-populated\">\n\t\t\t\t\t\t\t\t<div class=\"elementor-element elementor-element-823830d elementor-widget elementor-widget-text-editor\" data-id=\"823830d\" data-element_type=\"widget\" data-widget_type=\"text-editor.default\">\n\t\t\t\t<div class=\"elementor-widget-container\">\n\t\t\t\t\t\t\t<p style=\"text-align: center;\"><strong>QU\u00c8 APRENEM ?<\/strong><\/p>\n<p style=\"text-align: center;\"><strong>COM HO APRENEM?<\/strong><\/p>\t\t\t\t\t\t<\/div>\n\t\t\t\t<\/div>\n\t\t\t\t\t<\/div>\n\t\t<\/div>\n\t\t\t\t<div class=\"elementor-column elementor-col-25 elementor-inner-column elementor-element elementor-element-b08e091\" data-id=\"b08e091\" data-element_type=\"column\" data-settings=\"{&quot;background_background&quot;:&quot;classic&quot;}\">\n\t\t\t<div class=\"elementor-widget-wrap elementor-element-populated\">\n\t\t\t\t\t\t\t\t<div class=\"elementor-element elementor-element-8830277 elementor-widget elementor-widget-text-editor\" data-id=\"8830277\" data-element_type=\"widget\" data-widget_type=\"text-editor.default\">\n\t\t\t\t<div class=\"elementor-widget-container\">\n\t\t\t\t\t\t\t<p style=\"text-align: center;\"><strong>COM FUNCIONA<\/strong><\/p><p style=\"text-align: center;\"><strong>EL SISTEMA<\/strong><\/p><p style=\"text-align: center;\"><b>TONAL?<\/b><\/p>\t\t\t\t\t\t<\/div>\n\t\t\t\t<\/div>\n\t\t\t\t\t<\/div>\n\t\t<\/div>\n\t\t\t\t<div class=\"elementor-column elementor-col-25 elementor-inner-column elementor-element elementor-element-bc0d970\" data-id=\"bc0d970\" data-element_type=\"column\" data-settings=\"{&quot;background_background&quot;:&quot;classic&quot;}\">\n\t\t\t<div class=\"elementor-widget-wrap elementor-element-populated\">\n\t\t\t\t\t\t\t\t<div class=\"elementor-element elementor-element-bb07a91 elementor-widget elementor-widget-text-editor\" data-id=\"bb07a91\" data-element_type=\"widget\" data-widget_type=\"text-editor.default\">\n\t\t\t\t<div class=\"elementor-widget-container\">\n\t\t\t\t\t\t\t<p style=\"text-align: center;\"><strong>LLENGUATGE\u00a0<\/strong><\/p><p style=\"text-align: center;\"><strong style=\"background-color: var( --e-global-color-c19898d );\">MEL\u00d2DIC i<\/strong><\/p><p style=\"text-align: center;\"><strong style=\"background-color: var( --e-global-color-c19898d );\">TENIR\u00a0<\/strong><strong style=\"background-color: var( --e-global-color-c19898d );\">\u00abBONA O\u00cfDA\u00bb<\/strong><\/p>\t\t\t\t\t\t<\/div>\n\t\t\t\t<\/div>\n\t\t\t\t\t<\/div>\n\t\t<\/div>\n\t\t\t\t<div class=\"elementor-column elementor-col-25 elementor-inner-column elementor-element elementor-element-f55e41e\" data-id=\"f55e41e\" data-element_type=\"column\" data-settings=\"{&quot;background_background&quot;:&quot;classic&quot;}\">\n\t\t\t<div class=\"elementor-widget-wrap elementor-element-populated\">\n\t\t\t\t\t\t\t\t<div class=\"elementor-element elementor-element-4de0820 elementor-widget elementor-widget-text-editor\" data-id=\"4de0820\" data-element_type=\"widget\" data-widget_type=\"text-editor.default\">\n\t\t\t\t<div class=\"elementor-widget-container\">\n\t\t\t\t\t\t\t<p style=\"text-align: center;\"><b>FORMACI\u00d3 MULTI ESTIL\u00cdSTICA<\/b><\/p>\t\t\t\t\t\t<\/div>\n\t\t\t\t<\/div>\n\t\t\t\t\t<\/div>\n\t\t<\/div>\n\t\t\t\t\t\t\t<\/div>\n\t\t<\/section>\n\t\t\t\t<div class=\"elementor-element elementor-element-edc307d elementor-widget elementor-widget-accordion\" data-id=\"edc307d\" data-element_type=\"widget\" data-widget_type=\"accordion.default\">\n\t\t\t\t<div class=\"elementor-widget-container\">\n\t\t\t<style>\/*! elementor - v3.7.8 - 02-10-2022 *\/\n.elementor-accordion{text-align:left}.elementor-accordion .elementor-accordion-item{border:1px solid #d4d4d4}.elementor-accordion .elementor-accordion-item+.elementor-accordion-item{border-top:none}.elementor-accordion .elementor-tab-title{margin:0;padding:15px 20px;font-weight:700;line-height:1;cursor:pointer;outline:none}.elementor-accordion .elementor-tab-title .elementor-accordion-icon{display:inline-block;width:1.5em}.elementor-accordion .elementor-tab-title .elementor-accordion-icon svg{width:1em;height:1em}.elementor-accordion .elementor-tab-title .elementor-accordion-icon.elementor-accordion-icon-right{float:right;text-align:right}.elementor-accordion .elementor-tab-title .elementor-accordion-icon.elementor-accordion-icon-left{float:left;text-align:left}.elementor-accordion .elementor-tab-title .elementor-accordion-icon .elementor-accordion-icon-closed{display:block}.elementor-accordion .elementor-tab-title .elementor-accordion-icon .elementor-accordion-icon-opened,.elementor-accordion .elementor-tab-title.elementor-active .elementor-accordion-icon-closed{display:none}.elementor-accordion .elementor-tab-title.elementor-active .elementor-accordion-icon-opened{display:block}.elementor-accordion .elementor-tab-content{display:none;padding:15px 20px;border-top:1px solid #d4d4d4}@media (max-width:767px){.elementor-accordion .elementor-tab-title{padding:12px 15px}.elementor-accordion .elementor-tab-title .elementor-accordion-icon{width:1.2em}.elementor-accordion .elementor-tab-content{padding:7px 15px}}.e-container>.elementor-widget-accordion{width:var(--container-widget-width,100%)}<\/style>\t\t<div class=\"elementor-accordion\" role=\"tablist\">\n\t\t\t\t\t\t\t<div class=\"elementor-accordion-item\">\n\t\t\t\t\t<div id=\"elementor-tab-title-2491\" class=\"elementor-tab-title\" data-tab=\"1\" role=\"tab\" aria-controls=\"elementor-tab-content-2491\" aria-expanded=\"false\">\n\t\t\t\t\t\t\t\t\t\t\t\t\t<span class=\"elementor-accordion-icon elementor-accordion-icon-left\" aria-hidden=\"true\">\n\t\t\t\t\t\t\t\t\t\t\t\t\t\t\t<span class=\"elementor-accordion-icon-closed\"><i class=\"fas fa-caret-down\"><\/i><\/span>\n\t\t\t\t\t\t\t\t<span class=\"elementor-accordion-icon-opened\"><i class=\"fas fa-caret-up\"><\/i><\/span>\n\t\t\t\t\t\t\t\t\t\t\t\t\t\t<\/span>\n\t\t\t\t\t\t\t\t\t\t\t\t<a class=\"elementor-accordion-title\" href=\"\">Continguts formatius i procediments caracter\u00edstics de la mat\u00e8ria \u201cmelodia\u201d: <\/a>\n\t\t\t\t\t<\/div>\n\t\t\t\t\t<div id=\"elementor-tab-content-2491\" class=\"elementor-tab-content elementor-clearfix\" data-tab=\"1\" role=\"tabpanel\" aria-labelledby=\"elementor-tab-title-2491\"><p><strong>Construir m\u00fasica amb sons afinats:<\/strong> a la mat\u00e8ria de \u201cmelodia\u201d aprenem a construir estructures musicals utilitzant sons \u00abafinats\u00bb \u00e9s a dir, sons amb una altura que est\u00e0 definida, amb uns sons&nbsp; que estan afinats segons les relacions entre freq\u00fc\u00e8ncies que determina el Sistema Tonal. Aquests sons afinats segons aquests criteris, s\u00f3n els que anomenem \u201cnotes musicals\u201d.&nbsp;<\/p>\n<p><strong>Procediments constructius: <\/strong>la construcci\u00f3 de fragments mel\u00f2dics es realitza mitjan\u00e7ant l&#8217;aplicaci\u00f3 dels models constructius de la metodologia -model d&#8217;improvisaci\u00f3, de composici\u00f3 i d&#8217;interpretaci\u00f3- que permeten construir m\u00fasica de manera immediata, establint la deguda correspond\u00e8ncia entre la construcci\u00f3 del llenguatge a nivell oral i a nivell escrit i permeten evolucionar des de la construcci\u00f3 col\u00b7lectiva fins a la construcci\u00f3 individual.<\/p>\n<p><strong>Operacions mel\u00f2diques: <\/strong>el proc\u00e9s capacita a l\u2019alumnat per improvisar, composar, llegir a vista i resoldre un dictat escrit de qualsevol estructura mel\u00f2dica. En el cas de la mat\u00e8ria \u201cmelodia\u201d, afegim tamb\u00e9 dues operacions m\u00e9s:<\/p>\n<p><strong>Transport: <\/strong>aprendre a transportar la m\u00fasica que construim d\u2019una tonalitat a l\u2019altra realitzant l\u2019operaci\u00f3 a \u201cnivell oral\u201d, a temps musical real i per tant, d\u2019una manera totalment immediata.<\/p>\n<p><strong>Educaci\u00f3 de l\u2019o\u00efda: <\/strong>les operacions que permeten a l\u2019alumnat aprendre a parlar, llegir i escriure m\u00fasica a nivell mel\u00f2dic en totes les tonalitats que componen els Sistema tonal, inclouen el proc\u00e9s de sensibilitzaci\u00f3 auditiva que en determinats programes d\u2019estudi de m\u00fasica moderana s\u2019anomena \u201ceducaci\u00f3 de l\u2019o\u00efda\u201d-\u201dear training\u201d- i que \u00e9s el que permet discernir les notes, els int\u00e8rvals i les estructures sonores que composen les diferents tonalitats. Els resultats capaciten a tots l&#8217;alumnat per realitzar totes les operacions auditives necess\u00e0ries per fer m\u00fasica, i en la majoria d\u2019alumnes ens acosten molt al que anomenem \u201co\u00efda absoluta\u201d.<\/p>\n<p><strong>Grafismes musicals:<\/strong> el proc\u00e9s inclou el coneixement i la utilitzaci\u00f3 de TOTS els grafismes musicals amb els quals representem gr\u00e0ficament les estructures mel\u00f2diques: notes, pentagrames, claus musicals, armadures de les diferentes tonalitats, entre d\u2019altres.<\/p>\n<p><strong>Teoria musical: <\/strong>el proc\u00e9s inclou el coneixement de tota la nomenclatura i els conceptes que presenta la \u201cteoria musical\u201d en l\u2019\u00e0mbit mel\u00f2dic i que gr\u00e0cies als procediments de la nostra metodologia els aprenem de manera totalment pr\u00e0ctica i vivencial.<\/p><\/div>\n\t\t\t\t<\/div>\n\t\t\t\t\t\t\t<div class=\"elementor-accordion-item\">\n\t\t\t\t\t<div id=\"elementor-tab-title-2492\" class=\"elementor-tab-title\" data-tab=\"2\" role=\"tab\" aria-controls=\"elementor-tab-content-2492\" aria-expanded=\"false\">\n\t\t\t\t\t\t\t\t\t\t\t\t\t<span class=\"elementor-accordion-icon elementor-accordion-icon-left\" aria-hidden=\"true\">\n\t\t\t\t\t\t\t\t\t\t\t\t\t\t\t<span class=\"elementor-accordion-icon-closed\"><i class=\"fas fa-caret-down\"><\/i><\/span>\n\t\t\t\t\t\t\t\t<span class=\"elementor-accordion-icon-opened\"><i class=\"fas fa-caret-up\"><\/i><\/span>\n\t\t\t\t\t\t\t\t\t\t\t\t\t\t<\/span>\n\t\t\t\t\t\t\t\t\t\t\t\t<a class=\"elementor-accordion-title\" href=\"\">Funcionament del \u201cSistema Tonal\u201d:<\/a>\n\t\t\t\t\t<\/div>\n\t\t\t\t\t<div id=\"elementor-tab-content-2492\" class=\"elementor-tab-content elementor-clearfix\" data-tab=\"2\" role=\"tabpanel\" aria-labelledby=\"elementor-tab-title-2492\"><p>El proc\u00e9s evoluciona des de la construcci\u00f3 de la primera escala i del primer int\u00e8rval que aprenem a utilitzar \u2013escala de Do Major i int\u00e8&nbsp; &nbsp; &nbsp; &nbsp; &nbsp;rval de 2a-, fins la utilitzaci\u00f3 de totes les escales diat\u00f2niques majors i menors en totes les tonalitats que estructuren el Sistema Tonal i la utilitzaci\u00f3 de TOTS els int\u00e8rvals i connecta amb la construcci\u00f3 dels acords i les estructures sonores que aprenem a utilitzar a la mat\u00e8ria d&#8217;harmonia que treballem a Taller de Composici\u00f3.&nbsp;El proc\u00e9s ens permet descobrir el funcionament del \u201cSistema Tonal\u201d utilitzant el propi sistema per construir fragments mel\u00f2dics des del primer moment de l\u2019aprenentatge i per tant d\u2019una manera totalment pr\u00e0ctica, vivencial i entenedora.&nbsp;&nbsp;<\/p><\/div>\n\t\t\t\t<\/div>\n\t\t\t\t\t\t\t<div class=\"elementor-accordion-item\">\n\t\t\t\t\t<div id=\"elementor-tab-title-2493\" class=\"elementor-tab-title\" data-tab=\"3\" role=\"tab\" aria-controls=\"elementor-tab-content-2493\" aria-expanded=\"false\">\n\t\t\t\t\t\t\t\t\t\t\t\t\t<span class=\"elementor-accordion-icon elementor-accordion-icon-left\" aria-hidden=\"true\">\n\t\t\t\t\t\t\t\t\t\t\t\t\t\t\t<span class=\"elementor-accordion-icon-closed\"><i class=\"fas fa-caret-down\"><\/i><\/span>\n\t\t\t\t\t\t\t\t<span class=\"elementor-accordion-icon-opened\"><i class=\"fas fa-caret-up\"><\/i><\/span>\n\t\t\t\t\t\t\t\t\t\t\t\t\t\t<\/span>\n\t\t\t\t\t\t\t\t\t\t\t\t<a class=\"elementor-accordion-title\" href=\"\">Utilitzaci\u00f3 del \u201cSistema Tonal\u201d per fer m\u00fasica amb sentit art\u00edstic:\u00a0<\/a>\n\t\t\t\t\t<\/div>\n\t\t\t\t\t<div id=\"elementor-tab-content-2493\" class=\"elementor-tab-content elementor-clearfix\" data-tab=\"3\" role=\"tabpanel\" aria-labelledby=\"elementor-tab-title-2493\"><p>El proc\u00e9s ens permet descobrir la manera en qu\u00e8 hem d\u2019utilitzar el \u201cSistema Tonal\u201d per poder fer m\u00fasica amb contingut art\u00edstic.<\/p><\/div>\n\t\t\t\t<\/div>\n\t\t\t\t\t\t\t<div class=\"elementor-accordion-item\">\n\t\t\t\t\t<div id=\"elementor-tab-title-2494\" class=\"elementor-tab-title\" data-tab=\"4\" role=\"tab\" aria-controls=\"elementor-tab-content-2494\" aria-expanded=\"false\">\n\t\t\t\t\t\t\t\t\t\t\t\t\t<span class=\"elementor-accordion-icon elementor-accordion-icon-left\" aria-hidden=\"true\">\n\t\t\t\t\t\t\t\t\t\t\t\t\t\t\t<span class=\"elementor-accordion-icon-closed\"><i class=\"fas fa-caret-down\"><\/i><\/span>\n\t\t\t\t\t\t\t\t<span class=\"elementor-accordion-icon-opened\"><i class=\"fas fa-caret-up\"><\/i><\/span>\n\t\t\t\t\t\t\t\t\t\t\t\t\t\t<\/span>\n\t\t\t\t\t\t\t\t\t\t\t\t<a class=\"elementor-accordion-title\" href=\"\">Llenguatge mel\u00f2dic de l\u2019alumne:<\/a>\n\t\t\t\t\t<\/div>\n\t\t\t\t\t<div id=\"elementor-tab-content-2494\" class=\"elementor-tab-content elementor-clearfix\" data-tab=\"4\" role=\"tabpanel\" aria-labelledby=\"elementor-tab-title-2494\"><p>El proc\u00e9s fa possible que cada alumne\/a construeixi un llenguatge musical en l\u2019aspecte mel\u00f2dic totalment personal. La manera de donar forma i sentit a la m\u00fasica en l\u2019aspecte mel\u00f2dic s\u2019anomena habitualment \u201cfraseig\u201d musical.<\/p><\/div>\n\t\t\t\t<\/div>\n\t\t\t\t\t\t\t<div class=\"elementor-accordion-item\">\n\t\t\t\t\t<div id=\"elementor-tab-title-2495\" class=\"elementor-tab-title\" data-tab=\"5\" role=\"tab\" aria-controls=\"elementor-tab-content-2495\" aria-expanded=\"false\">\n\t\t\t\t\t\t\t\t\t\t\t\t\t<span class=\"elementor-accordion-icon elementor-accordion-icon-left\" aria-hidden=\"true\">\n\t\t\t\t\t\t\t\t\t\t\t\t\t\t\t<span class=\"elementor-accordion-icon-closed\"><i class=\"fas fa-caret-down\"><\/i><\/span>\n\t\t\t\t\t\t\t\t<span class=\"elementor-accordion-icon-opened\"><i class=\"fas fa-caret-up\"><\/i><\/span>\n\t\t\t\t\t\t\t\t\t\t\t\t\t\t<\/span>\n\t\t\t\t\t\t\t\t\t\t\t\t<a class=\"elementor-accordion-title\" href=\"\">Talent musical i \u201ctenir bona o\u00efda\u201d:<\/a>\n\t\t\t\t\t<\/div>\n\t\t\t\t\t<div id=\"elementor-tab-content-2495\" class=\"elementor-tab-content elementor-clearfix\" data-tab=\"5\" role=\"tabpanel\" aria-labelledby=\"elementor-tab-title-2495\"><p>Treballant aquesta mat\u00e8ria amb els procediments de la nostra metodologia, aconseguim que TOT l&#8217;alumnat assoleixi la segona condici\u00f3 que tradicionalment es considera imprescindible per tenir capacitat d\u2019aprendre a fer m\u00fasica, que \u00e9s tenir el que s\u2019anomena \u201cBONA O\u00cfDA\u201d.<\/p><\/div>\n\t\t\t\t<\/div>\n\t\t\t\t\t\t\t<div class=\"elementor-accordion-item\">\n\t\t\t\t\t<div id=\"elementor-tab-title-2496\" class=\"elementor-tab-title\" data-tab=\"6\" role=\"tab\" aria-controls=\"elementor-tab-content-2496\" aria-expanded=\"false\">\n\t\t\t\t\t\t\t\t\t\t\t\t\t<span class=\"elementor-accordion-icon elementor-accordion-icon-left\" aria-hidden=\"true\">\n\t\t\t\t\t\t\t\t\t\t\t\t\t\t\t<span class=\"elementor-accordion-icon-closed\"><i class=\"fas fa-caret-down\"><\/i><\/span>\n\t\t\t\t\t\t\t\t<span class=\"elementor-accordion-icon-opened\"><i class=\"fas fa-caret-up\"><\/i><\/span>\n\t\t\t\t\t\t\t\t\t\t\t\t\t\t<\/span>\n\t\t\t\t\t\t\t\t\t\t\t\t<a class=\"elementor-accordion-title\" href=\"\">Combinaci\u00f3 de l\u2019efecte formatiu de la mat\u00e8ria melodia amb les mat\u00e8ries \u201critme\u201d i \u201cm\u00e8trica\u201d:<\/a>\n\t\t\t\t\t<\/div>\n\t\t\t\t\t<div id=\"elementor-tab-content-2496\" class=\"elementor-tab-content elementor-clearfix\" data-tab=\"6\" role=\"tabpanel\" aria-labelledby=\"elementor-tab-title-2496\"><ul>\n<li>La formaci\u00f3 de la mat\u00e8ria \u201cmelodia\u201d es combina amb la de la mat\u00e8ria \u201critme\u201d i d\u00f3na lloc a construccions que anomenem r\u00edtmico-mel\u00f2diques.<\/li>\n<li>La formaci\u00f3 de la mat\u00e8ria melodia es combina amb la de la mat\u00e8ria m\u00e8trica i d\u00f3na lloc a estructures m\u00e8trico-mel\u00f2diques.<\/li>\n<li>Els proc\u00e9s formatiu es completa en el moment en qu\u00e8 l\u2019alumnat sap llegir qualsevol fragment mel\u00f2dic que estigui escrit, i tamb\u00e9 quan sap escriure la estructura mel\u00f2dica de qualsevol fragment musical que escolti o que pugui inventar construint a nivell oral i de manera intuitiva.<\/li>\n<\/ul><\/div>\n\t\t\t\t<\/div>\n\t\t\t\t\t\t\t<div class=\"elementor-accordion-item\">\n\t\t\t\t\t<div id=\"elementor-tab-title-2497\" class=\"elementor-tab-title\" data-tab=\"7\" role=\"tab\" aria-controls=\"elementor-tab-content-2497\" aria-expanded=\"false\">\n\t\t\t\t\t\t\t\t\t\t\t\t\t<span class=\"elementor-accordion-icon elementor-accordion-icon-left\" aria-hidden=\"true\">\n\t\t\t\t\t\t\t\t\t\t\t\t\t\t\t<span class=\"elementor-accordion-icon-closed\"><i class=\"fas fa-caret-down\"><\/i><\/span>\n\t\t\t\t\t\t\t\t<span class=\"elementor-accordion-icon-opened\"><i class=\"fas fa-caret-up\"><\/i><\/span>\n\t\t\t\t\t\t\t\t\t\t\t\t\t\t<\/span>\n\t\t\t\t\t\t\t\t\t\t\t\t<a class=\"elementor-accordion-title\" href=\"\">Formaci\u00f3 multiestil\u00edstica:<\/a>\n\t\t\t\t\t<\/div>\n\t\t\t\t\t<div id=\"elementor-tab-content-2497\" class=\"elementor-tab-content elementor-clearfix\" data-tab=\"7\" role=\"tabpanel\" aria-labelledby=\"elementor-tab-title-2497\"><p>El proc\u00e9s permet descobrir el funcionament del \u201cSistema Tonal\u201d i aprendre a utilitzar-lo per improvisar, composar, llegir, escriure i interpretar m\u00fasica a nivell mel\u00f2dic en qualsevol dels estils de la m\u00fasica \u201ccl\u00e0ssica\u201d i de la m\u00fasica \u201cmoderna\u201d.\u00a0<\/p><\/div>\n\t\t\t\t<\/div>\n\t\t\t\t\t\t\t<div class=\"elementor-accordion-item\">\n\t\t\t\t\t<div id=\"elementor-tab-title-2498\" class=\"elementor-tab-title\" data-tab=\"8\" role=\"tab\" aria-controls=\"elementor-tab-content-2498\" aria-expanded=\"false\">\n\t\t\t\t\t\t\t\t\t\t\t\t\t<span class=\"elementor-accordion-icon elementor-accordion-icon-left\" aria-hidden=\"true\">\n\t\t\t\t\t\t\t\t\t\t\t\t\t\t\t<span class=\"elementor-accordion-icon-closed\"><i class=\"fas fa-caret-down\"><\/i><\/span>\n\t\t\t\t\t\t\t\t<span class=\"elementor-accordion-icon-opened\"><i class=\"fas fa-caret-up\"><\/i><\/span>\n\t\t\t\t\t\t\t\t\t\t\t\t\t\t<\/span>\n\t\t\t\t\t\t\t\t\t\t\t\t<a class=\"elementor-accordion-title\" href=\"\">Aplicaci\u00f3 de la metodologia:<\/a>\n\t\t\t\t\t<\/div>\n\t\t\t\t\t<div id=\"elementor-tab-content-2498\" class=\"elementor-tab-content elementor-clearfix\" data-tab=\"8\" role=\"tabpanel\" aria-labelledby=\"elementor-tab-title-2498\"><p>Tota aquesta formaci\u00f3 \u00e9s possible gr\u00e0cies a la definici\u00f3 que fa la metodologia del \u201csistema mel\u00f2dic musical\u201d i del seu funcionament, la relaci\u00f3 que estableix entre el sistema mel\u00f2dic, el sistema r\u00edtmic i la m\u00e8trica i els seus resultats: definici\u00f3 del qu\u00e8 \u00e9s i el que genera el \u201cfraseig\u201d mel\u00f2dic i altres aspectes. Tota aquesta formaci\u00f3 \u00e9s possible gr\u00e0cies tamb\u00e9 a l\u2019aplicaci\u00f3 dels procediments constructius \u2013models d&#8217;improvisaci\u00f3, de composici\u00f3 i d\u2019interpretaci\u00f3-, que permeten reconstruir el funcionament del sistema mel\u00f2dic i descobrir la seva utilitzaci\u00f3 musical construint m\u00fasica amb contingut art\u00edstic de manera immediata des del primer moment de l\u2019aprenenentatge i interrelacionant correctament la construcci\u00f3 i utilitzaci\u00f3 del llenguatge mel\u00f2dic a nivell oral i a nivell escrit.<\/p><\/div>\n\t\t\t\t<\/div>\n\t\t\t\t\t\t\t\t<\/div>\n\t\t\t\t<\/div>\n\t\t\t\t<\/div>\n\t\t\t\t\t<\/div>\n\t\t<\/div>\n\t\t\t\t\t\t\t<\/div>\n\t\t<\/section>\n\t\t\t\t\t\t\t<\/div>\n\t\t","protected":false},"excerpt":{"rendered":"<p>MELODIA Apr\u00e8n a improvisar, llegir i escriure melodies mitjan\u00e7ant exercicis d&#8217; improvisaci\u00f3 i de composici\u00f3 amb qu\u00e8 afinar\u00e0s la teva o\u00efda,&nbsp;construir\u00e0s el teu propi \u00abfraseig musical\u00bb i&nbsp;descobrir\u00e0s el funcionament del sistema tonal. Construir\u00e0s un llenguatge musical que et servir\u00e0 per a tota mena de m\u00fasica&#8230;!!!! Aprendr\u00e0s tota la teoria de la m\u00fasica d&#8217;una manera totalment&hellip;<\/p>\n","protected":false},"author":1,"featured_media":0,"parent":0,"menu_order":0,"comment_status":"closed","ping_status":"closed","template":"","meta":{"footnotes":""},"class_list":["post-1313","page","type-page","status-publish","hentry"],"_links":{"self":[{"href":"http:\/\/musicactiva.net\/escolademusica\/wp-json\/wp\/v2\/pages\/1313","targetHints":{"allow":["GET"]}}],"collection":[{"href":"http:\/\/musicactiva.net\/escolademusica\/wp-json\/wp\/v2\/pages"}],"about":[{"href":"http:\/\/musicactiva.net\/escolademusica\/wp-json\/wp\/v2\/types\/page"}],"author":[{"embeddable":true,"href":"http:\/\/musicactiva.net\/escolademusica\/wp-json\/wp\/v2\/users\/1"}],"replies":[{"embeddable":true,"href":"http:\/\/musicactiva.net\/escolademusica\/wp-json\/wp\/v2\/comments?post=1313"}],"version-history":[{"count":86,"href":"http:\/\/musicactiva.net\/escolademusica\/wp-json\/wp\/v2\/pages\/1313\/revisions"}],"predecessor-version":[{"id":5005,"href":"http:\/\/musicactiva.net\/escolademusica\/wp-json\/wp\/v2\/pages\/1313\/revisions\/5005"}],"wp:attachment":[{"href":"http:\/\/musicactiva.net\/escolademusica\/wp-json\/wp\/v2\/media?parent=1313"}],"curies":[{"name":"wp","href":"https:\/\/api.w.org\/{rel}","templated":true}]}}