{"id":1319,"date":"2022-10-30T11:38:34","date_gmt":"2022-10-30T11:38:34","guid":{"rendered":"http:\/\/musicactiva.net\/escolademusica\/?page_id=1319"},"modified":"2023-11-06T18:28:59","modified_gmt":"2023-11-06T18:28:59","slug":"digital-music","status":"publish","type":"page","link":"http:\/\/musicactiva.net\/escolademusica\/digital-music\/","title":{"rendered":"DIGITAL MUSIC"},"content":{"rendered":"\t\t<div data-elementor-type=\"wp-page\" data-elementor-id=\"1319\" class=\"elementor elementor-1319\">\n\t\t\t\t\t\t\t\t\t<section class=\"elementor-section elementor-top-section elementor-element elementor-element-7f071df elementor-section-boxed elementor-section-height-default elementor-section-height-default\" data-id=\"7f071df\" data-element_type=\"section\">\n\t\t\t\t\t\t<div class=\"elementor-container elementor-column-gap-default\">\n\t\t\t\t\t<div class=\"elementor-column elementor-col-100 elementor-top-column elementor-element elementor-element-4f62045\" data-id=\"4f62045\" data-element_type=\"column\">\n\t\t\t<div class=\"elementor-widget-wrap elementor-element-populated\">\n\t\t\t\t\t\t\t\t<div class=\"elementor-element elementor-element-0ca46a7 elementor-widget elementor-widget-text-editor\" data-id=\"0ca46a7\" data-element_type=\"widget\" data-widget_type=\"text-editor.default\">\n\t\t\t\t<div class=\"elementor-widget-container\">\n\t\t\t<style>\/*! elementor - v3.7.8 - 02-10-2022 *\/\n.elementor-widget-text-editor.elementor-drop-cap-view-stacked .elementor-drop-cap{background-color:#818a91;color:#fff}.elementor-widget-text-editor.elementor-drop-cap-view-framed .elementor-drop-cap{color:#818a91;border:3px solid;background-color:transparent}.elementor-widget-text-editor:not(.elementor-drop-cap-view-default) .elementor-drop-cap{margin-top:8px}.elementor-widget-text-editor:not(.elementor-drop-cap-view-default) .elementor-drop-cap-letter{width:1em;height:1em}.elementor-widget-text-editor .elementor-drop-cap{float:left;text-align:center;line-height:1;font-size:50px}.elementor-widget-text-editor .elementor-drop-cap-letter{display:inline-block}<\/style>\t\t\t\t<p style=\"text-align: center;\"><strong>\u00abDIGITAL MUSIC\u00bb<\/strong><\/p>\t\t\t\t\t\t<\/div>\n\t\t\t\t<\/div>\n\t\t\t\t<div class=\"elementor-element elementor-element-89d9099 elementor-widget elementor-widget-text-editor\" data-id=\"89d9099\" data-element_type=\"widget\" data-widget_type=\"text-editor.default\">\n\t\t\t\t<div class=\"elementor-widget-container\">\n\t\t\t\t\t\t\t<p style=\"text-align: center;\">producci\u00f3 de les composicions amb mitjans digitals<\/p>\t\t\t\t\t\t<\/div>\n\t\t\t\t<\/div>\n\t\t\t\t\t<\/div>\n\t\t<\/div>\n\t\t\t\t\t\t\t<\/div>\n\t\t<\/section>\n\t\t\t\t<section class=\"elementor-section elementor-top-section elementor-element elementor-element-33339fc elementor-section-boxed elementor-section-height-default elementor-section-height-default\" data-id=\"33339fc\" data-element_type=\"section\">\n\t\t\t\t\t\t<div class=\"elementor-container elementor-column-gap-default\">\n\t\t\t\t\t<div class=\"elementor-column elementor-col-100 elementor-top-column elementor-element elementor-element-86bc3fd\" data-id=\"86bc3fd\" data-element_type=\"column\">\n\t\t\t<div class=\"elementor-widget-wrap elementor-element-populated\">\n\t\t\t\t\t\t\t\t<div class=\"elementor-element elementor-element-83a2896 elementor-widget elementor-widget-text-editor\" data-id=\"83a2896\" data-element_type=\"widget\" data-widget_type=\"text-editor.default\">\n\t\t\t\t<div class=\"elementor-widget-container\">\n\t\t\t\t\t\t\t<p><strong>Composici\u00f3 amb ajuda de mitjans digitals: <\/strong><\/p>\t\t\t\t\t\t<\/div>\n\t\t\t\t<\/div>\n\t\t\t\t\t<\/div>\n\t\t<\/div>\n\t\t\t\t\t\t\t<\/div>\n\t\t<\/section>\n\t\t\t\t<section class=\"elementor-section elementor-top-section elementor-element elementor-element-0a80d88 elementor-section-boxed elementor-section-height-default elementor-section-height-default\" data-id=\"0a80d88\" data-element_type=\"section\">\n\t\t\t\t\t\t<div class=\"elementor-container elementor-column-gap-default\">\n\t\t\t\t\t<div class=\"elementor-column elementor-col-100 elementor-top-column elementor-element elementor-element-2f977e1\" data-id=\"2f977e1\" data-element_type=\"column\">\n\t\t\t<div class=\"elementor-widget-wrap elementor-element-populated\">\n\t\t\t\t\t\t\t\t<div class=\"elementor-element elementor-element-69946c9 elementor-widget elementor-widget-text-editor\" data-id=\"69946c9\" data-element_type=\"widget\" data-widget_type=\"text-editor.default\">\n\t\t\t\t<div class=\"elementor-widget-container\">\n\t\t\t\t\t\t\t<p>La utilitzaci\u00f3 de mitjans digitals t\u00e9 com a objectiu la producci\u00f3 de la m\u00fasica composada. Entenem per produir, el proc\u00e9s pel que fem sonar la m\u00fasica que hem creat a la mat\u00e8ria composici\u00f3.<\/p>\t\t\t\t\t\t<\/div>\n\t\t\t\t<\/div>\n\t\t\t\t\t<\/div>\n\t\t<\/div>\n\t\t\t\t\t\t\t<\/div>\n\t\t<\/section>\n\t\t\t\t<section class=\"elementor-section elementor-top-section elementor-element elementor-element-7a8f764 elementor-section-boxed elementor-section-height-default elementor-section-height-default\" data-id=\"7a8f764\" data-element_type=\"section\">\n\t\t\t\t\t\t<div class=\"elementor-container elementor-column-gap-default\">\n\t\t\t\t\t<div class=\"elementor-column elementor-col-100 elementor-top-column elementor-element elementor-element-f077066\" data-id=\"f077066\" data-element_type=\"column\">\n\t\t\t<div class=\"elementor-widget-wrap elementor-element-populated\">\n\t\t\t\t\t\t\t\t<div class=\"elementor-element elementor-element-602afbd elementor-widget elementor-widget-text-editor\" data-id=\"602afbd\" data-element_type=\"widget\" data-widget_type=\"text-editor.default\">\n\t\t\t\t<div class=\"elementor-widget-container\">\n\t\t\t\t\t\t\t<p><strong>Programes de producci\u00f3 musical:<\/strong><\/p>\t\t\t\t\t\t<\/div>\n\t\t\t\t<\/div>\n\t\t\t\t\t<\/div>\n\t\t<\/div>\n\t\t\t\t\t\t\t<\/div>\n\t\t<\/section>\n\t\t\t\t<section class=\"elementor-section elementor-top-section elementor-element elementor-element-91dfeee elementor-section-boxed elementor-section-height-default elementor-section-height-default\" data-id=\"91dfeee\" data-element_type=\"section\">\n\t\t\t\t\t\t<div class=\"elementor-container elementor-column-gap-default\">\n\t\t\t\t\t<div class=\"elementor-column elementor-col-100 elementor-top-column elementor-element elementor-element-96df09d\" data-id=\"96df09d\" data-element_type=\"column\">\n\t\t\t<div class=\"elementor-widget-wrap elementor-element-populated\">\n\t\t\t\t\t\t\t\t<div class=\"elementor-element elementor-element-4fd8ac4 elementor-widget elementor-widget-text-editor\" data-id=\"4fd8ac4\" data-element_type=\"widget\" data-widget_type=\"text-editor.default\">\n\t\t\t\t<div class=\"elementor-widget-container\">\n\t\t\t\t\t\t\t<p>Treballem amb el programa Garage Band i amb el programa Logic. Un dels objectius de la mat\u00e8ria \u00e9s que l\u2019alumnat s\u2019introdueixi en la utilitzaci\u00f3 d&#8217;aquests programes i els aprengui a utilitzar per fer m\u00fasica amb un veritable contingut art\u00edstic. En el cas concret del programa Logic, es tracta d\u2019un programa semi-profesional que s&#8217;utilitza tamb\u00e9 professionalment i que ofereix unes possibilitats de manipulaci\u00f3 del so musical gaireb\u00e9 il\u00b7limitades.\u00a0<\/p>\t\t\t\t\t\t<\/div>\n\t\t\t\t<\/div>\n\t\t\t\t\t<\/div>\n\t\t<\/div>\n\t\t\t\t\t\t\t<\/div>\n\t\t<\/section>\n\t\t\t\t<section class=\"elementor-section elementor-top-section elementor-element elementor-element-38b09b3 elementor-section-boxed elementor-section-height-default elementor-section-height-default\" data-id=\"38b09b3\" data-element_type=\"section\">\n\t\t\t\t\t\t<div class=\"elementor-container elementor-column-gap-default\">\n\t\t\t\t\t<div class=\"elementor-column elementor-col-100 elementor-top-column elementor-element elementor-element-f1caf8c\" data-id=\"f1caf8c\" data-element_type=\"column\">\n\t\t\t<div class=\"elementor-widget-wrap elementor-element-populated\">\n\t\t\t\t\t\t\t\t<div class=\"elementor-element elementor-element-412af51 elementor-widget elementor-widget-text-editor\" data-id=\"412af51\" data-element_type=\"widget\" data-widget_type=\"text-editor.default\">\n\t\t\t\t<div class=\"elementor-widget-container\">\n\t\t\t\t\t\t\t<p><strong>Els mitjans digitals faciliten i clarifiquen molt el proc\u00e9s compositiu:\u00a0<\/strong><\/p>\t\t\t\t\t\t<\/div>\n\t\t\t\t<\/div>\n\t\t\t\t\t<\/div>\n\t\t<\/div>\n\t\t\t\t\t\t\t<\/div>\n\t\t<\/section>\n\t\t\t\t<section class=\"elementor-section elementor-top-section elementor-element elementor-element-54d67e0 elementor-section-boxed elementor-section-height-default elementor-section-height-default\" data-id=\"54d67e0\" data-element_type=\"section\">\n\t\t\t\t\t\t<div class=\"elementor-container elementor-column-gap-default\">\n\t\t\t\t\t<div class=\"elementor-column elementor-col-100 elementor-top-column elementor-element elementor-element-42ae127\" data-id=\"42ae127\" data-element_type=\"column\">\n\t\t\t<div class=\"elementor-widget-wrap elementor-element-populated\">\n\t\t\t\t\t\t\t\t<div class=\"elementor-element elementor-element-d3c8bb8 elementor-widget elementor-widget-text-editor\" data-id=\"d3c8bb8\" data-element_type=\"widget\" data-widget_type=\"text-editor.default\">\n\t\t\t\t<div class=\"elementor-widget-container\">\n\t\t\t\t\t\t\t<p>Els mitjans digitals permeten construir m\u00fasica mitjan\u00e7ant la seq\u00fcenciaci\u00f3, mitjan\u00e7ant l\u2019enregistrament d&#8217;\u00e0udio i combinant els dos procediments. Els mitjans digitals permeten manipular el so musical d\u2019una manera molt \u00e0gil permetent comprovar de manera immediata el resultat sonor i l&#8217;efecte musical de la m\u00fasica que estem construint. \u00c9s per aquest motiu que ben utilitzats clarifiquen molt\u00edssim les operacions que hem de fer al llarg del proc\u00e9s compositiu i s\u00f3n enormement formatius i estimulants per l\u2019alumne.<\/p><p>\u00a0<\/p>\t\t\t\t\t\t<\/div>\n\t\t\t\t<\/div>\n\t\t\t\t\t<\/div>\n\t\t<\/div>\n\t\t\t\t\t\t\t<\/div>\n\t\t<\/section>\n\t\t\t\t<section class=\"elementor-section elementor-top-section elementor-element elementor-element-e5fe3b3 elementor-section-boxed elementor-section-height-default elementor-section-height-default\" data-id=\"e5fe3b3\" data-element_type=\"section\">\n\t\t\t\t\t\t<div class=\"elementor-container elementor-column-gap-default\">\n\t\t\t\t\t<div class=\"elementor-column elementor-col-100 elementor-top-column elementor-element elementor-element-ee67865\" data-id=\"ee67865\" data-element_type=\"column\">\n\t\t\t<div class=\"elementor-widget-wrap elementor-element-populated\">\n\t\t\t\t\t\t\t\t<div class=\"elementor-element elementor-element-7b188ce elementor-widget elementor-widget-text-editor\" data-id=\"7b188ce\" data-element_type=\"widget\" data-widget_type=\"text-editor.default\">\n\t\t\t\t<div class=\"elementor-widget-container\">\n\t\t\t\t\t\t\t<p><strong>Els mitjans digitals NO han de ser el substitut dels mitjans de creaci\u00f3 que demanen de l\u2019implicaci\u00f3 global de l\u2019alumne\/a a nivell corporal sensorial i mental:<\/strong><\/p>\t\t\t\t\t\t<\/div>\n\t\t\t\t<\/div>\n\t\t\t\t\t<\/div>\n\t\t<\/div>\n\t\t\t\t\t\t\t<\/div>\n\t\t<\/section>\n\t\t\t\t<section class=\"elementor-section elementor-top-section elementor-element elementor-element-da33188 elementor-section-boxed elementor-section-height-default elementor-section-height-default\" data-id=\"da33188\" data-element_type=\"section\">\n\t\t\t\t\t\t<div class=\"elementor-container elementor-column-gap-default\">\n\t\t\t\t\t<div class=\"elementor-column elementor-col-100 elementor-top-column elementor-element elementor-element-3b6a167\" data-id=\"3b6a167\" data-element_type=\"column\">\n\t\t\t<div class=\"elementor-widget-wrap elementor-element-populated\">\n\t\t\t\t\t\t\t\t<div class=\"elementor-element elementor-element-073c87c elementor-widget elementor-widget-text-editor\" data-id=\"073c87c\" data-element_type=\"widget\" data-widget_type=\"text-editor.default\">\n\t\t\t\t<div class=\"elementor-widget-container\">\n\t\t\t\t\t\t\t<p>\u00c9s important remarcar que el plantejament consisteix en que els mitjans digitals, amb les facilitats t\u00e8cniques que aporten, NO es converteixin en cap cas en un substitut dels processos creatius que demanen de la deguda implicaci\u00f3 corporal en el proc\u00e9s compositiu i l&#8217;efecte d\u2019aquesta implicaci\u00f3 corporal en la manera de pensar i de sentir de l\u2019alumne\/a en el moment de construir la m\u00fasica. Estem parlant que la utilitzaci\u00f3 de mitjans digitals no ha de substituir en cap moment la creaci\u00f3 intuitiva de melodies o estructures r\u00edtmiques cantant o tararejant aquestes estructures, no ha de substituir la construcci\u00f3 d\u2019estructures harm\u00f2niques i r\u00edtmiques amb la utilitzaci\u00f3 del piano i la guitarra que s\u00f3n els instruments que utilitzem m\u00e9s habitualment per ajudar-nos en la composici\u00f3, i no ha de substituir en cap cas el proc\u00e9s d\u2019an\u00e0lisi i d&#8217;aprofundiment en la composici\u00f3 i en la creaci\u00f3 musical que ens obliga a realitzar el proc\u00e9s de composar escrivint la m\u00fasica que estem creant. Es tracta que els mitjans digitals completin, complementin i facilitin aquest proc\u00e9s i d\u2019estar molt alerta perqu\u00e8 l&#8217;efecte no sigui totalment el contrari, \u00e9s a dir, que serveixin per eludir la construcci\u00f3 de m\u00fasica a \u201cnivell oral\u201d -improvisaci\u00f3- i a nivell escrit -composici\u00f3 escrita amb grafismes musicals convencionals-,\u00a0 que ha de formar part del proc\u00e9s pel que l\u2019alumne apr\u00e8n a composar.\u00a0<\/p><p>\u00a0<\/p>\t\t\t\t\t\t<\/div>\n\t\t\t\t<\/div>\n\t\t\t\t\t<\/div>\n\t\t<\/div>\n\t\t\t\t\t\t\t<\/div>\n\t\t<\/section>\n\t\t\t\t<section class=\"elementor-section elementor-top-section elementor-element elementor-element-1d6bdec elementor-section-boxed elementor-section-height-default elementor-section-height-default\" data-id=\"1d6bdec\" data-element_type=\"section\">\n\t\t\t\t\t\t<div class=\"elementor-container elementor-column-gap-default\">\n\t\t\t\t\t<div class=\"elementor-column elementor-col-100 elementor-top-column elementor-element elementor-element-6f77049\" data-id=\"6f77049\" data-element_type=\"column\">\n\t\t\t<div class=\"elementor-widget-wrap elementor-element-populated\">\n\t\t\t\t\t\t\t\t<div class=\"elementor-element elementor-element-362a648 elementor-widget elementor-widget-text-editor\" data-id=\"362a648\" data-element_type=\"widget\" data-widget_type=\"text-editor.default\">\n\t\t\t\t<div class=\"elementor-widget-container\">\n\t\t\t\t\t\t\t<p><strong>Producci\u00f3 musical:<\/strong><\/p>\t\t\t\t\t\t<\/div>\n\t\t\t\t<\/div>\n\t\t\t\t\t<\/div>\n\t\t<\/div>\n\t\t\t\t\t\t\t<\/div>\n\t\t<\/section>\n\t\t\t\t<section class=\"elementor-section elementor-top-section elementor-element elementor-element-a4af024 elementor-section-boxed elementor-section-height-default elementor-section-height-default\" data-id=\"a4af024\" data-element_type=\"section\">\n\t\t\t\t\t\t<div class=\"elementor-container elementor-column-gap-default\">\n\t\t\t\t\t<div class=\"elementor-column elementor-col-100 elementor-top-column elementor-element elementor-element-e064952\" data-id=\"e064952\" data-element_type=\"column\">\n\t\t\t<div class=\"elementor-widget-wrap elementor-element-populated\">\n\t\t\t\t\t\t\t\t<div class=\"elementor-element elementor-element-600e7e4 elementor-widget elementor-widget-text-editor\" data-id=\"600e7e4\" data-element_type=\"widget\" data-widget_type=\"text-editor.default\">\n\t\t\t\t<div class=\"elementor-widget-container\">\n\t\t\t\t\t\t\t<p>La composici\u00f3 mitjan\u00e7ant la utilitzaci\u00f3 de mitjans digitals permet que l\u2019alumne\/a faci els primers passos en el proc\u00e9s de producci\u00f3 musical i en concret aprenent a utilitzar els programes per enregistrar la m\u00fasica, aprendre a utilitzar el programa per seq\u00fcenciar la m\u00fasica, aprendre a fer les primeres mescles, i tamb\u00e9 les primeres masteritzacions.<\/p><p>\u00a0<\/p>\t\t\t\t\t\t<\/div>\n\t\t\t\t<\/div>\n\t\t\t\t\t<\/div>\n\t\t<\/div>\n\t\t\t\t\t\t\t<\/div>\n\t\t<\/section>\n\t\t\t\t<section class=\"elementor-section elementor-top-section elementor-element elementor-element-5f69582 elementor-section-boxed elementor-section-height-default elementor-section-height-default\" data-id=\"5f69582\" data-element_type=\"section\">\n\t\t\t\t\t\t<div class=\"elementor-container elementor-column-gap-default\">\n\t\t\t\t\t<div class=\"elementor-column elementor-col-100 elementor-top-column elementor-element elementor-element-f1bc2c3\" data-id=\"f1bc2c3\" data-element_type=\"column\">\n\t\t\t<div class=\"elementor-widget-wrap elementor-element-populated\">\n\t\t\t\t\t\t\t\t<div class=\"elementor-element elementor-element-556939f elementor-widget elementor-widget-text-editor\" data-id=\"556939f\" data-element_type=\"widget\" data-widget_type=\"text-editor.default\">\n\t\t\t\t<div class=\"elementor-widget-container\">\n\t\t\t\t\t\t\t<p><strong>Construcci\u00f3 del \u201chome study\u201d de l\u2019alumne\/a:<\/strong><\/p>\t\t\t\t\t\t<\/div>\n\t\t\t\t<\/div>\n\t\t\t\t\t<\/div>\n\t\t<\/div>\n\t\t\t\t\t\t\t<\/div>\n\t\t<\/section>\n\t\t\t\t<section class=\"elementor-section elementor-top-section elementor-element elementor-element-86e2365 elementor-section-boxed elementor-section-height-default elementor-section-height-default\" data-id=\"86e2365\" data-element_type=\"section\">\n\t\t\t\t\t\t<div class=\"elementor-container elementor-column-gap-default\">\n\t\t\t\t\t<div class=\"elementor-column elementor-col-100 elementor-top-column elementor-element elementor-element-5759ce9\" data-id=\"5759ce9\" data-element_type=\"column\">\n\t\t\t<div class=\"elementor-widget-wrap elementor-element-populated\">\n\t\t\t\t\t\t\t\t<div class=\"elementor-element elementor-element-59aad91 elementor-widget elementor-widget-text-editor\" data-id=\"59aad91\" data-element_type=\"widget\" data-widget_type=\"text-editor.default\">\n\t\t\t\t<div class=\"elementor-widget-container\">\n\t\t\t\t\t\t\t<p>Un dels objectius \u00e9s que cada\u00a0 alumne\/a construeixi i disposi a casa seva del seu propi \u201chome study\u201d i que la creaci\u00f3 i producci\u00f3 de m\u00fasica creada pel propi alumnat pugui formar part de la seva activitat cotidiana.\u00a0<\/p><p>\u00a0<\/p>\t\t\t\t\t\t<\/div>\n\t\t\t\t<\/div>\n\t\t\t\t\t<\/div>\n\t\t<\/div>\n\t\t\t\t\t\t\t<\/div>\n\t\t<\/section>\n\t\t\t\t<section class=\"elementor-section elementor-top-section elementor-element elementor-element-5ba798a elementor-section-boxed elementor-section-height-default elementor-section-height-default\" data-id=\"5ba798a\" data-element_type=\"section\">\n\t\t\t\t\t\t<div class=\"elementor-container elementor-column-gap-default\">\n\t\t\t\t\t<div class=\"elementor-column elementor-col-100 elementor-top-column elementor-element elementor-element-eb0ec12\" data-id=\"eb0ec12\" data-element_type=\"column\">\n\t\t\t<div class=\"elementor-widget-wrap elementor-element-populated\">\n\t\t\t\t\t\t\t\t<div class=\"elementor-element elementor-element-8225546 elementor-widget elementor-widget-text-editor\" data-id=\"8225546\" data-element_type=\"widget\" data-widget_type=\"text-editor.default\">\n\t\t\t\t<div class=\"elementor-widget-container\">\n\t\t\t\t\t\t\t<p><strong>Import\u00e0ncia de la composici\u00f3 en la mobilitzaci\u00f3 de les capacitats creatives de l\u2019alumna\/e i en el proc\u00e9s de realitzaci\u00f3 personal:<\/strong><\/p>\t\t\t\t\t\t<\/div>\n\t\t\t\t<\/div>\n\t\t\t\t\t<\/div>\n\t\t<\/div>\n\t\t\t\t\t\t\t<\/div>\n\t\t<\/section>\n\t\t\t\t<section class=\"elementor-section elementor-top-section elementor-element elementor-element-b372fe9 elementor-section-boxed elementor-section-height-default elementor-section-height-default\" data-id=\"b372fe9\" data-element_type=\"section\">\n\t\t\t\t\t\t<div class=\"elementor-container elementor-column-gap-default\">\n\t\t\t\t\t<div class=\"elementor-column elementor-col-100 elementor-top-column elementor-element elementor-element-6033a55\" data-id=\"6033a55\" data-element_type=\"column\">\n\t\t\t<div class=\"elementor-widget-wrap elementor-element-populated\">\n\t\t\t\t\t\t\t\t<div class=\"elementor-element elementor-element-fa2db05 elementor-widget elementor-widget-text-editor\" data-id=\"fa2db05\" data-element_type=\"widget\" data-widget_type=\"text-editor.default\">\n\t\t\t\t<div class=\"elementor-widget-container\">\n\t\t\t\t\t\t\t<p>L\u2019experi\u00e8ncia ens demostra que la composici\u00f3 de m\u00fasica creada pel propi alumnat \u00e9s una de les experi\u00e8ncies art\u00edstiques m\u00e9s \u201cimpressionants\u201d que podem experimentar. \u00c9s important que en el cas dels infants, mares i pares considereu la dimensi\u00f3 que adquireix la composici\u00f3 de m\u00fasica pr\u00f2pia i que siguem conscients del que podem oferir a les nostres filles i als nostres fills a trav\u00e9s d\u2019aquesta formaci\u00f3. L&#8217;experi\u00e8ncia ens diu que sempre hi ha un abans i un despr\u00e9s de l&#8217;evoluci\u00f3 personal de cada persona en relaci\u00f3 a cada \u201cacte creatiu\u201d que aconsegueix realitzar i que aconsegueix materialitzar. La composici\u00f3 de m\u00fasica pr\u00f2pia i la culminaci\u00f3 del proc\u00e9s mitjan\u00e7ant la utilitzaci\u00f3 de procediments digitals ens proposa&nbsp; l&#8217;\u00e0mbit ideal.<\/p>\n<p><\/p>\t\t\t\t\t\t<\/div>\n\t\t\t\t<\/div>\n\t\t\t\t\t<\/div>\n\t\t<\/div>\n\t\t\t\t\t\t\t<\/div>\n\t\t<\/section>\n\t\t\t\t\t\t\t<\/div>\n\t\t","protected":false},"excerpt":{"rendered":"<p>\u00abDIGITAL MUSIC\u00bb producci\u00f3 de les composicions amb mitjans digitals Composici\u00f3 amb ajuda de mitjans digitals: La utilitzaci\u00f3 de mitjans digitals t\u00e9 com a objectiu la producci\u00f3 de la m\u00fasica composada. Entenem per produir, el proc\u00e9s pel que fem sonar la m\u00fasica que hem creat a la mat\u00e8ria composici\u00f3. Programes de producci\u00f3 musical: Treballem amb el&hellip;<\/p>\n","protected":false},"author":1,"featured_media":0,"parent":0,"menu_order":0,"comment_status":"closed","ping_status":"closed","template":"","meta":{"footnotes":""},"class_list":["post-1319","page","type-page","status-publish","hentry"],"_links":{"self":[{"href":"http:\/\/musicactiva.net\/escolademusica\/wp-json\/wp\/v2\/pages\/1319","targetHints":{"allow":["GET"]}}],"collection":[{"href":"http:\/\/musicactiva.net\/escolademusica\/wp-json\/wp\/v2\/pages"}],"about":[{"href":"http:\/\/musicactiva.net\/escolademusica\/wp-json\/wp\/v2\/types\/page"}],"author":[{"embeddable":true,"href":"http:\/\/musicactiva.net\/escolademusica\/wp-json\/wp\/v2\/users\/1"}],"replies":[{"embeddable":true,"href":"http:\/\/musicactiva.net\/escolademusica\/wp-json\/wp\/v2\/comments?post=1319"}],"version-history":[{"count":24,"href":"http:\/\/musicactiva.net\/escolademusica\/wp-json\/wp\/v2\/pages\/1319\/revisions"}],"predecessor-version":[{"id":5018,"href":"http:\/\/musicactiva.net\/escolademusica\/wp-json\/wp\/v2\/pages\/1319\/revisions\/5018"}],"wp:attachment":[{"href":"http:\/\/musicactiva.net\/escolademusica\/wp-json\/wp\/v2\/media?parent=1319"}],"curies":[{"name":"wp","href":"https:\/\/api.w.org\/{rel}","templated":true}]}}