{"id":1362,"date":"2022-11-01T15:46:04","date_gmt":"2022-11-01T15:46:04","guid":{"rendered":"http:\/\/musicactiva.net\/escolademusica\/?page_id=1362"},"modified":"2023-11-07T17:21:57","modified_gmt":"2023-11-07T17:21:57","slug":"funcionament-del-programa","status":"publish","type":"page","link":"http:\/\/musicactiva.net\/escolademusica\/funcionament-del-programa\/","title":{"rendered":"FUNCIONAMENT del PROGRAMA"},"content":{"rendered":"\t\t<div data-elementor-type=\"wp-page\" data-elementor-id=\"1362\" class=\"elementor elementor-1362\">\n\t\t\t\t\t\t\t\t\t<section class=\"elementor-section elementor-top-section elementor-element elementor-element-3635ff4e elementor-section-boxed elementor-section-height-default elementor-section-height-default\" data-id=\"3635ff4e\" data-element_type=\"section\">\n\t\t\t\t\t\t<div class=\"elementor-container elementor-column-gap-default\">\n\t\t\t\t\t<div class=\"elementor-column elementor-col-100 elementor-top-column elementor-element elementor-element-4dd2dfa6\" data-id=\"4dd2dfa6\" data-element_type=\"column\">\n\t\t\t<div class=\"elementor-widget-wrap elementor-element-populated\">\n\t\t\t\t\t\t\t\t<div class=\"elementor-element elementor-element-55db945f elementor-widget elementor-widget-text-editor\" data-id=\"55db945f\" data-element_type=\"widget\" data-widget_type=\"text-editor.default\">\n\t\t\t\t<div class=\"elementor-widget-container\">\n\t\t\t<style>\/*! elementor - v3.7.8 - 02-10-2022 *\/\n.elementor-widget-text-editor.elementor-drop-cap-view-stacked .elementor-drop-cap{background-color:#818a91;color:#fff}.elementor-widget-text-editor.elementor-drop-cap-view-framed .elementor-drop-cap{color:#818a91;border:3px solid;background-color:transparent}.elementor-widget-text-editor:not(.elementor-drop-cap-view-default) .elementor-drop-cap{margin-top:8px}.elementor-widget-text-editor:not(.elementor-drop-cap-view-default) .elementor-drop-cap-letter{width:1em;height:1em}.elementor-widget-text-editor .elementor-drop-cap{float:left;text-align:center;line-height:1;font-size:50px}.elementor-widget-text-editor .elementor-drop-cap-letter{display:inline-block}<\/style>\t\t\t\t<p><!-- wp:paragraph {\"align\":\"center\",\"style\":{\"typography\":{\"fontSize\":\"60px\"}},\"textColor\":\"vivid-red\"} --><\/p>\n<p class=\"has-text-align-center has-vivid-red-color has-text-color\" style=\"font-size: 60px;\"><strong>ESTRUCTURA i FUNCIONAMENT del PROGRAMA d&#8217;ESTUDIS<\/strong><\/p>\n<p><!-- \/wp:paragraph --><\/p>\n<p><!-- wp:paragraph --><\/p>\n<p><!-- \/wp:paragraph --><\/p>\n<p><!-- wp:paragraph --><\/p>\n<p><!-- \/wp:paragraph --><\/p>\n<p><!-- wp:paragraph {\"textColor\":\"vivid-red\",\"fontSize\":\"medium\"} --><\/p>\n<p class=\"has-vivid-red-color has-text-color has-medium-font-size\"><strong>Nivells del Programa d&#8217;Estudis:<\/strong><\/p>\n<p><!-- \/wp:paragraph --><\/p>\n<p><!-- wp:list {\"style\":{\"typography\":{\"fontSize\":\"14px\"}},\"textColor\":\"black\"} --><\/p>\n<p>El Programa d\u2019Estudis est\u00e0 estructurat en 12 nivells de programa.&nbsp;<\/p>\n<p><!-- \/wp:list --><\/p>\n<p><!-- wp:paragraph {\"textColor\":\"vivid-red\",\"fontSize\":\"medium\"} --><\/p>\n<p class=\"has-vivid-red-color has-text-color has-medium-font-size\"><strong>Graus formatius -organitzaci\u00f3 del nivells en graus i objectius formatius-:<\/strong><\/p>\n<p class=\"has-vivid-red-color has-text-color has-medium-font-size\"><span style=\"color: var(--wp--preset--color--black); font-size: 14px; font-family: var( --e-global-typography-text-font-family ), Sans-serif; font-weight: var( --e-global-typography-text-font-weight );\">Els 12 nivells s\u2019organitzen en 3 Graus formatius de 4 nivells. Cada Grau t\u00e9 un objectiu formatiu espec\u00edfic.<\/span><\/p>\n<ul>\n<li>Grau Inicial: nivells I II III IV del PROGRAMA d\u2019ESTUDIS objectiu formatiu: mobilitzaci\u00f3 capacitats creatives de l\u2019alumne\/a &#8211; posada en marxa de les \u201coperacions essencials\u201d musicals.&nbsp;<\/li>\n<li>Grau Elemental\u201d: nivells V VI VII VIII del PROGRAMA d\u2019ESTUDIS objectiu formatiu: formaci\u00f3 necess\u00e0ria per tenir una visi\u00f3 general del funcionament del Sistema Musical i la seva utilitzaci\u00f3 art\u00edstica.<\/li>\n<li>Grau Mig \u201cAmateur\u201d o \u201cProfessional\u201d: nivells IX X XI XII del PROGRAMA&nbsp; d\u2019ESTUDIS objectiu formatiu: formaci\u00f3 necess\u00e0ria per practicar la m\u00fasica de manera amateur a un alt nivell i per accedir a les proves d&#8217;acc\u00e9s de les diferentes especialitats dels graus superiors de m\u00fasica.<\/li>\n<\/ul>\n<p><!-- \/wp:list --><\/p>\n<p><!-- wp:paragraph {\"textColor\":\"vivid-red\",\"fontSize\":\"medium\"} --><\/p>\n<p class=\"has-vivid-red-color has-text-color has-medium-font-size\"><strong>Edats i aplicacions:<\/strong><\/p>\n<p><!-- \/wp:paragraph --><\/p>\n<p><!-- wp:list {\"style\":{\"typography\":{\"fontSize\":\"14px\"}}} --><\/p>\n<ul style=\"font-size: 14px;\">\n<li>El Programa d\u2019Estudis presenta 4 aplicacions diferents per tal que les alumnes i els alumnes puguin iniciar i puguin realitzar la formaci\u00f3 musical a qualsevol edat.&nbsp;<\/li>\n<li>Les aplicacions s\u00f3n les seg\u00fcents:\n<ul>\n<li><strong>aplicaci\u00f3:&nbsp; Conte musical&nbsp; \u201cViatge al Pa\u00eds dels Sons Meravellosos\u201d.<\/strong>\u2026..\u2026\u2026. per comen\u00e7ar i realitzar la formaci\u00f3 a l\u2019edat de P3, P4 o P5<\/li>\n<li><strong>aplicaci\u00f3:&nbsp; \u201cNenes i Nens\u201d<\/strong>\u2026\u2026\u2026\u2026\u2026&#8230;&#8230;&#8230;&#8230;&#8230;&#8230;\u2026\u2026.\u2026. per comen\u00e7ar la formaci\u00f3 i cursar TOTS els nivells entre els 6 anys i el 12-14 anys<\/li>\n<li><strong>aplicaci\u00f3:&nbsp; \u201cTeens:<\/strong>\u2026\u2026\u2026\u2026\u2026\u2026\u2026\u2026\u2026\u2026\u2026..\u2026 per comen\u00e7ar la formaci\u00f3 i cursar TOTS els nivells del programa entre 12-14 anys i 16-18 anys<\/li>\n<li><strong>aplicaci\u00f3:&nbsp; \u201cAdults\u201d <\/strong>\u2026\u2026\u2026\u2026\u2026\u2026\u2026\u2026\u2026\u2026\u2026\u2026\u2026\u2026.\u2026\u2026 per comen\u00e7ar la formaci\u00f3 i cursar TOTS els nivells del programa a partir de 16-18 anys<\/li>\n<\/ul>\n<\/li>\n<\/ul>\n<p><!-- \/wp:list --><\/p>\n<p><!-- wp:paragraph {\"style\":{\"typography\":{\"fontSize\":\"14px\"}}} --><\/p>\n<p style=\"font-size: 14px;\">\n<\/p><p><!-- \/wp:paragraph --><\/p>\n<p><!-- wp:paragraph {\"style\":{\"typography\":{\"fontSize\":\"14px\"}}} --><\/p>\n<p style=\"font-size: 14px;\">\n<\/p><p><!-- \/wp:paragraph --><\/p>\n<p><!-- wp:paragraph {\"textColor\":\"vivid-red\",\"fontSize\":\"medium\"} --><\/p>\n<p class=\"has-vivid-red-color has-text-color has-medium-font-size\"><strong>L\u00ednies formatives<\/strong>:<\/p>\n<p><!-- \/wp:paragraph --><\/p>\n<p><!-- wp:list {\"style\":{\"typography\":{\"fontSize\":\"14px\"}}} --><\/p>\n<ul style=\"font-size: 14px;\">\n<li><strong>2 l\u00ednies formatives paral\u00b7leles:<\/strong> la formaci\u00f3 es realitza cursant paral\u00b7lelament dues l\u00ednies formatives:\n<ul>\n<li>formaci\u00f3 <strong>AMB instrument<\/strong><\/li>\n<li>formaci\u00f3<strong> SENSE instrument<\/strong><\/li>\n<\/ul>\n<\/li>\n<li><strong>efecte formatiu de les l\u00ednies formatives: <\/strong>cada l\u00ednia formativa genera en l\u2019alumne\/a un proc\u00e9s formatiu que evoluciona de manera independentment i d\u00f3na efectes formatius que es complementen de manera espont\u00e0nia. Aix\u00f2 \u00e9s gr\u00e0cies a que els procediments que aplica la metodologia per organitzar el material sonor i els que aplica per aprendre a fer m\u00fasica constru\u00efnt m\u00fasica mitjan\u00e7ant els models d&#8217;improvisaci\u00f3, composici\u00f3 i interpretaci\u00f3 s\u00f3n els mateixos.<\/li>\n<li><strong>cal cursar les dues l\u00ednies formatives: l<\/strong>a formaci\u00f3 que l\u2019alumne\/a assoleix treballant amb l\u2019instrument i la que assoleix treballant sense instrument \u00e9s diferent. El Programa est\u00e0 dissenyat perqu\u00e8 les formacions es complementin de manera espont\u00e0nia.&nbsp; Perqu\u00e8 l\u2019alumne\/a pugui assolir la formaci\u00f3 que ens proposa el nostre programa i la nostra metodologia, cal que cursi paral\u00b7lelament les dues formacions.&nbsp;<\/li>\n<\/ul>\n<p><!-- \/wp:list --><\/p>\n<p><!-- wp:paragraph {\"textColor\":\"vivid-red\",\"fontSize\":\"medium\"} --><\/p>\n<p class=\"has-vivid-red-color has-text-color has-medium-font-size\"><strong>Assignatures:<\/strong><\/p>\n<p><!-- \/wp:paragraph --><\/p>\n<p><!-- wp:list {\"style\":{\"typography\":{\"fontSize\":\"14px\"}}} --><\/p>\n<ul style=\"font-size: 14px;\">\n<li><strong>assignatures:<\/strong> Cada l\u00ednia formativa es realitza cursant les seg\u00fcents assignatures:\n<ul>\n<li>formaci\u00f3 <strong>SENSE<\/strong> instrument&#8230;&#8230;&#8230;. assignatures: LLENGUATGE MUSICAL \/ TALLER de COMPOSICI\u00d3.<\/li>\n<li>formaci\u00f3 <strong>AMB<\/strong> instrument &#8230;&#8230;&#8230;&#8230;.assignatures: INSTRUMENT INDIVIDUAL \/ LABORATORIS d&#8217;INSTRUMENT \/ GRUPS INSTRUMENTALS: COMBO i CAMBRA<\/li>\n<\/ul>\n<\/li>\n<\/ul>\n<p><!-- \/wp:list --><\/p>\n<p><!-- wp:paragraph {\"textColor\":\"vivid-red\",\"fontSize\":\"medium\"} --><\/p>\n<p class=\"has-vivid-red-color has-text-color has-medium-font-size\"><strong>Mat\u00e8ries:&nbsp;<\/strong><\/p>\n<p><!-- \/wp:paragraph --><\/p>\n<p><!-- wp:paragraph {\"style\":{\"typography\":{\"fontSize\":\"14px\"}},\"textColor\":\"black\"} --><\/p>\n<p class=\"has-black-color has-text-color\" style=\"font-size: 14px;\">Les mat\u00e8ries que impartim en cada assignatura s\u00f3n les seg\u00fcents:<\/p>\n<p><!-- \/wp:paragraph --><\/p>\n<p><!-- wp:list {\"fontSize\":\"small\"} --><\/p>\n<ul class=\"has-small-font-size\">\n<li><strong>Formaci\u00f3 SENSE instrument&#8230;&#8230;&#8230;<em>. assignatures: LLENGUATGE MUSICAL \/ TALLER de COMPOSICI\u00d3<\/em><\/strong><em>.<\/em>\n<ul>\n<li>assignatura: <strong>LLENGUATGE MUSICAL<\/strong>\n<ul>\n<li>mat\u00e8ria: RITME<\/li>\n<li>mat\u00e8ria: M\u00c8TRICA<\/li>\n<li>mat\u00e8ria: MELODIA<\/li>\n<\/ul>\n<\/li>\n<li>assignatura: <strong>TALLER de COMPOSICI\u00d3<\/strong>\n<ul>\n<li>mat\u00e8ria: HARMONIA: harmonia i educaci\u00f3 de l\u2019o\u00efda<\/li>\n<li>mat\u00e8ria: COMPOSICI\u00d3: harmonitzaci\u00f3, arranjaments-instrumentaci\u00f3, formes musicals.<\/li>\n<li>mat\u00e8ria: DIGITAL MUSIC: producci\u00f3 musical: enregistrament, seq\u00fcenciaci\u00f3 i producci\u00f3 amb mitjans digitals<\/li>\n<\/ul>\n<\/li>\n<\/ul>\n<\/li>\n<\/ul>\n<p><!-- \/wp:list --><\/p>\n<p><!-- wp:paragraph --><\/p>\n<p><!-- \/wp:paragraph --><\/p>\n<p><!-- wp:list {\"fontSize\":\"small\"} --><\/p>\n<ul class=\"has-small-font-size\">\n<li><strong>Formaci\u00f3 AMB instrument.<\/strong>&#8230;&#8230;..<em>. assignatures: INSTRUMENT \/ LABORATORI d\u2019INSTRUMENT \/ GRUP INSTRUMENTAL.<\/em>\n<ul>\n<li>assignatura: <strong>INSTRUMENT<\/strong>\n<ul>\n<li>mat\u00e8ria: T\u00c8CNICA INSTRUMENTAL<\/li>\n<li>mat\u00e8ria: IMPROVISACI\u00d3 a l\u2019INSTRUMENT<\/li>\n<li>mat\u00e8ria: LECTURA a VISTA a l\u2019INSTRUMENT<\/li>\n<li>mat\u00e8ria: INTERPRETACI\u00d3 de REPERTORI INSTRUMENTAL<\/li>\n<\/ul>\n<\/li>\n<\/ul>\n<ul>\n<li>assignatura: <strong>LABORATORI d\u2019INSTRUMENT<\/strong>\n<ul>\n<li>mat\u00e8ria: T\u00c8CNICA<\/li>\n<li>mat\u00e8ria: IMPROVISACI\u00d3<\/li>\n<li>mat\u00e8ria: LECTURA A VISTA<\/li>\n<li>mat\u00e8ria: REPERTORI<\/li>\n<\/ul>\n<\/li>\n<li>assignatura: <strong>GRUPS INSTRUMENTALS:<\/strong>\n<ul>\n<li><strong>COMBO<\/strong>: INTERPRETACI\u00d3 i IMPROVISACI\u00d3 de repertori de m\u00fasica \u201cmoderna\u00bb en formaci\u00f3 instrumental de COMBO \u2013grup instrumental de m\u00fasica moderna-<\/li>\n<li><strong>CAMBRA<\/strong>: INTERPRETACI\u00d3 de repertori de TOTS els estils en petit grup instrumental.<\/li>\n<\/ul>\n<\/li>\n<\/ul>\n<\/li>\n<\/ul>\n<p><!-- \/wp:list --><\/p>\t\t\t\t\t\t<\/div>\n\t\t\t\t<\/div>\n\t\t\t\t\t<\/div>\n\t\t<\/div>\n\t\t\t\t\t\t\t<\/div>\n\t\t<\/section>\n\t\t\t\t\t\t\t<\/div>\n\t\t","protected":false},"excerpt":{"rendered":"<p>ESTRUCTURA i FUNCIONAMENT del PROGRAMA d&#8217;ESTUDIS Nivells del Programa d&#8217;Estudis: El Programa d\u2019Estudis est\u00e0 estructurat en 12 nivells de programa.&nbsp; Graus formatius -organitzaci\u00f3 del nivells en graus i objectius formatius-: Els 12 nivells s\u2019organitzen en 3 Graus formatius de 4 nivells. Cada Grau t\u00e9 un objectiu formatiu espec\u00edfic. Grau Inicial: nivells I II III IV&hellip;<\/p>\n","protected":false},"author":1,"featured_media":0,"parent":0,"menu_order":0,"comment_status":"closed","ping_status":"closed","template":"","meta":{"footnotes":""},"class_list":["post-1362","page","type-page","status-publish","hentry"],"_links":{"self":[{"href":"http:\/\/musicactiva.net\/escolademusica\/wp-json\/wp\/v2\/pages\/1362","targetHints":{"allow":["GET"]}}],"collection":[{"href":"http:\/\/musicactiva.net\/escolademusica\/wp-json\/wp\/v2\/pages"}],"about":[{"href":"http:\/\/musicactiva.net\/escolademusica\/wp-json\/wp\/v2\/types\/page"}],"author":[{"embeddable":true,"href":"http:\/\/musicactiva.net\/escolademusica\/wp-json\/wp\/v2\/users\/1"}],"replies":[{"embeddable":true,"href":"http:\/\/musicactiva.net\/escolademusica\/wp-json\/wp\/v2\/comments?post=1362"}],"version-history":[{"count":23,"href":"http:\/\/musicactiva.net\/escolademusica\/wp-json\/wp\/v2\/pages\/1362\/revisions"}],"predecessor-version":[{"id":5056,"href":"http:\/\/musicactiva.net\/escolademusica\/wp-json\/wp\/v2\/pages\/1362\/revisions\/5056"}],"wp:attachment":[{"href":"http:\/\/musicactiva.net\/escolademusica\/wp-json\/wp\/v2\/media?parent=1362"}],"curies":[{"name":"wp","href":"https:\/\/api.w.org\/{rel}","templated":true}]}}