{"id":1574,"date":"2022-11-19T19:29:25","date_gmt":"2022-11-19T19:29:25","guid":{"rendered":"http:\/\/musicactiva.net\/escolademusica\/?page_id=1574"},"modified":"2023-11-07T18:03:38","modified_gmt":"2023-11-07T18:03:38","slug":"informacio-i-matriculacio-escola-de-musica-2","status":"publish","type":"page","link":"http:\/\/musicactiva.net\/escolademusica\/informacio-i-matriculacio-escola-de-musica-2\/","title":{"rendered":"INFORMACI\u00d3 i MATRICULACI\u00d3 ESCOLA de M\u00daSICA"},"content":{"rendered":"\t\t<div data-elementor-type=\"wp-page\" data-elementor-id=\"1574\" class=\"elementor elementor-1574\">\n\t\t\t\t\t\t\t\t\t<section class=\"elementor-section elementor-top-section elementor-element elementor-element-a362a88 elementor-section-boxed elementor-section-height-default elementor-section-height-default\" data-id=\"a362a88\" data-element_type=\"section\">\n\t\t\t\t\t\t<div class=\"elementor-container elementor-column-gap-default\">\n\t\t\t\t\t<div class=\"elementor-column elementor-col-100 elementor-top-column elementor-element elementor-element-44ddbad\" data-id=\"44ddbad\" data-element_type=\"column\">\n\t\t\t<div class=\"elementor-widget-wrap elementor-element-populated\">\n\t\t\t\t\t\t\t\t<div class=\"elementor-element elementor-element-2392678 elementor-widget elementor-widget-text-editor\" data-id=\"2392678\" data-element_type=\"widget\" data-widget_type=\"text-editor.default\">\n\t\t\t\t<div class=\"elementor-widget-container\">\n\t\t\t<style>\/*! elementor - v3.7.8 - 02-10-2022 *\/\n.elementor-widget-text-editor.elementor-drop-cap-view-stacked .elementor-drop-cap{background-color:#818a91;color:#fff}.elementor-widget-text-editor.elementor-drop-cap-view-framed .elementor-drop-cap{color:#818a91;border:3px solid;background-color:transparent}.elementor-widget-text-editor:not(.elementor-drop-cap-view-default) .elementor-drop-cap{margin-top:8px}.elementor-widget-text-editor:not(.elementor-drop-cap-view-default) .elementor-drop-cap-letter{width:1em;height:1em}.elementor-widget-text-editor .elementor-drop-cap{float:left;text-align:center;line-height:1;font-size:50px}.elementor-widget-text-editor .elementor-drop-cap-letter{display:inline-block}<\/style>\t\t\t\t<p><!-- wp:gutentor\/e1 {\"gID\":\"g02f4f0\",\"elAlign\":{\"desktop\":\"text-align-center\",\"tablet\":\"text-align-center\",\"mobile\":\"text-align-center\"},\"elColor\":{\"enable\":true,\"normal\":\"#cf2e2e\",\"hover\":\"\"},\"elTypography\":{\"desktopFontSize\":\"50px\",\"tabletFontSize\":\"42px\",\"mobileFontSize\":\"42px\",\"desktopLineHeight\":1.4,\"tabletLineHeight\":1.4,\"mobileLineHeight\":1}} --><\/p>\n<div id=\"section-g02f4f0\" class=\"wp-block-gutentor-e1 section-g02f4f0 gutentor-element gutentor-element-advanced-text text-align-center-desktop text-align-center-tablet text-align-center-mobile\">\n<div class=\"gutentor-text-wrap\">\n<p class=\"gutentor-text\"><strong>MATRICULACI\u00d3 I3 I4 I5<\/strong><\/p>\n<\/div>\n<\/div>\n<p><!-- \/wp:gutentor\/e1 --><\/p>\n<p><!-- wp:spacer {\"height\":\"61px\"} --><\/p>\n<div class=\"wp-block-spacer\" style=\"height: 61px;\" aria-hidden=\"true\">\u00a0<\/div>\n<p><!-- \/wp:spacer --><\/p>\n<p><!-- wp:paragraph --><\/p>\n<p>Segueix el proc\u00e9s de matriculaci\u00f3:<\/p>\n<p><!-- \/wp:paragraph --><\/p>\n<p><!-- wp:paragraph {\"textColor\":\"vivid-red\"} --><\/p>\n<p class=\"has-vivid-red-color has-text-color\"><strong><em>1-&#8230;omple el formulari\u00a0 &#8230;..<\/em><\/strong>\u00a0<a href=\"https:\/\/goo.gl\/forms\/MMANLoG2vUcG1Tnp1\"><strong><em>FORMULARI SOL.LICITUD ASSIST\u00c8NCIA REUNI\u00d3 INFORMATIVA<\/em><\/strong><\/a><\/p>\n<p><!-- \/wp:paragraph --><\/p>\n<p><!-- wp:paragraph --><\/p>\n<p>Omple el formulari i demana data i hora per a assistir a les REUNIONS INFORMATIVES.<\/p>\n<p><!-- \/wp:paragraph --><\/p>\n<p><!-- wp:paragraph {\"textColor\":\"vivid-red\"} --><\/p>\n<p class=\"has-vivid-red-color has-text-color\"><strong><em>2-&#8230;assisteix a la reuni\u00f3 informativa<\/em><\/strong><\/p>\n<p><!-- \/wp:paragraph --><\/p>\n<p><!-- wp:paragraph --><\/p>\n<p>Assisteix a la REUNI\u00d3 INFORMATIVA on descobrir\u00e0s mitjan\u00e7ant exercicis i demostracions pr\u00e0ctiques les immenses possibilitats que et proposa el M\u00e8tode Creatiu per a l\u2019Aprenentatge Musical per a l\u2019educaci\u00f3 musical, art\u00edstica i personal dels teus fills i filles.<\/p>\n<p><!-- \/wp:paragraph --><\/p>\n<p><!-- wp:paragraph {\"textColor\":\"vivid-red\"} --><\/p>\n<p class=\"has-vivid-red-color has-text-color\"><strong>3-&#8230;descarrega\u2019t el full de matriculaci\u00f3 &#8230;&#8230;&#8230;FULL DE MATRICULACI\u00d3<\/strong><\/p>\n<p><!-- \/wp:paragraph --><\/p>\n<p><!-- wp:paragraph --><\/p>\n<p>Descarrega\u2019t el FULL de MATRICULACI\u00d3, omple la documentaci\u00f3 i fes efectiva la matr\u00edcula enviant-la a MusicActiva via E-mail.<\/p>\n<p><!-- \/wp:paragraph --><\/p>\n<p><!-- wp:paragraph {\"textColor\":\"vivid-red\"} --><\/p>\n<p class=\"has-vivid-red-color has-text-color\"><em><strong>4-&#8230;horaris, preus i calendari de curs<\/strong><\/em><\/p>\n<p><!-- \/wp:paragraph --><\/p>\n<p><!-- wp:paragraph --><\/p>\n<p>Informa&#8217;ns dels teus horaris disponibles i consulta els horaris dels grups de llenguatge de l\u2019edat del teu fill\/a.<\/p>\n<p><!-- \/wp:paragraph --><\/p>\t\t\t\t\t\t<\/div>\n\t\t\t\t<\/div>\n\t\t\t\t\t<\/div>\n\t\t<\/div>\n\t\t\t\t\t\t\t<\/div>\n\t\t<\/section>\n\t\t\t\t<section class=\"elementor-section elementor-top-section elementor-element elementor-element-19cf99c elementor-section-boxed elementor-section-height-default elementor-section-height-default\" data-id=\"19cf99c\" data-element_type=\"section\">\n\t\t\t\t\t\t<div class=\"elementor-container elementor-column-gap-default\">\n\t\t\t\t\t<div class=\"elementor-column elementor-col-100 elementor-top-column elementor-element elementor-element-3cc6d8f\" data-id=\"3cc6d8f\" data-element_type=\"column\">\n\t\t\t<div class=\"elementor-widget-wrap elementor-element-populated\">\n\t\t\t\t\t\t\t\t<div class=\"elementor-element elementor-element-ee3f959 elementor-widget elementor-widget-text-editor\" data-id=\"ee3f959\" data-element_type=\"widget\" data-widget_type=\"text-editor.default\">\n\t\t\t\t<div class=\"elementor-widget-container\">\n\t\t\t\t\t\t\t<p><!-- wp:gutentor\/e1 {\"gID\":\"g93efd1\",\"elAlign\":{\"desktop\":\"text-align-center\",\"tablet\":\"text-align-center\",\"mobile\":\"text-align-center\"},\"elColor\":{\"enable\":true,\"normal\":\"#cf2e2e\",\"hover\":\"\"},\"elTypography\":{\"desktopFontSize\":\"50px\",\"tabletFontSize\":\"42px\",\"mobileFontSize\":\"42px\",\"desktopLineHeight\":1.4,\"tabletLineHeight\":1.4,\"mobileLineHeight\":1}} --><\/p>\n<div id=\"section-g93efd1\" class=\"wp-block-gutentor-e1 section-g93efd1 gutentor-element gutentor-element-advanced-text text-align-center-desktop text-align-center-tablet text-align-center-mobile\">\n<div class=\"gutentor-text-wrap\">\n<p class=\"gutentor-text\"><strong>MATRICULACI\u00d3 NENES i NENS<\/strong><\/p>\n<\/div>\n<\/div>\n<p><!-- \/wp:gutentor\/e1 --><\/p>\n<p><!-- wp:paragraph --><\/p>\n<p>Segueix el proc\u00e9s de matriculaci\u00f3:<\/p>\n<p><!-- \/wp:paragraph --><\/p>\n<p><!-- wp:paragraph {\"textColor\":\"vivid-red\",\"fontSize\":\"medium\"} --><\/p>\n<p class=\"has-vivid-red-color has-text-color has-medium-font-size\"><strong><em>1-&#8230;omple el formulari\u00a0 &#8230;..<\/em><\/strong>\u00a0<a href=\"https:\/\/goo.gl\/forms\/MMANLoG2vUcG1Tnp1\"><strong><em>FORMULARI SOL.LICITUD ASSIST\u00c8NCIA REUNI\u00d3 INFORMATIVA<\/em><\/strong><\/a><\/p>\n<p><!-- \/wp:paragraph --><\/p>\n<p><!-- wp:paragraph {\"fontSize\":\"small\"} --><\/p>\n<p class=\"has-small-font-size\">Omple el formulari i demana data i hora per a assistir a les REUNIONS INFORMATIVES.<\/p>\n<p><!-- \/wp:paragraph --><\/p>\n<p><!-- wp:paragraph {\"textColor\":\"vivid-red\",\"fontSize\":\"medium\"} --><\/p>\n<p class=\"has-vivid-red-color has-text-color has-medium-font-size\"><strong><em>2-&#8230;assisteix a la reuni\u00f3 informativa<\/em><\/strong><\/p>\n<p><!-- \/wp:paragraph --><\/p>\n<p><!-- wp:paragraph {\"fontSize\":\"small\"} --><\/p>\n<p class=\"has-small-font-size\">Assisteix a la REUNI\u00d3 INFORMATIVA on descobrir\u00e0s mitjan\u00e7ant exercicis i demostracions pr\u00e0ctiques les immenses possibilitats que et proposa el M\u00e8tode Creatiu per a l\u2019Aprenentatge Musical per a l\u2019educaci\u00f3 musical, art\u00edstica i personal dels teus fills i filles.<\/p>\n<p><!-- \/wp:paragraph --><\/p>\n<p><!-- wp:paragraph {\"textColor\":\"vivid-red\",\"fontSize\":\"medium\"} --><\/p>\n<p class=\"has-vivid-red-color has-text-color has-medium-font-size\"><strong>3-&#8230;descarrega\u2019t el full de matriculaci\u00f3 &#8230;&#8230;&#8230; FULL DE MATRICULACI\u00d3<\/strong><\/p>\n<p><!-- \/wp:paragraph --><\/p>\n<p><!-- wp:paragraph --><\/p>\n<p>Descarrega\u2019t el FULL de MATRICULACI\u00d3, omple la documentaci\u00f3 i fes efectiva la matr\u00edcula enviant-lo a MusicActiva via E-mail.<\/p>\n<p><!-- \/wp:paragraph --><\/p>\n<p><!-- wp:paragraph {\"textColor\":\"vivid-red\",\"fontSize\":\"medium\"} --><\/p>\n<p class=\"has-vivid-red-color has-text-color has-medium-font-size\"><strong>4-&#8230;fes la \u201cprova de nivell\u201d:<\/strong><\/p>\n<p><!-- \/wp:paragraph --><\/p>\n<p><!-- wp:paragraph {\"fontSize\":\"small\"} --><\/p>\n<p class=\"has-small-font-size\"><strong><em>&#8211;<\/em><\/strong><strong><em>avaluaci\u00f3 nivell musical intu\u00eftiu i acad\u00e8mic \/ coneixement caracter\u00edstiques personals \/\u00a0<\/em><\/strong><\/p>\n<p><!-- \/wp:paragraph --><\/p>\n<p><!-- wp:paragraph {\"fontSize\":\"small\"} --><\/p>\n<p class=\"has-small-font-size\"><strong><em>\u00a0\u00a0\u00a0\u00a0\u00a0\u00a0\u00a0\u00a0\u00a0\u00a0\u00a0\u00a0\u00a0\u00a0\u00a0\u00a0\u00a0\u00a0\u00a0\u00a0\u00a0\u00a0\u00a0\u00a0\u00a0\u00a0\u00a0 comunicaci\u00f3-informaci\u00f3 a mares i pares \/ tria d\u2019instrument-<\/em><\/strong><\/p>\n<p><!-- \/wp:paragraph --><\/p>\n<p><!-- wp:paragraph {\"fontSize\":\"small\"} --><\/p>\n<p class=\"has-small-font-size\">Quan hagis formalitzat la matr\u00edcula, et convocarem a una sessi\u00f3 individual en la qual les directores pedag\u00f2giques de MusicActiva podran con\u00e8ixer el teu fill\/a en els aspectes que s\u00f3n necessaris per enfocar correctament la formaci\u00f3. Els aspectes s\u00f3n els seg\u00fcents:<\/p>\n<p><!-- \/wp:paragraph --><\/p>\n<p><!-- wp:paragraph {\"fontSize\":\"small\"} --><\/p>\n<p class=\"has-small-font-size\">\u00a0\u00a0<strong>\u00a0\u00a0\u00a0\u00a0\u00a0\u00a0\u00a0\u00a0\u00a0 1-Prova de nivell: <\/strong>avaluaci\u00f3 del nivell musical de l\u2019alumne\/a en relaci\u00f3 a la seva possible formaci\u00f3 musical acad\u00e8mica en cas que l\u2019hagi rebut, i en relaci\u00f3 al seu nivell musical intu\u00eftiu.<\/p>\n<p><!-- \/wp:paragraph --><\/p>\n<p><!-- wp:paragraph {\"fontSize\":\"small\"} --><\/p>\n<p class=\"has-small-font-size\"><strong>\u00a0\u00a0\u00a0\u00a0\u00a0\u00a0\u00a0\u00a0\u00a0\u00a0\u00a0\u00a0 2-Caracter\u00edstiques personals:\u00a0<\/strong>observaci\u00f3 i an\u00e0lisi de les caracter\u00edstiques personals de l\u2019alumne\/a en relaci\u00f3 a les seves capacitats creatives, caracter\u00edstiques que hem de poder con\u00e8ixer per enfocar correctament la seva formaci\u00f3. Aquest primer diagn\u00f2stic \u00e9s molt important per a poder preveure quina ser\u00e0 la reacci\u00f3 de l\u2019alumne\/a al llarg del proc\u00e9s d\u2019aprenentatge i per a poder enfocar la formaci\u00f3 amb les m\u00e0ximes garanties d\u2019\u00e8xit.\u00a0\u00a0\u00a0\u00a0\u00a0\u00a0\u00a0\u00a0<\/p>\n<p><!-- \/wp:paragraph --><\/p>\n<p><!-- wp:paragraph {\"fontSize\":\"small\"} --><\/p>\n<p class=\"has-small-font-size\">\u00a0\u00a0\u00a0\u00a0\u00a0\u00a0\u00a0\u00a0\u00a0\u00a0\u00a0<strong>\u00a0 3-Comunicaci\u00f3-informaci\u00f3 a mares i pares:\u00a0<\/strong>en finalitzar la sessi\u00f3, comunicarem a mares i pares l\u2019an\u00e0lisi que fem del funcionament \u201ccreatiu\u201d de \u201cl\u2019artista\u201d i la manera en qu\u00e8 hem d\u2019enfocar la seva formaci\u00f3 per aconseguir els resultats formatius que es corresponen amb les seves caracter\u00edstiques i capacitats .<\/p>\n<p><!-- \/wp:paragraph --><\/p>\n<p><!-- wp:paragraph {\"fontSize\":\"small\"} --><\/p>\n<p class=\"has-small-font-size\"><strong>\u00a0\u00a0\u00a0\u00a0\u00a0\u00a0\u00a0\u00a0\u00a0\u00a0\u00a0 4-TRIA d\u2019INSTRUMENT:\u00a0<\/strong>en el transcurs de la mateixa sessi\u00f3 realitzarem la \u201cTRIA d\u2019INSTRUMENT\u201d, en la qual donem a con\u00e8ixer al vostre fill\/a els 4 instruments que pot escollir per iniciar la seva formaci\u00f3 instrumental -PIANO, GUITARRA, FLAUTA i VIOL\u00cd-, observem la relaci\u00f3\u00a0 que de manera intu\u00eftiva estableix amb cada un dels instruments, i en la qual extreiem com a conclusi\u00f3 quin \u00e9s l\u2019instrument o els instruments m\u00e9s adients a les seves caracter\u00edstiques personals i que per tant s\u00f3n m\u00e9s recomanables per a afavorir la seva formaci\u00f3.<\/p>\n<p><!-- \/wp:paragraph --><\/p>\n<p><!-- wp:paragraph {\"fontSize\":\"small\"} --><\/p>\n<p class=\"has-small-font-size\">Despr\u00e9s de la prova, expliquem a mares i pares els resultats amb el prop\u00f2sit que disposeu de la informaci\u00f3 necess\u00e0ria per poder parlar-ho amb el vostre fill\/a i triar amb encert l\u2019instrument que ha d\u2019aprendre a tocar.<\/p>\n<p><!-- \/wp:paragraph --><\/p>\n<p><!-- wp:paragraph {\"textColor\":\"vivid-red\",\"fontSize\":\"medium\"} --><\/p>\n<p class=\"has-vivid-red-color has-text-color has-medium-font-size\"><strong><em>5-&#8230;coordinaci\u00f3 horaris instrument i llenguatge<\/em><\/strong><\/p>\n<p><!-- \/wp:paragraph --><\/p>\n<p><!-- wp:paragraph {\"fontSize\":\"small\"} --><\/p>\n<p class=\"has-small-font-size\">Quan ja sapiguem l\u2019instrument que ha d\u2019aprendre a tocar el vostre fill\/a, consultarem\u00a0<strong>BUTLLETA d\u2019HORARIS DISPONIBLES\u00a0<\/strong>que ens heu fet arribar amb el\u00a0\u00a0<a href=\"https:\/\/www.dropbox.com\/s\/v1tqhjt8i982ayw\/Matr%C3%ADcula%20Torreta%2017-18%20c%C3%B2pia.pdf?dl=0\"><strong><em>FULL de MATRICULACI\u00d3<\/em><\/strong><\/a>\u00a0i posarem en marxa la coordinaci\u00f3 dels horaris de classe de les assignatures del Programa d\u2019Estudis que ha de cursar el vostre fill\/a en funci\u00f3 de la seva edad i del seu nivell musical.<\/p>\n<p><!-- \/wp:paragraph --><\/p>\n<p><!-- wp:paragraph {\"fontSize\":\"small\"} --><\/p>\n<p class=\"has-small-font-size\">Abans d\u2019omplir la BUTLLETA d\u2019HORARIS DISPONIBLES, \u00e9s convenient que consulteu els horaris dels grups de llenguatge musical en l\u2019apartat HORARIS.<\/p>\n<p><!-- \/wp:paragraph --><\/p>\n<p><!-- wp:paragraph {\"fontSize\":\"small\"} --><\/p>\n<p class=\"has-small-font-size\">Quan tinguem els horaris coordinats us informem de l\u2019horari assignat o, si \u00e9s el cas, de les possibles opcions.<\/p>\n<p><!-- \/wp:paragraph --><\/p>\n<p><!-- wp:image {\"align\":\"left\"} --><\/p>\n<figure class=\"wp-block-image alignleft\"><img decoding=\"async\" src=\"http:\/\/www.musicactiva.net\/MUSICACTIVA_i_CASAL_20-21\/MATRICULACIO_NENS_2_3_2_files\/IMG_1616.jpg\" alt=\"\" \/><\/figure>\n<p><!-- \/wp:image --><\/p>\n<p><!-- wp:image {\"align\":\"left\"} --><\/p>\n<figure class=\"wp-block-image alignleft\">\u00e8<\/figure>\n<p><!-- \/wp:image --><\/p>\n<p><!-- wp:paragraph --><\/p>\n<p><!-- \/wp:paragraph --><\/p>\n<p><!-- wp:paragraph --><\/p>\n<p><!-- \/wp:paragraph --><\/p>\t\t\t\t\t\t<\/div>\n\t\t\t\t<\/div>\n\t\t\t\t\t<\/div>\n\t\t<\/div>\n\t\t\t\t\t\t\t<\/div>\n\t\t<\/section>\n\t\t\t\t\t\t\t<\/div>\n\t\t","protected":false},"excerpt":{"rendered":"<p>Segueix el proc\u00e9s de matriculaci\u00f3: 1-&#8230;omple el formulari\u00a0 &#8230;..\u00a0FORMULARI SOL.LICITUD ASSIST\u00c8NCIA REUNI\u00d3 INFORMATIVA Omple el formulari i demana data i hora per a assistir a les REUNIONS INFORMATIVES. 2-&#8230;assisteix a la reuni\u00f3 informativa Assisteix a la REUNI\u00d3 INFORMATIVA on descobrir\u00e0s mitjan\u00e7ant exercicis i demostracions pr\u00e0ctiques les immenses possibilitats que et proposa el M\u00e8tode Creatiu per&hellip;<\/p>\n","protected":false},"author":1,"featured_media":0,"parent":0,"menu_order":0,"comment_status":"closed","ping_status":"closed","template":"","meta":{"footnotes":""},"class_list":["post-1574","page","type-page","status-publish","hentry"],"_links":{"self":[{"href":"http:\/\/musicactiva.net\/escolademusica\/wp-json\/wp\/v2\/pages\/1574","targetHints":{"allow":["GET"]}}],"collection":[{"href":"http:\/\/musicactiva.net\/escolademusica\/wp-json\/wp\/v2\/pages"}],"about":[{"href":"http:\/\/musicactiva.net\/escolademusica\/wp-json\/wp\/v2\/types\/page"}],"author":[{"embeddable":true,"href":"http:\/\/musicactiva.net\/escolademusica\/wp-json\/wp\/v2\/users\/1"}],"replies":[{"embeddable":true,"href":"http:\/\/musicactiva.net\/escolademusica\/wp-json\/wp\/v2\/comments?post=1574"}],"version-history":[{"count":13,"href":"http:\/\/musicactiva.net\/escolademusica\/wp-json\/wp\/v2\/pages\/1574\/revisions"}],"predecessor-version":[{"id":5073,"href":"http:\/\/musicactiva.net\/escolademusica\/wp-json\/wp\/v2\/pages\/1574\/revisions\/5073"}],"wp:attachment":[{"href":"http:\/\/musicactiva.net\/escolademusica\/wp-json\/wp\/v2\/media?parent=1574"}],"curies":[{"name":"wp","href":"https:\/\/api.w.org\/{rel}","templated":true}]}}