{"id":2166,"date":"2023-09-08T07:58:31","date_gmt":"2023-09-08T07:58:31","guid":{"rendered":"https:\/\/musicactiva.net\/escolademusica\/?page_id=2166"},"modified":"2025-06-12T10:29:47","modified_gmt":"2025-06-12T10:29:47","slug":"seguiment-en-forma-de-concerts-i-escenificacions","status":"publish","type":"page","link":"http:\/\/musicactiva.net\/escolademusica\/seguiment-en-forma-de-concerts-i-escenificacions\/","title":{"rendered":"SEGUIMENT"},"content":{"rendered":"\t\t<div data-elementor-type=\"wp-page\" data-elementor-id=\"2166\" class=\"elementor elementor-2166\">\n\t\t\t\t\t\t\t\t\t<section class=\"elementor-section elementor-top-section elementor-element elementor-element-80c7181 elementor-section-boxed elementor-section-height-default elementor-section-height-default\" data-id=\"80c7181\" data-element_type=\"section\">\n\t\t\t\t\t\t<div class=\"elementor-container elementor-column-gap-default\">\n\t\t\t\t\t<div class=\"elementor-column elementor-col-100 elementor-top-column elementor-element elementor-element-80d8fbf\" data-id=\"80d8fbf\" data-element_type=\"column\">\n\t\t\t<div class=\"elementor-widget-wrap elementor-element-populated\">\n\t\t\t\t\t\t\t\t<div class=\"elementor-element elementor-element-83f13ca elementor-widget elementor-widget-text-editor\" data-id=\"83f13ca\" data-element_type=\"widget\" data-widget_type=\"text-editor.default\">\n\t\t\t\t<div class=\"elementor-widget-container\">\n\t\t\t<style>\/*! elementor - v3.7.8 - 02-10-2022 *\/\n.elementor-widget-text-editor.elementor-drop-cap-view-stacked .elementor-drop-cap{background-color:#818a91;color:#fff}.elementor-widget-text-editor.elementor-drop-cap-view-framed .elementor-drop-cap{color:#818a91;border:3px solid;background-color:transparent}.elementor-widget-text-editor:not(.elementor-drop-cap-view-default) .elementor-drop-cap{margin-top:8px}.elementor-widget-text-editor:not(.elementor-drop-cap-view-default) .elementor-drop-cap-letter{width:1em;height:1em}.elementor-widget-text-editor .elementor-drop-cap{float:left;text-align:center;line-height:1;font-size:50px}.elementor-widget-text-editor .elementor-drop-cap-letter{display:inline-block}<\/style>\t\t\t\t<p><strong>SEGUIMENT de l&#8217;EVOLUCI\u00d3 FORMATIVA de l&#8217;ALUMNAT<\/strong><\/p>\n<p><strong>i PLA de TREBALL PERSONALITZAT<\/strong><\/p>\t\t\t\t\t\t<\/div>\n\t\t\t\t<\/div>\n\t\t\t\t\t<\/div>\n\t\t<\/div>\n\t\t\t\t\t\t\t<\/div>\n\t\t<\/section>\n\t\t\t\t<section class=\"elementor-section elementor-top-section elementor-element elementor-element-99aa5cb elementor-section-boxed elementor-section-height-default elementor-section-height-default\" data-id=\"99aa5cb\" data-element_type=\"section\">\n\t\t\t\t\t\t<div class=\"elementor-container elementor-column-gap-default\">\n\t\t\t\t\t<div class=\"elementor-column elementor-col-100 elementor-top-column elementor-element elementor-element-3cd73a7\" data-id=\"3cd73a7\" data-element_type=\"column\">\n\t\t\t<div class=\"elementor-widget-wrap elementor-element-populated\">\n\t\t\t\t\t\t\t\t<section class=\"elementor-section elementor-inner-section elementor-element elementor-element-751171a elementor-section-boxed elementor-section-height-default elementor-section-height-default\" data-id=\"751171a\" data-element_type=\"section\">\n\t\t\t\t\t\t<div class=\"elementor-container elementor-column-gap-default\">\n\t\t\t\t\t<div class=\"elementor-column elementor-col-33 elementor-inner-column elementor-element elementor-element-8bbae78\" data-id=\"8bbae78\" data-element_type=\"column\" data-settings=\"{&quot;background_background&quot;:&quot;classic&quot;,&quot;animation&quot;:&quot;none&quot;}\">\n\t\t\t<div class=\"elementor-widget-wrap elementor-element-populated\">\n\t\t\t\t\t\t\t\t<div class=\"elementor-element elementor-element-f4582c1 elementor-widget elementor-widget-text-editor\" data-id=\"f4582c1\" data-element_type=\"widget\" data-widget_type=\"text-editor.default\">\n\t\t\t\t<div class=\"elementor-widget-container\">\n\t\t\t\t\t\t\t<p style=\"text-align: center;\"><a href=\"#tutoria\"><strong>TUTORIA A C\u00c0RREC\u00a0<br \/>de DIRECCI\u00d3 PEDAG\u00d2GICA<\/strong><\/a><\/p>\t\t\t\t\t\t<\/div>\n\t\t\t\t<\/div>\n\t\t\t\t<div class=\"elementor-element elementor-element-e92ee9e elementor-widget elementor-widget-text-editor\" data-id=\"e92ee9e\" data-element_type=\"widget\" data-widget_type=\"text-editor.default\">\n\t\t\t\t<div class=\"elementor-widget-container\">\n\t\t\t\t\t\t\t<p style=\"text-align: center;\"><em>Les directores es fan responsables de la formaci\u00f3 de totes i tots els alumnes de MusicActiva. L&#8217; atenci\u00f3 \u00e9s totalment personalitzada i preveu sessions individuals en cas que sigui necessari i realitzades personalment per les directores pedag\u00f2giques.<\/em><\/p>\n<p>\u00a0<\/p>\t\t\t\t\t\t<\/div>\n\t\t\t\t<\/div>\n\t\t\t\t<div class=\"elementor-element elementor-element-ad802e9 elementor-widget elementor-widget-text-editor\" data-id=\"ad802e9\" data-element_type=\"widget\" data-widget_type=\"text-editor.default\">\n\t\t\t\t<div class=\"elementor-widget-container\">\n\t\t\t\t\t\t\t<p style=\"text-align: right;\"><em><a href=\"#tutoria\">Llegeix m\u00e9s..<\/a>.<\/em><\/p>\t\t\t\t\t\t<\/div>\n\t\t\t\t<\/div>\n\t\t\t\t\t<\/div>\n\t\t<\/div>\n\t\t\t\t<div class=\"elementor-column elementor-col-33 elementor-inner-column elementor-element elementor-element-d11cedd\" data-id=\"d11cedd\" data-element_type=\"column\" data-settings=\"{&quot;background_background&quot;:&quot;classic&quot;,&quot;animation&quot;:&quot;none&quot;}\">\n\t\t\t<div class=\"elementor-widget-wrap elementor-element-populated\">\n\t\t\t\t\t\t\t\t<div class=\"elementor-element elementor-element-d795d45 elementor-widget elementor-widget-text-editor\" data-id=\"d795d45\" data-element_type=\"widget\" data-widget_type=\"text-editor.default\">\n\t\t\t\t<div class=\"elementor-widget-container\">\n\t\t\t\t\t\t\t<p style=\"text-align: center;\"><a href=\"#plataforma\"><b>SEGUIMENT VIA PLATAFORMA<\/b><\/a><\/p>\t\t\t\t\t\t<\/div>\n\t\t\t\t<\/div>\n\t\t\t\t<div class=\"elementor-element elementor-element-01c3b5d elementor-widget elementor-widget-text-editor\" data-id=\"01c3b5d\" data-element_type=\"widget\" data-widget_type=\"text-editor.default\">\n\t\t\t\t<div class=\"elementor-widget-container\">\n\t\t\t\t\t\t\t<p style=\"text-align: center;\"><em>Espai Personal de cada alumne\/a amb: <\/em><\/p>\n<p style=\"text-align: center;\"><em>PLA de TREBALL PERSONAL<\/em><\/p>\n<p style=\"text-align: center;\"><em>MATERIAL d&#8217;ESTUDI<\/em><\/p>\n<p style=\"text-align: center;\"><em>MATERIAL pel SEGUIMENT de l&#8217;EVOLUCI\u00d3<\/em><\/p>\n<p style=\"text-align: center;\"><em>INFORMACI\u00d3 MARES i PARES: mares i pares podeu accedir a l&#8217;espai per fer el seguiment del vostre fill\/a.<\/em><\/p>\t\t\t\t\t\t<\/div>\n\t\t\t\t<\/div>\n\t\t\t\t<div class=\"elementor-element elementor-element-5c3177e elementor-widget elementor-widget-text-editor\" data-id=\"5c3177e\" data-element_type=\"widget\" data-widget_type=\"text-editor.default\">\n\t\t\t\t<div class=\"elementor-widget-container\">\n\t\t\t\t\t\t\t<p style=\"text-align: right;\"><em><a href=\"#plataforma\">Llegeix m\u00e9s<\/a><a href=\"#tutoria\">..<\/a>.<\/em><\/p>\t\t\t\t\t\t<\/div>\n\t\t\t\t<\/div>\n\t\t\t\t\t<\/div>\n\t\t<\/div>\n\t\t\t\t<div class=\"elementor-column elementor-col-33 elementor-inner-column elementor-element elementor-element-399aa6c\" data-id=\"399aa6c\" data-element_type=\"column\" data-settings=\"{&quot;background_background&quot;:&quot;classic&quot;,&quot;animation&quot;:&quot;none&quot;}\">\n\t\t\t<div class=\"elementor-widget-wrap elementor-element-populated\">\n\t\t\t\t\t\t\t\t<div class=\"elementor-element elementor-element-25706d9 elementor-widget elementor-widget-text-editor\" data-id=\"25706d9\" data-element_type=\"widget\" data-widget_type=\"text-editor.default\">\n\t\t\t\t<div class=\"elementor-widget-container\">\n\t\t\t\t\t\t\t<p style=\"text-align: center;\"><a href=\"#concerts\"><strong>SEGUIMENT via <\/strong><\/a><a href=\"#concerts\"><strong>CONCERTS i ESCENIFICACIONS<\/strong><\/a><\/p>\t\t\t\t\t\t<\/div>\n\t\t\t\t<\/div>\n\t\t\t\t<div class=\"elementor-element elementor-element-33e7279 elementor-widget elementor-widget-text-editor\" data-id=\"33e7279\" data-element_type=\"widget\" data-widget_type=\"text-editor.default\">\n\t\t\t\t<div class=\"elementor-widget-container\">\n\t\t\t\t\t\t\t<p style=\"text-align: center;\"><em>1 cop a l&#8217;any pugem a l&#8217;escenari per presentar en concert els nostres repertoris d&#8217;instrument d&#8217;interpretaci\u00f3 i tamb\u00e9 d&#8217;improvisaci\u00f3.<\/em><\/p>\t\t\t\t\t\t<\/div>\n\t\t\t\t<\/div>\n\t\t\t\t<div class=\"elementor-element elementor-element-2a7faac elementor-widget elementor-widget-text-editor\" data-id=\"2a7faac\" data-element_type=\"widget\" data-widget_type=\"text-editor.default\">\n\t\t\t\t<div class=\"elementor-widget-container\">\n\t\t\t\t\t\t\t<p style=\"text-align: right;\"><a href=\"#concerts\"><em>Llegeix m\u00e9s&#8230;<\/em><\/a><\/p>\t\t\t\t\t\t<\/div>\n\t\t\t\t<\/div>\n\t\t\t\t\t<\/div>\n\t\t<\/div>\n\t\t\t\t\t\t\t<\/div>\n\t\t<\/section>\n\t\t\t\t\t<\/div>\n\t\t<\/div>\n\t\t\t\t\t\t\t<\/div>\n\t\t<\/section>\n\t\t\t\t<section class=\"elementor-section elementor-top-section elementor-element elementor-element-2ebb2ab elementor-section-boxed elementor-section-height-default elementor-section-height-default\" data-id=\"2ebb2ab\" data-element_type=\"section\">\n\t\t\t\t\t\t<div class=\"elementor-container elementor-column-gap-default\">\n\t\t\t\t\t<div class=\"elementor-column elementor-col-100 elementor-top-column elementor-element elementor-element-0553cf8\" data-id=\"0553cf8\" data-element_type=\"column\">\n\t\t\t<div class=\"elementor-widget-wrap elementor-element-populated\">\n\t\t\t\t\t\t\t\t<div class=\"elementor-element elementor-element-4a79340 elementor-widget elementor-widget-menu-anchor\" data-id=\"4a79340\" data-element_type=\"widget\" data-widget_type=\"menu-anchor.default\">\n\t\t\t\t<div class=\"elementor-widget-container\">\n\t\t\t<style>\/*! elementor - v3.7.8 - 02-10-2022 *\/\nbody.elementor-page .elementor-widget-menu-anchor{margin-bottom:0}<\/style>\t\t<div id=\"tutoria\" class=\"elementor-menu-anchor\"><\/div>\n\t\t\t\t<\/div>\n\t\t\t\t<\/div>\n\t\t\t\t<div class=\"elementor-element elementor-element-01fce45 elementor-widget elementor-widget-text-editor\" data-id=\"01fce45\" data-element_type=\"widget\" data-widget_type=\"text-editor.default\">\n\t\t\t\t<div class=\"elementor-widget-container\">\n\t\t\t\t\t\t\t<p><!-- wp:gutentor\/e1 {\"gID\":\"g563bd6\",\"elAlign\":{\"desktop\":\"text-align-center\",\"tablet\":\"text-align-center\",\"mobile\":\"text-align-center\"},\"elColor\":{\"enable\":true,\"normal\":\"#cf2e2e\",\"hover\":\"\"},\"elTypography\":{\"desktopFontSize\":\"70px\",\"tabletFontSize\":\"42px\",\"mobileFontSize\":\"42px\",\"desktopLineHeight\":1.8,\"tabletLineHeight\":1.4,\"mobileLineHeight\":1}} --><\/p>\n<div id=\"section-g563bd6\" class=\"wp-block-gutentor-e1 section-g563bd6 gutentor-element gutentor-element-advanced-text text-align-center-desktop text-align-center-tablet text-align-center-mobile\">\n<div class=\"gutentor-text-wrap\">\n<p class=\"gutentor-text\"><strong>TUTORIA i SEGUIMENT de l&#8217;EVOLUCI\u00d3 FORMATIVA<\/strong><\/p>\n<p class=\"gutentor-text\"><strong>de les\/<\/strong><strong>els ALUMNES<\/strong><\/p>\n<\/div>\n<\/div>\n<div id=\"section-g8e13cb\" class=\"wp-block-gutentor-e0 section-g8e13cb gutentor-element gutentor-element-advanced-text\">\n<div class=\"gutentor-text-wrap\">\u00a0<\/div>\n<\/div>\n<p><!-- \/wp:gutentor\/e0 --><\/p>\t\t\t\t\t\t<\/div>\n\t\t\t\t<\/div>\n\t\t\t\t<div class=\"elementor-element elementor-element-ce1eb39 elementor-widget elementor-widget-text-editor\" data-id=\"ce1eb39\" data-element_type=\"widget\" data-widget_type=\"text-editor.default\">\n\t\t\t\t<div class=\"elementor-widget-container\">\n\t\t\t\t\t\t\t<p style=\"text-align: center;\"><span style=\"color: #993300;\"><strong>TUTORIA a C\u00c0RREC de DIRECCI\u00d3 PEDAG\u00d2GICA:<\/strong> \u00a0<\/span><\/p>\n<p>A MusicActiva, les directores pedag\u00f2giques i dissenyadores del programa d&#8217;estudis i de la metodologia -Miriam Darriba, Isabel Darriba i Abel Castell\u00f3-, actuen com a TUTORES i es fan c\u00e0rrec personalment de la formaci\u00f3 de TOTES i TOTS els alumnes de MusicActiva. L&#8217; acci\u00f3 de TUTORIA consisteix en realitzar TOTES les accions que s\u00f3n necess\u00e0ries per definir i dirigir la formaci\u00f3 de l&#8217;alumnat: accions pr\u00e8vies a l&#8217;inici de les classes, ACTIVITATS de SEGUIMENT de l&#8217;EVOLUCI\u00d3 FORMATIVA de l&#8217;ALUMNAT, amb avaluaci\u00f3 dels resultats formatius assolits i ATENCI\u00d3 PERSONALITZADA i INDIVIDUALIZADA per l&#8217;alumnat que ho necessita. Les accions concretes s\u00f3n les seg\u00fcents:\u00a0<\/p>\n<p>\u00a0<\/p>\n<p style=\"text-align: center;\"><span style=\"color: #993300;\"><strong>ACCIONS de SEGUIMENT PR\u00c8VIES a INICIAR la FORMACI\u00d3:<\/strong><\/span><\/p>\n<p>\u00a0<\/p>\n<p><strong>REUNI\u00d3 INFORMATIVA per a MARES i PARES\u00a0 o\u00a0 alumnes ADULTS:<\/strong><\/p>\n<p>Pr\u00e8viament a la matriculaci\u00f3 i pr\u00e8viament tamb\u00e9 a que l&#8217;alumne\/a inic\u00efi les classes, \u00e9s imprescindible que mares i pares d\u2019alumnes i tamb\u00e9 els alumnes adults, hagin realitzat la reuni\u00f3 informativa. A la reuni\u00f3 informativa expliquem mitjan\u00e7ant la realitzaci\u00f3 d\u2019exercicis i d\u2019una manera pr\u00e0ctica i molt entenedora el funcionament de la metodologia i del programa d\u2019estudis. L&#8217; objectiu \u00e9s que els alumnes adults i tamb\u00e9 les mares i pares dels infants i dels adolescents coneguin els continguts de la formaci\u00f3 \u201c&#8230;qu\u00e8 aprenem?\u201d-, &#8230;com ho aprenem?\u201d i centrin l&#8217;atenci\u00f3 en els continguts de la formaci\u00f3. La reuni\u00f3 \u00e9s la primera acci\u00f3 de comunicaci\u00f3, informaci\u00f3 i assessorament a mares i pares i tamb\u00e9 a alumnes adults, que hem de poder realitzar per con\u00e8ixer el que estem fent i per establir la relaci\u00f3 de col.laboraci\u00f3 i de confian\u00e7a que \u00e9s imprescindible per fer efectiva la formaci\u00f3.<\/p>\n<p>\u00a0<\/p>\n<p style=\"text-align: left;\"><span style=\"color: #000000;\"><strong>PROVA de NIVELL i per TRIAR INSTRUMENT:\u00a0<\/strong><\/span><\/p>\n<p>A partir dels 6 anys TOTS els nous alumnes i les noves alumnes fan prova de nivell individual. Els objectius de la prova s\u00f3n:<\/p>\n<ul>\n<li>con\u00e8ixer les caracter\u00edstiques personals de l\u2019alumne\/a.<\/li>\n<li>determinar el nivell de formaci\u00f3 musical que t\u00e9, independentment que sigui l&#8217;efecte d\u2019una formaci\u00f3 acad\u00e8mica, formaci\u00f3 autodid\u00e0ctica o de la seva capacitat intu\u00eftiva.<\/li>\n<li>prova d\u2019instrument: observar i analitzar la relaci\u00f3 que estableix amb cada instrument, per poder triar l\u2019instrument que ha d\u2019aprendre a tocar.<\/li>\n<li><strong>PLA de TREBALL PERSONAL de CADA ALUMNE\/A: <\/strong>a partir dels resultats de la prova, els directors pedag\u00f2gics construeixen el PLA de TREBALL PERSONAL de cada alumne\/a, on determinen les assignatures, les mat\u00e8ries i els nivells del Programa d\u2019Estudis que ha de cursar l\u2019alumne\/a i on especifiquen les consignes que ha de seguir el professorat per impartir la formaci\u00f3.<\/li>\n<\/ul>\t\t\t\t\t\t<\/div>\n\t\t\t\t<\/div>\n\t\t\t\t\t<\/div>\n\t\t<\/div>\n\t\t\t\t\t\t\t<\/div>\n\t\t<\/section>\n\t\t\t\t<section class=\"elementor-section elementor-top-section elementor-element elementor-element-bd3d0b6 elementor-section-boxed elementor-section-height-default elementor-section-height-default\" data-id=\"bd3d0b6\" data-element_type=\"section\">\n\t\t\t\t\t\t<div class=\"elementor-container elementor-column-gap-default\">\n\t\t\t\t\t<div class=\"elementor-column elementor-col-100 elementor-top-column elementor-element elementor-element-ea536ea\" data-id=\"ea536ea\" data-element_type=\"column\">\n\t\t\t<div class=\"elementor-widget-wrap elementor-element-populated\">\n\t\t\t\t\t\t\t\t<section class=\"elementor-section elementor-inner-section elementor-element elementor-element-bf4fbbd elementor-section-boxed elementor-section-height-default elementor-section-height-default\" data-id=\"bf4fbbd\" data-element_type=\"section\">\n\t\t\t\t\t\t<div class=\"elementor-container elementor-column-gap-default\">\n\t\t\t\t\t<div class=\"elementor-column elementor-col-50 elementor-inner-column elementor-element elementor-element-0c009da\" data-id=\"0c009da\" data-element_type=\"column\" data-settings=\"{&quot;background_background&quot;:&quot;classic&quot;}\">\n\t\t\t<div class=\"elementor-widget-wrap elementor-element-populated\">\n\t\t\t\t\t\t\t\t<div class=\"elementor-element elementor-element-b662bbe elementor-widget elementor-widget-text-editor\" data-id=\"b662bbe\" data-element_type=\"widget\" data-widget_type=\"text-editor.default\">\n\t\t\t\t<div class=\"elementor-widget-container\">\n\t\t\t\t\t\t\t<p style=\"text-align: center;\"><a href=\"#plataforma\"><b>SEGUIMENT VIA PLATAFORMA<\/b><\/a><\/p>\t\t\t\t\t\t<\/div>\n\t\t\t\t<\/div>\n\t\t\t\t<div class=\"elementor-element elementor-element-b006a81 elementor-widget elementor-widget-text-editor\" data-id=\"b006a81\" data-element_type=\"widget\" data-widget_type=\"text-editor.default\">\n\t\t\t\t<div class=\"elementor-widget-container\">\n\t\t\t\t\t\t\t<p style=\"text-align: center;\"><em>Espai Personal de cada alumne\/a amb: <\/em><\/p>\n<p style=\"text-align: center;\"><em>PLA de TREBALL PERSONAL<\/em><\/p>\n<p style=\"text-align: center;\"><em>MATERIAL d&#8217;ESTUDI<\/em><\/p>\n<p style=\"text-align: center;\"><em>MATERIAL pel SEGUIMENT de l&#8217;EVOLUCI\u00d3<\/em><\/p>\n<p style=\"text-align: center;\"><em>INFORMACI\u00d3 MARES i PARES: mares i pares podeu accedir a l&#8217;espai per fer el seguiment del vostre fill\/a.<\/em><\/p>\t\t\t\t\t\t<\/div>\n\t\t\t\t<\/div>\n\t\t\t\t<div class=\"elementor-element elementor-element-f17505e elementor-widget elementor-widget-text-editor\" data-id=\"f17505e\" data-element_type=\"widget\" data-widget_type=\"text-editor.default\">\n\t\t\t\t<div class=\"elementor-widget-container\">\n\t\t\t\t\t\t\t<p style=\"text-align: right;\"><em><a href=\"#plataforma\">Llegeix m\u00e9s<\/a><a href=\"#tutoria\">..<\/a>.<\/em><\/p>\t\t\t\t\t\t<\/div>\n\t\t\t\t<\/div>\n\t\t\t\t\t<\/div>\n\t\t<\/div>\n\t\t\t\t<div class=\"elementor-column elementor-col-50 elementor-inner-column elementor-element elementor-element-6e83b45\" data-id=\"6e83b45\" data-element_type=\"column\" data-settings=\"{&quot;background_background&quot;:&quot;classic&quot;}\">\n\t\t\t<div class=\"elementor-widget-wrap elementor-element-populated\">\n\t\t\t\t\t\t\t\t<div class=\"elementor-element elementor-element-c7d370b elementor-widget elementor-widget-text-editor\" data-id=\"c7d370b\" data-element_type=\"widget\" data-widget_type=\"text-editor.default\">\n\t\t\t\t<div class=\"elementor-widget-container\">\n\t\t\t\t\t\t\t<p style=\"text-align: center;\"><a href=\"#concerts\"><strong>CONCERTS i ESCENIFICACIONS<\/strong><\/a><\/p>\t\t\t\t\t\t<\/div>\n\t\t\t\t<\/div>\n\t\t\t\t<div class=\"elementor-element elementor-element-bb4d942 elementor-widget elementor-widget-text-editor\" data-id=\"bb4d942\" data-element_type=\"widget\" data-widget_type=\"text-editor.default\">\n\t\t\t\t<div class=\"elementor-widget-container\">\n\t\t\t\t\t\t\t<p style=\"text-align: center;\"><em>1 cop a l&#8217;any pugem a l&#8217;escenari per presentar en concert els nostres repertoris d&#8217;instrument d&#8217;interpretaci\u00f3 i tamb\u00e9 d&#8217;improvisaci\u00f3.<\/em><\/p>\t\t\t\t\t\t<\/div>\n\t\t\t\t<\/div>\n\t\t\t\t<div class=\"elementor-element elementor-element-a4661fb elementor-widget elementor-widget-text-editor\" data-id=\"a4661fb\" data-element_type=\"widget\" data-widget_type=\"text-editor.default\">\n\t\t\t\t<div class=\"elementor-widget-container\">\n\t\t\t\t\t\t\t<p style=\"text-align: right;\"><a href=\"#concerts\"><em>Llegeix m\u00e9s&#8230;<\/em><\/a><\/p>\t\t\t\t\t\t<\/div>\n\t\t\t\t<\/div>\n\t\t\t\t\t<\/div>\n\t\t<\/div>\n\t\t\t\t\t\t\t<\/div>\n\t\t<\/section>\n\t\t\t\t\t<\/div>\n\t\t<\/div>\n\t\t\t\t\t\t\t<\/div>\n\t\t<\/section>\n\t\t\t\t<section class=\"elementor-section elementor-top-section elementor-element elementor-element-f83c27c elementor-section-boxed elementor-section-height-default elementor-section-height-default\" data-id=\"f83c27c\" data-element_type=\"section\">\n\t\t\t\t\t\t<div class=\"elementor-container elementor-column-gap-default\">\n\t\t\t\t\t<div class=\"elementor-column elementor-col-100 elementor-top-column elementor-element elementor-element-694ea29\" data-id=\"694ea29\" data-element_type=\"column\">\n\t\t\t<div class=\"elementor-widget-wrap elementor-element-populated\">\n\t\t\t\t\t\t\t\t<div class=\"elementor-element elementor-element-9617b82 elementor-widget elementor-widget-menu-anchor\" data-id=\"9617b82\" data-element_type=\"widget\" data-widget_type=\"menu-anchor.default\">\n\t\t\t\t<div class=\"elementor-widget-container\">\n\t\t\t\t\t<div id=\"plataforma\" class=\"elementor-menu-anchor\"><\/div>\n\t\t\t\t<\/div>\n\t\t\t\t<\/div>\n\t\t\t\t<div class=\"elementor-element elementor-element-c49216a elementor-widget elementor-widget-text-editor\" data-id=\"c49216a\" data-element_type=\"widget\" data-widget_type=\"text-editor.default\">\n\t\t\t\t<div class=\"elementor-widget-container\">\n\t\t\t\t\t\t\t<p><!-- wp:gutentor\/e1 {\"gID\":\"g563bd6\",\"elAlign\":{\"desktop\":\"text-align-center\",\"tablet\":\"text-align-center\",\"mobile\":\"text-align-center\"},\"elColor\":{\"enable\":true,\"normal\":\"#cf2e2e\",\"hover\":\"\"},\"elTypography\":{\"desktopFontSize\":\"70px\",\"tabletFontSize\":\"42px\",\"mobileFontSize\":\"42px\",\"desktopLineHeight\":1.8,\"tabletLineHeight\":1.4,\"mobileLineHeight\":1}} --><\/p>\n<div id=\"section-g563bd6\" class=\"wp-block-gutentor-e1 section-g563bd6 gutentor-element gutentor-element-advanced-text text-align-center-desktop text-align-center-tablet text-align-center-mobile\">\n<div class=\"gutentor-text-wrap\">\n<p class=\"gutentor-text\"><strong>ACCIONS de SEGUIMENT VIA PLATAFORMA MUSICACTIVA:<\/strong><\/p>\n<\/div>\n<\/div>\n<div id=\"section-g8e13cb\" class=\"wp-block-gutentor-e0 section-g8e13cb gutentor-element gutentor-element-advanced-text\">\n<div class=\"gutentor-text-wrap\">\u00a0<\/div>\n<\/div>\n<p><!-- \/wp:gutentor\/e0 --><\/p>\t\t\t\t\t\t<\/div>\n\t\t\t\t<\/div>\n\t\t\t\t<div class=\"elementor-element elementor-element-98b44a6 elementor-widget elementor-widget-text-editor\" data-id=\"98b44a6\" data-element_type=\"widget\" data-widget_type=\"text-editor.default\">\n\t\t\t\t<div class=\"elementor-widget-container\">\n\t\t\t\t\t\t\t<p><!-- wp:gutentor\/e1 {\"gID\":\"g563bd6\",\"elAlign\":{\"desktop\":\"text-align-center\",\"tablet\":\"text-align-center\",\"mobile\":\"text-align-center\"},\"elColor\":{\"enable\":true,\"normal\":\"#cf2e2e\",\"hover\":\"\"},\"elTypography\":{\"desktopFontSize\":\"70px\",\"tabletFontSize\":\"42px\",\"mobileFontSize\":\"42px\",\"desktopLineHeight\":1.8,\"tabletLineHeight\":1.4,\"mobileLineHeight\":1}} --><\/p>\n<p><strong>Espai de l\u2019alumne\/a a la Plataforma MusicActiva:<\/strong> cada alumne\/a disposa d\u2019un espai personal i privat a la Plataforma MusicActiva al qual pot accedir utilitzant la seva contrasenya. Les mares i pares dels infants i dels alumnes adolescents, podeu accedir tamb\u00e9 a l\u2019espai de manera que podreu saber en tot moment qu\u00e8 est\u00e0 treballant el vostre fill\/a tant a les classes com, si \u00e9s el cas, en forma de deures, les accions de seguiment que est\u00e0 realitzant i la valoraci\u00f3 que fem els directors pedag\u00f2gics de la seva evoluci\u00f3.<\/p>\n<p><strong>Continguts de l&#8217;Espai de l&#8217;Alumna\/e:<\/strong>\u00a0a l&#8217;espai de l&#8217;Alumna\/e trobareu el seg\u00fcent material i la seg\u00fcent informaci\u00f3:<\/p>\n<ul>\n<li><b>PLA de TREBALL PERSONAL: <\/b><b><\/b>previsi\u00f3 de les assignatures, les mat\u00e8ries i els nivells de mat\u00e8ria i del Programa d\u2019Estudis que ha de cursar l\u2019alumne\/a.<\/li>\n<li><strong>SEGUIMENT via PLATAFORMA:<\/strong> accions per al seguiment i l&#8217;avaluaci\u00f3 de l&#8217;evoluci\u00f3 formativa de l&#8217;alumne\/a que ha de realitzar al llarg del curs utilitzant els mitjans de la plataforma: enregistrament i enviament d&#8217;\u00e0udios i v\u00eddeos etc&#8230;<\/li>\n<li><strong>SEGUIMENT via ESCENIFICACIONS:<\/strong> concerts i escenificacions en les quals ha de participar al llarg del curs audicions de fi de nivell \/ concerts d\u2019alumnes, etc\u2026- amb la data prevista per realitzar l\u2019escenificaci\u00f3.<\/li>\n<li><strong>DEURES:<\/strong> especificaci\u00f3 de les feines que ha de fer l&#8217;alumne\/a a casa en forma de deures en cas que ja estigui fent deures -veure: funci\u00f3 formativa dels deures \/ deures a cada nivell del programa-.<\/li>\n<li><strong>MATERIAL DID\u00c0CTIC:<\/strong> materials did\u00e0ctics que necessita per realitzar totes les accions descrites:\n<ul>\n<li>DEURES &#8211; SEGUIMENT &#8211; PREPARACI\u00d3 d&#8217;AUDICIONS i CONCERTS. Els materials consisteixen en:\u00a0 GUIONS d\u2019ESTUDI, PARTITURES i TUTORIALS MUSICACTIVA en forma d\u2019\u00c0UDIO o de V\u00edDEO.<\/li>\n<\/ul>\n<\/li>\n<\/ul>\n<p><strong>Qui pot accedir a l\u2019Espai de l\u2019Alumne\/a? <\/strong>a\u00a0l\u2019espai hi pot accedir: l\u2019alumne\/a \/ mares i pares d\u2019alumnes \/ professorat assignat per impartir les classes.<\/p>\n<p><strong>Qui gestiona l\u2019espai?<\/strong> L\u2019espai est\u00e0 constru\u00eft, actualizat i gestionat pels directors pedag\u00f2gics i tutors responsables de la formaci\u00f3 de TOTES i TOTS els alumnes de MusicActiva.<\/p>\n<p>\u00a0<\/p>\n<p><strong>ACCIONS de SEGUIMENT INTERN:<\/strong><\/p>\n<p><strong>Seguiment classe per classe:<\/strong><\/p>\n<ul>\n<li>Seguiment classes d\u2019instrument: dels nivells 1 al 4 utilitzaci\u00f3 del full de seguiment del llibre d\u2019instrument.<\/li>\n<li>Seguiment classe per classe de llenguatge musical: \u201creixa\u201d del professor\/a.<\/li>\n<li>Informes trimestrals interns: cada fi de trimestre les professores i professors elaboren l\u2019informe trimestral on especifiquen els nivells treballats i els nivells resolts per l\u2019alumne\/a en cada mat\u00e8ria treballada. L\u2019informe \u00e9s intern i serveix perqu\u00e8 el professorat hagi d\u2019analitzar i avaluar els resultats formatius aconseguits, perqu\u00e8 els directors pedag\u00f2gics puguin saber la valoraci\u00f3 que fa el professorat, i perqu\u00e8 quedi const\u00e0ncia per escrit de la feina realitzada.<\/li>\n<\/ul>\n<p><strong>Alertes&#8230;!!!!!:<\/strong> sistema d&#8217;alertes entre professorat i direcci\u00f3 pedag\u00f2gica. a partir de l\u2019Alerta i sempre que sigui necessari, els directors pedag\u00f2gics es posen en contacte amb mares i pares. Sistema equivalent per alumnes adults.<\/p>\n<p>\u00a0<\/p>\n<p><!-- \/wp:list --><\/p>\n<ul><!-- \/wp:list-item --><\/ul>\n<p><!-- \/wp:list --><!-- wp:list {\"style\":{\"typography\":{\"fontSize\":\"14px\"}}} --><\/p>\n<ul><!-- wp:list-item --><!-- \/wp:list-item --><\/ul>\n<p><!-- \/wp:list --><!-- wp:list {\"style\":{\"typography\":{\"fontSize\":\"14px\"}}} --><\/p>\n<ul><!-- wp:list-item --><!-- \/wp:list-item --><\/ul>\n<p><!-- \/wp:list --><!-- wp:list {\"style\":{\"typography\":{\"fontSize\":\"14px\"}}} --><\/p>\n<ul><!-- wp:list-item --><!-- \/wp:list-item --><\/ul>\n<p><!-- \/wp:list --><!-- wp:gutentor\/e2 {\"gID\":\"g95919d\",\"pName\":\"gutentor\/e2\",\"e2Align\":{\"desktop\":\"button-align-center\",\"tablet\":\"button-align-center\",\"mobile\":\"button-align-center\"},\"e2IconTypography\":{\"fontType\":\"default\",\"desktopFontSize\":\"30px\",\"tabletFontSize\":16,\"mobileFontSize\":16,\"textTransform\":\"normal\"},\"e2Link\":\"http:\/\/musicactiva.net\/escolademusica\/esquema-general\/\",\"e2Layout\":\"outline\",\"e2BgColor\":{\"enable\":true,\"normal\":\"\",\"hover\":\"\"},\"e2TxtColor\":{\"enable\":true,\"normal\":\"#cf2e2e\",\"hover\":\"#163b10\"},\"e2Border\":{\"styleN\":\"outset\",\"styleH\":\"solid\",\"topN\":\"2\",\"topH\":\"2\",\"rightN\":\"2\",\"rightH\":\"2\",\"bottomN\":\"2\",\"bottomH\":\"2\",\"leftN\":\"2\",\"leftH\":\"2\",\"colorN\":\"#cf2e2e\",\"colorH\":\"#154533\",\"rTypeN\":\"px\",\"rTypeH\":\"px\",\"rTopN\":\"3\",\"rTopH\":\"3\",\"rRightN\":\"4\",\"rRightH\":\"3\",\"rBottomN\":\"4\",\"rBottomH\":\"3\",\"rLeftN\":\"3\",\"rLeftH\":\"3\"},\"e2BoxShadow\":{},\"eAnimation\":{},\"align\":\"wide\"} --><!-- \/wp:gutentor\/e0 --><\/p>\t\t\t\t\t\t<\/div>\n\t\t\t\t<\/div>\n\t\t\t\t\t<\/div>\n\t\t<\/div>\n\t\t\t\t\t\t\t<\/div>\n\t\t<\/section>\n\t\t\t\t<section class=\"elementor-section elementor-top-section elementor-element elementor-element-f3ba238 elementor-section-boxed elementor-section-height-default elementor-section-height-default\" data-id=\"f3ba238\" data-element_type=\"section\">\n\t\t\t\t\t\t<div class=\"elementor-container elementor-column-gap-default\">\n\t\t\t\t\t<div class=\"elementor-column elementor-col-100 elementor-top-column elementor-element elementor-element-2096f75\" data-id=\"2096f75\" data-element_type=\"column\">\n\t\t\t<div class=\"elementor-widget-wrap elementor-element-populated\">\n\t\t\t\t\t\t\t\t<section class=\"elementor-section elementor-inner-section elementor-element elementor-element-8cfc6eb elementor-section-boxed elementor-section-height-default elementor-section-height-default\" data-id=\"8cfc6eb\" data-element_type=\"section\">\n\t\t\t\t\t\t<div class=\"elementor-container elementor-column-gap-default\">\n\t\t\t\t\t<div class=\"elementor-column elementor-col-100 elementor-inner-column elementor-element elementor-element-036f053\" data-id=\"036f053\" data-element_type=\"column\" data-settings=\"{&quot;background_background&quot;:&quot;classic&quot;}\">\n\t\t\t<div class=\"elementor-widget-wrap elementor-element-populated\">\n\t\t\t\t\t\t\t\t<div class=\"elementor-element elementor-element-c9863df elementor-widget elementor-widget-text-editor\" data-id=\"c9863df\" data-element_type=\"widget\" data-widget_type=\"text-editor.default\">\n\t\t\t\t<div class=\"elementor-widget-container\">\n\t\t\t\t\t\t\t<p style=\"text-align: center;\"><a href=\"#concerts\"><strong>CONCERTS i ESCENIFICACIONS<\/strong><\/a><\/p>\t\t\t\t\t\t<\/div>\n\t\t\t\t<\/div>\n\t\t\t\t<div class=\"elementor-element elementor-element-6bbb9b4 elementor-widget elementor-widget-text-editor\" data-id=\"6bbb9b4\" data-element_type=\"widget\" data-widget_type=\"text-editor.default\">\n\t\t\t\t<div class=\"elementor-widget-container\">\n\t\t\t\t\t\t\t<p style=\"text-align: center;\"><em>1 cop a l&#8217;any pugem a l&#8217;escenari per presentar en concert els nostres repertoris d&#8217;instrument d&#8217;interpretaci\u00f3 i tamb\u00e9 d&#8217;improvisaci\u00f3.<\/em><\/p>\t\t\t\t\t\t<\/div>\n\t\t\t\t<\/div>\n\t\t\t\t<div class=\"elementor-element elementor-element-6bae579 elementor-widget elementor-widget-text-editor\" data-id=\"6bae579\" data-element_type=\"widget\" data-widget_type=\"text-editor.default\">\n\t\t\t\t<div class=\"elementor-widget-container\">\n\t\t\t\t\t\t\t<p style=\"text-align: right;\"><a href=\"#concerts\"><em>Llegeix m\u00e9s&#8230;<\/em><\/a><\/p>\t\t\t\t\t\t<\/div>\n\t\t\t\t<\/div>\n\t\t\t\t\t<\/div>\n\t\t<\/div>\n\t\t\t\t\t\t\t<\/div>\n\t\t<\/section>\n\t\t\t\t\t<\/div>\n\t\t<\/div>\n\t\t\t\t\t\t\t<\/div>\n\t\t<\/section>\n\t\t\t\t<section class=\"elementor-section elementor-top-section elementor-element elementor-element-1176c82 elementor-section-boxed elementor-section-height-default elementor-section-height-default\" data-id=\"1176c82\" data-element_type=\"section\">\n\t\t\t\t\t\t<div class=\"elementor-container elementor-column-gap-default\">\n\t\t\t\t\t<div class=\"elementor-column elementor-col-100 elementor-top-column elementor-element elementor-element-87c324b\" data-id=\"87c324b\" data-element_type=\"column\">\n\t\t\t<div class=\"elementor-widget-wrap elementor-element-populated\">\n\t\t\t\t\t\t\t\t<div class=\"elementor-element elementor-element-8162e26 elementor-widget elementor-widget-menu-anchor\" data-id=\"8162e26\" data-element_type=\"widget\" data-widget_type=\"menu-anchor.default\">\n\t\t\t\t<div class=\"elementor-widget-container\">\n\t\t\t\t\t<div id=\"concerts\" class=\"elementor-menu-anchor\"><\/div>\n\t\t\t\t<\/div>\n\t\t\t\t<\/div>\n\t\t\t\t<div class=\"elementor-element elementor-element-6be801f elementor-widget elementor-widget-text-editor\" data-id=\"6be801f\" data-element_type=\"widget\" data-widget_type=\"text-editor.default\">\n\t\t\t\t<div class=\"elementor-widget-container\">\n\t\t\t\t\t\t\t<p><!-- wp:gutentor\/e1 {\"gID\":\"g563bd6\",\"elAlign\":{\"desktop\":\"text-align-center\",\"tablet\":\"text-align-center\",\"mobile\":\"text-align-center\"},\"elColor\":{\"enable\":true,\"normal\":\"#cf2e2e\",\"hover\":\"\"},\"elTypography\":{\"desktopFontSize\":\"70px\",\"tabletFontSize\":\"42px\",\"mobileFontSize\":\"42px\",\"desktopLineHeight\":1.8,\"tabletLineHeight\":1.4,\"mobileLineHeight\":1}} --><\/p>\n<div id=\"section-g563bd6\" class=\"wp-block-gutentor-e1 section-g563bd6 gutentor-element gutentor-element-advanced-text text-align-center-desktop text-align-center-tablet text-align-center-mobile\">\n<div class=\"gutentor-text-wrap\">\n<p class=\"gutentor-text\"><strong>SEGUIMENT via CONCERTS i ESCENIFICACIONS<\/strong><\/p>\n<\/div>\n<\/div>\n<div id=\"section-g8e13cb\" class=\"wp-block-gutentor-e0 section-g8e13cb gutentor-element gutentor-element-advanced-text\">\n<div class=\"gutentor-text-wrap\">\u00a0<\/div>\n<\/div>\n<p><!-- \/wp:gutentor\/e0 --><\/p>\t\t\t\t\t\t<\/div>\n\t\t\t\t<\/div>\n\t\t\t\t<div class=\"elementor-element elementor-element-5f154f6 elementor-widget elementor-widget-text-editor\" data-id=\"5f154f6\" data-element_type=\"widget\" data-widget_type=\"text-editor.default\">\n\t\t\t\t<div class=\"elementor-widget-container\">\n\t\t\t\t\t\t\t<p><strong>SEGUIMENT via CONCERTS i ESCENIFICACIONS<\/strong> -seguiment en forma d\u2019escenificacions: audicions, concerts i \u201ctrobades\u201d de conte musical. Les escenificacions compleixen les seg\u00fcents funcions formatives:<\/p>\n<ul>\n<li style=\"list-style-type: none;\">\n<ul>\n<li>Experi\u00e8ncia esc\u00e8nica: cultiu de l&#8217;experi\u00e8ncia esc\u00e8nica de l&#8217;alumne\/a amb tot el contingut formatiu que comporta<\/li>\n<li>Participaci\u00f3 de mares i pares en el proc\u00e9s formatiu<\/li>\n<li>Seguiment de l\u2019evoluci\u00f3 formativa de l&#8217;alumne\/a: comprovaci\u00f3 en escena de la valoraci\u00f3 que hem fet a trav\u00e9s de les accions de seguiment intern i del seguiment via plataforma.<\/li>\n<li>Quines escenificacions fem?\u00a0<!-- wp:list -->\n<ul>\n<li style=\"list-style-type: none;\">\n<ul><!-- wp:list-item --><\/ul>\n<\/li>\n<\/ul>\n<ul>\n<li style=\"list-style-type: none;\">\n<ul>\n<li>TROBADES MUSICACTIVA de CONTE MUSICAL -P3-P4-P5-.<\/li>\n<\/ul>\n<\/li>\n<\/ul>\n<p><!-- \/wp:list-item --><!-- wp:list-item --><\/p>\n<ul>\n<li style=\"list-style-type: none;\">\n<ul>\n<li>TROBADES MUSICACTIVA de LLENGUATGE MUSICAL nivell 1 i 2.<\/li>\n<\/ul>\n<\/li>\n<\/ul>\n<p><!-- \/wp:list-item --><!-- wp:list-item --><\/p>\n<ul>\n<li style=\"list-style-type: none;\">\n<ul>\n<li>AUDICIONS FI DE CURS d\u2019INSTRUMENT: nivells 1-2-3-4 d\u2019instrument.<\/li>\n<\/ul>\n<\/li>\n<\/ul>\n<p><!-- \/wp:list-item --><!-- wp:list-item --><\/p>\n<ul>\n<li style=\"list-style-type: none;\">\n<ul>\n<li>CONCERTS D\u2019ALUMNES: a partir del nivell 5 d\u2019instrument.<\/li>\n<\/ul>\n<\/li>\n<\/ul>\n<p><!-- \/wp:list-item --><!-- wp:list-item --><\/p>\n<ul>\n<li style=\"list-style-type: none;\">\n<ul>\n<li>PROJECTES TALLER DE COMPOSICI\u00d3: presentaci\u00f3 de composici\u00f3.<\/li>\n<\/ul>\n<\/li>\n<\/ul>\n<p><!-- \/wp:list-item --><\/p>\n<p><!-- \/wp:list --><\/p>\n<\/li>\n<\/ul>\n<\/li>\n<\/ul>\n<p><!-- \/wp:list-item --><\/p>\n<p>\u00a0<\/p>\n<p><strong>ATENCI\u00d3 INDIVIDUALITZADA: <\/strong>atenci\u00f3 personal i individualitzada per l&#8217;alumnat que ho necessita. Sempre que cal us proposarem realitzar sessions individuals per fer el suport necessari al vostre fill\/a. Les sessions estan realitzades personalment per les directores pedag\u00f2giques.<\/p>\t\t\t\t\t\t<\/div>\n\t\t\t\t<\/div>\n\t\t\t\t\t<\/div>\n\t\t<\/div>\n\t\t\t\t\t\t\t<\/div>\n\t\t<\/section>\n\t\t\t\t<section class=\"elementor-section elementor-top-section elementor-element elementor-element-156913f elementor-section-boxed elementor-section-height-default elementor-section-height-default\" data-id=\"156913f\" data-element_type=\"section\">\n\t\t\t\t\t\t<div class=\"elementor-container elementor-column-gap-default\">\n\t\t\t\t\t<div class=\"elementor-column elementor-col-100 elementor-top-column elementor-element elementor-element-a4e1cc8\" data-id=\"a4e1cc8\" data-element_type=\"column\">\n\t\t\t<div class=\"elementor-widget-wrap elementor-element-populated\">\n\t\t\t\t\t\t\t\t<div class=\"elementor-element elementor-element-2766f32 elementor-widget elementor-widget-text-editor\" data-id=\"2766f32\" data-element_type=\"widget\" data-widget_type=\"text-editor.default\">\n\t\t\t\t<div class=\"elementor-widget-container\">\n\t\t\t\t\t\t\t<p style=\"text-align: center;\"><em><span style=\"color: #993300;\"><b>INFORMA&#8217;T&#8230;.!!!!!<\/b><\/span><\/em><\/p>\t\t\t\t\t\t<\/div>\n\t\t\t\t<\/div>\n\t\t\t\t<div class=\"elementor-element elementor-element-4d5a4f9 elementor-widget elementor-widget-text-editor\" data-id=\"4d5a4f9\" data-element_type=\"widget\" data-widget_type=\"text-editor.default\">\n\t\t\t\t<div class=\"elementor-widget-container\">\n\t\t\t\t\t\t\t<p style=\"text-align: center;\"><span style=\"color: #993300;\"><b>REUNIONS INFORMATIVES<\/b><\/span><\/p>\t\t\t\t\t\t<\/div>\n\t\t\t\t<\/div>\n\t\t\t\t<div class=\"elementor-element elementor-element-41bfea5 elementor-widget elementor-widget-text-editor\" data-id=\"41bfea5\" data-element_type=\"widget\" data-widget_type=\"text-editor.default\">\n\t\t\t\t<div class=\"elementor-widget-container\">\n\t\t\t\t\t\t\t<p style=\"text-align: center;\"><span style=\"color: #993300;\"><b>Assisteix a les reunions informatives on descobrir\u00e0s el funcionament de la metodologia mitjan\u00e7ant la realitzaci\u00f3 pr\u00e0ctica d&#8217;exercicis. <\/b><\/span><\/p>\n<p style=\"text-align: center;\"><a href=\"https:\/\/links.bitlyesp.com\/widget\/booking\/fl1wZrGWtbzS3xXpJEbd\"><span style=\"color: #993300;\"><b>SOL\u00b7LICITA ASSIST\u00c8NCIA A LES REUNIONS OMPLINT EL <span style=\"text-decoration: underline;\">FORMULARI<\/span><\/b><\/span><\/a><\/p>\t\t\t\t\t\t<\/div>\n\t\t\t\t<\/div>\n\t\t\t\t\t<\/div>\n\t\t<\/div>\n\t\t\t\t\t\t\t<\/div>\n\t\t<\/section>\n\t\t\t\t\t\t\t<\/div>\n\t\t","protected":false},"excerpt":{"rendered":"<p>SEGUIMENT de l&#8217;EVOLUCI\u00d3 FORMATIVA de l&#8217;ALUMNAT i PLA de TREBALL PERSONALITZAT TUTORIA A C\u00c0RREC\u00a0de DIRECCI\u00d3 PEDAG\u00d2GICA Les directores es fan responsables de la formaci\u00f3 de totes i tots els alumnes de MusicActiva. L&#8217; atenci\u00f3 \u00e9s totalment personalitzada i preveu sessions individuals en cas que sigui necessari i realitzades personalment per les directores pedag\u00f2giques. \u00a0 Llegeix&hellip;<\/p>\n","protected":false},"author":1,"featured_media":0,"parent":0,"menu_order":0,"comment_status":"closed","ping_status":"closed","template":"","meta":{"footnotes":""},"class_list":["post-2166","page","type-page","status-publish","hentry"],"_links":{"self":[{"href":"http:\/\/musicactiva.net\/escolademusica\/wp-json\/wp\/v2\/pages\/2166","targetHints":{"allow":["GET"]}}],"collection":[{"href":"http:\/\/musicactiva.net\/escolademusica\/wp-json\/wp\/v2\/pages"}],"about":[{"href":"http:\/\/musicactiva.net\/escolademusica\/wp-json\/wp\/v2\/types\/page"}],"author":[{"embeddable":true,"href":"http:\/\/musicactiva.net\/escolademusica\/wp-json\/wp\/v2\/users\/1"}],"replies":[{"embeddable":true,"href":"http:\/\/musicactiva.net\/escolademusica\/wp-json\/wp\/v2\/comments?post=2166"}],"version-history":[{"count":119,"href":"http:\/\/musicactiva.net\/escolademusica\/wp-json\/wp\/v2\/pages\/2166\/revisions"}],"predecessor-version":[{"id":5145,"href":"http:\/\/musicactiva.net\/escolademusica\/wp-json\/wp\/v2\/pages\/2166\/revisions\/5145"}],"wp:attachment":[{"href":"http:\/\/musicactiva.net\/escolademusica\/wp-json\/wp\/v2\/media?parent=2166"}],"curies":[{"name":"wp","href":"https:\/\/api.w.org\/{rel}","templated":true}]}}