{"id":373,"date":"2022-05-20T17:30:43","date_gmt":"2022-05-20T17:30:43","guid":{"rendered":"http:\/\/musicactiva.net\/escolademusica\/?page_id=373"},"modified":"2025-06-12T10:00:54","modified_gmt":"2025-06-12T10:00:54","slug":"metodologia","status":"publish","type":"page","link":"http:\/\/musicactiva.net\/escolademusica\/metodologia\/","title":{"rendered":"METODOLOGIA"},"content":{"rendered":"\t\t<div data-elementor-type=\"wp-page\" data-elementor-id=\"373\" class=\"elementor elementor-373\">\n\t\t\t\t\t\t\t\t\t<section class=\"elementor-section elementor-top-section elementor-element elementor-element-a4e9aea elementor-section-boxed elementor-section-height-default elementor-section-height-default\" data-id=\"a4e9aea\" data-element_type=\"section\">\n\t\t\t\t\t\t<div class=\"elementor-container elementor-column-gap-default\">\n\t\t\t\t\t<div class=\"elementor-column elementor-col-100 elementor-top-column elementor-element elementor-element-0aa4884\" data-id=\"0aa4884\" data-element_type=\"column\">\n\t\t\t<div class=\"elementor-widget-wrap elementor-element-populated\">\n\t\t\t\t\t\t\t\t<div class=\"elementor-element elementor-element-26be371 elementor-widget elementor-widget-text-editor\" data-id=\"26be371\" data-element_type=\"widget\" data-widget_type=\"text-editor.default\">\n\t\t\t\t<div class=\"elementor-widget-container\">\n\t\t\t<style>\/*! elementor - v3.7.8 - 02-10-2022 *\/\n.elementor-widget-text-editor.elementor-drop-cap-view-stacked .elementor-drop-cap{background-color:#818a91;color:#fff}.elementor-widget-text-editor.elementor-drop-cap-view-framed .elementor-drop-cap{color:#818a91;border:3px solid;background-color:transparent}.elementor-widget-text-editor:not(.elementor-drop-cap-view-default) .elementor-drop-cap{margin-top:8px}.elementor-widget-text-editor:not(.elementor-drop-cap-view-default) .elementor-drop-cap-letter{width:1em;height:1em}.elementor-widget-text-editor .elementor-drop-cap{float:left;text-align:center;line-height:1;font-size:50px}.elementor-widget-text-editor .elementor-drop-cap-letter{display:inline-block}<\/style>\t\t\t\t<p><strong>METODOLOGIA<\/strong><\/p>\t\t\t\t\t\t<\/div>\n\t\t\t\t<\/div>\n\t\t\t\t<div class=\"elementor-element elementor-element-f485387 elementor-invisible elementor-widget elementor-widget-text-editor\" data-id=\"f485387\" data-element_type=\"widget\" data-settings=\"{&quot;_animation&quot;:&quot;zoomIn&quot;}\" data-widget_type=\"text-editor.default\">\n\t\t\t\t<div class=\"elementor-widget-container\">\n\t\t\t\t\t\t\t<p><strong><em>M\u00e8tode Creatiu per l&#8217;Aprenentatge Musical<\/em><\/strong><\/p>\t\t\t\t\t\t<\/div>\n\t\t\t\t<\/div>\n\t\t\t\t<div class=\"elementor-element elementor-element-2b944ce elementor-invisible elementor-widget elementor-widget-text-editor\" data-id=\"2b944ce\" data-element_type=\"widget\" data-settings=\"{&quot;_animation&quot;:&quot;zoomIn&quot;}\" data-widget_type=\"text-editor.default\">\n\t\t\t\t<div class=\"elementor-widget-container\">\n\t\t\t\t\t\t\t<p><em>Apr\u00e8n a fer m\u00fasica en TOTS els estils \u00abcl\u00e0ssics\u00bb i \u00abmoderns\u00bb\u00a0<\/em><\/p><p><em>construint la teva pr\u00f2pia m\u00fasica des del primer moment de l&#8217;aprenentatge<\/em><\/p>\t\t\t\t\t\t<\/div>\n\t\t\t\t<\/div>\n\t\t\t\t<div class=\"elementor-element elementor-element-0e37299 animated-slow elementor-widget elementor-widget-text-editor\" data-id=\"0e37299\" data-element_type=\"widget\" data-settings=\"{&quot;_animation&quot;:&quot;none&quot;,&quot;_animation_delay&quot;:20}\" data-widget_type=\"text-editor.default\">\n\t\t\t\t<div class=\"elementor-widget-container\">\n\t\t\t\t\t\t\t<p><strong><em>Aprendre<\/em><em> a fer m\u00fasica improvisant, composant i interpretant m\u00fasica creada per l&#8217;alumnat des del primer moment de l&#8217;aprenentatge.<\/em><\/strong><\/p>\n<p><strong><em>Formaci\u00f3 en m\u00fasica \u00abcl\u00e0ssica\u00bb i m\u00fasica \u00abmoderna\u00bb totalment integrada en un mateix proc\u00e9s formatiu.<\/em><\/strong><\/p>\n<p><strong><em>Formaci\u00f3 amb garanties de \u00abCONTINGUT ART\u00cdSTIC\u00bb.<\/em><\/strong><\/p>\n<p><strong><em>Proc\u00e9s de \u00abCAPACITACI\u00d3 CREATIVA\u00bb integrat a la realitzaci\u00f3 dels exercicis.<\/em><\/strong><\/p>\n<p><strong><em>Formaci\u00f3 garantida per a TOTES i TOTS els alumnes.<\/em><\/strong><\/p>\n<p><strong><em>Aprendre a fer m\u00fasica CONSTRUINT M\u00daSICA amb els procediments<\/em><\/strong><\/p>\n<p><strong><em>ACTIUS-CONSTRUCTIUS i CREATIUS<\/em><\/strong><\/p>\n<p><strong><em>del \u00abM\u00e8tode Creatiu per l&#8217;Aprenentatge Musical\u00bb.<\/em><\/strong><\/p>\n<p><strong><em>Una manera <\/em><em>d&#8217;aprendre a fer m\u00fasica&nbsp;<\/em><em>totalment diferent a la dels procediments \u00abinterpretatius\u00bb&nbsp;<\/em><em>amb els quals es segueix impartint la formaci\u00f3 musical&nbsp;<\/em><em>a conservatoris i escoles de&nbsp;<\/em><em>m\u00fasica \u00abcl\u00e0ssica\u00bb i de m\u00fasica \u00abmoderna\u00bb.<\/em><\/strong><\/p>\t\t\t\t\t\t<\/div>\n\t\t\t\t<\/div>\n\t\t\t\t\t<\/div>\n\t\t<\/div>\n\t\t\t\t\t\t\t<\/div>\n\t\t<\/section>\n\t\t\t\t<section class=\"elementor-section elementor-top-section elementor-element elementor-element-d554caa elementor-section-boxed elementor-section-height-default elementor-section-height-default\" data-id=\"d554caa\" data-element_type=\"section\">\n\t\t\t\t\t\t<div class=\"elementor-container elementor-column-gap-default\">\n\t\t\t\t\t<div class=\"elementor-column elementor-col-100 elementor-top-column elementor-element elementor-element-d87e930\" data-id=\"d87e930\" data-element_type=\"column\">\n\t\t\t<div class=\"elementor-widget-wrap elementor-element-populated\">\n\t\t\t\t\t\t\t\t<div class=\"elementor-element elementor-element-6f19ca8 elementor-widget elementor-widget-text-editor\" data-id=\"6f19ca8\" data-element_type=\"widget\" data-widget_type=\"text-editor.default\">\n\t\t\t\t<div class=\"elementor-widget-container\">\n\t\t\t\t\t\t\t<p style=\"text-align: left;\"><em style=\"text-align: left;\"><b>&#8230;.si t&#8217;interessa, <\/b><\/em><em style=\"text-align: left;\"><b>l<\/b><\/em><em style=\"text-align: left;\"><b>legeix m\u00e9s:<\/b><\/em><\/p>\t\t\t\t\t\t<\/div>\n\t\t\t\t<\/div>\n\t\t\t\t\t<\/div>\n\t\t<\/div>\n\t\t\t\t\t\t\t<\/div>\n\t\t<\/section>\n\t\t\t\t<section class=\"elementor-section elementor-top-section elementor-element elementor-element-e9e7d39 elementor-section-boxed elementor-section-height-default elementor-section-height-default\" data-id=\"e9e7d39\" data-element_type=\"section\">\n\t\t\t\t\t\t<div class=\"elementor-container elementor-column-gap-default\">\n\t\t\t\t\t<div class=\"elementor-column elementor-col-100 elementor-top-column elementor-element elementor-element-fff333e\" data-id=\"fff333e\" data-element_type=\"column\">\n\t\t\t<div class=\"elementor-widget-wrap elementor-element-populated\">\n\t\t\t\t\t\t\t\t<section class=\"elementor-section elementor-inner-section elementor-element elementor-element-0c0e018 elementor-section-boxed elementor-section-height-default elementor-section-height-default\" data-id=\"0c0e018\" data-element_type=\"section\">\n\t\t\t\t\t\t<div class=\"elementor-container elementor-column-gap-default\">\n\t\t\t\t\t<div class=\"elementor-column elementor-col-100 elementor-inner-column elementor-element elementor-element-a1b0a33\" data-id=\"a1b0a33\" data-element_type=\"column\">\n\t\t\t<div class=\"elementor-widget-wrap elementor-element-populated\">\n\t\t\t\t\t\t\t\t<section class=\"elementor-section elementor-inner-section elementor-element elementor-element-422da3d elementor-section-boxed elementor-section-height-default elementor-section-height-default\" data-id=\"422da3d\" data-element_type=\"section\">\n\t\t\t\t\t\t<div class=\"elementor-container elementor-column-gap-default\">\n\t\t\t\t\t<div class=\"elementor-column elementor-col-33 elementor-inner-column elementor-element elementor-element-1c872e2\" data-id=\"1c872e2\" data-element_type=\"column\" data-settings=\"{&quot;background_background&quot;:&quot;classic&quot;}\">\n\t\t\t<div class=\"elementor-widget-wrap elementor-element-populated\">\n\t\t\t\t\t\t\t\t<div class=\"elementor-element elementor-element-78012f5 elementor-widget elementor-widget-text-editor\" data-id=\"78012f5\" data-element_type=\"widget\" data-widget_type=\"text-editor.default\">\n\t\t\t\t<div class=\"elementor-widget-container\">\n\t\t\t\t\t\t\t<p style=\"text-align: center;\"><a href=\"#que\"><b>Qu\u00e8 \u00e9s el M\u00e8tode-Creatiu?<\/b><\/a><\/p>\t\t\t\t\t\t<\/div>\n\t\t\t\t<\/div>\n\t\t\t\t\t<\/div>\n\t\t<\/div>\n\t\t\t\t<div class=\"elementor-column elementor-col-33 elementor-inner-column elementor-element elementor-element-3654923\" data-id=\"3654923\" data-element_type=\"column\" data-settings=\"{&quot;background_background&quot;:&quot;classic&quot;}\">\n\t\t\t<div class=\"elementor-widget-wrap elementor-element-populated\">\n\t\t\t\t\t\t\t\t<div class=\"elementor-element elementor-element-43a8183 elementor-widget elementor-widget-text-editor\" data-id=\"43a8183\" data-element_type=\"widget\" data-widget_type=\"text-editor.default\">\n\t\t\t\t<div class=\"elementor-widget-container\">\n\t\t\t\t\t\t\t<p style=\"text-align: center;\"><a href=\"#com\"><span style=\"color: #ba4128;\"><strong>Com aprenem m\u00fasica amb el M\u00e8tode Creatiu?<\/strong><\/span><\/a><\/p>\t\t\t\t\t\t<\/div>\n\t\t\t\t<\/div>\n\t\t\t\t\t<\/div>\n\t\t<\/div>\n\t\t\t\t<div class=\"elementor-column elementor-col-33 elementor-inner-column elementor-element elementor-element-a9c09a9\" data-id=\"a9c09a9\" data-element_type=\"column\" data-settings=\"{&quot;background_background&quot;:&quot;classic&quot;}\">\n\t\t\t<div class=\"elementor-widget-wrap elementor-element-populated\">\n\t\t\t\t\t\t\t\t<div class=\"elementor-element elementor-element-fb8f062 elementor-widget elementor-widget-text-editor\" data-id=\"fb8f062\" data-element_type=\"widget\" data-widget_type=\"text-editor.default\">\n\t\t\t\t<div class=\"elementor-widget-container\">\n\t\t\t\t\t\t\t<p style=\"text-align: center;\"><a href=\"#formacio\"><span style=\"color: #ba4128;\"><strong>Formaci\u00f3 musical i capacitaci\u00f3 creativa<\/strong><\/span><\/a><\/p>\t\t\t\t\t\t<\/div>\n\t\t\t\t<\/div>\n\t\t\t\t\t<\/div>\n\t\t<\/div>\n\t\t\t\t\t\t\t<\/div>\n\t\t<\/section>\n\t\t\t\t<section class=\"elementor-section elementor-inner-section elementor-element elementor-element-6fda910 elementor-section-boxed elementor-section-height-default elementor-section-height-default\" data-id=\"6fda910\" data-element_type=\"section\">\n\t\t\t\t\t\t<div class=\"elementor-container elementor-column-gap-default\">\n\t\t\t\t\t<div class=\"elementor-column elementor-col-100 elementor-inner-column elementor-element elementor-element-068be34\" data-id=\"068be34\" data-element_type=\"column\" data-settings=\"{&quot;background_background&quot;:&quot;classic&quot;}\">\n\t\t\t<div class=\"elementor-widget-wrap elementor-element-populated\">\n\t\t\t\t\t\t\t\t<div class=\"elementor-element elementor-element-5cdf9a7 elementor-widget elementor-widget-text-editor\" data-id=\"5cdf9a7\" data-element_type=\"widget\" data-widget_type=\"text-editor.default\">\n\t\t\t\t<div class=\"elementor-widget-container\">\n\t\t\t\t\t\t\t<p style=\"text-align: center;\"><a href=\"#comparacio\"><span style=\"color: #ba4128;\"><b>Comparaci\u00f3 amb els procediments \u00abinterpretatius\u00bb tradicionals i aportacions formatives i did\u00e0ctiques de la metodologia<\/b><\/span><\/a><\/p>\t\t\t\t\t\t<\/div>\n\t\t\t\t<\/div>\n\t\t\t\t\t<\/div>\n\t\t<\/div>\n\t\t\t\t\t\t\t<\/div>\n\t\t<\/section>\n\t\t\t\t\t<\/div>\n\t\t<\/div>\n\t\t\t\t\t\t\t<\/div>\n\t\t<\/section>\n\t\t\t\t\t<\/div>\n\t\t<\/div>\n\t\t\t\t\t\t\t<\/div>\n\t\t<\/section>\n\t\t\t\t<section class=\"elementor-section elementor-top-section elementor-element elementor-element-da3c052 elementor-section-boxed elementor-section-height-default elementor-section-height-default\" data-id=\"da3c052\" data-element_type=\"section\">\n\t\t\t\t\t\t<div class=\"elementor-container elementor-column-gap-default\">\n\t\t\t\t\t<div class=\"elementor-column elementor-col-100 elementor-top-column elementor-element elementor-element-069973a\" data-id=\"069973a\" data-element_type=\"column\">\n\t\t\t<div class=\"elementor-widget-wrap elementor-element-populated\">\n\t\t\t\t\t\t\t\t<div class=\"elementor-element elementor-element-8a35764 elementor-widget elementor-widget-text-editor\" data-id=\"8a35764\" data-element_type=\"widget\" data-widget_type=\"text-editor.default\">\n\t\t\t\t<div class=\"elementor-widget-container\">\n\t\t\t\t\t\t\t\t\t\t\t\t\t<\/div>\n\t\t\t\t<\/div>\n\t\t\t\t<div class=\"elementor-element elementor-element-e4b13fe elementor-widget elementor-widget-menu-anchor\" data-id=\"e4b13fe\" data-element_type=\"widget\" data-widget_type=\"menu-anchor.default\">\n\t\t\t\t<div class=\"elementor-widget-container\">\n\t\t\t<style>\/*! elementor - v3.7.8 - 02-10-2022 *\/\nbody.elementor-page .elementor-widget-menu-anchor{margin-bottom:0}<\/style>\t\t<div id=\"que\" class=\"elementor-menu-anchor\"><\/div>\n\t\t\t\t<\/div>\n\t\t\t\t<\/div>\n\t\t\t\t<div class=\"elementor-element elementor-element-2114d13 elementor-widget elementor-widget-text-editor\" data-id=\"2114d13\" data-element_type=\"widget\" data-widget_type=\"text-editor.default\">\n\t\t\t\t<div class=\"elementor-widget-container\">\n\t\t\t\t\t\t\t<p><span style=\"color: #ba4128;\"><b>Qu\u00e8 \u00e9s el M\u00e8tode Creatiu?<\/b><\/span><\/p>\t\t\t\t\t\t<\/div>\n\t\t\t\t<\/div>\n\t\t\t\t<div class=\"elementor-element elementor-element-e072d7d elementor-widget elementor-widget-text-editor\" data-id=\"e072d7d\" data-element_type=\"widget\" data-widget_type=\"text-editor.default\">\n\t\t\t\t<div class=\"elementor-widget-container\">\n\t\t\t\t\t\t\t<p>A MusicActiva portem m\u00e9s de 25 anys utilitzant la pr\u00e0ctica di\u00e0ria de les classes amb molt\u00edssims alumnes de diferents edats i de diferents caracter\u00edstiques personals, per treballar en el desenvolupament d&#8217;una metodologia <b>-M\u00e8tode Creatiu per a l&#8217;Aprenentatge Musical-,\u00a0<\/b>i la construcci\u00f3 d&#8217;un programa d&#8217;estudis <b>-Programa d&#8217;Estudis MusicActiva-M\u00e8tode Creatiu-, <\/b>fonamentat en un principi did\u00e0ctic actualment encara in\u00e8dit i clarament diferenciat del que es segueix utilitzant als conservatoris i escoles de m\u00fasica cl\u00e0ssica i de m\u00fasica moderna:<\/p><p style=\"text-align: center;\"><b><i>\u00abAprendre a fer m\u00fasica construint m\u00fasica creada pel propi alumnat<\/i><\/b><\/p><p style=\"text-align: center;\"><b><i>des del primer moment de l&#8217;aprenentatge\u00bb<\/i><\/b><\/p><p><span style=\"font-weight: 400;\">El resultat ha estat una manera totalment diferent i innovadora d&#8217;aprendre a fer m\u00fasica, en la qual tots els exercicis adopten forma de \u00abprocesos constructius\u00bb, i que gr\u00e0cies als procediments ACTIUS, CONSTRUCTIUS i CREATIUS de la metodologia, permet superar les mancances formatives i les contradiccions did\u00e0ctiques dels procediments \u00abinterpretatius\u00bb amb qu\u00e8 es segueix impartint la formaci\u00f3 musical a conservatoris i escoles de m\u00fasica cl\u00e0ssica i de m\u00fasica moderna i tamb\u00e9 a trav\u00e9s dels m\u00e8todes d&#8217;iniciaci\u00f3 musical infantil m\u00e9s divulgats -R\u00edtmica Dalcroze, M\u00e8tode Orff, M\u00e8tode Suzuky-, i ens permet garantir que TOTS els infants, joves i adults podran aprendre a fer m\u00fasica amb contingut art\u00edstic independentment del seu TALENT musical inicial i aparent i gr\u00e0cies a qu\u00e8 els procediments de la metodologia resolen les principals q\u00fcestions en relaci\u00f3 al funcionament del Sistema Musical Tradicional\u00a0 i permeten tamb\u00e9 treballar en el proc\u00e9s de <\/span><b>\u00abcapacitaci\u00f3 creativa\u00bb<\/b><span style=\"font-weight: 400;\"> de l&#8217;alumnat de manera totalment integrada en la realitzaci\u00f3 dels propis exercicis amb que aprenem a fer m\u00fasica amb contingut art\u00edstic.<\/span><\/p>\t\t\t\t\t\t<\/div>\n\t\t\t\t<\/div>\n\t\t\t\t<div class=\"elementor-element elementor-element-1fc5e7d elementor-widget elementor-widget-menu-anchor\" data-id=\"1fc5e7d\" data-element_type=\"widget\" data-widget_type=\"menu-anchor.default\">\n\t\t\t\t<div class=\"elementor-widget-container\">\n\t\t\t\t\t<div id=\"com\" class=\"elementor-menu-anchor\"><\/div>\n\t\t\t\t<\/div>\n\t\t\t\t<\/div>\n\t\t\t\t<div class=\"elementor-element elementor-element-410d537 elementor-widget elementor-widget-text-editor\" data-id=\"410d537\" data-element_type=\"widget\" data-widget_type=\"text-editor.default\">\n\t\t\t\t<div class=\"elementor-widget-container\">\n\t\t\t\t\t\t\t<p><span style=\"color: #ba4128;\"><strong>Com aprenem m\u00fasica amb el M\u00e8tode Creatiu?<\/strong><\/span><\/p>\t\t\t\t\t\t<\/div>\n\t\t\t\t<\/div>\n\t\t\t\t<div class=\"elementor-element elementor-element-5b3073b elementor-widget elementor-widget-text-editor\" data-id=\"5b3073b\" data-element_type=\"widget\" data-widget_type=\"text-editor.default\">\n\t\t\t\t<div class=\"elementor-widget-container\">\n\t\t\t\t\t\t\t<p>El M\u00e8tode Creatiu ens proposa aprendre a fer m\u00fasica construint m\u00fasica creada pel propi alumnat mitjan\u00e7ant el exercicis <b>d&#8217;improvisaci\u00f3 <\/b>amb que aprenem a construir&nbsp; m\u00fasica a \u201cnivell oral\u201d sense necessitat d&#8217;haver de llegir ni escriure, -el proc\u00e9s \u00e9s equivalent al que en el llenguatge verbal anomenem \u201cparlar\u201d-; els exercicis de <b>composici\u00f3<\/b> amb que aprenem a llegir i escriure la m\u00fasica que hem constru\u00eft pr\u00e8viament a nivell oral -el proc\u00e9s \u00e9s equivalent al qu\u00e8 en el llenguatge verbal anomenem llegir i escriure-; i els exercicis d&#8217; <b>interpretaci\u00f3<\/b> amb que descobrim que quan hem apr\u00e8s a llegir i escriure m\u00fasica amb els exercicis d&#8217;improvisaci\u00f3 i de composici\u00f3, podem obrir una partitura i podem llegir i entendre la m\u00fasica que est\u00e0 escrita, i amb els quals aprenem tamb\u00e9 que gr\u00e0cies al nivell de \u201cllenguatge musical\u201d i a les \u201chabilitats\u201d que hem assolit amb els exercicis d&#8217;improvisaci\u00f3 i de composici\u00f3, podem recrear la forma sonora d\u2019una m\u00fasica que ja ha estat pr\u00e8viament composada i podem trobar la manera de donar-li el \u201csentit personalitzat\u201d que \u00e9s imprescindible per a qu\u00e8 la m\u00fasica assoleixi \u201ccontingut art\u00edstic\u201d i es converteixi en una expressi\u00f3 pr\u00f2piament art\u00edstica.<\/p>\t\t\t\t\t\t<\/div>\n\t\t\t\t<\/div>\n\t\t\t\t<div class=\"elementor-element elementor-element-1935d2c elementor-widget elementor-widget-menu-anchor\" data-id=\"1935d2c\" data-element_type=\"widget\" data-widget_type=\"menu-anchor.default\">\n\t\t\t\t<div class=\"elementor-widget-container\">\n\t\t\t\t\t<div id=\"formacio\" class=\"elementor-menu-anchor\"><\/div>\n\t\t\t\t<\/div>\n\t\t\t\t<\/div>\n\t\t\t\t<div class=\"elementor-element elementor-element-25e8a5e elementor-widget elementor-widget-text-editor\" data-id=\"25e8a5e\" data-element_type=\"widget\" data-widget_type=\"text-editor.default\">\n\t\t\t\t<div class=\"elementor-widget-container\">\n\t\t\t\t\t\t\t<p><span style=\"color: #ba4128;\"><strong>El proc\u00e9s inclou la seg\u00fcent formaci\u00f3:<\/strong><\/span><\/p>\t\t\t\t\t\t<\/div>\n\t\t\t\t<\/div>\n\t\t\t\t<div class=\"elementor-element elementor-element-7294c2a elementor-widget elementor-widget-text-editor\" data-id=\"7294c2a\" data-element_type=\"widget\" data-widget_type=\"text-editor.default\">\n\t\t\t\t<div class=\"elementor-widget-container\">\n\t\t\t\t\t\t\t<ul><li><strong>Formaci\u00f3\u00a0 instrumental: <\/strong>formaci\u00f3 instrumental a trav\u00e9s de 4 mat\u00e8ries que es treballen coordinades:<ul><li><span style=\"font-weight: 400;\">t\u00e8cnica instrumental<\/span><\/li><li>improvisaci\u00f3 a l\u2019instrument<\/li><li>lectura a vista a l\u2019instrument<\/li><li>interpretaci\u00f3 de repertori instrumental.<\/li><\/ul><\/li><\/ul><p style=\"padding-left: 120px;\">La formaci\u00f3 instrumental ens capacita per aprendre a interpretar l&#8217;obra dels grans mestres de totes les \u00e8poques, i ens ensenya a improvisar en tots el estils de la m\u00fasica moderna: pop, jazz, etc\u2026<\/p><p style=\"padding-left: 120px;\"><span style=\"font-weight: 400;\">La formaci\u00f3 instrumental ens permet construir un repertori compost per un nombre determinat de peces que hem de tenir sempre preparades per poder tocar davant de p\u00fablic i en situaci\u00f3 de concert.\u00a0<\/span><\/p><p style=\"padding-left: 120px;\"><span style=\"font-weight: 400;\">La formaci\u00f3 instrumental ens prepara per poder arribar a fer m\u00fasica en formaci\u00f3 instrumental de COMBO -grup instrumental de m\u00fasica moderna-.<\/span><\/p><ul><li><b>Formaci\u00f3 en composici\u00f3 musical:<\/b> el proc\u00e9s ens ensenya a composar la nostra pr\u00f2pia m\u00fasica, incloent en el proc\u00e9s l&#8217;estudi de l&#8217;harmonia musical, la instrumentaci\u00f3 i els arranjaments i incloent l&#8217;utilitzaci\u00f3 de mitjans digitals per enregistrar, seq\u00fcenciar i produir les teves pr\u00f2pies creacions -digital music-.<\/li><li><b>coneixement i utilitzaci\u00f3 del sistema musical:<\/b><span style=\"font-weight: 400;\">\u00a0el proc\u00e9s ens descobreix el funcionament del sistema musical tradicional, en els ordres en que s&#8217;estructura -R\u00cdTMIC, MEL\u00d2DIC i HARM\u00d2NIC-, i ens ensenya a utilitzar-lo per aprendre a fer m\u00fasica a nivell oral, aprendre a llegir i escriure m\u00fasica,\u00a0 aprendre tota la teoria de la m\u00fasica d\u2019una manera totalment pr\u00e0ctica i entenedora.<\/span><\/li><li><strong>construcci\u00f3 del llenguatge musical personal de l&#8217;alumne:\u00a0 <span style=\"font-weight: 400;\"> i el que \u00e9s m\u00e9s important, el proc\u00e9s formatiu ens permet construir el llenguatge musical personalitzat que ens capacita per poder fer m\u00fasica en tots els estils de la m\u00fasica cl\u00e0ssica i de la m\u00fasica moderna i per donar-li en tots els casos el sentit personalitzat que li otorga \u00abcontingut art\u00edstic\u00bb.<\/span><\/strong><span style=\"font-weight: 400;\"><br \/><\/span><\/li><\/ul>\t\t\t\t\t\t<\/div>\n\t\t\t\t<\/div>\n\t\t\t\t<div class=\"elementor-element elementor-element-4da6db8 elementor-widget elementor-widget-menu-anchor\" data-id=\"4da6db8\" data-element_type=\"widget\" data-widget_type=\"menu-anchor.default\">\n\t\t\t\t<div class=\"elementor-widget-container\">\n\t\t\t\t\t<div id=\"comparacio\" class=\"elementor-menu-anchor\"><\/div>\n\t\t\t\t<\/div>\n\t\t\t\t<\/div>\n\t\t\t\t<div class=\"elementor-element elementor-element-5f2c851 elementor-widget elementor-widget-text-editor\" data-id=\"5f2c851\" data-element_type=\"widget\" data-widget_type=\"text-editor.default\">\n\t\t\t\t<div class=\"elementor-widget-container\">\n\t\t\t\t\t\t\t<p><span style=\"color: #ba4128;\"><span style=\"color: #ba4128;\"><b>Comparaci\u00f3<\/b><\/span><b> amb els procediments \u00abinterpretatius\u00bb tradicionals:<\/b><\/span><\/p><p><span style=\"color: #ba4128;\"><b>\u00a0 \u00a0 \u00a0 \u00a0 \u00a0 \u00a0 \u00a0 \u00a0 \u00a0 \u00a0 \u00a0 \u00a0 \u00a0 \u00a0 \u00a0 \u00a0 \u00a0 \u00a0 aportacions formatives i did\u00e0ctiques de la metodologia<\/b><\/span><\/p>\t\t\t\t\t\t<\/div>\n\t\t\t\t<\/div>\n\t\t\t\t<div class=\"elementor-element elementor-element-3cb9077 elementor-widget elementor-widget-text-editor\" data-id=\"3cb9077\" data-element_type=\"widget\" data-widget_type=\"text-editor.default\">\n\t\t\t\t<div class=\"elementor-widget-container\">\n\t\t\t\t\t\t\t<p>La metodologia aporta tota mena d&#8217;avantatges formatius i did\u00e0ctics que superen les mancances formatives i les contradiccions did\u00e0ctiques dels procediments \u00abinterpretatius\u00bb amb els quals es segueix impartint l&#8217;ensenyament de la m\u00fasica a conservatoris i escoles de m\u00fasica cl\u00e0ssica i de m\u00fasica moderna. Aquests s\u00f3n els principals:<\/p><p><b>-formaci\u00f3 cl\u00e0ssica i moderna<\/b><span style=\"font-weight: 400;\"> integrada en un mateix proc\u00e9s formatiu.<\/span><\/p><p><span style=\"font-weight: 400;\">-formaci\u00f3 musical molt<strong> \u00abcompleta\u00bb: <\/strong><\/span><\/p><ul><li style=\"font-weight: 400;\" aria-level=\"1\"><span style=\"font-weight: 400;\">improvisar, composar i interpretar de manera interconnectada des del primer moment de l&#8217;aprenentatge;<\/span><\/li><li style=\"font-weight: 400;\" aria-level=\"1\"><span style=\"font-weight: 400;\">formaci\u00f3 en tots els ordres que configuren el sistema musical: ritme, melodia i harmonia; <\/span><\/li><li style=\"font-weight: 400;\" aria-level=\"1\"><span style=\"font-weight: 400;\">composici\u00f3, arranjaments i producci\u00f3 amb mitjans digitals.<\/span><\/li><\/ul><p><span style=\"font-weight: 400;\">-formaci\u00f3 amb garanties de <strong>\u00abcontingut art\u00edstic\u00bb.<\/strong><\/span><\/p><p><span style=\"font-weight: 400;\">-proc\u00e9s de <strong>\u00abcapacitaci\u00f3 creativa\u00bb<\/strong> incl\u00f2s en la realitzaci\u00f3 de tots els exercicis.<\/span><\/p><p><span style=\"font-weight: 400;\">-formacions <strong>\u00abamateur\u00bb i formaci\u00f3 \u00abprofessional\u00bb<\/strong> interconnectades.<\/span><\/p><p><span style=\"font-weight: 400;\"><strong>-TOT l&#8217;alumnat podr\u00e0 realitzar la formaci\u00f3<\/strong>, gr\u00e0cies als procediments ACTIUS CONSTRUCTIUS i CREATIUS de la metodologia, i gr\u00e0cies al proc\u00e9s de \u201cCAPACITACI\u00d3 CREATIVA\u201d incl\u00f2s en la realitzaci\u00f3 dels propis exercicis amb els quals aprenem a fer m\u00fasica.<\/span><\/p><p><span style=\"font-weight: 400;\"><strong>-temps de dedicaci\u00f3<\/strong> a l&#8217;estudi totalment assequible, amb un temps de deures molt redu\u00eft.<\/span><\/p><p><span style=\"font-weight: 400;\">-formaci\u00f3 musical per a <\/span><b>totes les edats.<\/b><\/p>\t\t\t\t\t\t<\/div>\n\t\t\t\t<\/div>\n\t\t\t\t<div class=\"elementor-element elementor-element-59d1197 elementor-widget elementor-widget-text-editor\" data-id=\"59d1197\" data-element_type=\"widget\" data-widget_type=\"text-editor.default\">\n\t\t\t\t<div class=\"elementor-widget-container\">\n\t\t\t\t\t\t\t\t\t\t\t\t\t<\/div>\n\t\t\t\t<\/div>\n\t\t\t\t\t<\/div>\n\t\t<\/div>\n\t\t\t\t\t\t\t<\/div>\n\t\t<\/section>\n\t\t\t\t<section class=\"elementor-section elementor-top-section elementor-element elementor-element-edb95c0 elementor-section-boxed elementor-section-height-default elementor-section-height-default\" data-id=\"edb95c0\" data-element_type=\"section\">\n\t\t\t\t\t\t<div class=\"elementor-container elementor-column-gap-default\">\n\t\t\t\t\t<div class=\"elementor-column elementor-col-100 elementor-top-column elementor-element elementor-element-570cf65\" data-id=\"570cf65\" data-element_type=\"column\">\n\t\t\t<div class=\"elementor-widget-wrap elementor-element-populated\">\n\t\t\t\t\t\t\t\t<div class=\"elementor-element elementor-element-c522ecf elementor-widget elementor-widget-text-editor\" data-id=\"c522ecf\" data-element_type=\"widget\" data-widget_type=\"text-editor.default\">\n\t\t\t\t<div class=\"elementor-widget-container\">\n\t\t\t\t\t\t\t<p style=\"text-align: center;\"><em><span style=\"color: #993300;\"><b>INFORMA&#8217;T&#8230;!!!<\/b><\/span><\/em><\/p>\t\t\t\t\t\t<\/div>\n\t\t\t\t<\/div>\n\t\t\t\t<div class=\"elementor-element elementor-element-876ba42 elementor-widget elementor-widget-text-editor\" data-id=\"876ba42\" data-element_type=\"widget\" data-widget_type=\"text-editor.default\">\n\t\t\t\t<div class=\"elementor-widget-container\">\n\t\t\t\t\t\t\t<p style=\"text-align: center;\"><span style=\"color: #993300;\"><b>REUNIONS INFORMATIVES<\/b><\/span><\/p>\t\t\t\t\t\t<\/div>\n\t\t\t\t<\/div>\n\t\t\t\t<div class=\"elementor-element elementor-element-d409452 elementor-widget elementor-widget-text-editor\" data-id=\"d409452\" data-element_type=\"widget\" data-widget_type=\"text-editor.default\">\n\t\t\t\t<div class=\"elementor-widget-container\">\n\t\t\t\t\t\t\t<p style=\"text-align: center;\"><span style=\"color: #993300;\"><b>Assisteix a les reunions informatives on et mostrarem els avantatges formatius i did\u00e0ctics de la metodologia mitjan\u00e7ant la realitzaci\u00f3 d&#8217;exercicis pr\u00e0ctics.<\/b><\/span><\/p><p style=\"text-align: center;\"><a href=\"https:\/\/links.bitlyesp.com\/widget\/booking\/fl1wZrGWtbzS3xXpJEbd\"><span style=\"color: #993300;\"><b>SOL\u00b7LICITA ASSIST\u00c8NCIA A LES REUNIONS OMPLINT EL <span style=\"text-decoration: underline;\">FORMULARI<\/span><\/b><\/span><\/a><\/p>\t\t\t\t\t\t<\/div>\n\t\t\t\t<\/div>\n\t\t\t\t\t<\/div>\n\t\t<\/div>\n\t\t\t\t\t\t\t<\/div>\n\t\t<\/section>\n\t\t\t\t\t\t\t<\/div>\n\t\t","protected":false},"excerpt":{"rendered":"<p>METODOLOGIA M\u00e8tode Creatiu per l&#8217;Aprenentatge Musical Apr\u00e8n a fer m\u00fasica en TOTS els estils \u00abcl\u00e0ssics\u00bb i \u00abmoderns\u00bb\u00a0 construint la teva pr\u00f2pia m\u00fasica des del primer moment de l&#8217;aprenentatge Aprendre a fer m\u00fasica improvisant, composant i interpretant m\u00fasica creada per l&#8217;alumnat des del primer moment de l&#8217;aprenentatge. Formaci\u00f3 en m\u00fasica \u00abcl\u00e0ssica\u00bb i m\u00fasica \u00abmoderna\u00bb totalment integrada&hellip;<\/p>\n","protected":false},"author":1,"featured_media":0,"parent":0,"menu_order":0,"comment_status":"closed","ping_status":"closed","template":"","meta":{"footnotes":""},"class_list":["post-373","page","type-page","status-publish","hentry"],"_links":{"self":[{"href":"http:\/\/musicactiva.net\/escolademusica\/wp-json\/wp\/v2\/pages\/373","targetHints":{"allow":["GET"]}}],"collection":[{"href":"http:\/\/musicactiva.net\/escolademusica\/wp-json\/wp\/v2\/pages"}],"about":[{"href":"http:\/\/musicactiva.net\/escolademusica\/wp-json\/wp\/v2\/types\/page"}],"author":[{"embeddable":true,"href":"http:\/\/musicactiva.net\/escolademusica\/wp-json\/wp\/v2\/users\/1"}],"replies":[{"embeddable":true,"href":"http:\/\/musicactiva.net\/escolademusica\/wp-json\/wp\/v2\/comments?post=373"}],"version-history":[{"count":399,"href":"http:\/\/musicactiva.net\/escolademusica\/wp-json\/wp\/v2\/pages\/373\/revisions"}],"predecessor-version":[{"id":5127,"href":"http:\/\/musicactiva.net\/escolademusica\/wp-json\/wp\/v2\/pages\/373\/revisions\/5127"}],"wp:attachment":[{"href":"http:\/\/musicactiva.net\/escolademusica\/wp-json\/wp\/v2\/media?parent=373"}],"curies":[{"name":"wp","href":"https:\/\/api.w.org\/{rel}","templated":true}]}}