{"id":379,"date":"2022-05-20T17:32:39","date_gmt":"2022-05-20T17:32:39","guid":{"rendered":"http:\/\/musicactiva.net\/escolademusica\/?page_id=379"},"modified":"2025-06-12T10:33:42","modified_gmt":"2025-06-12T10:33:42","slug":"infantil-p3-p4-p5","status":"publish","type":"page","link":"http:\/\/musicactiva.net\/escolademusica\/infantil-p3-p4-p5\/","title":{"rendered":"INFANTIL -P3 P4 P5-"},"content":{"rendered":"\t\t<div data-elementor-type=\"wp-page\" data-elementor-id=\"379\" class=\"elementor elementor-379\">\n\t\t\t\t\t\t\t\t\t<section class=\"elementor-section elementor-top-section elementor-element elementor-element-b516d57 elementor-section-boxed elementor-section-height-default elementor-section-height-default\" data-id=\"b516d57\" data-element_type=\"section\">\n\t\t\t\t\t\t<div class=\"elementor-container elementor-column-gap-default\">\n\t\t\t\t\t<div class=\"elementor-column elementor-col-100 elementor-top-column elementor-element elementor-element-19f79f4\" data-id=\"19f79f4\" data-element_type=\"column\">\n\t\t\t<div class=\"elementor-widget-wrap elementor-element-populated\">\n\t\t\t\t\t\t\t\t<div class=\"elementor-element elementor-element-252ad49 elementor-widget elementor-widget-text-editor\" data-id=\"252ad49\" data-element_type=\"widget\" data-widget_type=\"text-editor.default\">\n\t\t\t\t<div class=\"elementor-widget-container\">\n\t\t\t<style>\/*! elementor - v3.7.8 - 02-10-2022 *\/\n.elementor-widget-text-editor.elementor-drop-cap-view-stacked .elementor-drop-cap{background-color:#818a91;color:#fff}.elementor-widget-text-editor.elementor-drop-cap-view-framed .elementor-drop-cap{color:#818a91;border:3px solid;background-color:transparent}.elementor-widget-text-editor:not(.elementor-drop-cap-view-default) .elementor-drop-cap{margin-top:8px}.elementor-widget-text-editor:not(.elementor-drop-cap-view-default) .elementor-drop-cap-letter{width:1em;height:1em}.elementor-widget-text-editor .elementor-drop-cap{float:left;text-align:center;line-height:1;font-size:50px}.elementor-widget-text-editor .elementor-drop-cap-letter{display:inline-block}<\/style>\t\t\t\t<p class=\"gutentor-text\" style=\"text-align: center;\"><b>\u00abINFANTIL\u00bb<\/b><\/p>\t\t\t\t\t\t<\/div>\n\t\t\t\t<\/div>\n\t\t\t\t<div class=\"elementor-element elementor-element-e71574d elementor-widget elementor-widget-text-editor\" data-id=\"e71574d\" data-element_type=\"widget\" data-widget_type=\"text-editor.default\">\n\t\t\t\t<div class=\"elementor-widget-container\">\n\t\t\t\t\t\t\t<p><strong>La iniciaci\u00f3 musical\u00a0<span style=\"color: var( --e-global-color-primary );\">als 3-4-5 anys<\/span><\/strong><\/p>\n<p>amb el conte musical<\/p>\n<p><strong>\u00abViatge al Pa\u00eds del Sons Meravellosos\u00bb<\/strong><\/p>\t\t\t\t\t\t<\/div>\n\t\t\t\t<\/div>\n\t\t\t\t\t<\/div>\n\t\t<\/div>\n\t\t\t\t\t\t\t<\/div>\n\t\t<\/section>\n\t\t\t\t<section class=\"elementor-section elementor-top-section elementor-element elementor-element-e4ec403 elementor-section-boxed elementor-section-height-default elementor-section-height-default\" data-id=\"e4ec403\" data-element_type=\"section\">\n\t\t\t\t\t\t<div class=\"elementor-container elementor-column-gap-default\">\n\t\t\t\t\t<div class=\"elementor-column elementor-col-100 elementor-top-column elementor-element elementor-element-9cf5df8\" data-id=\"9cf5df8\" data-element_type=\"column\" data-settings=\"{&quot;background_background&quot;:&quot;classic&quot;}\">\n\t\t\t<div class=\"elementor-widget-wrap elementor-element-populated\">\n\t\t\t\t\t\t\t\t<div class=\"elementor-element elementor-element-a9f870f elementor-widget elementor-widget-text-editor\" data-id=\"a9f870f\" data-element_type=\"widget\" data-widget_type=\"text-editor.default\">\n\t\t\t\t<div class=\"elementor-widget-container\">\n\t\t\t\t\t\t\t<p style=\"text-align: center;\"><strong>1 classe de \u00abConte Musical\u00bb d&#8217;1 hora cada setmana -col\u00b7lectiva-<\/strong><\/p>\n<p style=\"text-align: center;\"><strong>1 Trobada MusicActiva cada curs: escenificaci\u00f3 de les escenes del conte davant de mares i pares<\/strong><\/p>\n<p style=\"text-align: center;\"><strong>Pla d&#8217;estudi personalitzat i atenci\u00f3 individualitzada\u00a0a c\u00e0rrec de direcci\u00f3 pedag\u00f2gica<\/strong><\/p>\n<p style=\"text-align: center;\"><strong>Comunicaci\u00f3, informaci\u00f3 i assessorament a mares i pares d&#8217;alumnes<\/strong><\/p>\n<p style=\"text-align: center;\"><strong>Proves d&#8217;instrument: sessi\u00f3 individual per escollir l&#8217;instrument que ha d&#8217;aprendre a tocar a partir de 1r de prim\u00e0ria<\/strong><\/p>\n<p>\u00a0<\/p>\t\t\t\t\t\t<\/div>\n\t\t\t\t<\/div>\n\t\t\t\t\t<\/div>\n\t\t<\/div>\n\t\t\t\t\t\t\t<\/div>\n\t\t<\/section>\n\t\t\t\t<section class=\"elementor-section elementor-top-section elementor-element elementor-element-f85bd98 elementor-section-boxed elementor-section-height-default elementor-section-height-default\" data-id=\"f85bd98\" data-element_type=\"section\">\n\t\t\t\t\t\t<div class=\"elementor-container elementor-column-gap-default\">\n\t\t\t\t\t<div class=\"elementor-column elementor-col-33 elementor-top-column elementor-element elementor-element-48b3d39\" data-id=\"48b3d39\" data-element_type=\"column\" data-settings=\"{&quot;background_background&quot;:&quot;classic&quot;}\">\n\t\t\t<div class=\"elementor-widget-wrap elementor-element-populated\">\n\t\t\t\t\t\t\t\t<div class=\"elementor-element elementor-element-8291f40 elementor-widget elementor-widget-text-editor\" data-id=\"8291f40\" data-element_type=\"widget\" data-widget_type=\"text-editor.default\">\n\t\t\t\t<div class=\"elementor-widget-container\">\n\t\t\t\t\t\t\t<p style=\"text-align: center;\"><strong>HORARIS<\/strong><\/p>\t\t\t\t\t\t<\/div>\n\t\t\t\t<\/div>\n\t\t\t\t<div class=\"elementor-element elementor-element-9abdaa5 elementor-widget elementor-widget-text-editor\" data-id=\"9abdaa5\" data-element_type=\"widget\" data-widget_type=\"text-editor.default\">\n\t\t\t\t<div class=\"elementor-widget-container\">\n\t\t\t\t\t\t\t<p style=\"text-align: center;\">1 classe de \u00abConte Musical\u00bb d&#8217;1 hora cada setmana -col\u00b7lectiva-.<\/p>\n<p style=\"text-align: center;\">Horaris a coordinar en funci\u00f3 de disponibilitat fam\u00edlia i escola despr\u00e9s de realitzar reuni\u00f3 informativa.<\/p>\n<p style=\"text-align: center;\">Podeu demanar via email o WhatsApp la previsi\u00f3 d&#8217;horaris per l&#8217;actual curs.<\/p>\n<p style=\"text-align: center;\">En cas de realitzar l&#8217;activitat en extraescolar, consulteu la previsi\u00f3 d&#8217;horaris activitats extraescolars de la vostra escola.<\/p>\n<p>\u00a0<\/p>\t\t\t\t\t\t<\/div>\n\t\t\t\t<\/div>\n\t\t\t\t\t<\/div>\n\t\t<\/div>\n\t\t\t\t<div class=\"elementor-column elementor-col-33 elementor-top-column elementor-element elementor-element-0dacbac\" data-id=\"0dacbac\" data-element_type=\"column\" data-settings=\"{&quot;background_background&quot;:&quot;classic&quot;}\">\n\t\t\t<div class=\"elementor-widget-wrap elementor-element-populated\">\n\t\t\t\t\t\t\t\t<div class=\"elementor-element elementor-element-a61c87b elementor-widget elementor-widget-text-editor\" data-id=\"a61c87b\" data-element_type=\"widget\" data-widget_type=\"text-editor.default\">\n\t\t\t\t<div class=\"elementor-widget-container\">\n\t\t\t\t\t\t\t<p style=\"text-align: center;\"><strong>PREUS<\/strong><\/p>\t\t\t\t\t\t<\/div>\n\t\t\t\t<\/div>\n\t\t\t\t<div class=\"elementor-element elementor-element-7199182 elementor-widget elementor-widget-text-editor\" data-id=\"7199182\" data-element_type=\"widget\" data-widget_type=\"text-editor.default\">\n\t\t\t\t<div class=\"elementor-widget-container\">\n\t\t\t\t\t\t\t<p style=\"text-align: center;\"><span style=\"color: var( --e-global-color-primary );\">Podeu demanar preus actuals via E-mail o WhatsApp<\/span><\/p>\n<p style=\"text-align: center;\">mail: musicactiva@musicactiva.net<\/p>\n<p style=\"text-align: center;\">Whatsapp: 662182321<\/p>\n<p>\u00a0<\/p>\t\t\t\t\t\t<\/div>\n\t\t\t\t<\/div>\n\t\t\t\t\t<\/div>\n\t\t<\/div>\n\t\t\t\t<div class=\"elementor-column elementor-col-33 elementor-top-column elementor-element elementor-element-dcaf361\" data-id=\"dcaf361\" data-element_type=\"column\" data-settings=\"{&quot;background_background&quot;:&quot;classic&quot;}\">\n\t\t\t<div class=\"elementor-widget-wrap elementor-element-populated\">\n\t\t\t\t\t\t\t\t<div class=\"elementor-element elementor-element-1896ac3 elementor-widget elementor-widget-text-editor\" data-id=\"1896ac3\" data-element_type=\"widget\" data-widget_type=\"text-editor.default\">\n\t\t\t\t<div class=\"elementor-widget-container\">\n\t\t\t\t\t\t\t<p style=\"text-align: center;\"><strong>REUNI\u00d3 INFORMATIVA<\/strong><\/p>\t\t\t\t\t\t<\/div>\n\t\t\t\t<\/div>\n\t\t\t\t<div class=\"elementor-element elementor-element-813167f elementor-widget elementor-widget-text-editor\" data-id=\"813167f\" data-element_type=\"widget\" data-widget_type=\"text-editor.default\">\n\t\t\t\t<div class=\"elementor-widget-container\">\n\t\t\t\t\t\t\t<p style=\"text-align: center;\"><span style=\"background-color: var( --e-global-color-d1b9495 );\">\u00c9s imprescindible que totes les mares i pares assistiu a\u00a0 la reuni\u00f3 informativa<\/span><\/p>\n<p style=\"text-align: center;\"><a href=\"https:\/\/docs.google.com\/forms\/d\/e\/1FAIpQLSfhyNjtILhecyXicRW2Xqc0xmFDca6O_dfSUg3-PODl_pCUGg\/viewform?usp=sf_link\">Ompliu<b> FORMULARI SOL.LICITUD REUNI\u00d3 INFORMATIVA<\/b><\/a><\/p>\n<p>\u00a0<\/p>\t\t\t\t\t\t<\/div>\n\t\t\t\t<\/div>\n\t\t\t\t\t<\/div>\n\t\t<\/div>\n\t\t\t\t\t\t\t<\/div>\n\t\t<\/section>\n\t\t\t\t<section class=\"elementor-section elementor-top-section elementor-element elementor-element-0a330f1 elementor-section-boxed elementor-section-height-default elementor-section-height-default\" data-id=\"0a330f1\" data-element_type=\"section\">\n\t\t\t\t\t\t<div class=\"elementor-container elementor-column-gap-default\">\n\t\t\t\t\t<div class=\"elementor-column elementor-col-100 elementor-top-column elementor-element elementor-element-3241a61\" data-id=\"3241a61\" data-element_type=\"column\">\n\t\t\t<div class=\"elementor-widget-wrap elementor-element-populated\">\n\t\t\t\t\t\t\t\t<div class=\"elementor-element elementor-element-9dea878 elementor-widget elementor-widget-text-editor\" data-id=\"9dea878\" data-element_type=\"widget\" data-widget_type=\"text-editor.default\">\n\t\t\t\t<div class=\"elementor-widget-container\">\n\t\t\t\t\t\t\t<p class=\"gutentor-text\" style=\"text-align: center;\"><b>CONTINGUTS FORMATIUS<\/b><\/p>\t\t\t\t\t\t<\/div>\n\t\t\t\t<\/div>\n\t\t\t\t<div class=\"elementor-element elementor-element-043fb42 elementor-widget elementor-widget-text-editor\" data-id=\"043fb42\" data-element_type=\"widget\" data-widget_type=\"text-editor.default\">\n\t\t\t\t<div class=\"elementor-widget-container\">\n\t\t\t\t\t\t\t<p class=\"gutentor-text\" style=\"text-align: center;\"><em style=\"color: var( --e-global-color-primary );\"><b>Qu\u00e8 aprenem, com ho aprenem?<\/b><\/em><\/p>\n<p><img loading=\"lazy\" decoding=\"async\" class=\"aligncenter\" src=\"http:\/\/www.musicactiva.net\/MUSICACTIVA_i_CASAL_20-21\/P3_P4_P5_2_files\/droppedImage.jpg\" alt=\"\" width=\"420\" height=\"313\" \/><\/p>\t\t\t\t\t\t<\/div>\n\t\t\t\t<\/div>\n\t\t\t\t\t<\/div>\n\t\t<\/div>\n\t\t\t\t\t\t\t<\/div>\n\t\t<\/section>\n\t\t\t\t<section class=\"elementor-section elementor-top-section elementor-element elementor-element-b64c7c8 elementor-section-boxed elementor-section-height-default elementor-section-height-default\" data-id=\"b64c7c8\" data-element_type=\"section\">\n\t\t\t\t\t\t<div class=\"elementor-container elementor-column-gap-default\">\n\t\t\t\t\t<div class=\"elementor-column elementor-col-100 elementor-top-column elementor-element elementor-element-b9a0a5d\" data-id=\"b9a0a5d\" data-element_type=\"column\">\n\t\t\t<div class=\"elementor-widget-wrap elementor-element-populated\">\n\t\t\t\t\t\t\t\t<section class=\"elementor-section elementor-inner-section elementor-element elementor-element-3e79a86 elementor-section-boxed elementor-section-height-default elementor-section-height-default\" data-id=\"3e79a86\" data-element_type=\"section\">\n\t\t\t\t\t\t<div class=\"elementor-container elementor-column-gap-default\">\n\t\t\t\t\t<div class=\"elementor-column elementor-col-50 elementor-inner-column elementor-element elementor-element-73e9d11\" data-id=\"73e9d11\" data-element_type=\"column\" data-settings=\"{&quot;background_background&quot;:&quot;classic&quot;}\">\n\t\t\t<div class=\"elementor-widget-wrap elementor-element-populated\">\n\t\t\t\t\t\t\t\t<div class=\"elementor-element elementor-element-8cbfa42 elementor-widget elementor-widget-text-editor\" data-id=\"8cbfa42\" data-element_type=\"widget\" data-widget_type=\"text-editor.default\">\n\t\t\t\t<div class=\"elementor-widget-container\">\n\t\t\t\t\t\t\t<p style=\"text-align: center;\"><b><a href=\"#aplicacio\">APLICACI\u00d3 CONTE MUSICAL<\/a><\/b><\/p>\t\t\t\t\t\t<\/div>\n\t\t\t\t<\/div>\n\t\t\t\t<div class=\"elementor-element elementor-element-2179fdf elementor-widget elementor-widget-text-editor\" data-id=\"2179fdf\" data-element_type=\"widget\" data-widget_type=\"text-editor.default\">\n\t\t\t\t<div class=\"elementor-widget-container\">\n\t\t\t\t\t\t\t<p style=\"text-align: center;\">Aplicaci\u00f3 per cursar el programa d&#8217;estudis MusicActiva a l&#8217;edat de 3-4-5 anys<\/p>\t\t\t\t\t\t<\/div>\n\t\t\t\t<\/div>\n\t\t\t\t\t<\/div>\n\t\t<\/div>\n\t\t\t\t<div class=\"elementor-column elementor-col-50 elementor-inner-column elementor-element elementor-element-c671dfc\" data-id=\"c671dfc\" data-element_type=\"column\" data-settings=\"{&quot;background_background&quot;:&quot;classic&quot;}\">\n\t\t\t<div class=\"elementor-widget-wrap elementor-element-populated\">\n\t\t\t\t\t\t\t\t<div class=\"elementor-element elementor-element-be5d367 elementor-widget elementor-widget-text-editor\" data-id=\"be5d367\" data-element_type=\"widget\" data-widget_type=\"text-editor.default\">\n\t\t\t\t<div class=\"elementor-widget-container\">\n\t\t\t\t\t\t\t<p style=\"text-align: center;\"><strong><a href=\"#trobades\">TROBADES CONTE<\/a><\/strong><\/p>\t\t\t\t\t\t<\/div>\n\t\t\t\t<\/div>\n\t\t\t\t<div class=\"elementor-element elementor-element-f57c131 elementor-widget elementor-widget-text-editor\" data-id=\"f57c131\" data-element_type=\"widget\" data-widget_type=\"text-editor.default\">\n\t\t\t\t<div class=\"elementor-widget-container\">\n\t\t\t\t\t\t\t<p style=\"text-align: center;\">Escenificaci\u00f3 de les escenes de CONTE MUSICAL davant de mares i pares<\/p>\n<p>\u00a0<\/p>\t\t\t\t\t\t<\/div>\n\t\t\t\t<\/div>\n\t\t\t\t\t<\/div>\n\t\t<\/div>\n\t\t\t\t\t\t\t<\/div>\n\t\t<\/section>\n\t\t\t\t<section class=\"elementor-section elementor-inner-section elementor-element elementor-element-f5bfa8d elementor-section-boxed elementor-section-height-default elementor-section-height-default\" data-id=\"f5bfa8d\" data-element_type=\"section\">\n\t\t\t\t\t\t<div class=\"elementor-container elementor-column-gap-default\">\n\t\t\t\t\t<div class=\"elementor-column elementor-col-50 elementor-inner-column elementor-element elementor-element-63439bc\" data-id=\"63439bc\" data-element_type=\"column\" data-settings=\"{&quot;background_background&quot;:&quot;classic&quot;}\">\n\t\t\t<div class=\"elementor-widget-wrap elementor-element-populated\">\n\t\t\t\t\t\t\t\t<div class=\"elementor-element elementor-element-05d69e5 elementor-widget elementor-widget-text-editor\" data-id=\"05d69e5\" data-element_type=\"widget\" data-widget_type=\"text-editor.default\">\n\t\t\t\t<div class=\"elementor-widget-container\">\n\t\t\t\t\t\t\t<p style=\"text-align: center;\"><strong><a href=\"#prova\">PROVA d&#8217;INSTRUMENT <\/a><\/strong><\/p>\t\t\t\t\t\t<\/div>\n\t\t\t\t<\/div>\n\t\t\t\t<div class=\"elementor-element elementor-element-9de79df elementor-widget elementor-widget-text-editor\" data-id=\"9de79df\" data-element_type=\"widget\" data-widget_type=\"text-editor.default\">\n\t\t\t\t<div class=\"elementor-widget-container\">\n\t\t\t\t\t\t\t<p style=\"text-align: center;\">Sessi\u00f3 individual per poder triar quin ser\u00e0 l&#8217;instrument que aprendr\u00e0 a tocar la teva filla o el teu fill<\/p>\t\t\t\t\t\t<\/div>\n\t\t\t\t<\/div>\n\t\t\t\t\t<\/div>\n\t\t<\/div>\n\t\t\t\t<div class=\"elementor-column elementor-col-50 elementor-inner-column elementor-element elementor-element-78c6563\" data-id=\"78c6563\" data-element_type=\"column\" data-settings=\"{&quot;background_background&quot;:&quot;classic&quot;}\">\n\t\t\t<div class=\"elementor-widget-wrap elementor-element-populated\">\n\t\t\t\t\t\t\t\t<div class=\"elementor-element elementor-element-114a7f2 elementor-widget elementor-widget-text-editor\" data-id=\"114a7f2\" data-element_type=\"widget\" data-widget_type=\"text-editor.default\">\n\t\t\t\t<div class=\"elementor-widget-container\">\n\t\t\t\t\t\t\t<p style=\"text-align: center;\"><a href=\"#tutoria\"><strong>TUTORIA<\/strong><\/a><\/p>\t\t\t\t\t\t<\/div>\n\t\t\t\t<\/div>\n\t\t\t\t<div class=\"elementor-element elementor-element-24adf49 elementor-widget elementor-widget-text-editor\" data-id=\"24adf49\" data-element_type=\"widget\" data-widget_type=\"text-editor.default\">\n\t\t\t\t<div class=\"elementor-widget-container\">\n\t\t\t\t\t\t\t<p style=\"text-align: center;\">Atenci\u00f3 personalitzada i individualitzada\u00a0<\/p>\n<p style=\"text-align: center;\">a c\u00e0rrec de les directores pedag\u00f2giques amb<\/p>\n<p style=\"text-align: center;\">comunicaci\u00f3, informaci\u00f3 i assessorament a mares i pares<\/p>\t\t\t\t\t\t<\/div>\n\t\t\t\t<\/div>\n\t\t\t\t\t<\/div>\n\t\t<\/div>\n\t\t\t\t\t\t\t<\/div>\n\t\t<\/section>\n\t\t\t\t<section class=\"elementor-section elementor-inner-section elementor-element elementor-element-d1a5191 elementor-section-boxed elementor-section-height-default elementor-section-height-default\" data-id=\"d1a5191\" data-element_type=\"section\">\n\t\t\t\t\t\t<div class=\"elementor-container elementor-column-gap-default\">\n\t\t\t\t\t<div class=\"elementor-column elementor-col-100 elementor-inner-column elementor-element elementor-element-637240e\" data-id=\"637240e\" data-element_type=\"column\" data-settings=\"{&quot;background_background&quot;:&quot;classic&quot;}\">\n\t\t\t<div class=\"elementor-widget-wrap elementor-element-populated\">\n\t\t\t\t\t\t\t\t<div class=\"elementor-element elementor-element-1faa681 elementor-widget elementor-widget-text-editor\" data-id=\"1faa681\" data-element_type=\"widget\" data-widget_type=\"text-editor.default\">\n\t\t\t\t<div class=\"elementor-widget-container\">\n\t\t\t\t\t\t\t<p style=\"text-align: center;\"><b><a href=\"#que\">QU\u00c8 aprenem a les CLASSES?<\/a><\/b><\/p>\n<p style=\"text-align: center;\"><b>Com ho aprenem?<\/b><\/p>\t\t\t\t\t\t<\/div>\n\t\t\t\t<\/div>\n\t\t\t\t<div class=\"elementor-element elementor-element-180614c elementor-widget elementor-widget-text-editor\" data-id=\"180614c\" data-element_type=\"widget\" data-widget_type=\"text-editor.default\">\n\t\t\t\t<div class=\"elementor-widget-container\">\n\t\t\t\t\t\t\t<p style=\"text-align: center;\">Contingut de les mat\u00e8ries de llenguatge musical en forma de conte musical<\/p>\t\t\t\t\t\t<\/div>\n\t\t\t\t<\/div>\n\t\t\t\t\t<\/div>\n\t\t<\/div>\n\t\t\t\t\t\t\t<\/div>\n\t\t<\/section>\n\t\t\t\t\t<\/div>\n\t\t<\/div>\n\t\t\t\t\t\t\t<\/div>\n\t\t<\/section>\n\t\t\t\t<section class=\"elementor-section elementor-top-section elementor-element elementor-element-5b865c1 elementor-section-boxed elementor-section-height-default elementor-section-height-default\" data-id=\"5b865c1\" data-element_type=\"section\">\n\t\t\t\t\t\t<div class=\"elementor-container elementor-column-gap-default\">\n\t\t\t\t\t<div class=\"elementor-column elementor-col-100 elementor-top-column elementor-element elementor-element-1d1dd3e\" data-id=\"1d1dd3e\" data-element_type=\"column\">\n\t\t\t<div class=\"elementor-widget-wrap elementor-element-populated\">\n\t\t\t\t\t\t\t\t<div class=\"elementor-element elementor-element-8562fd8 elementor-widget elementor-widget-menu-anchor\" data-id=\"8562fd8\" data-element_type=\"widget\" data-widget_type=\"menu-anchor.default\">\n\t\t\t\t<div class=\"elementor-widget-container\">\n\t\t\t<style>\/*! elementor - v3.7.8 - 02-10-2022 *\/\nbody.elementor-page .elementor-widget-menu-anchor{margin-bottom:0}<\/style>\t\t<div id=\"aplicacio\" class=\"elementor-menu-anchor\"><\/div>\n\t\t\t\t<\/div>\n\t\t\t\t<\/div>\n\t\t\t\t<div class=\"elementor-element elementor-element-1b95830 elementor-widget elementor-widget-text-editor\" data-id=\"1b95830\" data-element_type=\"widget\" data-widget_type=\"text-editor.default\">\n\t\t\t\t<div class=\"elementor-widget-container\">\n\t\t\t\t\t\t\t<p style=\"text-align: center;\"><strong>APLICACI\u00d3 \u00abCONTE MUSICAL\u00bb<\/strong><\/p>\t\t\t\t\t\t<\/div>\n\t\t\t\t<\/div>\n\t\t\t\t<div class=\"elementor-element elementor-element-d83e8ce elementor-widget elementor-widget-text-editor\" data-id=\"d83e8ce\" data-element_type=\"widget\" data-widget_type=\"text-editor.default\">\n\t\t\t\t<div class=\"elementor-widget-container\">\n\t\t\t\t\t\t\t<p><strong>Formaci\u00f3 musical als 3-4-5 anys amb l\u2019aplicaci\u00f3 \u201cconte musical\u201d:<\/strong><\/p>\n<p><span style=\"color: #000000;\">L\u2019aplicaci\u00f3 de \u201cconte musical\u201d que proposa el Programa d\u2019Estudis MusicActiva per a aprendre a fer m\u00fasica a l\u2019edat de 3, 4 i 5 anys, utilitza la ficci\u00f3 del conte musical \u201cViatge al Pa\u00eds dels Sons Meravellosos\u201d per posar en marxa la imaginaci\u00f3 dels infants i convidar-los a representar les escenes del conte\u00a0<\/span><span style=\"color: var( --e-global-color-9d5ba7c );\">mitjan\u00e7ant can\u00e7ons, danses, exercicis de moviment, exercicis d\u2019improvisaci\u00f3 i de composici\u00f3 r\u00edtmica i mel\u00f2dica amb que treballem els continguts de les mat\u00e8ries de RITME i MELODIA, que s\u00f3n dues de les mat\u00e8ries que treballem a les classes de LLENGUATGE MUSICAL i que es corresponen amb dos dels \u00abordres\u00bb amb els que estructurem el funcionament del \u201csistema musical tradicional\u201d.<\/span><\/p>\n<p>Els continguts musicals que treballem mitjan\u00e7ant l&#8217;aplicaci\u00f3 de conte musical s\u00f3n els mateixos que treballa a partir dels 6 anys un infant, un jove o un adult. I tamb\u00e9 s\u00f3n iguals els procediments did\u00e0ctics que proposa la nostra metodologia per aprendre a fer m\u00fasica construint m\u00fasica. La difer\u00e8ncia radica en que TOTS els exercicis es treballen de manera teatralitzada mitjan\u00e7ant la representaci\u00f3 de les escenes del conte, amb l&#8217;objectiu que els infants posin en marxa la seva imaginaci\u00f3, s&#8217;dentifiquin amb la ficci\u00f3 i omplint de sentit les situacions que recrea.\u00a0\u00a0<\/p>\n<p><strong>Avantatges de comen\u00e7ar la formaci\u00f3 als 3-4-5 anys amb els procediments del\u00a0 M\u00e8tode Creatiu:<\/strong><\/p>\n<p>Iniciant la formaci\u00f3 musical mitjan\u00e7ant l\u2019aplicaci\u00f3 \u201cconte\u201d musical, aconseguim que l&#8217;alumnat de 3, 4 i 5 anys posi en marxa la seva formaci\u00f3 musical i art\u00edstica a una edat en que les \u201coperacions\u201d mentals, corporals i sensorials que l\u2019alumnat realitza per a fer els exercicis, arrelen a un nivell molt profund en el funcionament intern de l\u2019infant, i per aquest motiu, creixen i es desenvolupen d\u2019una manera espont\u00e0nia juntament amb el seu creixement f\u00edsic, mental i emocional natural. \u00c9s per aquest motiu que el fet de comen\u00e7ar a aprendre m\u00fasica a aquesta edat determina de manera trascendent tot el proc\u00e9s pel qual l\u2019alumnat desenvolupar\u00e0 al llarg de la seva evoluci\u00f3 personal no nom\u00e9s les seves capacitats musicals, sin\u00f3 tamb\u00e9 la mobilitzaci\u00f3 i el desenvolupament dels \u00abmecanismes creatius\u00bb que determinaran les seves capacitats personals que col.laboraran en la construcci\u00f3 de la seva personalitat.<\/p>\n<p><strong>Capacitaci\u00f3 creativa i garanties de formaci\u00f3 art\u00edstica:<\/strong><\/p>\n<p>A m\u00e9s a m\u00e9s de la import\u00e0ncia de la formaci\u00f3 estr\u00edctament musical que comen\u00e7a a desenvolupar l\u2019alumnat, el M\u00e8tode Creatiu posa en marxa un proc\u00e9s formatiu paral.lel a l\u2019estr\u00edctament musical, -proc\u00e9s de \u00abcapacitaci\u00f3 creativa\u00bb-, que treballa en la mobilitzaci\u00f3 i desenvolupament sistem\u00e0tic de les operacions mentals, f\u00edsiques i sensorials que determinen les facultats creatives del infants i <span style=\"color: var( --e-global-color-9d5ba7c );\">que es realitza de manera integrada a la pr\u00f2pia realitzaci\u00f3 dels exercicis amb que representem les escenes del conte i amb els quals aprenem m\u00fasica.\u00a0<\/span><span style=\"color: var( --e-global-color-9d5ba7c );\">D\u2019aquesta manera aconseguim que TOT l&#8217;alumnat pugui aprendre a fer m\u00fasica amb \u00abcontingut art\u00edstic\u00bb, independentment del seu \u201ctalent\u201d musical inicial i aparent i tamb\u00e9 independentment de la seva \u201cvocaci\u00f3\u201d i gr\u00e0cies a que la metodologia permet treballar en la \u00abcapacitaci\u00f3 creativa\u00bb de l&#8217;infant de manera integrada en la realitzaci\u00f3 dels propis exercicis amb qu\u00e8 aprenem m\u00fasica.<\/span><\/p>\t\t\t\t\t\t<\/div>\n\t\t\t\t<\/div>\n\t\t\t\t\t<\/div>\n\t\t<\/div>\n\t\t\t\t\t\t\t<\/div>\n\t\t<\/section>\n\t\t\t\t<section class=\"elementor-section elementor-top-section elementor-element elementor-element-8795e5b elementor-section-boxed elementor-section-height-default elementor-section-height-default\" data-id=\"8795e5b\" data-element_type=\"section\">\n\t\t\t\t\t\t<div class=\"elementor-container elementor-column-gap-default\">\n\t\t\t\t\t<div class=\"elementor-column elementor-col-100 elementor-top-column elementor-element elementor-element-52c979b\" data-id=\"52c979b\" data-element_type=\"column\">\n\t\t\t<div class=\"elementor-widget-wrap elementor-element-populated\">\n\t\t\t\t\t\t\t\t<div class=\"elementor-element elementor-element-3cf2d5d elementor-widget elementor-widget-menu-anchor\" data-id=\"3cf2d5d\" data-element_type=\"widget\" data-widget_type=\"menu-anchor.default\">\n\t\t\t\t<div class=\"elementor-widget-container\">\n\t\t\t\t\t<div id=\"trobades\" class=\"elementor-menu-anchor\"><\/div>\n\t\t\t\t<\/div>\n\t\t\t\t<\/div>\n\t\t\t\t<div class=\"elementor-element elementor-element-17d9e6f elementor-widget elementor-widget-text-editor\" data-id=\"17d9e6f\" data-element_type=\"widget\" data-widget_type=\"text-editor.default\">\n\t\t\t\t<div class=\"elementor-widget-container\">\n\t\t\t\t\t\t\t<p style=\"text-align: center;\"><strong>TROBADES CONTE MUSICAL<\/strong><\/p>\t\t\t\t\t\t<\/div>\n\t\t\t\t<\/div>\n\t\t\t\t<div class=\"elementor-element elementor-element-f656ca5 elementor-widget elementor-widget-text-editor\" data-id=\"f656ca5\" data-element_type=\"widget\" data-widget_type=\"text-editor.default\">\n\t\t\t\t<div class=\"elementor-widget-container\">\n\t\t\t\t\t\t\t<p><b>Escenificaci\u00f3 de les escenes del conte \u00abViatge al Pa\u00eds dels Sons Meravellosos\u00bb\u00a0 davant de mares i pares:<\/b><\/p>\n<ul>\n<li><span style=\"color: #000000;\">objectius de les trobades<\/span><\/li>\n<li><span style=\"color: #333333;\">cultiu de \u00abl&#8217;experi\u00e8ncia esc\u00e8nica\u00bb<\/span><\/li>\n<li><span style=\"color: #000000;\">participaci\u00f3 de mares i pares en el proc\u00e9s formatiu<\/span><\/li>\n<li><span style=\"color: #000000;\">seguiment i valoraci\u00f3 dels resultats formatius<\/span><span style=\"color: #000000;\"><!-- \/wp:paragraph --><!-- wp:paragraph --><\/span><\/li>\n<li><span style=\"color: #000000;\">per a aprendre a fer m\u00fasica amb \u201csentit art\u00edstic\u201d \u00e9s imprescindible cultivar el que anomenem \u201cexperi\u00e8ncia esc\u00e8nica\u201d. Per aix\u00f2, cada curs pugem a l\u2019escenari per representar les escenes del conte en situaci\u00f3 esc\u00e8nica i davant d\u2019un p\u00fablic format per mares, pares, familiars i amics que vulgueu convidar. Les trobades MusicActiva es realitzen en petit format a la sala MusicActiva i en gran format a altres teatres amb m\u00e9s aforament. A m\u00e9s a m\u00e9s de la seva funci\u00f3 formativa, pels infants les TROBADES serveixen per a que mares i pares tingueu una visi\u00f3 directa que us informi dels exercicis i situacions que els vostres fills i filles viuen a les classes. Les Trobades ens fan viure moments emocionants que recordarem sempre.<\/span><\/li>\n<\/ul>\t\t\t\t\t\t<\/div>\n\t\t\t\t<\/div>\n\t\t\t\t\t<\/div>\n\t\t<\/div>\n\t\t\t\t\t\t\t<\/div>\n\t\t<\/section>\n\t\t\t\t<section class=\"elementor-section elementor-top-section elementor-element elementor-element-430a962 elementor-section-boxed elementor-section-height-default elementor-section-height-default\" data-id=\"430a962\" data-element_type=\"section\">\n\t\t\t\t\t\t<div class=\"elementor-container elementor-column-gap-default\">\n\t\t\t\t\t<div class=\"elementor-column elementor-col-100 elementor-top-column elementor-element elementor-element-b980a12\" data-id=\"b980a12\" data-element_type=\"column\">\n\t\t\t<div class=\"elementor-widget-wrap elementor-element-populated\">\n\t\t\t\t\t\t\t\t<div class=\"elementor-element elementor-element-05cbdbf elementor-widget elementor-widget-menu-anchor\" data-id=\"05cbdbf\" data-element_type=\"widget\" data-widget_type=\"menu-anchor.default\">\n\t\t\t\t<div class=\"elementor-widget-container\">\n\t\t\t\t\t<div id=\"prova\" class=\"elementor-menu-anchor\"><\/div>\n\t\t\t\t<\/div>\n\t\t\t\t<\/div>\n\t\t\t\t<div class=\"elementor-element elementor-element-f1a86e9 elementor-widget elementor-widget-text-editor\" data-id=\"f1a86e9\" data-element_type=\"widget\" data-widget_type=\"text-editor.default\">\n\t\t\t\t<div class=\"elementor-widget-container\">\n\t\t\t\t\t\t\t<p style=\"text-align: center;\"><strong>PROVA d&#8217;INSTRUMENT<\/strong><\/p>\t\t\t\t\t\t<\/div>\n\t\t\t\t<\/div>\n\t\t\t\t<div class=\"elementor-element elementor-element-ad9860a elementor-widget elementor-widget-text-editor\" data-id=\"ad9860a\" data-element_type=\"widget\" data-widget_type=\"text-editor.default\">\n\t\t\t\t<div class=\"elementor-widget-container\">\n\t\t\t\t\t\t\t<p><strong>Triem l\u2019instrument que hem d\u2019aprendre a tocar a partir de 1r de prim\u00e0ria:<\/strong><\/p>\n<p><!-- \/wp:paragraph --><!-- wp:paragraph --><\/p>\n<p><span style=\"color: #000000;\">a finals de I5 arriba el gran moment de decidir l\u2019instrument que hem d\u2019aprendre a tocar. La tria d\u2019instrument es fa mitjan\u00e7ant una sessi\u00f3 individual que realitzen personalment les directores pedag\u00f2giques de MusicActiva i a partir de la qual recomanem a mares i pares l\u2019instrument m\u00e9s adient per les caracter\u00edstiques personals dels vostres fills i filles.<\/span><b><\/b><\/p>\t\t\t\t\t\t<\/div>\n\t\t\t\t<\/div>\n\t\t\t\t\t<\/div>\n\t\t<\/div>\n\t\t\t\t\t\t\t<\/div>\n\t\t<\/section>\n\t\t\t\t<section class=\"elementor-section elementor-top-section elementor-element elementor-element-a0564e2 elementor-section-boxed elementor-section-height-default elementor-section-height-default\" data-id=\"a0564e2\" data-element_type=\"section\">\n\t\t\t\t\t\t<div class=\"elementor-container elementor-column-gap-default\">\n\t\t\t\t\t<div class=\"elementor-column elementor-col-100 elementor-top-column elementor-element elementor-element-90e1c2f\" data-id=\"90e1c2f\" data-element_type=\"column\">\n\t\t\t<div class=\"elementor-widget-wrap elementor-element-populated\">\n\t\t\t\t\t\t\t\t<div class=\"elementor-element elementor-element-bfd095c elementor-widget elementor-widget-menu-anchor\" data-id=\"bfd095c\" data-element_type=\"widget\" data-widget_type=\"menu-anchor.default\">\n\t\t\t\t<div class=\"elementor-widget-container\">\n\t\t\t\t\t<div id=\"tutoria\" class=\"elementor-menu-anchor\"><\/div>\n\t\t\t\t<\/div>\n\t\t\t\t<\/div>\n\t\t\t\t<div class=\"elementor-element elementor-element-facdd6f elementor-widget elementor-widget-text-editor\" data-id=\"facdd6f\" data-element_type=\"widget\" data-widget_type=\"text-editor.default\">\n\t\t\t\t<div class=\"elementor-widget-container\">\n\t\t\t\t\t\t\t<p style=\"text-align: center;\"><span style=\"font-weight: bold;\">TUTORIA<\/span><\/p>\t\t\t\t\t\t<\/div>\n\t\t\t\t<\/div>\n\t\t\t\t<div class=\"elementor-element elementor-element-746465d elementor-widget elementor-widget-text-editor\" data-id=\"746465d\" data-element_type=\"widget\" data-widget_type=\"text-editor.default\">\n\t\t\t\t<div class=\"elementor-widget-container\">\n\t\t\t\t\t\t\t<p><span style=\"font-weight: bold;\">Atenci\u00f3 personalitzada i individualitzada per a cada alumne\/a, seguiment de l&#8217;evoluci\u00f3 formativa de l&#8217;alumnat amb avaluaci\u00f3 dels resultats formatius assolits\u00a0\u00a0<\/span><span style=\"font-weight: bold;\">i Pla d&#8217;informaci\u00f3, comunicaci\u00f3 i assessorament a mares i pares:<\/span><\/p>\n<p><!-- \/wp:paragraph --><!-- wp:paragraph --><\/p>\n<p><span style=\"color: #000000;\">La tutel\u00b7la d\u2019aquesta formaci\u00f3 est\u00e0 a c\u00e0rrec de les directores pedag\u00f2giques de MusicActiva -Miriam Darriba i Isabel Darriba-, dissenyadores de la metodologia, i del programa d\u2019estudis, directores de l\u2019equip de professorat i que realitzen personalment la tutoria de TOT L&#8217; ALUMNAT i el programa de comunicaci\u00f3, d\u2019informaci\u00f3 i d\u2019assessorament a mares i pares d\u2019alumnes.<\/span><\/p>\n<p>\u00a0<\/p>\t\t\t\t\t\t<\/div>\n\t\t\t\t<\/div>\n\t\t\t\t\t<\/div>\n\t\t<\/div>\n\t\t\t\t\t\t\t<\/div>\n\t\t<\/section>\n\t\t\t\t<section class=\"elementor-section elementor-top-section elementor-element elementor-element-2120cb4 elementor-section-boxed elementor-section-height-default elementor-section-height-default\" data-id=\"2120cb4\" data-element_type=\"section\">\n\t\t\t\t\t\t<div class=\"elementor-container elementor-column-gap-default\">\n\t\t\t\t\t<div class=\"elementor-column elementor-col-100 elementor-top-column elementor-element elementor-element-628fbeb\" data-id=\"628fbeb\" data-element_type=\"column\">\n\t\t\t<div class=\"elementor-widget-wrap elementor-element-populated\">\n\t\t\t\t\t\t\t\t<div class=\"elementor-element elementor-element-3b4416f elementor-widget elementor-widget-menu-anchor\" data-id=\"3b4416f\" data-element_type=\"widget\" data-widget_type=\"menu-anchor.default\">\n\t\t\t\t<div class=\"elementor-widget-container\">\n\t\t\t\t\t<div id=\"que\" class=\"elementor-menu-anchor\"><\/div>\n\t\t\t\t<\/div>\n\t\t\t\t<\/div>\n\t\t\t\t<div class=\"elementor-element elementor-element-b22d5f0 elementor-widget elementor-widget-text-editor\" data-id=\"b22d5f0\" data-element_type=\"widget\" data-widget_type=\"text-editor.default\">\n\t\t\t\t<div class=\"elementor-widget-container\">\n\t\t\t\t\t\t\t<p style=\"text-align: center;\"><span style=\"color: #ba4128;\"><span style=\"font-weight: bold;\">QU\u00c8 APRENEM a les CLASSES?<\/span><\/span><\/p>\t\t\t\t\t\t<\/div>\n\t\t\t\t<\/div>\n\t\t\t\t<div class=\"elementor-element elementor-element-fcf6067 elementor-widget elementor-widget-text-editor\" data-id=\"fcf6067\" data-element_type=\"widget\" data-widget_type=\"text-editor.default\">\n\t\t\t\t<div class=\"elementor-widget-container\">\n\t\t\t\t\t\t\t<p><span style=\"color: #000000;\">A les classes de \u00abCONTE MUSICAL\u00bb&nbsp; treballem TOTS els continguts de 3 de les mat\u00e8ries de LLENGUATGE MUSICAL -RITME \/ M\u00c8TRICA \/ MELODIA-, utilitzant els procediments de l&#8217;aplicaci\u00f3 \u00abconte musical\u00bb per adaptar-los a les possibilitats i les caracter\u00edstiques dels infants de 3, 4- i 5 anys.<\/span><\/p>\n<p><span style=\"color: #000000;\">Les classes s&#8217;estructuren en les seg\u00fcents parts: <\/span><\/p>\n<ul>\n<li><span style=\"color: #000000;\">conte: explicaci\u00f3 de les escenes i aventures del conte.<\/span><\/li>\n<li><span style=\"color: #000000;\">exercicis d&#8217;improvisaci\u00f3 r\u00edtmica: reconstrucci\u00f3 del sistema r\u00edtmic mitjan\u00e7ant l&#8217;organitzaci\u00f3 del moviment del cos en relaci\u00f3 al propi cos i als processos de coordinaci\u00f3 del moviment corporal.<\/span><\/li>\n<li><span style=\"color: #000000;\">exercicis de moviment : organitzaci\u00f3 del cos a l&#8217;espai.<\/span><\/li>\n<li><span style=\"color: #000000;\">exercicis d&#8217;improvisaci\u00f3 mel\u00f2dica: construcci\u00f3 del sistema mel\u00f2dic mitjan\u00e7ant els exercicis d&#8217;improvisaci\u00f3 mel\u00f2dica.<\/span><\/li>\n<li><span style=\"color: #000000;\">can\u00e7ons: aprenentatge de les can\u00e7ons del conte musical.<\/span><\/li>\n<\/ul>\n<p><span style=\"color: #000000;\">El programa de conte musical proposa escenes diferents per als cursos de I3, I4 i I5.&nbsp;<\/span><\/p>\n<p><span style=\"color: #000000;\">Les escenes permeten que els infants que comencen la formaci\u00f3 a I3 puguin evolucionar de manera progressiva i conseq\u00fcent la seva formaci\u00f3 i permeten tamb\u00e9 que els infants que comencen m\u00e9s grans puguin incorporar-se a la din\u00e0mica de classe dels infants que han comen\u00e7at de m\u00e9s petits.<\/span><\/p>\n<p><span style=\"color: #000000;\">El m\u00e9s recomanable \u00e9s comen\u00e7ar la formaci\u00f3 de ben petits. Comen\u00e7ar la formaci\u00f3 de petits aporta molts avantatges formatius, no nom\u00e9s en relaci\u00f3 a la formaci\u00f3 musical sin\u00f3 tamb\u00e9 en relaci\u00f3 a la mobilitzaci\u00f3 de les capacitats creatives que determinen l&#8217;evoluci\u00f3 de les capacitats dels infants. Els avantatges i les seves causes s\u00f3n els que hem explicat a APLICACI\u00d3 CONTE MUSICAL \/ AVANTATGES DE COMEN\u00c7AR LA FORMACI\u00d3 ALS 3-4-5 ANYS.<\/span><\/p>\n<p><\/p>\t\t\t\t\t\t<\/div>\n\t\t\t\t<\/div>\n\t\t\t\t\t<\/div>\n\t\t<\/div>\n\t\t\t\t\t\t\t<\/div>\n\t\t<\/section>\n\t\t\t\t<section class=\"elementor-section elementor-top-section elementor-element elementor-element-c97240a elementor-section-boxed elementor-section-height-default elementor-section-height-default\" data-id=\"c97240a\" data-element_type=\"section\">\n\t\t\t\t\t\t<div class=\"elementor-container elementor-column-gap-default\">\n\t\t\t\t\t<div class=\"elementor-column elementor-col-100 elementor-top-column elementor-element elementor-element-af9319f\" data-id=\"af9319f\" data-element_type=\"column\">\n\t\t\t<div class=\"elementor-widget-wrap elementor-element-populated\">\n\t\t\t\t\t\t\t\t<div class=\"elementor-element elementor-element-06cae6c elementor-widget elementor-widget-text-editor\" data-id=\"06cae6c\" data-element_type=\"widget\" data-widget_type=\"text-editor.default\">\n\t\t\t\t<div class=\"elementor-widget-container\">\n\t\t\t\t\t\t\t<!-- wp:gutentor\/e1 {\"gID\":\"g323387\",\"elAlign\":{\"desktop\":\"text-align-center\",\"tablet\":\"text-align-center\",\"mobile\":\"text-align-center\"},\"elColor\":{\"enable\":true,\"normal\":\"#cf2e2e\",\"hover\":\"\"},\"elTypography\":{\"desktopFontSize\":\"50px\",\"tabletFontSize\":\"42px\",\"mobileFontSize\":\"42px\",\"desktopLineHeight\":1.4,\"tabletLineHeight\":1.4,\"mobileLineHeight\":1}} -->\n<div id=\"section-g323387\" class=\"wp-block-gutentor-e1 section-g323387 gutentor-element gutentor-element-advanced-text text-align-center-desktop text-align-center-tablet text-align-center-mobile\">\n<div class=\"gutentor-text-wrap\">\n<p class=\"gutentor-text\"><img loading=\"lazy\" decoding=\"async\" class=\"wp-image-568\" src=\"http:\/\/musicactiva.net\/escolademusica\/wp-content\/uploads\/2022\/09\/Captura-de-pantalla-2022-09-01-a-las-17.44.23.png\" alt=\"\" width=\"591\" height=\"196\" srcset=\"http:\/\/musicactiva.net\/escolademusica\/wp-content\/uploads\/2022\/09\/Captura-de-pantalla-2022-09-01-a-las-17.44.23.png 727w, http:\/\/musicactiva.net\/escolademusica\/wp-content\/uploads\/2022\/09\/Captura-de-pantalla-2022-09-01-a-las-17.44.23-300x100.png 300w\" sizes=\"auto, (max-width: 591px) 100vw, 591px\" \/><\/p>\n<\/div>\n<\/div>\n<!-- \/wp:image --><!-- wp:image {\"align\":\"center\",\"id\":565,\"width\":592,\"height\":735,\"sizeSlug\":\"full\",\"linkDestination\":\"none\"} -->\n<figure class=\"wp-block-image aligncenter size-full is-resized\"><img loading=\"lazy\" decoding=\"async\" class=\"wp-image-565\" src=\"http:\/\/musicactiva.net\/escolademusica\/wp-content\/uploads\/2022\/09\/Captura-de-pantalla-2022-09-01-a-las-17.01.56.png\" alt=\"\" width=\"592\" height=\"735\" srcset=\"http:\/\/musicactiva.net\/escolademusica\/wp-content\/uploads\/2022\/09\/Captura-de-pantalla-2022-09-01-a-las-17.01.56.png 524w, http:\/\/musicactiva.net\/escolademusica\/wp-content\/uploads\/2022\/09\/Captura-de-pantalla-2022-09-01-a-las-17.01.56-241x300.png 241w\" sizes=\"auto, (max-width: 592px) 100vw, 592px\" \/><\/figure>\n<!-- \/wp:image --><!-- wp:spacer {\"height\":\"46px\"} --><!-- \/wp:paragraph -->\t\t\t\t\t\t<\/div>\n\t\t\t\t<\/div>\n\t\t\t\t\t<\/div>\n\t\t<\/div>\n\t\t\t\t\t\t\t<\/div>\n\t\t<\/section>\n\t\t\t\t<section class=\"elementor-section elementor-top-section elementor-element elementor-element-e6d0fda elementor-section-boxed elementor-section-height-default elementor-section-height-default\" data-id=\"e6d0fda\" data-element_type=\"section\">\n\t\t\t\t\t\t<div class=\"elementor-container elementor-column-gap-default\">\n\t\t\t\t\t<div class=\"elementor-column elementor-col-100 elementor-top-column elementor-element elementor-element-0709cbe\" data-id=\"0709cbe\" data-element_type=\"column\">\n\t\t\t<div class=\"elementor-widget-wrap elementor-element-populated\">\n\t\t\t\t\t\t\t\t<div class=\"elementor-element elementor-element-88e028d elementor-widget elementor-widget-text-editor\" data-id=\"88e028d\" data-element_type=\"widget\" data-widget_type=\"text-editor.default\">\n\t\t\t\t<div class=\"elementor-widget-container\">\n\t\t\t\t\t\t\t<p style=\"text-align: center;\"><em><span style=\"color: #993300;\"><b>INFORMA&#8217;T&#8230;!!!<\/b><\/span><\/em><\/p>\t\t\t\t\t\t<\/div>\n\t\t\t\t<\/div>\n\t\t\t\t<div class=\"elementor-element elementor-element-cebef48 elementor-widget elementor-widget-text-editor\" data-id=\"cebef48\" data-element_type=\"widget\" data-widget_type=\"text-editor.default\">\n\t\t\t\t<div class=\"elementor-widget-container\">\n\t\t\t\t\t\t\t<p style=\"text-align: center;\"><span style=\"color: #993300;\"><b>REUNIONS INFORMATIVES<\/b><\/span><\/p>\t\t\t\t\t\t<\/div>\n\t\t\t\t<\/div>\n\t\t\t\t<div class=\"elementor-element elementor-element-253d8cc elementor-widget elementor-widget-text-editor\" data-id=\"253d8cc\" data-element_type=\"widget\" data-widget_type=\"text-editor.default\">\n\t\t\t\t<div class=\"elementor-widget-container\">\n\t\t\t\t\t\t\t<p style=\"text-align: center;\"><span style=\"color: #993300;\"><b>Assisteix a les reunions informatives on descobrir\u00e0s el funcionament de la metodologia mitjan\u00e7ant la realitzaci\u00f3 pr\u00e0ctica d&#8217;exercicis. <\/b><\/span><\/p>\n<p style=\"text-align: center;\"><a href=\"https:\/\/links.bitlyesp.com\/widget\/booking\/fl1wZrGWtbzS3xXpJEbd\"><span style=\"color: #993300;\"><b>SOL\u00b7LICITA ASSIST\u00c8NCIA A LES REUNIONS OMPLINT EL <span style=\"text-decoration: underline;\">FORMULARI<\/span><\/b><\/span><\/a><\/p>\t\t\t\t\t\t<\/div>\n\t\t\t\t<\/div>\n\t\t\t\t\t<\/div>\n\t\t<\/div>\n\t\t\t\t\t\t\t<\/div>\n\t\t<\/section>\n\t\t\t\t\t\t\t<\/div>\n\t\t","protected":false},"excerpt":{"rendered":"<p>\u00abINFANTIL\u00bb La iniciaci\u00f3 musical\u00a0als 3-4-5 anys amb el conte musical \u00abViatge al Pa\u00eds del Sons Meravellosos\u00bb 1 classe de \u00abConte Musical\u00bb d&#8217;1 hora cada setmana -col\u00b7lectiva- 1 Trobada MusicActiva cada curs: escenificaci\u00f3 de les escenes del conte davant de mares i pares Pla d&#8217;estudi personalitzat i atenci\u00f3 individualitzada\u00a0a c\u00e0rrec de direcci\u00f3 pedag\u00f2gica Comunicaci\u00f3, informaci\u00f3 i&hellip;<\/p>\n","protected":false},"author":1,"featured_media":0,"parent":0,"menu_order":0,"comment_status":"closed","ping_status":"closed","template":"","meta":{"footnotes":""},"class_list":["post-379","page","type-page","status-publish","hentry"],"_links":{"self":[{"href":"http:\/\/musicactiva.net\/escolademusica\/wp-json\/wp\/v2\/pages\/379","targetHints":{"allow":["GET"]}}],"collection":[{"href":"http:\/\/musicactiva.net\/escolademusica\/wp-json\/wp\/v2\/pages"}],"about":[{"href":"http:\/\/musicactiva.net\/escolademusica\/wp-json\/wp\/v2\/types\/page"}],"author":[{"embeddable":true,"href":"http:\/\/musicactiva.net\/escolademusica\/wp-json\/wp\/v2\/users\/1"}],"replies":[{"embeddable":true,"href":"http:\/\/musicactiva.net\/escolademusica\/wp-json\/wp\/v2\/comments?post=379"}],"version-history":[{"count":366,"href":"http:\/\/musicactiva.net\/escolademusica\/wp-json\/wp\/v2\/pages\/379\/revisions"}],"predecessor-version":[{"id":5154,"href":"http:\/\/musicactiva.net\/escolademusica\/wp-json\/wp\/v2\/pages\/379\/revisions\/5154"}],"wp:attachment":[{"href":"http:\/\/musicactiva.net\/escolademusica\/wp-json\/wp\/v2\/media?parent=379"}],"curies":[{"name":"wp","href":"https:\/\/api.w.org\/{rel}","templated":true}]}}