{"id":381,"date":"2022-05-20T17:33:10","date_gmt":"2022-05-20T17:33:10","guid":{"rendered":"http:\/\/musicactiva.net\/escolademusica\/?page_id=381"},"modified":"2025-06-12T10:35:25","modified_gmt":"2025-06-12T10:35:25","slug":"nenes-i-nens-dels-6-als-12-anys","status":"publish","type":"page","link":"http:\/\/musicactiva.net\/escolademusica\/nenes-i-nens-dels-6-als-12-anys\/","title":{"rendered":"NENES i NENS -dels 6 als 12 anys-"},"content":{"rendered":"\t\t<div data-elementor-type=\"wp-page\" data-elementor-id=\"381\" class=\"elementor elementor-381\">\n\t\t\t\t\t\t\t\t\t<section class=\"elementor-section elementor-top-section elementor-element elementor-element-136a605 elementor-section-boxed elementor-section-height-default elementor-section-height-default\" data-id=\"136a605\" data-element_type=\"section\">\n\t\t\t\t\t\t<div class=\"elementor-container elementor-column-gap-default\">\n\t\t\t\t\t<div class=\"elementor-column elementor-col-100 elementor-top-column elementor-element elementor-element-6790b43\" data-id=\"6790b43\" data-element_type=\"column\">\n\t\t\t<div class=\"elementor-widget-wrap elementor-element-populated\">\n\t\t\t\t\t\t\t\t<div class=\"elementor-element elementor-element-ab795f1 elementor-widget elementor-widget-text-editor\" data-id=\"ab795f1\" data-element_type=\"widget\" data-widget_type=\"text-editor.default\">\n\t\t\t\t<div class=\"elementor-widget-container\">\n\t\t\t<style>\/*! elementor - v3.7.8 - 02-10-2022 *\/\n.elementor-widget-text-editor.elementor-drop-cap-view-stacked .elementor-drop-cap{background-color:#818a91;color:#fff}.elementor-widget-text-editor.elementor-drop-cap-view-framed .elementor-drop-cap{color:#818a91;border:3px solid;background-color:transparent}.elementor-widget-text-editor:not(.elementor-drop-cap-view-default) .elementor-drop-cap{margin-top:8px}.elementor-widget-text-editor:not(.elementor-drop-cap-view-default) .elementor-drop-cap-letter{width:1em;height:1em}.elementor-widget-text-editor .elementor-drop-cap{float:left;text-align:center;line-height:1;font-size:50px}.elementor-widget-text-editor .elementor-drop-cap-letter{display:inline-block}<\/style>\t\t\t\t<p class=\"gutentor-text\"><b>\u00abNENES i NENS\u00bb<\/b><\/p>\t\t\t\t\t\t<\/div>\n\t\t\t\t<\/div>\n\t\t\t\t<div class=\"elementor-element elementor-element-edf34ed elementor-widget elementor-widget-text-editor\" data-id=\"edf34ed\" data-element_type=\"widget\" data-widget_type=\"text-editor.default\">\n\t\t\t\t<div class=\"elementor-widget-container\">\n\t\t\t\t\t\t\t<p class=\"gutentor-text\">-la formaci\u00f3 musical i art\u00edstica<\/p><p class=\"gutentor-text\">dels 6 als 12 anys-<\/p>\t\t\t\t\t\t<\/div>\n\t\t\t\t<\/div>\n\t\t\t\t<div class=\"elementor-element elementor-element-022be73 elementor-widget elementor-widget-text-editor\" data-id=\"022be73\" data-element_type=\"widget\" data-widget_type=\"text-editor.default\">\n\t\t\t\t<div class=\"elementor-widget-container\">\n\t\t\t\t\t\t\t<p style=\"text-align: center;\"><b><i>Descobreix les capacitats musicals i art\u00edstiques<\/i><\/b><\/p><p style=\"text-align: center;\"><b><i>de la teva filla o del teu fill&#8230;!!!<\/i><\/b><\/p>\t\t\t\t\t\t<\/div>\n\t\t\t\t<\/div>\n\t\t\t\t\t<\/div>\n\t\t<\/div>\n\t\t\t\t\t\t\t<\/div>\n\t\t<\/section>\n\t\t\t\t<section class=\"elementor-section elementor-top-section elementor-element elementor-element-b76853a elementor-section-boxed elementor-section-height-default elementor-section-height-default\" data-id=\"b76853a\" data-element_type=\"section\">\n\t\t\t\t\t\t<div class=\"elementor-container elementor-column-gap-default\">\n\t\t\t\t\t<div class=\"elementor-column elementor-col-100 elementor-top-column elementor-element elementor-element-10335a5\" data-id=\"10335a5\" data-element_type=\"column\" data-settings=\"{&quot;background_background&quot;:&quot;classic&quot;}\">\n\t\t\t<div class=\"elementor-widget-wrap elementor-element-populated\">\n\t\t\t\t\t\t\t\t<div class=\"elementor-element elementor-element-fc8bc0b elementor-widget elementor-widget-text-editor\" data-id=\"fc8bc0b\" data-element_type=\"widget\" data-widget_type=\"text-editor.default\">\n\t\t\t\t<div class=\"elementor-widget-container\">\n\t\t\t\t\t\t\t<p style=\"text-align: center;\"><strong>1 classe de LLENGUATGE MUSICAL d&#8217;1 hora cada setmana -col\u00b7lectiva-<\/strong><\/p>\n<p style=\"text-align: center;\"><strong>\u00a01 classe d&#8217;INSTRUMENT de 30 minuts cada setmana -individual-<\/strong><\/p>\n<p style=\"text-align: center;\"><strong>Nivells 1-2-3-4: 1 llibre de llenguatge i un llibre d&#8217;instrument per a cada nivell<\/strong><\/p>\n<p style=\"text-align: center;\"><strong>A partir del nivell 5: material d&#8217;instrument via plataforma<\/strong><\/p>\n<p style=\"text-align: center;\"><strong>A partir del nivell 5: seguiment de l&#8217;evoluci\u00f3 formativa de l&#8217;alumne\/a via plataforma<\/strong><\/p>\n<p style=\"text-align: center;\"><strong>1 audici\u00f3 d&#8217;instrument cada curs per interpretar davant de p\u00fablic el repertori que hem apr\u00e8s a tocar<\/strong><\/p>\n<p style=\"text-align: center;\"><strong>Pla d&#8217;estudi personalitzat per a cada infant i atenci\u00f3 individualitzada a c\u00e0rrec de direcci\u00f3 pedag\u00f2gica<\/strong><\/p>\n<p style=\"text-align: center;\"><strong>Comunicaci\u00f3 informaci\u00f3 i assessorament a mares i pares d&#8217;alumnes<\/strong><\/p>\n<p style=\"text-align: center;\"><strong>Proves d&#8217;instrument i de nivell: nous alumnes a partir de 1r de prim\u00e0ria, sessi\u00f3 individual per escollir l&#8217;instrument que han d&#8217;aprendre a tocar <\/strong><\/p>\t\t\t\t\t\t<\/div>\n\t\t\t\t<\/div>\n\t\t\t\t\t<\/div>\n\t\t<\/div>\n\t\t\t\t\t\t\t<\/div>\n\t\t<\/section>\n\t\t\t\t<section class=\"elementor-section elementor-top-section elementor-element elementor-element-83c662c elementor-section-boxed elementor-section-height-default elementor-section-height-default\" data-id=\"83c662c\" data-element_type=\"section\">\n\t\t\t\t\t\t<div class=\"elementor-container elementor-column-gap-default\">\n\t\t\t\t\t<div class=\"elementor-column elementor-col-33 elementor-top-column elementor-element elementor-element-ef41c4e\" data-id=\"ef41c4e\" data-element_type=\"column\" data-settings=\"{&quot;background_background&quot;:&quot;classic&quot;}\">\n\t\t\t<div class=\"elementor-widget-wrap elementor-element-populated\">\n\t\t\t\t\t\t\t\t<div class=\"elementor-element elementor-element-133384f elementor-widget elementor-widget-text-editor\" data-id=\"133384f\" data-element_type=\"widget\" data-widget_type=\"text-editor.default\">\n\t\t\t\t<div class=\"elementor-widget-container\">\n\t\t\t\t\t\t\t<p style=\"text-align: center;\"><strong>HORARIS<\/strong><\/p>\t\t\t\t\t\t<\/div>\n\t\t\t\t<\/div>\n\t\t\t\t<div class=\"elementor-element elementor-element-862c1cf elementor-widget elementor-widget-text-editor\" data-id=\"862c1cf\" data-element_type=\"widget\" data-widget_type=\"text-editor.default\">\n\t\t\t\t<div class=\"elementor-widget-container\">\n\t\t\t\t\t\t\t<p style=\"text-align: center;\">Horaris a coordinar en funci\u00f3 de la disponibilitat de la fam\u00edlia i de l&#8217;escola.<\/p><p style=\"text-align: center;\">Habitualment coordinem horaris despr\u00e9s de realitzar la reuni\u00f3 informativa.<\/p><p style=\"text-align: center;\">Si voleu, podeu demanar-nos via email o WhatsApp la previsi\u00f3 d&#8217;horaris per l&#8217;actual curs.<\/p><p style=\"text-align: center;\">En cas de realitzar l&#8217;activitat en extraescolar, consulteu la previsi\u00f3 d&#8217;horaris activitats extraescolars de la vostra escola.<\/p>\t\t\t\t\t\t<\/div>\n\t\t\t\t<\/div>\n\t\t\t\t\t<\/div>\n\t\t<\/div>\n\t\t\t\t<div class=\"elementor-column elementor-col-33 elementor-top-column elementor-element elementor-element-81910e2\" data-id=\"81910e2\" data-element_type=\"column\" data-settings=\"{&quot;background_background&quot;:&quot;classic&quot;}\">\n\t\t\t<div class=\"elementor-widget-wrap elementor-element-populated\">\n\t\t\t\t\t\t\t\t<div class=\"elementor-element elementor-element-34d1466 elementor-widget elementor-widget-text-editor\" data-id=\"34d1466\" data-element_type=\"widget\" data-widget_type=\"text-editor.default\">\n\t\t\t\t<div class=\"elementor-widget-container\">\n\t\t\t\t\t\t\t<p style=\"text-align: center;\"><strong>PREUS<\/strong><\/p>\t\t\t\t\t\t<\/div>\n\t\t\t\t<\/div>\n\t\t\t\t<div class=\"elementor-element elementor-element-19c8495 elementor-widget elementor-widget-text-editor\" data-id=\"19c8495\" data-element_type=\"widget\" data-widget_type=\"text-editor.default\">\n\t\t\t\t<div class=\"elementor-widget-container\">\n\t\t\t\t\t\t\t<p style=\"text-align: center;\"><span style=\"color: var( --e-global-color-primary );\">Podeu demanar preus actuals via E-mail o WhatsApp.<\/span><\/p><p style=\"text-align: center;\">mail: musicactiva@musicactiva.net<\/p><p style=\"text-align: center;\">Whatsapp: 662182321<\/p>\t\t\t\t\t\t<\/div>\n\t\t\t\t<\/div>\n\t\t\t\t\t<\/div>\n\t\t<\/div>\n\t\t\t\t<div class=\"elementor-column elementor-col-33 elementor-top-column elementor-element elementor-element-bbf7f12\" data-id=\"bbf7f12\" data-element_type=\"column\" data-settings=\"{&quot;background_background&quot;:&quot;classic&quot;}\">\n\t\t\t<div class=\"elementor-widget-wrap elementor-element-populated\">\n\t\t\t\t\t\t\t\t<div class=\"elementor-element elementor-element-3b06f53 elementor-widget elementor-widget-text-editor\" data-id=\"3b06f53\" data-element_type=\"widget\" data-widget_type=\"text-editor.default\">\n\t\t\t\t<div class=\"elementor-widget-container\">\n\t\t\t\t\t\t\t<p style=\"text-align: center;\"><strong>REUNI\u00d3 INFORMATIVA<\/strong><\/p>\t\t\t\t\t\t<\/div>\n\t\t\t\t<\/div>\n\t\t\t\t<div class=\"elementor-element elementor-element-a912f45 elementor-widget elementor-widget-text-editor\" data-id=\"a912f45\" data-element_type=\"widget\" data-widget_type=\"text-editor.default\">\n\t\t\t\t<div class=\"elementor-widget-container\">\n\t\t\t\t\t\t\t<p style=\"text-align: center;\"><span style=\"background-color: var( --e-global-color-d1b9495 );\">\u00c9s imprescindible que totes les mares i pares assistiu a la reuni\u00f3 informativa.<\/span><\/p><p style=\"text-align: center;\"><a href=\"https:\/\/docs.google.com\/forms\/d\/e\/1FAIpQLSfhyNjtILhecyXicRW2Xqc0xmFDca6O_dfSUg3-PODl_pCUGg\/viewform?usp=sf_link\">Ompliu<b> FORMULARI SOL.LICITUD REUNI\u00d3 INFORMATIVA.<\/b><\/a><\/p>\t\t\t\t\t\t<\/div>\n\t\t\t\t<\/div>\n\t\t\t\t\t<\/div>\n\t\t<\/div>\n\t\t\t\t\t\t\t<\/div>\n\t\t<\/section>\n\t\t\t\t<section class=\"elementor-section elementor-top-section elementor-element elementor-element-59fac9e elementor-section-boxed elementor-section-height-default elementor-section-height-default\" data-id=\"59fac9e\" data-element_type=\"section\">\n\t\t\t\t\t\t<div class=\"elementor-container elementor-column-gap-default\">\n\t\t\t\t\t<div class=\"elementor-column elementor-col-100 elementor-top-column elementor-element elementor-element-55317cf\" data-id=\"55317cf\" data-element_type=\"column\">\n\t\t\t<div class=\"elementor-widget-wrap elementor-element-populated\">\n\t\t\t\t\t\t\t\t<section class=\"elementor-section elementor-inner-section elementor-element elementor-element-9253a93 elementor-section-boxed elementor-section-height-default elementor-section-height-default\" data-id=\"9253a93\" data-element_type=\"section\">\n\t\t\t\t\t\t<div class=\"elementor-container elementor-column-gap-default\">\n\t\t\t\t\t<div class=\"elementor-column elementor-col-100 elementor-inner-column elementor-element elementor-element-b487fce\" data-id=\"b487fce\" data-element_type=\"column\" data-settings=\"{&quot;background_background&quot;:&quot;classic&quot;}\">\n\t\t\t<div class=\"elementor-widget-wrap elementor-element-populated\">\n\t\t\t\t\t\t\t\t<div class=\"elementor-element elementor-element-f951ef0 elementor-widget elementor-widget-text-editor\" data-id=\"f951ef0\" data-element_type=\"widget\" data-widget_type=\"text-editor.default\">\n\t\t\t\t<div class=\"elementor-widget-container\">\n\t\t\t\t\t\t\t<p class=\"gutentor-text\" style=\"text-align: center;\"><b>CONTINGUTS FORMATIUS<\/b><\/p>\t\t\t\t\t\t<\/div>\n\t\t\t\t<\/div>\n\t\t\t\t<div class=\"elementor-element elementor-element-4731426 elementor-widget elementor-widget-text-editor\" data-id=\"4731426\" data-element_type=\"widget\" data-widget_type=\"text-editor.default\">\n\t\t\t\t<div class=\"elementor-widget-container\">\n\t\t\t\t\t\t\t<p class=\"gutentor-text\" style=\"text-align: center;\"><em style=\"color: var( --e-global-color-primary );\"><b>Qu\u00e8 aprenem, com ho aprenem?<\/b><\/em><\/p><p><img decoding=\"async\" class=\"aligncenter\" style=\"color: var( --e-global-color-primary ); text-align: left;\" src=\"http:\/\/www.musicactiva.net\/MUSICACTIVA_i_CASAL_20-21\/NENS_2_3_files\/la%20foto.jpg\" alt=\"\" \/><\/p>\t\t\t\t\t\t<\/div>\n\t\t\t\t<\/div>\n\t\t\t\t<div class=\"elementor-element elementor-element-ce7ed12 elementor-widget elementor-widget-text-editor\" data-id=\"ce7ed12\" data-element_type=\"widget\" data-widget_type=\"text-editor.default\">\n\t\t\t\t<div class=\"elementor-widget-container\">\n\t\t\t\t\t\t\t<p class=\"gutentor-text\" style=\"text-align: center;\"><strong style=\"color: var( --e-global-color-primary );\"><em>Ofereix als teus fills una formaci\u00f3 musical i art\u00edstica<\/em><\/strong><\/p><p style=\"text-align: center;\"><strong><em>DETERMINANT per a la seva EVOLUCI\u00d3 PERSONAL.<\/em><\/strong><\/p>\t\t\t\t\t\t<\/div>\n\t\t\t\t<\/div>\n\t\t\t\t<div class=\"elementor-element elementor-element-0f6e7df elementor-widget elementor-widget-text-editor\" data-id=\"0f6e7df\" data-element_type=\"widget\" data-widget_type=\"text-editor.default\">\n\t\t\t\t<div class=\"elementor-widget-container\">\n\t\t\t\t\t\t\t<p style=\"text-align: center;\"><i>Aprendre<\/i><i> a fer m\u00fasica<\/i><\/p>\n<p style=\"text-align: center;\"><i>IMPROVISANT &#8211; COMPOSANT &#8211; INTERPRETANT<\/i><\/p>\n<p style=\"text-align: center;\"><i>m\u00fasica \u00abcl\u00e0ssica\u00bb, m\u00fasica \u00abmoderna\u00bb i m\u00fasica de creaci\u00f3 pr\u00f2pia<\/i><\/p><p style=\"text-align: center;\"><i>amb els procediments ACTIUS-CONSTRUCTIUS-CREATIUS de la nostra metodologia<\/i><\/p>\n<p style=\"text-align: center;\"><i>amb \u00abPROC\u00c9S de CAPACITACI\u00d3 CREATIVA\u00bb incl\u00f3s en la realitzaci\u00f3 dels exercicis.<\/i><\/p>\n<p style=\"text-align: center;\"><i>TOTS els infants s\u00f3n ARTISTES en pot\u00e8ncia&#8230;!!!!!<\/i><\/p>\n<p style=\"text-align: center;\"><i>TOTS podran realitzar la FORMACI\u00d3&#8230;!!!!!!!<\/i><\/p>\t\t\t\t\t\t<\/div>\n\t\t\t\t<\/div>\n\t\t\t\t<div class=\"elementor-element elementor-element-821f0d1 elementor-widget elementor-widget-text-editor\" data-id=\"821f0d1\" data-element_type=\"widget\" data-widget_type=\"text-editor.default\">\n\t\t\t\t<div class=\"elementor-widget-container\">\n\t\t\t\t\t\t\t<p><strong><em>Mira quins avantatges formatius i did\u00e0ctics aporta:<\/em><\/strong><\/p>\t\t\t\t\t\t<\/div>\n\t\t\t\t<\/div>\n\t\t\t\t<div class=\"elementor-element elementor-element-8eb5201 elementor-widget elementor-widget-text-editor\" data-id=\"8eb5201\" data-element_type=\"widget\" data-widget_type=\"text-editor.default\">\n\t\t\t\t<div class=\"elementor-widget-container\">\n\t\t\t\t\t\t\t<p><span style=\"color: #ba4127;\"><b><i>..una formaci\u00f3 musical i art\u00edstica garantida per a tots els nens i totes les nenes:<\/i><\/b><\/span><\/p>\n<p><span style=\"font-weight: 400;\">Els procediments de la nostra metodologia ens permeten GARANTIR que tots els nens i nenes aconseguiran una formaci\u00f3 musical \u201ccl\u00e0ssica\u201d i \u201cmoderna\u201d completa i amb garanties de contingut art\u00edstic, independentment del seu \u201ctalent\u201d musical INICIAL i aparent i independentment tamb\u00e9, de la seva \u201cvocaci\u00f3\u201d inicial.<\/span><\/p>\n<p><span style=\"color: #ba4127;\"><b><i>&#8230;una formaci\u00f3 musical completa:<\/i><\/b><\/span><\/p>\n<p><span style=\"font-weight: 400;\">Formaci\u00f3 musical \u201ccl\u00e0ssica\u201d i \u201cmoderna totalment integrades en un mateix proc\u00e9s formatiu i amb plenes garanties de contingut art\u00edstic.<\/span><\/p>\n<p><span style=\"color: #ba4127;\"><b><i>&#8230;una manera d\u2019aprendre m\u00fasica efectiva, art\u00edstica i veritablement formativa:<\/i><\/b><\/span><\/p>\n<p><span style=\"font-weight: 400;\">Aprendre a fer m\u00fasica construint m\u00fasica creada pel propi alumnat des del primer moment de l\u2019aprenentage amb els procediments d\u2019improvisaci\u00f3, de composici\u00f3 i d\u2019interpretaci\u00f3 del M\u00e8tode Creatiu per a l\u2019Aprenentatge Musical.<\/span><\/p>\n<p><span style=\"color: #ba4127;\"><b><i>&#8230;una formaci\u00f3 musical amb garanties de contingut art\u00edstic:<\/i><\/b><\/span><\/p>\n<p><span style=\"font-weight: 400;\">Els procediments de la metodologia treballen de manera sistem\u00e0tica en la mobilitzaci\u00f3 i el desenvolupament sistem\u00e0tic de les facultats creatives dels infants. Aix\u00f2 fa possible que TOT l&#8217;alumnat\u00a0 desenvolupi el seu talent musical. El proc\u00e9s te \u00e0mplies repercussions formatives en el desenvolupament de les capacitats personals de l&#8217;alumnat.<\/span><\/p>\n<p><span style=\"color: #ba4127;\"><b><i>&#8230;un temps de dedicaci\u00f3 assequible:<\/i><\/b><\/span><\/p>\n<p><span style=\"font-weight: 400;\">Temps de dedicaci\u00f3 en hores de classe i en forma de deures totalment compatible amb els estudis escolars, amb la resta d\u2019activitats extraescolars i amb el lleure.<\/span><\/p>\n<p><span style=\"color: #ba4127;\"><b><i>&#8230;una formaci\u00f3 musical tutelada i amb assessorament per a mares i pares:<\/i><\/b><\/span><\/p>\n<p><span style=\"font-weight: 400;\">Seguiment personalitzat de l\u2019evoluci\u00f3 formativa de cada alumne\/ i assessorament a mares i pares directament a c\u00e0rrec de la direcci\u00f3 pedag\u00f2gica de MusicActiva.<\/span><\/p>\t\t\t\t\t\t<\/div>\n\t\t\t\t<\/div>\n\t\t\t\t\t<\/div>\n\t\t<\/div>\n\t\t\t\t\t\t\t<\/div>\n\t\t<\/section>\n\t\t\t\t<section class=\"elementor-section elementor-inner-section elementor-element elementor-element-92730e7 elementor-section-boxed elementor-section-height-default elementor-section-height-default\" data-id=\"92730e7\" data-element_type=\"section\">\n\t\t\t\t\t\t<div class=\"elementor-container elementor-column-gap-default\">\n\t\t\t\t\t<div class=\"elementor-column elementor-col-100 elementor-inner-column elementor-element elementor-element-7a49ed7\" data-id=\"7a49ed7\" data-element_type=\"column\" data-settings=\"{&quot;background_background&quot;:&quot;classic&quot;}\">\n\t\t\t<div class=\"elementor-widget-wrap elementor-element-populated\">\n\t\t\t\t\t\t\t\t<div class=\"elementor-element elementor-element-93ce5cf elementor-widget elementor-widget-text-editor\" data-id=\"93ce5cf\" data-element_type=\"widget\" data-widget_type=\"text-editor.default\">\n\t\t\t\t<div class=\"elementor-widget-container\">\n\t\t\t\t\t\t\t<p><!-- wp:gutentor\/e1 {\"gID\":\"g09ccf8\",\"elAlign\":{\"desktop\":\"text-align-center\",\"tablet\":\"text-align-center\",\"mobile\":\"text-align-center\"},\"elColor\":{\"enable\":true,\"normal\":\"#cf2e2e\",\"hover\":\"\"},\"elTypography\":{\"desktopFontSize\":\"70px\",\"tabletFontSize\":\"42px\",\"mobileFontSize\":\"42px\",\"desktopLineHeight\":1.4,\"tabletLineHeight\":1.4,\"mobileLineHeight\":1}} --><\/p>\n<div id=\"section-g09ccf8\" class=\"wp-block-gutentor-e1 section-g09ccf8 gutentor-element gutentor-element-advanced-text text-align-center-desktop text-align-center-tablet text-align-center-mobile\"><a href=\"https:\/\/musicactiva.net\/escolademusica\/assignatures-i-materies\/\"><b>ASSIGNATURES i MAT\u00c8RIES<\/b><\/a><\/div>\n<p><!-- \/wp:paragraph --><\/p>\t\t\t\t\t\t<\/div>\n\t\t\t\t<\/div>\n\t\t\t\t<div class=\"elementor-element elementor-element-8d2b14c elementor-widget elementor-widget-text-editor\" data-id=\"8d2b14c\" data-element_type=\"widget\" data-widget_type=\"text-editor.default\">\n\t\t\t\t<div class=\"elementor-widget-container\">\n\t\t\t\t\t\t\t<p style=\"text-align: center;\"><em>-continguts formatius &#8211; procediments did\u00e0ctics-<\/em><\/p>\t\t\t\t\t\t<\/div>\n\t\t\t\t<\/div>\n\t\t\t\t<div class=\"elementor-element elementor-element-256d247 elementor-widget elementor-widget-text-editor\" data-id=\"256d247\" data-element_type=\"widget\" data-widget_type=\"text-editor.default\">\n\t\t\t\t<div class=\"elementor-widget-container\">\n\t\t\t\t\t\t\t<p style=\"text-align: center;\"><strong>LLENGUATGE MUSICAL<\/strong><\/p>\n<p style=\"text-align: center;\">ritme \/ m\u00e8trica \/ melodia<\/p>\n<p style=\"text-align: center;\"><strong>INSTRUMENT<\/strong><\/p>\n<p style=\"text-align: center;\">t\u00e8cnica \/ improvisaci\u00f3 \/ lectura a vista \/ repertori<\/p>\n<p style=\"text-align: center;\">&#8230;a partir del nivell 4:<strong> LECTURA A VISTA via\u00a0 PLATAFORMA i IMPROVISACI\u00d3 via PLATAFORMA<\/strong><\/p>\n<p style=\"text-align: center;\"><strong>COMBO<\/strong><\/p>\n<p style=\"text-align: center;\"><strong>-grup instrumental de m\u00fasica moderna-<\/strong><\/p>\n<p style=\"text-align: center;\">&#8230;a partir del nivell 8 d&#8217;improvisaci\u00f3 podem comen\u00e7ar a fer \u00abcombo\u00bb<\/p>\n<p style=\"text-align: center;\"><strong>HARMONIA i TALLER de COMPOSICI\u00d3\u00a0<\/strong><\/p>\n<p style=\"text-align: center;\">a partir del nivell 6 de Llenguatge musical podem comen\u00e7ar a aprendre harmonia i fer taller de composici\u00f3<\/p>\t\t\t\t\t\t<\/div>\n\t\t\t\t<\/div>\n\t\t\t\t\t<\/div>\n\t\t<\/div>\n\t\t\t\t\t\t\t<\/div>\n\t\t<\/section>\n\t\t\t\t<section class=\"elementor-section elementor-inner-section elementor-element elementor-element-448611e elementor-section-boxed elementor-section-height-default elementor-section-height-default\" data-id=\"448611e\" data-element_type=\"section\">\n\t\t\t\t\t\t<div class=\"elementor-container elementor-column-gap-default\">\n\t\t\t\t\t<div class=\"elementor-column elementor-col-50 elementor-inner-column elementor-element elementor-element-3a7155d\" data-id=\"3a7155d\" data-element_type=\"column\" data-settings=\"{&quot;background_background&quot;:&quot;classic&quot;}\">\n\t\t\t<div class=\"elementor-widget-wrap elementor-element-populated\">\n\t\t\t\t\t\t\t\t<div class=\"elementor-element elementor-element-9492d13 elementor-widget elementor-widget-text-editor\" data-id=\"9492d13\" data-element_type=\"widget\" data-widget_type=\"text-editor.default\">\n\t\t\t\t<div class=\"elementor-widget-container\">\n\t\t\t\t\t\t\t<p><strong><em>-seguiment evoluci\u00f3 alumna\/e-<\/em><\/strong><\/p>\t\t\t\t\t\t<\/div>\n\t\t\t\t<\/div>\n\t\t\t\t<div class=\"elementor-element elementor-element-095c288 elementor-widget elementor-widget-text-editor\" data-id=\"095c288\" data-element_type=\"widget\" data-widget_type=\"text-editor.default\">\n\t\t\t\t<div class=\"elementor-widget-container\">\n\t\t\t\t\t\t\t<p style=\"text-align: center;\"><a href=\"https:\/\/musicactiva.net\/escolademusica\/audicions-i-concerts-dalumnes\/\"><strong>SEGUIMENT via AUDICIONS<\/strong><\/a><\/p><p style=\"text-align: center;\"><a href=\"https:\/\/musicactiva.net\/escolademusica\/audicions-i-concerts-dalumnes\/\"><strong>FI de NIVELL d&#8217;INSTRUMENT\u00a0 <\/strong><\/a><\/p><p style=\"text-align: center;\"><a href=\"https:\/\/musicactiva.net\/escolademusica\/audicions-i-concerts-dalumnes\/\"><strong>i CONCERTS d&#8217;ALUMNES<\/strong><\/a><\/p>\t\t\t\t\t\t<\/div>\n\t\t\t\t<\/div>\n\t\t\t\t<div class=\"elementor-element elementor-element-3eb24b2 elementor-widget elementor-widget-text-editor\" data-id=\"3eb24b2\" data-element_type=\"widget\" data-widget_type=\"text-editor.default\">\n\t\t\t\t<div class=\"elementor-widget-container\">\n\t\t\t\t\t\t\t<p style=\"text-align: center;\"><strong>SEGUIMENT en forma d&#8217;ESCENIFICACI\u00d3<\/strong><\/p><p style=\"text-align: center;\">1 cop a l&#8217;any pugem a l&#8217;escenari per presentar<\/p><p style=\"text-align: center;\">en concert els nostres repertoris d&#8217;instrument\u00a0<\/p>\t\t\t\t\t\t<\/div>\n\t\t\t\t<\/div>\n\t\t\t\t\t<\/div>\n\t\t<\/div>\n\t\t\t\t<div class=\"elementor-column elementor-col-50 elementor-inner-column elementor-element elementor-element-fe60a0a\" data-id=\"fe60a0a\" data-element_type=\"column\" data-settings=\"{&quot;background_background&quot;:&quot;classic&quot;}\">\n\t\t\t<div class=\"elementor-widget-wrap elementor-element-populated\">\n\t\t\t\t\t\t\t\t<div class=\"elementor-element elementor-element-20cab26 elementor-widget elementor-widget-text-editor\" data-id=\"20cab26\" data-element_type=\"widget\" data-widget_type=\"text-editor.default\">\n\t\t\t\t<div class=\"elementor-widget-container\">\n\t\t\t\t\t\t\t<p><strong><em>-seguiment evoluci\u00f3 alumna\/e-<\/em><\/strong><\/p>\t\t\t\t\t\t<\/div>\n\t\t\t\t<\/div>\n\t\t\t\t<div class=\"elementor-element elementor-element-55dc2a7 elementor-widget elementor-widget-text-editor\" data-id=\"55dc2a7\" data-element_type=\"widget\" data-widget_type=\"text-editor.default\">\n\t\t\t\t<div class=\"elementor-widget-container\">\n\t\t\t\t\t\t\t<p style=\"text-align: center;\"><a href=\"https:\/\/musicactiva.net\/escolademusica\/seguiment-via-plataforma\/\"><b>SEGUIMENT VIA PLATAFORMA<\/b><\/a><\/p>\t\t\t\t\t\t<\/div>\n\t\t\t\t<\/div>\n\t\t\t\t<div class=\"elementor-element elementor-element-1924530 elementor-widget elementor-widget-text-editor\" data-id=\"1924530\" data-element_type=\"widget\" data-widget_type=\"text-editor.default\">\n\t\t\t\t<div class=\"elementor-widget-container\">\n\t\t\t\t\t\t\t<p style=\"text-align: center;\"><strong>\u00a0\u00abESPAI PERSONAL de L&#8217;ALUMNE\/A\u00bb amb: <\/strong><\/p><ul><li style=\"text-align: left;\">\u00abPla de treball personal\u00bb<\/li><li style=\"text-align: left;\">Material d&#8217;estudi<\/li><li style=\"text-align: left;\">Seguiment de l&#8217;evoluci\u00f3 formativa<\/li><li style=\"text-align: left;\">Informaci\u00f3 per a mares i pares<\/li><li style=\"text-align: left;\">&#8230;.mares i pares podeu accedir a l&#8217;espai per veure els treballs del vostre fill\/a.<\/li><\/ul>\t\t\t\t\t\t<\/div>\n\t\t\t\t<\/div>\n\t\t\t\t\t<\/div>\n\t\t<\/div>\n\t\t\t\t\t\t\t<\/div>\n\t\t<\/section>\n\t\t\t\t<section class=\"elementor-section elementor-inner-section elementor-element elementor-element-8f6205f elementor-section-boxed elementor-section-height-default elementor-section-height-default\" data-id=\"8f6205f\" data-element_type=\"section\">\n\t\t\t\t\t\t<div class=\"elementor-container elementor-column-gap-default\">\n\t\t\t\t\t<div class=\"elementor-column elementor-col-50 elementor-inner-column elementor-element elementor-element-fa61063\" data-id=\"fa61063\" data-element_type=\"column\" data-settings=\"{&quot;background_background&quot;:&quot;classic&quot;}\">\n\t\t\t<div class=\"elementor-widget-wrap elementor-element-populated\">\n\t\t\t\t\t\t\t\t<div class=\"elementor-element elementor-element-8aa319f elementor-widget elementor-widget-text-editor\" data-id=\"8aa319f\" data-element_type=\"widget\" data-widget_type=\"text-editor.default\">\n\t\t\t\t<div class=\"elementor-widget-container\">\n\t\t\t\t\t\t\t<p style=\"text-align: center;\"><b>PLA de TREBALL PERSONALITZAT<\/b><\/p><p style=\"text-align: center;\"><b>ATENCI\u00d3 INDIVIDUALITZADA<\/b><\/p>\t\t\t\t\t\t<\/div>\n\t\t\t\t<\/div>\n\t\t\t\t<div class=\"elementor-element elementor-element-8e133df elementor-widget elementor-widget-text-editor\" data-id=\"8e133df\" data-element_type=\"widget\" data-widget_type=\"text-editor.default\">\n\t\t\t\t<div class=\"elementor-widget-container\">\n\t\t\t\t\t\t\t<p style=\"text-align: center;\">Pla de treball personal per a cada alumne\/a<\/p><p style=\"text-align: center;\">i atenci\u00f3 individualitzada<\/p><p style=\"text-align: center;\">a c\u00e0rrec de les directores pedag\u00f2giques<\/p>\t\t\t\t\t\t<\/div>\n\t\t\t\t<\/div>\n\t\t\t\t\t<\/div>\n\t\t<\/div>\n\t\t\t\t<div class=\"elementor-column elementor-col-50 elementor-inner-column elementor-element elementor-element-b403a56\" data-id=\"b403a56\" data-element_type=\"column\" data-settings=\"{&quot;background_background&quot;:&quot;classic&quot;}\">\n\t\t\t<div class=\"elementor-widget-wrap elementor-element-populated\">\n\t\t\t\t\t\t\t\t<div class=\"elementor-element elementor-element-3228061 elementor-widget elementor-widget-text-editor\" data-id=\"3228061\" data-element_type=\"widget\" data-widget_type=\"text-editor.default\">\n\t\t\t\t<div class=\"elementor-widget-container\">\n\t\t\t\t\t\t\t<p style=\"text-align: center;\"><strong>PROVA d&#8217;INSTRUMENT i PROVA de NIVELL<\/strong><\/p>\t\t\t\t\t\t<\/div>\n\t\t\t\t<\/div>\n\t\t\t\t<div class=\"elementor-element elementor-element-866e3a0 elementor-widget elementor-widget-text-editor\" data-id=\"866e3a0\" data-element_type=\"widget\" data-widget_type=\"text-editor.default\">\n\t\t\t\t<div class=\"elementor-widget-container\">\n\t\t\t\t\t\t\t<p style=\"text-align: center;\">A partir dels 6 anys TOTS els alumnes han de fer sessi\u00f3 individual per triar instrument, per determinar nivell musical i perqu\u00e8 puguem con\u00e8ixer les\u00a0 caracter\u00edstiques personals de la vostra filla o fill<\/p>\t\t\t\t\t\t<\/div>\n\t\t\t\t<\/div>\n\t\t\t\t\t<\/div>\n\t\t<\/div>\n\t\t\t\t\t\t\t<\/div>\n\t\t<\/section>\n\t\t\t\t<section class=\"elementor-section elementor-inner-section elementor-element elementor-element-4dc971b elementor-section-boxed elementor-section-height-default elementor-section-height-default\" data-id=\"4dc971b\" data-element_type=\"section\">\n\t\t\t\t\t\t<div class=\"elementor-container elementor-column-gap-default\">\n\t\t\t\t\t<div class=\"elementor-column elementor-col-100 elementor-inner-column elementor-element elementor-element-bff5a25\" data-id=\"bff5a25\" data-element_type=\"column\" data-settings=\"{&quot;background_background&quot;:&quot;classic&quot;}\">\n\t\t\t<div class=\"elementor-widget-wrap elementor-element-populated\">\n\t\t\t\t\t\t\t\t<div class=\"elementor-element elementor-element-e4e4ee5 elementor-widget elementor-widget-text-editor\" data-id=\"e4e4ee5\" data-element_type=\"widget\" data-widget_type=\"text-editor.default\">\n\t\t\t\t<div class=\"elementor-widget-container\">\n\t\t\t\t\t\t\t<p style=\"text-align: center;\"><strong>COMUNICACI\u00d3, INFORMACI\u00d3 i ASSESSORAMENT<\/strong><\/p>\n<p style=\"text-align: center;\"><strong>per a MARES i PARES<\/strong><\/p>\t\t\t\t\t\t<\/div>\n\t\t\t\t<\/div>\n\t\t\t\t<div class=\"elementor-element elementor-element-0ce708a elementor-widget elementor-widget-text-editor\" data-id=\"0ce708a\" data-element_type=\"widget\" data-widget_type=\"text-editor.default\">\n\t\t\t\t<div class=\"elementor-widget-container\">\n\t\t\t\t\t\t\t<p style=\"text-align: center;\"><em><strong>els directors pedag\u00f2gics de MusicActiva ens fem responsables <\/strong><\/em><\/p>\n<p style=\"text-align: center;\"><em><strong>de la formaci\u00f3 musical i art\u00edstica de la teva filla i del teu fill. <\/strong><\/em><\/p>\n<p style=\"text-align: center;\"><em><strong>Necessitem la teva confian\u00e7a i el teu inter\u00e8s per formar un bon equip&#8230;!!!<\/strong><\/em><\/p>\t\t\t\t\t\t<\/div>\n\t\t\t\t<\/div>\n\t\t\t\t\t<\/div>\n\t\t<\/div>\n\t\t\t\t\t\t\t<\/div>\n\t\t<\/section>\n\t\t\t\t\t<\/div>\n\t\t<\/div>\n\t\t\t\t\t\t\t<\/div>\n\t\t<\/section>\n\t\t\t\t<section class=\"elementor-section elementor-top-section elementor-element elementor-element-26f605f elementor-section-boxed elementor-section-height-default elementor-section-height-default\" data-id=\"26f605f\" data-element_type=\"section\">\n\t\t\t\t\t\t<div class=\"elementor-container elementor-column-gap-default\">\n\t\t\t\t\t<div class=\"elementor-column elementor-col-100 elementor-top-column elementor-element elementor-element-9093936\" data-id=\"9093936\" data-element_type=\"column\">\n\t\t\t<div class=\"elementor-widget-wrap elementor-element-populated\">\n\t\t\t\t\t\t\t\t<div class=\"elementor-element elementor-element-65f1dda elementor-widget elementor-widget-text-editor\" data-id=\"65f1dda\" data-element_type=\"widget\" data-widget_type=\"text-editor.default\">\n\t\t\t\t<div class=\"elementor-widget-container\">\n\t\t\t\t\t\t\t<p style=\"text-align: center;\"><em><span style=\"color: #993300;\"><b>INFORMA&#8217;T&#8230;!!!<\/b><\/span><\/em><\/p>\t\t\t\t\t\t<\/div>\n\t\t\t\t<\/div>\n\t\t\t\t<div class=\"elementor-element elementor-element-fb58841 elementor-widget elementor-widget-text-editor\" data-id=\"fb58841\" data-element_type=\"widget\" data-widget_type=\"text-editor.default\">\n\t\t\t\t<div class=\"elementor-widget-container\">\n\t\t\t\t\t\t\t<p style=\"text-align: center;\"><span style=\"color: #993300;\"><b>REUNIONS INFORMATIVES<\/b><\/span><\/p>\t\t\t\t\t\t<\/div>\n\t\t\t\t<\/div>\n\t\t\t\t<div class=\"elementor-element elementor-element-ba0ed24 elementor-widget elementor-widget-text-editor\" data-id=\"ba0ed24\" data-element_type=\"widget\" data-widget_type=\"text-editor.default\">\n\t\t\t\t<div class=\"elementor-widget-container\">\n\t\t\t\t\t\t\t<p style=\"text-align: center;\"><span style=\"color: #993300;\"><b>Assisteix a les reunions informatives on descobrir\u00e0s el funcionament<\/b><\/span><\/p>\n<p style=\"text-align: center;\"><span style=\"color: #993300;\"><b>i les aportacions formatives i did\u00e0ctiques de la metodologia<\/b><\/span><\/p>\n<p style=\"text-align: center;\"><span style=\"color: #993300;\"><b>mitjan\u00e7ant la realitzaci\u00f3 d&#8217;exercicis pr\u00e0ctics.<\/b><\/span><\/p>\n<p style=\"text-align: center;\"><a href=\"https:\/\/links.bitlyesp.com\/widget\/booking\/fl1wZrGWtbzS3xXpJEbd\"><span style=\"color: #993300;\"><b>SOL\u00b7LICITA ASSIST\u00c8NCIA A LES REUNIONS OMPLINT EL <span style=\"text-decoration: underline;\">FORMULARI<\/span><\/b><\/span><\/a><\/p>\t\t\t\t\t\t<\/div>\n\t\t\t\t<\/div>\n\t\t\t\t\t<\/div>\n\t\t<\/div>\n\t\t\t\t\t\t\t<\/div>\n\t\t<\/section>\n\t\t\t\t\t\t\t<\/div>\n\t\t","protected":false},"excerpt":{"rendered":"<p>\u00abNENES i NENS\u00bb -la formaci\u00f3 musical i art\u00edstica dels 6 als 12 anys- Descobreix les capacitats musicals i art\u00edstiques de la teva filla o del teu fill&#8230;!!! 1 classe de LLENGUATGE MUSICAL d&#8217;1 hora cada setmana -col\u00b7lectiva- \u00a01 classe d&#8217;INSTRUMENT de 30 minuts cada setmana -individual- Nivells 1-2-3-4: 1 llibre de llenguatge i un llibre&hellip;<\/p>\n","protected":false},"author":1,"featured_media":0,"parent":0,"menu_order":0,"comment_status":"closed","ping_status":"closed","template":"","meta":{"footnotes":""},"class_list":["post-381","page","type-page","status-publish","hentry"],"_links":{"self":[{"href":"http:\/\/musicactiva.net\/escolademusica\/wp-json\/wp\/v2\/pages\/381","targetHints":{"allow":["GET"]}}],"collection":[{"href":"http:\/\/musicactiva.net\/escolademusica\/wp-json\/wp\/v2\/pages"}],"about":[{"href":"http:\/\/musicactiva.net\/escolademusica\/wp-json\/wp\/v2\/types\/page"}],"author":[{"embeddable":true,"href":"http:\/\/musicactiva.net\/escolademusica\/wp-json\/wp\/v2\/users\/1"}],"replies":[{"embeddable":true,"href":"http:\/\/musicactiva.net\/escolademusica\/wp-json\/wp\/v2\/comments?post=381"}],"version-history":[{"count":242,"href":"http:\/\/musicactiva.net\/escolademusica\/wp-json\/wp\/v2\/pages\/381\/revisions"}],"predecessor-version":[{"id":5157,"href":"http:\/\/musicactiva.net\/escolademusica\/wp-json\/wp\/v2\/pages\/381\/revisions\/5157"}],"wp:attachment":[{"href":"http:\/\/musicactiva.net\/escolademusica\/wp-json\/wp\/v2\/media?parent=381"}],"curies":[{"name":"wp","href":"https:\/\/api.w.org\/{rel}","templated":true}]}}