{"id":383,"date":"2022-05-20T17:34:09","date_gmt":"2022-05-20T17:34:09","guid":{"rendered":"http:\/\/musicactiva.net\/escolademusica\/?page_id=383"},"modified":"2025-06-12T10:37:05","modified_gmt":"2025-06-12T10:37:05","slug":"teens-dels-12-als-16-18-anys","status":"publish","type":"page","link":"http:\/\/musicactiva.net\/escolademusica\/teens-dels-12-als-16-18-anys\/","title":{"rendered":"TEENS    -dels 12 als 16-18 anys-"},"content":{"rendered":"\t\t<div data-elementor-type=\"wp-page\" data-elementor-id=\"383\" class=\"elementor elementor-383\">\n\t\t\t\t\t\t\t\t\t<section class=\"elementor-section elementor-top-section elementor-element elementor-element-4db5c88 elementor-section-boxed elementor-section-height-default elementor-section-height-default\" data-id=\"4db5c88\" data-element_type=\"section\">\n\t\t\t\t\t\t<div class=\"elementor-container elementor-column-gap-default\">\n\t\t\t\t\t<div class=\"elementor-column elementor-col-100 elementor-top-column elementor-element elementor-element-d46f019\" data-id=\"d46f019\" data-element_type=\"column\">\n\t\t\t<div class=\"elementor-widget-wrap elementor-element-populated\">\n\t\t\t\t\t\t\t\t<div class=\"elementor-element elementor-element-bc4c5c4 elementor-widget elementor-widget-text-editor\" data-id=\"bc4c5c4\" data-element_type=\"widget\" data-widget_type=\"text-editor.default\">\n\t\t\t\t<div class=\"elementor-widget-container\">\n\t\t\t<style>\/*! elementor - v3.7.8 - 02-10-2022 *\/\n.elementor-widget-text-editor.elementor-drop-cap-view-stacked .elementor-drop-cap{background-color:#818a91;color:#fff}.elementor-widget-text-editor.elementor-drop-cap-view-framed .elementor-drop-cap{color:#818a91;border:3px solid;background-color:transparent}.elementor-widget-text-editor:not(.elementor-drop-cap-view-default) .elementor-drop-cap{margin-top:8px}.elementor-widget-text-editor:not(.elementor-drop-cap-view-default) .elementor-drop-cap-letter{width:1em;height:1em}.elementor-widget-text-editor .elementor-drop-cap{float:left;text-align:center;line-height:1;font-size:50px}.elementor-widget-text-editor .elementor-drop-cap-letter{display:inline-block}<\/style>\t\t\t\t<p class=\"gutentor-text\"><strong>\u00abTEENS\u00bb<\/strong><\/p>\t\t\t\t\t\t<\/div>\n\t\t\t\t<\/div>\n\t\t\t\t<div class=\"elementor-element elementor-element-d52cef7 elementor-widget elementor-widget-text-editor\" data-id=\"d52cef7\" data-element_type=\"widget\" data-widget_type=\"text-editor.default\">\n\t\t\t\t<div class=\"elementor-widget-container\">\n\t\t\t\t\t\t\t<p class=\"gutentor-text\">-La formaci\u00f3 musical i art\u00edstica<\/p>\n<p class=\"gutentor-text\">dels 12 als 16-18 anys-<\/p>\t\t\t\t\t\t<\/div>\n\t\t\t\t<\/div>\n\t\t\t\t<div class=\"elementor-element elementor-element-77d3dbd elementor-widget elementor-widget-text-editor\" data-id=\"77d3dbd\" data-element_type=\"widget\" data-widget_type=\"text-editor.default\">\n\t\t\t\t<div class=\"elementor-widget-container\">\n\t\t\t\t\t\t\t<p class=\"gutentor-text\"><em><b>Proposa als teus fills i filles adolescents una manera<\/b><\/em><\/p><p class=\"gutentor-text\"><em><b>d&#8217;aprendre m\u00fasica radicalment creativa i totalment<\/b><\/em><\/p><p class=\"gutentor-text\"><em><b>adient&nbsp;<\/b><\/em><em style=\"color: var( --e-global-color-primary );\"><b>a la seva edat&#8230;!!!!<\/b><\/em><\/p>\t\t\t\t\t\t<\/div>\n\t\t\t\t<\/div>\n\t\t\t\t\t<\/div>\n\t\t<\/div>\n\t\t\t\t\t\t\t<\/div>\n\t\t<\/section>\n\t\t\t\t<section class=\"elementor-section elementor-top-section elementor-element elementor-element-7128af3 elementor-section-boxed elementor-section-height-default elementor-section-height-default\" data-id=\"7128af3\" data-element_type=\"section\">\n\t\t\t\t\t\t<div class=\"elementor-container elementor-column-gap-default\">\n\t\t\t\t\t<div class=\"elementor-column elementor-col-100 elementor-top-column elementor-element elementor-element-7d569b0\" data-id=\"7d569b0\" data-element_type=\"column\" data-settings=\"{&quot;background_background&quot;:&quot;classic&quot;}\">\n\t\t\t<div class=\"elementor-widget-wrap elementor-element-populated\">\n\t\t\t\t\t\t\t\t<div class=\"elementor-element elementor-element-6cc182c elementor-widget elementor-widget-text-editor\" data-id=\"6cc182c\" data-element_type=\"widget\" data-widget_type=\"text-editor.default\">\n\t\t\t\t<div class=\"elementor-widget-container\">\n\t\t\t\t\t\t\t<p style=\"text-align: center;\"><strong>1 classe de LLENGUATGE MUSICAL d&#8217;1 hora cada setmana -col\u00b7lectiva-<\/strong><\/p>\n<p style=\"text-align: center;\"><strong>\u00a01 classe d&#8217;INSTRUMENT de 30 minuts cada setmana -individual-<\/strong><\/p>\n<p style=\"text-align: center;\"><strong>Nivells 1-2-3-4: 1 LLIBRE de LLENGUATGE i 1 LLIBRE d&#8217;INSTRUMENT per a cada nivell<\/strong><\/p>\n<p style=\"text-align: center;\"><strong>A partir del nivell 5: MATERIAL d&#8217;INSTRUMENT VIA PLATAFORMA <\/strong><\/p>\n<p style=\"text-align: center;\"><strong>A partir del nivell 5: seguiment de l&#8217;evoluci\u00f3 formativa de l&#8217;alumne\/a via plataforma<\/strong><\/p>\n<p style=\"text-align: center;\"><strong>1 AUDICI\u00d3 D&#8217;INSTRUMENT cada curs per interpretar davant de p\u00fablic el repertori que hem apr\u00e8s a tocar<\/strong><\/p>\n<p style=\"text-align: center;\"><strong>PLA d&#8217;ESTUDI PERSONALITZAT per a cada jove i atenci\u00f3 individualitzada a c\u00e0rrec de direcci\u00f3 pedag\u00f2gica<\/strong><\/p>\n<p style=\"text-align: center;\"><strong>COMUNICACI\u00d3, INFORMACI\u00d3 i ASSESSORAMENT a mares i pares d&#8217;alumnes<\/strong><\/p>\n<p style=\"text-align: center;\"><strong>PROVES DE NIVELL i D&#8217;INSTRUMENT : nous alumnes, sessi\u00f3 individual per escollir l&#8217;instrument que han d&#8217;aprendre a tocar <\/strong><\/p>\t\t\t\t\t\t<\/div>\n\t\t\t\t<\/div>\n\t\t\t\t\t<\/div>\n\t\t<\/div>\n\t\t\t\t\t\t\t<\/div>\n\t\t<\/section>\n\t\t\t\t<section class=\"elementor-section elementor-top-section elementor-element elementor-element-47ffd77 elementor-section-boxed elementor-section-height-default elementor-section-height-default\" data-id=\"47ffd77\" data-element_type=\"section\">\n\t\t\t\t\t\t<div class=\"elementor-container elementor-column-gap-default\">\n\t\t\t\t\t<div class=\"elementor-column elementor-col-33 elementor-top-column elementor-element elementor-element-aba17cf\" data-id=\"aba17cf\" data-element_type=\"column\" data-settings=\"{&quot;background_background&quot;:&quot;classic&quot;}\">\n\t\t\t<div class=\"elementor-widget-wrap elementor-element-populated\">\n\t\t\t\t\t\t\t\t<div class=\"elementor-element elementor-element-43bc7b5 elementor-widget elementor-widget-text-editor\" data-id=\"43bc7b5\" data-element_type=\"widget\" data-widget_type=\"text-editor.default\">\n\t\t\t\t<div class=\"elementor-widget-container\">\n\t\t\t\t\t\t\t<p style=\"text-align: center;\"><strong>HORARIS<\/strong><\/p>\t\t\t\t\t\t<\/div>\n\t\t\t\t<\/div>\n\t\t\t\t<div class=\"elementor-element elementor-element-7f11472 elementor-widget elementor-widget-text-editor\" data-id=\"7f11472\" data-element_type=\"widget\" data-widget_type=\"text-editor.default\">\n\t\t\t\t<div class=\"elementor-widget-container\">\n\t\t\t\t\t\t\t<p style=\"text-align: center;\">Horaris a coordinar en funci\u00f3 de la disponibilitat de la fam\u00edlia i de l&#8217;escola.<\/p>\n<p style=\"text-align: center;\">Habitualment coordinem horaris despr\u00e9s de realitzar la reuni\u00f3 informativa..<\/p>\n<p style=\"text-align: center;\">Si voleu, podeu demanar-nos via email o WhatsApp la previsi\u00f3 d&#8217;horaris per l&#8217;actual curs.<\/p>\n<p style=\"text-align: center;\">En cas de realitzar l&#8217;activitat en extraescolar, consulteu la previsi\u00f3 d&#8217;horaris activitats extraescolars de la vostra escola.<\/p>\t\t\t\t\t\t<\/div>\n\t\t\t\t<\/div>\n\t\t\t\t\t<\/div>\n\t\t<\/div>\n\t\t\t\t<div class=\"elementor-column elementor-col-33 elementor-top-column elementor-element elementor-element-667256b\" data-id=\"667256b\" data-element_type=\"column\" data-settings=\"{&quot;background_background&quot;:&quot;classic&quot;}\">\n\t\t\t<div class=\"elementor-widget-wrap elementor-element-populated\">\n\t\t\t\t\t\t\t\t<div class=\"elementor-element elementor-element-94de9b1 elementor-widget elementor-widget-text-editor\" data-id=\"94de9b1\" data-element_type=\"widget\" data-widget_type=\"text-editor.default\">\n\t\t\t\t<div class=\"elementor-widget-container\">\n\t\t\t\t\t\t\t<p style=\"text-align: center;\"><strong>PREUS<\/strong><\/p>\t\t\t\t\t\t<\/div>\n\t\t\t\t<\/div>\n\t\t\t\t<div class=\"elementor-element elementor-element-ca36227 elementor-widget elementor-widget-text-editor\" data-id=\"ca36227\" data-element_type=\"widget\" data-widget_type=\"text-editor.default\">\n\t\t\t\t<div class=\"elementor-widget-container\">\n\t\t\t\t\t\t\t<p style=\"text-align: center;\"><span style=\"color: var( --e-global-color-primary );\">Podeu demanar preus actuals via E-mail o WhatsApp.<\/span><\/p><p style=\"text-align: center;\">mail: musicactiva@musicactiva.net<\/p><p style=\"text-align: center;\">Whatsapp: 662182321<\/p>\t\t\t\t\t\t<\/div>\n\t\t\t\t<\/div>\n\t\t\t\t\t<\/div>\n\t\t<\/div>\n\t\t\t\t<div class=\"elementor-column elementor-col-33 elementor-top-column elementor-element elementor-element-bc8109c\" data-id=\"bc8109c\" data-element_type=\"column\" data-settings=\"{&quot;background_background&quot;:&quot;classic&quot;}\">\n\t\t\t<div class=\"elementor-widget-wrap elementor-element-populated\">\n\t\t\t\t\t\t\t\t<div class=\"elementor-element elementor-element-01f848e elementor-widget elementor-widget-text-editor\" data-id=\"01f848e\" data-element_type=\"widget\" data-widget_type=\"text-editor.default\">\n\t\t\t\t<div class=\"elementor-widget-container\">\n\t\t\t\t\t\t\t<p style=\"text-align: center;\"><strong>REUNI\u00d3 INFORMATIVA<\/strong><\/p>\t\t\t\t\t\t<\/div>\n\t\t\t\t<\/div>\n\t\t\t\t<div class=\"elementor-element elementor-element-cc81b4e elementor-widget elementor-widget-text-editor\" data-id=\"cc81b4e\" data-element_type=\"widget\" data-widget_type=\"text-editor.default\">\n\t\t\t\t<div class=\"elementor-widget-container\">\n\t\t\t\t\t\t\t<p style=\"text-align: center;\"><span style=\"background-color: var( --e-global-color-d1b9495 );\">\u00c9s imprescindible que totes les mares i pares assistiu a la reuni\u00f3 informativa.<\/span><\/p>\n<p style=\"text-align: center;\">Ompliu<a href=\"https:\/\/docs.google.com\/forms\/d\/e\/1FAIpQLSfhyNjtILhecyXicRW2Xqc0xmFDca6O_dfSUg3-PODl_pCUGg\/viewform?usp=sf_link\"><b> FORMULARI SOL.LICITUD REUNI\u00d3 INFORMATIVA.<\/b><\/a><\/p>\t\t\t\t\t\t<\/div>\n\t\t\t\t<\/div>\n\t\t\t\t\t<\/div>\n\t\t<\/div>\n\t\t\t\t\t\t\t<\/div>\n\t\t<\/section>\n\t\t\t\t<section class=\"elementor-section elementor-top-section elementor-element elementor-element-66c33be elementor-section-boxed elementor-section-height-default elementor-section-height-default\" data-id=\"66c33be\" data-element_type=\"section\">\n\t\t\t\t\t\t<div class=\"elementor-container elementor-column-gap-default\">\n\t\t\t\t\t<div class=\"elementor-column elementor-col-100 elementor-top-column elementor-element elementor-element-a155266\" data-id=\"a155266\" data-element_type=\"column\">\n\t\t\t<div class=\"elementor-widget-wrap elementor-element-populated\">\n\t\t\t\t\t\t\t\t<section class=\"elementor-section elementor-inner-section elementor-element elementor-element-aebfa4d elementor-section-boxed elementor-section-height-default elementor-section-height-default\" data-id=\"aebfa4d\" data-element_type=\"section\">\n\t\t\t\t\t\t<div class=\"elementor-container elementor-column-gap-default\">\n\t\t\t\t\t<div class=\"elementor-column elementor-col-100 elementor-inner-column elementor-element elementor-element-0977600\" data-id=\"0977600\" data-element_type=\"column\" data-settings=\"{&quot;background_background&quot;:&quot;classic&quot;}\">\n\t\t\t<div class=\"elementor-widget-wrap elementor-element-populated\">\n\t\t\t\t\t\t\t\t<div class=\"elementor-element elementor-element-f950022 elementor-widget elementor-widget-text-editor\" data-id=\"f950022\" data-element_type=\"widget\" data-widget_type=\"text-editor.default\">\n\t\t\t\t<div class=\"elementor-widget-container\">\n\t\t\t\t\t\t\t<p class=\"gutentor-text\" style=\"text-align: center;\"><b>CONTINGUTS<\/b><b> FORMATIUS<\/b><\/p>\t\t\t\t\t\t<\/div>\n\t\t\t\t<\/div>\n\t\t\t\t<div class=\"elementor-element elementor-element-dfabca3 elementor-widget elementor-widget-text-editor\" data-id=\"dfabca3\" data-element_type=\"widget\" data-widget_type=\"text-editor.default\">\n\t\t\t\t<div class=\"elementor-widget-container\">\n\t\t\t\t\t\t\t<p class=\"gutentor-text\" style=\"text-align: center;\"><em><span style=\"font-weight: bold;\">Qu\u00e8 aprenem, com ho aprenem?<\/span><\/em><img loading=\"lazy\" decoding=\"async\" width=\"450\" height=\"337\" class=\"wp-image-1025 aligncenter\" style=\"text-align: left;\" src=\"http:\/\/musicactiva.net\/escolademusica\/wp-content\/uploads\/2022\/09\/Captura-de-pantalla-2022-09-05-a-les-20.05.17.png\" alt=\"\" srcset=\"http:\/\/musicactiva.net\/escolademusica\/wp-content\/uploads\/2022\/09\/Captura-de-pantalla-2022-09-05-a-les-20.05.17.png 450w, http:\/\/musicactiva.net\/escolademusica\/wp-content\/uploads\/2022\/09\/Captura-de-pantalla-2022-09-05-a-les-20.05.17-300x225.png 300w\" sizes=\"auto, (max-width: 450px) 100vw, 450px\" \/><\/p>\t\t\t\t\t\t<\/div>\n\t\t\t\t<\/div>\n\t\t\t\t<div class=\"elementor-element elementor-element-76583d1 elementor-widget elementor-widget-text-editor\" data-id=\"76583d1\" data-element_type=\"widget\" data-widget_type=\"text-editor.default\">\n\t\t\t\t<div class=\"elementor-widget-container\">\n\t\t\t\t\t\t\t<p style=\"text-align: center;\"><strong><em>Una formaci\u00f3 trascendent en l&#8217;etapa de l&#8217;adolesc\u00e8ncia:\u00a0<\/em><\/strong><\/p>\t\t\t\t\t\t<\/div>\n\t\t\t\t<\/div>\n\t\t\t\t<div class=\"elementor-element elementor-element-e9e13af elementor-widget elementor-widget-text-editor\" data-id=\"e9e13af\" data-element_type=\"widget\" data-widget_type=\"text-editor.default\">\n\t\t\t\t<div class=\"elementor-widget-container\">\n\t\t\t\t\t\t\t<p style=\"text-align: center;\"><strong><em>T&#8217;imagines la teva filla o fill a l&#8217;escenari interpretant Chopin,<\/em><\/strong><\/p>\n<p style=\"text-align: center;\"><strong><em>cantant i acompanyant-se <\/em><\/strong><strong><em>una can\u00e7\u00f3 pop, improvisant jazz<\/em><\/strong><\/p>\n<p style=\"text-align: center;\"><strong><em>o composant la seva pr\u00f2pia m\u00fasica mitjan\u00e7ant \u00abdigital music\u00bb?<\/em><\/strong><\/p>\t\t\t\t\t\t<\/div>\n\t\t\t\t<\/div>\n\t\t\t\t<div class=\"elementor-element elementor-element-17df59c elementor-widget elementor-widget-text-editor\" data-id=\"17df59c\" data-element_type=\"widget\" data-widget_type=\"text-editor.default\">\n\t\t\t\t<div class=\"elementor-widget-container\">\n\t\t\t\t\t\t\t<p><strong><em>Mira quins avantatges formatius i did\u00e0ctics aporta:<\/em><\/strong><\/p>\t\t\t\t\t\t<\/div>\n\t\t\t\t<\/div>\n\t\t\t\t<div class=\"elementor-element elementor-element-e770dcd elementor-widget elementor-widget-accordion\" data-id=\"e770dcd\" data-element_type=\"widget\" data-widget_type=\"accordion.default\">\n\t\t\t\t<div class=\"elementor-widget-container\">\n\t\t\t<style>\/*! elementor - v3.7.8 - 02-10-2022 *\/\n.elementor-accordion{text-align:left}.elementor-accordion .elementor-accordion-item{border:1px solid #d4d4d4}.elementor-accordion .elementor-accordion-item+.elementor-accordion-item{border-top:none}.elementor-accordion .elementor-tab-title{margin:0;padding:15px 20px;font-weight:700;line-height:1;cursor:pointer;outline:none}.elementor-accordion .elementor-tab-title .elementor-accordion-icon{display:inline-block;width:1.5em}.elementor-accordion .elementor-tab-title .elementor-accordion-icon svg{width:1em;height:1em}.elementor-accordion .elementor-tab-title .elementor-accordion-icon.elementor-accordion-icon-right{float:right;text-align:right}.elementor-accordion .elementor-tab-title .elementor-accordion-icon.elementor-accordion-icon-left{float:left;text-align:left}.elementor-accordion .elementor-tab-title .elementor-accordion-icon .elementor-accordion-icon-closed{display:block}.elementor-accordion .elementor-tab-title .elementor-accordion-icon .elementor-accordion-icon-opened,.elementor-accordion .elementor-tab-title.elementor-active .elementor-accordion-icon-closed{display:none}.elementor-accordion .elementor-tab-title.elementor-active .elementor-accordion-icon-opened{display:block}.elementor-accordion .elementor-tab-content{display:none;padding:15px 20px;border-top:1px solid #d4d4d4}@media (max-width:767px){.elementor-accordion .elementor-tab-title{padding:12px 15px}.elementor-accordion .elementor-tab-title .elementor-accordion-icon{width:1.2em}.elementor-accordion .elementor-tab-content{padding:7px 15px}}.e-container>.elementor-widget-accordion{width:var(--container-widget-width,100%)}<\/style>\t\t<div class=\"elementor-accordion\" role=\"tablist\">\n\t\t\t\t\t\t\t<div class=\"elementor-accordion-item\">\n\t\t\t\t\t<div id=\"elementor-tab-title-2421\" class=\"elementor-tab-title\" data-tab=\"1\" role=\"tab\" aria-controls=\"elementor-tab-content-2421\" aria-expanded=\"false\">\n\t\t\t\t\t\t\t\t\t\t\t\t\t<span class=\"elementor-accordion-icon elementor-accordion-icon-left\" aria-hidden=\"true\">\n\t\t\t\t\t\t\t\t\t\t\t\t\t\t\t<span class=\"elementor-accordion-icon-closed\"><i class=\"fas fa-caret-down\"><\/i><\/span>\n\t\t\t\t\t\t\t\t<span class=\"elementor-accordion-icon-opened\"><i class=\"fas fa-caret-up\"><\/i><\/span>\n\t\t\t\t\t\t\t\t\t\t\t\t\t\t<\/span>\n\t\t\t\t\t\t\t\t\t\t\t\t<a class=\"elementor-accordion-title\" href=\"\">...una manera d\u2019aprendre radicalment diferent a la tradicional i adient als adolescents:<\/a>\n\t\t\t\t\t<\/div>\n\t\t\t\t\t<div id=\"elementor-tab-content-2421\" class=\"elementor-tab-content elementor-clearfix\" data-tab=\"1\" role=\"tabpanel\" aria-labelledby=\"elementor-tab-title-2421\"><p>Aprendre m\u00fasica improvisant, composant i interpretant m\u00fasica creada pel propi alumnat des del primer moment de l\u2019aprenentatge amb els procediments ACTIUS, CONSTRUCTIUS i CREATIUS de la nostra metodologia.\u00a0<\/p><\/div>\n\t\t\t\t<\/div>\n\t\t\t\t\t\t\t<div class=\"elementor-accordion-item\">\n\t\t\t\t\t<div id=\"elementor-tab-title-2422\" class=\"elementor-tab-title\" data-tab=\"2\" role=\"tab\" aria-controls=\"elementor-tab-content-2422\" aria-expanded=\"false\">\n\t\t\t\t\t\t\t\t\t\t\t\t\t<span class=\"elementor-accordion-icon elementor-accordion-icon-left\" aria-hidden=\"true\">\n\t\t\t\t\t\t\t\t\t\t\t\t\t\t\t<span class=\"elementor-accordion-icon-closed\"><i class=\"fas fa-caret-down\"><\/i><\/span>\n\t\t\t\t\t\t\t\t<span class=\"elementor-accordion-icon-opened\"><i class=\"fas fa-caret-up\"><\/i><\/span>\n\t\t\t\t\t\t\t\t\t\t\t\t\t\t<\/span>\n\t\t\t\t\t\t\t\t\t\t\t\t<a class=\"elementor-accordion-title\" href=\"\">...una formaci\u00f3 musical creativa i amb plenes garanties de contingut art\u00edstic:<\/a>\n\t\t\t\t\t<\/div>\n\t\t\t\t\t<div id=\"elementor-tab-content-2422\" class=\"elementor-tab-content elementor-clearfix\" data-tab=\"2\" role=\"tabpanel\" aria-labelledby=\"elementor-tab-title-2422\"><p>Els proc\u00e9s formatiu treballa en la mobilitzaci\u00f3 i el desenvolupament sistem\u00e0tic de les facultats creatives de l\u2019alumne\/a. Aix\u00f2 fa possible que TOT l&#8217;alumnat descobreixi les seves capacitats creatives i es capaciti per poder aprendre a fer m\u00fasica amb un sentit art\u00edstic personalitzat.<\/p><\/div>\n\t\t\t\t<\/div>\n\t\t\t\t\t\t\t<div class=\"elementor-accordion-item\">\n\t\t\t\t\t<div id=\"elementor-tab-title-2423\" class=\"elementor-tab-title\" data-tab=\"3\" role=\"tab\" aria-controls=\"elementor-tab-content-2423\" aria-expanded=\"false\">\n\t\t\t\t\t\t\t\t\t\t\t\t\t<span class=\"elementor-accordion-icon elementor-accordion-icon-left\" aria-hidden=\"true\">\n\t\t\t\t\t\t\t\t\t\t\t\t\t\t\t<span class=\"elementor-accordion-icon-closed\"><i class=\"fas fa-caret-down\"><\/i><\/span>\n\t\t\t\t\t\t\t\t<span class=\"elementor-accordion-icon-opened\"><i class=\"fas fa-caret-up\"><\/i><\/span>\n\t\t\t\t\t\t\t\t\t\t\t\t\t\t<\/span>\n\t\t\t\t\t\t\t\t\t\t\t\t<a class=\"elementor-accordion-title\" href=\"\">...un temps de dedicaci\u00f3 a l\u2019estudi assumible:<\/a>\n\t\t\t\t\t<\/div>\n\t\t\t\t\t<div id=\"elementor-tab-content-2423\" class=\"elementor-tab-content elementor-clearfix\" data-tab=\"3\" role=\"tabpanel\" aria-labelledby=\"elementor-tab-title-2423\"><p>Temps de dedicaci\u00f3 en hores de classe i en forma de deures totalment compatible amb els estudis escolars, amb la resta d\u2019activitats extraescolars -idiomes, esport, etc&#8230;- i amb el lleure.<\/p><\/div>\n\t\t\t\t<\/div>\n\t\t\t\t\t\t\t<div class=\"elementor-accordion-item\">\n\t\t\t\t\t<div id=\"elementor-tab-title-2424\" class=\"elementor-tab-title\" data-tab=\"4\" role=\"tab\" aria-controls=\"elementor-tab-content-2424\" aria-expanded=\"false\">\n\t\t\t\t\t\t\t\t\t\t\t\t\t<span class=\"elementor-accordion-icon elementor-accordion-icon-left\" aria-hidden=\"true\">\n\t\t\t\t\t\t\t\t\t\t\t\t\t\t\t<span class=\"elementor-accordion-icon-closed\"><i class=\"fas fa-caret-down\"><\/i><\/span>\n\t\t\t\t\t\t\t\t<span class=\"elementor-accordion-icon-opened\"><i class=\"fas fa-caret-up\"><\/i><\/span>\n\t\t\t\t\t\t\t\t\t\t\t\t\t\t<\/span>\n\t\t\t\t\t\t\t\t\t\t\t\t<a class=\"elementor-accordion-title\" href=\"\">...una formaci\u00f3 musical tutelada i amb assessorament per a mares i pares:<\/a>\n\t\t\t\t\t<\/div>\n\t\t\t\t\t<div id=\"elementor-tab-content-2424\" class=\"elementor-tab-content elementor-clearfix\" data-tab=\"4\" role=\"tabpanel\" aria-labelledby=\"elementor-tab-title-2424\"><p>Seguiment totalment personalitzat de l\u2019evoluci\u00f3 formativa de cada alumne\/a i assessorament a mares i pares directament a c\u00e0rrec dels directors pedag\u00f2gics de MusicActiva.<\/p><\/div>\n\t\t\t\t<\/div>\n\t\t\t\t\t\t\t<div class=\"elementor-accordion-item\">\n\t\t\t\t\t<div id=\"elementor-tab-title-2425\" class=\"elementor-tab-title\" data-tab=\"5\" role=\"tab\" aria-controls=\"elementor-tab-content-2425\" aria-expanded=\"false\">\n\t\t\t\t\t\t\t\t\t\t\t\t\t<span class=\"elementor-accordion-icon elementor-accordion-icon-left\" aria-hidden=\"true\">\n\t\t\t\t\t\t\t\t\t\t\t\t\t\t\t<span class=\"elementor-accordion-icon-closed\"><i class=\"fas fa-caret-down\"><\/i><\/span>\n\t\t\t\t\t\t\t\t<span class=\"elementor-accordion-icon-opened\"><i class=\"fas fa-caret-up\"><\/i><\/span>\n\t\t\t\t\t\t\t\t\t\t\t\t\t\t<\/span>\n\t\t\t\t\t\t\t\t\t\t\t\t<a class=\"elementor-accordion-title\" href=\"\">...una formaci\u00f3 musical i art\u00edstica garantida per a TOTES\u00a0 i TOTS els alumnes:<\/a>\n\t\t\t\t\t<\/div>\n\t\t\t\t\t<div id=\"elementor-tab-content-2425\" class=\"elementor-tab-content elementor-clearfix\" data-tab=\"5\" role=\"tabpanel\" aria-labelledby=\"elementor-tab-title-2425\"><p class=\"has-small-font-size\">Garantia que TOTS els joves aconseguiran una formaci\u00f3 musical \u201ccl\u00e0ssica\u201d i \u201cmoderna\u201d completa, independentment de la seva capacitat de treball inicial i del seu talent musical aparent.<\/p>\n<p><!-- \/wp:paragraph --><!-- wp:paragraph {\"fontSize\":\"small\"} --><\/p>\n<p class=\"has-small-font-size\">Repercussions formatives determinants en el desenvolupament de les capacitats personals dels joves.<\/p><\/div>\n\t\t\t\t<\/div>\n\t\t\t\t\t\t\t\t<\/div>\n\t\t\t\t<\/div>\n\t\t\t\t<\/div>\n\t\t\t\t\t<\/div>\n\t\t<\/div>\n\t\t\t\t\t\t\t<\/div>\n\t\t<\/section>\n\t\t\t\t<section class=\"elementor-section elementor-inner-section elementor-element elementor-element-e06ce77 elementor-section-boxed elementor-section-height-default elementor-section-height-default\" data-id=\"e06ce77\" data-element_type=\"section\">\n\t\t\t\t\t\t<div class=\"elementor-container elementor-column-gap-default\">\n\t\t\t\t\t<div class=\"elementor-column elementor-col-100 elementor-inner-column elementor-element elementor-element-82fd10e\" data-id=\"82fd10e\" data-element_type=\"column\" data-settings=\"{&quot;background_background&quot;:&quot;classic&quot;}\">\n\t\t\t<div class=\"elementor-widget-wrap elementor-element-populated\">\n\t\t\t\t\t\t\t\t<div class=\"elementor-element elementor-element-4de0de5 elementor-widget elementor-widget-text-editor\" data-id=\"4de0de5\" data-element_type=\"widget\" data-widget_type=\"text-editor.default\">\n\t\t\t\t<div class=\"elementor-widget-container\">\n\t\t\t\t\t\t\t<p><!-- wp:gutentor\/e1 {\"gID\":\"g09ccf8\",\"elAlign\":{\"desktop\":\"text-align-center\",\"tablet\":\"text-align-center\",\"mobile\":\"text-align-center\"},\"elColor\":{\"enable\":true,\"normal\":\"#cf2e2e\",\"hover\":\"\"},\"elTypography\":{\"desktopFontSize\":\"70px\",\"tabletFontSize\":\"42px\",\"mobileFontSize\":\"42px\",\"desktopLineHeight\":1.4,\"tabletLineHeight\":1.4,\"mobileLineHeight\":1}} --><\/p>\n<div id=\"section-g09ccf8\" class=\"wp-block-gutentor-e1 section-g09ccf8 gutentor-element gutentor-element-advanced-text text-align-center-desktop text-align-center-tablet text-align-center-mobile\"><a href=\"https:\/\/musicactiva.net\/escolademusica\/assignatures-i-materies\/\"><b>ASSIGNATURES i MAT\u00c8RIES<\/b><\/a><\/div>\n<p><!-- \/wp:paragraph --><\/p>\t\t\t\t\t\t<\/div>\n\t\t\t\t<\/div>\n\t\t\t\t<div class=\"elementor-element elementor-element-5fc2832 elementor-widget elementor-widget-text-editor\" data-id=\"5fc2832\" data-element_type=\"widget\" data-widget_type=\"text-editor.default\">\n\t\t\t\t<div class=\"elementor-widget-container\">\n\t\t\t\t\t\t\t<p style=\"text-align: center;\"><em>-continguts formatius &#8211; procediments did\u00e0ctics-<\/em><\/p>\t\t\t\t\t\t<\/div>\n\t\t\t\t<\/div>\n\t\t\t\t<div class=\"elementor-element elementor-element-7d5ee8d elementor-widget elementor-widget-text-editor\" data-id=\"7d5ee8d\" data-element_type=\"widget\" data-widget_type=\"text-editor.default\">\n\t\t\t\t<div class=\"elementor-widget-container\">\n\t\t\t\t\t\t\t<p style=\"text-align: center;\"><strong>LLENGUATGE MUSICAL<\/strong><\/p>\n<p style=\"text-align: center;\">ritme \/ m\u00e8trica \/ melodia<\/p>\n<p style=\"text-align: center;\"><strong>INSTRUMENT<\/strong><\/p>\n<p style=\"text-align: center;\">t\u00e8cnica \/ improvisaci\u00f3 \/ lectura a vista \/ repertori<\/p>\n<p style=\"text-align: center;\">&#8230;a partir del nivell 4:<strong> LECTURA A VISTA via\u00a0 PLATAFORMA i IMPROVISACI\u00d3 via PLATAFORMA<\/strong><\/p>\n<p style=\"text-align: center;\"><strong>COMBO<\/strong><\/p>\n<p style=\"text-align: center;\"><strong>-grup instrumental de m\u00fasica moderna-<\/strong><\/p>\n<p style=\"text-align: center;\">&#8230;a partir del nivell 8 d&#8217;improvisaci\u00f3 podem comen\u00e7ar a fer \u00abcombo\u00bb<\/p>\n<p style=\"text-align: center;\"><strong>HARMONIA i TALLER de COMPOSICI\u00d3\u00a0<\/strong><\/p>\n<p style=\"text-align: center;\">a partir del nivell 6 de Llenguatge musical podem comen\u00e7ar a aprendre harmonia i fer taller de composici\u00f3<\/p>\t\t\t\t\t\t<\/div>\n\t\t\t\t<\/div>\n\t\t\t\t\t<\/div>\n\t\t<\/div>\n\t\t\t\t\t\t\t<\/div>\n\t\t<\/section>\n\t\t\t\t<section class=\"elementor-section elementor-inner-section elementor-element elementor-element-785ef4d elementor-section-boxed elementor-section-height-default elementor-section-height-default\" data-id=\"785ef4d\" data-element_type=\"section\">\n\t\t\t\t\t\t<div class=\"elementor-container elementor-column-gap-default\">\n\t\t\t\t\t<div class=\"elementor-column elementor-col-50 elementor-inner-column elementor-element elementor-element-dbe7429\" data-id=\"dbe7429\" data-element_type=\"column\" data-settings=\"{&quot;background_background&quot;:&quot;classic&quot;}\">\n\t\t\t<div class=\"elementor-widget-wrap elementor-element-populated\">\n\t\t\t\t\t\t\t\t<div class=\"elementor-element elementor-element-f268eca elementor-widget elementor-widget-text-editor\" data-id=\"f268eca\" data-element_type=\"widget\" data-widget_type=\"text-editor.default\">\n\t\t\t\t<div class=\"elementor-widget-container\">\n\t\t\t\t\t\t\t<p><strong><em>-seguiment evoluci\u00f3 alumna\/e-<\/em><\/strong><\/p>\t\t\t\t\t\t<\/div>\n\t\t\t\t<\/div>\n\t\t\t\t<div class=\"elementor-element elementor-element-d3ccf3f elementor-widget elementor-widget-text-editor\" data-id=\"d3ccf3f\" data-element_type=\"widget\" data-widget_type=\"text-editor.default\">\n\t\t\t\t<div class=\"elementor-widget-container\">\n\t\t\t\t\t\t\t<p style=\"text-align: center;\"><a href=\"https:\/\/musicactiva.net\/escolademusica\/audicions-i-concerts-dalumnes\/\"><strong>AUDICIONS FI NIVELL d&#8217;INSTRUMENT\u00a0 <\/strong><strong>CONCERTS d&#8217;ALUMNES<\/strong><\/a><\/p>\t\t\t\t\t\t<\/div>\n\t\t\t\t<\/div>\n\t\t\t\t<div class=\"elementor-element elementor-element-e1c37f8 elementor-widget elementor-widget-text-editor\" data-id=\"e1c37f8\" data-element_type=\"widget\" data-widget_type=\"text-editor.default\">\n\t\t\t\t<div class=\"elementor-widget-container\">\n\t\t\t\t\t\t\t<p style=\"text-align: center;\"><strong>SEGUIMENT en forma d&#8217;ESCENIFICACI\u00d3<\/strong><\/p>\n<p style=\"text-align: center;\">1 cop a l&#8217;any pugem a l&#8217;escenari per presentar<\/p>\n<p style=\"text-align: center;\">en concert els nostres repertoris d&#8217;instrument.<\/p>\t\t\t\t\t\t<\/div>\n\t\t\t\t<\/div>\n\t\t\t\t\t<\/div>\n\t\t<\/div>\n\t\t\t\t<div class=\"elementor-column elementor-col-50 elementor-inner-column elementor-element elementor-element-93afd14\" data-id=\"93afd14\" data-element_type=\"column\" data-settings=\"{&quot;background_background&quot;:&quot;classic&quot;}\">\n\t\t\t<div class=\"elementor-widget-wrap elementor-element-populated\">\n\t\t\t\t\t\t\t\t<div class=\"elementor-element elementor-element-b7d72d8 elementor-widget elementor-widget-text-editor\" data-id=\"b7d72d8\" data-element_type=\"widget\" data-widget_type=\"text-editor.default\">\n\t\t\t\t<div class=\"elementor-widget-container\">\n\t\t\t\t\t\t\t<p><strong><em>-seguiment evoluci\u00f3 alumna\/e-<\/em><\/strong><\/p>\t\t\t\t\t\t<\/div>\n\t\t\t\t<\/div>\n\t\t\t\t<div class=\"elementor-element elementor-element-8fcb835 elementor-widget elementor-widget-text-editor\" data-id=\"8fcb835\" data-element_type=\"widget\" data-widget_type=\"text-editor.default\">\n\t\t\t\t<div class=\"elementor-widget-container\">\n\t\t\t\t\t\t\t<p style=\"text-align: center;\"><a href=\"https:\/\/musicactiva.net\/escolademusica\/seguiment-via-plataforma\/\"><b>SEGUIMENT VIA PLATAFORMA<\/b><\/a><\/p>\t\t\t\t\t\t<\/div>\n\t\t\t\t<\/div>\n\t\t\t\t<div class=\"elementor-element elementor-element-a8b4692 elementor-widget elementor-widget-text-editor\" data-id=\"a8b4692\" data-element_type=\"widget\" data-widget_type=\"text-editor.default\">\n\t\t\t\t<div class=\"elementor-widget-container\">\n\t\t\t\t\t\t\t<p style=\"text-align: center;\"><strong>\u00a0\u00abESPAI PERSONAL de L&#8217; ALUMNE\/A\u00bb amb: <\/strong><\/p>\n<p style=\"text-align: center;\">\u00abPla de treball personal\u00bb<\/p>\n<p style=\"text-align: center;\">Material d&#8217;estudi<\/p>\n<p style=\"text-align: center;\">Seguiment de l&#8217;evoluci\u00f3 formativa<\/p>\n<p style=\"text-align: center;\">informaci\u00f3 per a mares i pares<\/p>\n<p style=\"text-align: center;\">&#8230;.mares i pares podeu accedir a l&#8217;espai per veure els treballs del vostre fill\/a.\u00a0<\/p>\t\t\t\t\t\t<\/div>\n\t\t\t\t<\/div>\n\t\t\t\t\t<\/div>\n\t\t<\/div>\n\t\t\t\t\t\t\t<\/div>\n\t\t<\/section>\n\t\t\t\t<section class=\"elementor-section elementor-inner-section elementor-element elementor-element-17557a6 elementor-section-boxed elementor-section-height-default elementor-section-height-default\" data-id=\"17557a6\" data-element_type=\"section\">\n\t\t\t\t\t\t<div class=\"elementor-container elementor-column-gap-default\">\n\t\t\t\t\t<div class=\"elementor-column elementor-col-50 elementor-inner-column elementor-element elementor-element-e48556b\" data-id=\"e48556b\" data-element_type=\"column\" data-settings=\"{&quot;background_background&quot;:&quot;classic&quot;}\">\n\t\t\t<div class=\"elementor-widget-wrap elementor-element-populated\">\n\t\t\t\t\t\t\t\t<div class=\"elementor-element elementor-element-292d27b elementor-widget elementor-widget-text-editor\" data-id=\"292d27b\" data-element_type=\"widget\" data-widget_type=\"text-editor.default\">\n\t\t\t\t<div class=\"elementor-widget-container\">\n\t\t\t\t\t\t\t<p style=\"text-align: center;\"><b>PLA de TREBALL PERSONALITZAT<\/b><\/p><p style=\"text-align: center;\"><b>ATENCI\u00d3 INDIVIDUALITZADA<\/b><\/p>\t\t\t\t\t\t<\/div>\n\t\t\t\t<\/div>\n\t\t\t\t<div class=\"elementor-element elementor-element-ae69acc elementor-widget elementor-widget-text-editor\" data-id=\"ae69acc\" data-element_type=\"widget\" data-widget_type=\"text-editor.default\">\n\t\t\t\t<div class=\"elementor-widget-container\">\n\t\t\t\t\t\t\t<p style=\"text-align: center;\">Pla de treball personal per a cada alumne\/a<\/p>\n<p style=\"text-align: center;\">i atenci\u00f3 individualitzada<\/p>\n<p style=\"text-align: center;\">a c\u00e0rrec de les directores pedag\u00f2giques.<\/p>\t\t\t\t\t\t<\/div>\n\t\t\t\t<\/div>\n\t\t\t\t\t<\/div>\n\t\t<\/div>\n\t\t\t\t<div class=\"elementor-column elementor-col-50 elementor-inner-column elementor-element elementor-element-92410a2\" data-id=\"92410a2\" data-element_type=\"column\" data-settings=\"{&quot;background_background&quot;:&quot;classic&quot;}\">\n\t\t\t<div class=\"elementor-widget-wrap elementor-element-populated\">\n\t\t\t\t\t\t\t\t<div class=\"elementor-element elementor-element-bd0f170 elementor-widget elementor-widget-text-editor\" data-id=\"bd0f170\" data-element_type=\"widget\" data-widget_type=\"text-editor.default\">\n\t\t\t\t<div class=\"elementor-widget-container\">\n\t\t\t\t\t\t\t<p style=\"text-align: center;\"><strong>PROVA d&#8217;INSTRUMENT i PROVA de NIVELL<\/strong><\/p>\t\t\t\t\t\t<\/div>\n\t\t\t\t<\/div>\n\t\t\t\t<div class=\"elementor-element elementor-element-8861ed4 elementor-widget elementor-widget-text-editor\" data-id=\"8861ed4\" data-element_type=\"widget\" data-widget_type=\"text-editor.default\">\n\t\t\t\t<div class=\"elementor-widget-container\">\n\t\t\t\t\t\t\t<p style=\"text-align: center;\">A partir dels 6 anys TOT l&#8217;alumnat ha de fer sessi\u00f3 individual per triar instrument, per determinar nivell musical i perqu\u00e8 puguem con\u00e8ixer les\u00a0 caracter\u00edstiques personals de la vostra filla o fill.<\/p>\t\t\t\t\t\t<\/div>\n\t\t\t\t<\/div>\n\t\t\t\t\t<\/div>\n\t\t<\/div>\n\t\t\t\t\t\t\t<\/div>\n\t\t<\/section>\n\t\t\t\t<section class=\"elementor-section elementor-inner-section elementor-element elementor-element-ba8ca31 elementor-section-boxed elementor-section-height-default elementor-section-height-default\" data-id=\"ba8ca31\" data-element_type=\"section\">\n\t\t\t\t\t\t<div class=\"elementor-container elementor-column-gap-default\">\n\t\t\t\t\t<div class=\"elementor-column elementor-col-100 elementor-inner-column elementor-element elementor-element-a1d4a52\" data-id=\"a1d4a52\" data-element_type=\"column\" data-settings=\"{&quot;background_background&quot;:&quot;classic&quot;}\">\n\t\t\t<div class=\"elementor-widget-wrap elementor-element-populated\">\n\t\t\t\t\t\t\t\t<div class=\"elementor-element elementor-element-db80418 elementor-widget elementor-widget-text-editor\" data-id=\"db80418\" data-element_type=\"widget\" data-widget_type=\"text-editor.default\">\n\t\t\t\t<div class=\"elementor-widget-container\">\n\t\t\t\t\t\t\t<p style=\"text-align: center;\"><strong>COMUNICACI\u00d3 INFORMACI\u00d3 i ASSESORAMENT<\/strong><\/p><p style=\"text-align: center;\"><strong>per a MARES i PARES<\/strong><\/p>\t\t\t\t\t\t<\/div>\n\t\t\t\t<\/div>\n\t\t\t\t<div class=\"elementor-element elementor-element-464cfd0 elementor-widget elementor-widget-text-editor\" data-id=\"464cfd0\" data-element_type=\"widget\" data-widget_type=\"text-editor.default\">\n\t\t\t\t<div class=\"elementor-widget-container\">\n\t\t\t\t\t\t\t<p style=\"text-align: center;\"><em><strong>els directors pedag\u00f2gics de Musicactiva ens fem responsables <\/strong><\/em><\/p>\n<p style=\"text-align: center;\"><em><strong>de la formaci\u00f3 musical i art\u00edstica de la teva i del teu fill. <\/strong><\/em><\/p>\n<p style=\"text-align: center;\"><em><strong>T&#8217;ajudem i t&#8217;aconsellem en l&#8217;etapa de l&#8217;adolesc\u00e8ncia&#8230;!!!!<\/strong><\/em><\/p>\t\t\t\t\t\t<\/div>\n\t\t\t\t<\/div>\n\t\t\t\t\t<\/div>\n\t\t<\/div>\n\t\t\t\t\t\t\t<\/div>\n\t\t<\/section>\n\t\t\t\t\t<\/div>\n\t\t<\/div>\n\t\t\t\t\t\t\t<\/div>\n\t\t<\/section>\n\t\t\t\t<section class=\"elementor-section elementor-top-section elementor-element elementor-element-0a2709e elementor-section-boxed elementor-section-height-default elementor-section-height-default\" data-id=\"0a2709e\" data-element_type=\"section\">\n\t\t\t\t\t\t<div class=\"elementor-container elementor-column-gap-default\">\n\t\t\t\t\t<div class=\"elementor-column elementor-col-100 elementor-top-column elementor-element elementor-element-2977e3b\" data-id=\"2977e3b\" data-element_type=\"column\">\n\t\t\t<div class=\"elementor-widget-wrap elementor-element-populated\">\n\t\t\t\t\t\t\t\t<div class=\"elementor-element elementor-element-dd643ff elementor-widget elementor-widget-text-editor\" data-id=\"dd643ff\" data-element_type=\"widget\" data-widget_type=\"text-editor.default\">\n\t\t\t\t<div class=\"elementor-widget-container\">\n\t\t\t\t\t\t\t<p style=\"text-align: center;\"><em><span style=\"color: #993300;\"><b>INFORMA&#8217;T&#8230;!!!<\/b><\/span><\/em><\/p>\t\t\t\t\t\t<\/div>\n\t\t\t\t<\/div>\n\t\t\t\t<div class=\"elementor-element elementor-element-7e6ea91 elementor-widget elementor-widget-text-editor\" data-id=\"7e6ea91\" data-element_type=\"widget\" data-widget_type=\"text-editor.default\">\n\t\t\t\t<div class=\"elementor-widget-container\">\n\t\t\t\t\t\t\t<p style=\"text-align: center;\"><span style=\"color: #993300;\"><b>REUNIONS INFORMATIVES<\/b><\/span><\/p>\t\t\t\t\t\t<\/div>\n\t\t\t\t<\/div>\n\t\t\t\t<div class=\"elementor-element elementor-element-726585a elementor-widget elementor-widget-text-editor\" data-id=\"726585a\" data-element_type=\"widget\" data-widget_type=\"text-editor.default\">\n\t\t\t\t<div class=\"elementor-widget-container\">\n\t\t\t\t\t\t\t<p style=\"text-align: center;\"><span style=\"color: #993300;\"><b>Assisteix a les reunions informatives on descobrir\u00e0s el funcionament<\/b><\/span><\/p>\n<p style=\"text-align: center;\"><span style=\"color: #993300;\"><b>i les aportacions formatives i did\u00e0ctiques de la metodologia<\/b><\/span><\/p>\n<p style=\"text-align: center;\"><span style=\"color: #993300;\"><b>mitjan\u00e7ant la realitzaci\u00f3 d&#8217;exercicis pr\u00e0ctics.<\/b><\/span><\/p>\n<p style=\"text-align: center;\"><a href=\"https:\/\/links.bitlyesp.com\/widget\/booking\/fl1wZrGWtbzS3xXpJEbd\"><span style=\"color: #993300;\"><b>SOL\u00b7LICITA ASSIST\u00c8NCIA A LES REUNIONS OMPLINT EL <span style=\"text-decoration: underline;\">FORMULARI<\/span><\/b><\/span><\/a><\/p>\t\t\t\t\t\t<\/div>\n\t\t\t\t<\/div>\n\t\t\t\t\t<\/div>\n\t\t<\/div>\n\t\t\t\t\t\t\t<\/div>\n\t\t<\/section>\n\t\t\t\t\t\t\t<\/div>\n\t\t","protected":false},"excerpt":{"rendered":"<p>\u00abTEENS\u00bb -La formaci\u00f3 musical i art\u00edstica dels 12 als 16-18 anys- Proposa als teus fills i filles adolescents una manera d&#8217;aprendre m\u00fasica radicalment creativa i totalment adient&nbsp;a la seva edat&#8230;!!!! 1 classe de LLENGUATGE MUSICAL d&#8217;1 hora cada setmana -col\u00b7lectiva- \u00a01 classe d&#8217;INSTRUMENT de 30 minuts cada setmana -individual- Nivells 1-2-3-4: 1 LLIBRE de LLENGUATGE&hellip;<\/p>\n","protected":false},"author":1,"featured_media":0,"parent":0,"menu_order":0,"comment_status":"closed","ping_status":"closed","template":"","meta":{"footnotes":""},"class_list":["post-383","page","type-page","status-publish","hentry"],"_links":{"self":[{"href":"http:\/\/musicactiva.net\/escolademusica\/wp-json\/wp\/v2\/pages\/383","targetHints":{"allow":["GET"]}}],"collection":[{"href":"http:\/\/musicactiva.net\/escolademusica\/wp-json\/wp\/v2\/pages"}],"about":[{"href":"http:\/\/musicactiva.net\/escolademusica\/wp-json\/wp\/v2\/types\/page"}],"author":[{"embeddable":true,"href":"http:\/\/musicactiva.net\/escolademusica\/wp-json\/wp\/v2\/users\/1"}],"replies":[{"embeddable":true,"href":"http:\/\/musicactiva.net\/escolademusica\/wp-json\/wp\/v2\/comments?post=383"}],"version-history":[{"count":163,"href":"http:\/\/musicactiva.net\/escolademusica\/wp-json\/wp\/v2\/pages\/383\/revisions"}],"predecessor-version":[{"id":5160,"href":"http:\/\/musicactiva.net\/escolademusica\/wp-json\/wp\/v2\/pages\/383\/revisions\/5160"}],"wp:attachment":[{"href":"http:\/\/musicactiva.net\/escolademusica\/wp-json\/wp\/v2\/media?parent=383"}],"curies":[{"name":"wp","href":"https:\/\/api.w.org\/{rel}","templated":true}]}}