{"id":385,"date":"2022-05-20T17:35:10","date_gmt":"2022-05-20T17:35:10","guid":{"rendered":"http:\/\/musicactiva.net\/escolademusica\/?page_id=385"},"modified":"2025-06-12T10:37:54","modified_gmt":"2025-06-12T10:37:54","slug":"adults-a-partir-dels-18-anys","status":"publish","type":"page","link":"http:\/\/musicactiva.net\/escolademusica\/adults-a-partir-dels-18-anys\/","title":{"rendered":"ADULTS      -a partir dels 18 anys-"},"content":{"rendered":"\t\t<div data-elementor-type=\"wp-page\" data-elementor-id=\"385\" class=\"elementor elementor-385\">\n\t\t\t\t\t\t\t\t\t<section class=\"elementor-section elementor-top-section elementor-element elementor-element-a075dcd elementor-section-boxed elementor-section-height-default elementor-section-height-default\" data-id=\"a075dcd\" data-element_type=\"section\">\n\t\t\t\t\t\t<div class=\"elementor-container elementor-column-gap-default\">\n\t\t\t\t\t<div class=\"elementor-column elementor-col-100 elementor-top-column elementor-element elementor-element-4d17bbc\" data-id=\"4d17bbc\" data-element_type=\"column\">\n\t\t\t<div class=\"elementor-widget-wrap elementor-element-populated\">\n\t\t\t\t\t\t\t\t<div class=\"elementor-element elementor-element-9289eaf elementor-widget elementor-widget-text-editor\" data-id=\"9289eaf\" data-element_type=\"widget\" data-widget_type=\"text-editor.default\">\n\t\t\t\t<div class=\"elementor-widget-container\">\n\t\t\t<style>\/*! elementor - v3.7.8 - 02-10-2022 *\/\n.elementor-widget-text-editor.elementor-drop-cap-view-stacked .elementor-drop-cap{background-color:#818a91;color:#fff}.elementor-widget-text-editor.elementor-drop-cap-view-framed .elementor-drop-cap{color:#818a91;border:3px solid;background-color:transparent}.elementor-widget-text-editor:not(.elementor-drop-cap-view-default) .elementor-drop-cap{margin-top:8px}.elementor-widget-text-editor:not(.elementor-drop-cap-view-default) .elementor-drop-cap-letter{width:1em;height:1em}.elementor-widget-text-editor .elementor-drop-cap{float:left;text-align:center;line-height:1;font-size:50px}.elementor-widget-text-editor .elementor-drop-cap-letter{display:inline-block}<\/style>\t\t\t\t<p class=\"gutentor-text\"><strong>\u00abADULTS\u00bb<\/strong><\/p>\t\t\t\t\t\t<\/div>\n\t\t\t\t<\/div>\n\t\t\t\t<div class=\"elementor-element elementor-element-a5d5593 elementor-widget elementor-widget-text-editor\" data-id=\"a5d5593\" data-element_type=\"widget\" data-widget_type=\"text-editor.default\">\n\t\t\t\t<div class=\"elementor-widget-container\">\n\t\t\t\t\t\t\t<p class=\"gutentor-text\"><b>Es pot aprendre m\u00fasica quan ets adult&#8230;?<\/b><\/p>\t\t\t\t\t\t<\/div>\n\t\t\t\t<\/div>\n\t\t\t\t<div class=\"elementor-element elementor-element-c9b2913 elementor-widget elementor-widget-text-editor\" data-id=\"c9b2913\" data-element_type=\"widget\" data-widget_type=\"text-editor.default\">\n\t\t\t\t<div class=\"elementor-widget-container\">\n\t\t\t\t\t\t\t<p class=\"gutentor-text\" style=\"text-align: left; padding-left: 40px;\"><span style=\"color: #ba4128;\"> \u00a0 \u00a0A MusicActiva hem desenvolupat la METODOLOGIA<\/span><\/p>\n<p class=\"gutentor-text\" style=\"text-align: left;\"><span style=\"color: #ba4128;\">\u00a0 \u00a0 \u00a0 \u00a0 \u00a0 \u00a0 \u00a0que et permetr\u00e0 aprendre a fer m\u00fasica \u00abCL\u00c0SSICA\u00bb i \u00abMODERNA\u00bb<\/span><\/p>\n<p class=\"gutentor-text\"><span style=\"color: #ba4128;\">\u00a0 \u00a0 \u00a0 \u00a0 \u00a0 \u00a0 \u00a0encara que siguis ADULT i encara que NO tinguis cap formaci\u00f3 musical.<\/span><\/p>\t\t\t\t\t\t<\/div>\n\t\t\t\t<\/div>\n\t\t\t\t<div class=\"elementor-element elementor-element-7434004 elementor-widget elementor-widget-text-editor\" data-id=\"7434004\" data-element_type=\"widget\" data-widget_type=\"text-editor.default\">\n\t\t\t\t<div class=\"elementor-widget-container\">\n\t\t\t\t\t\t\t<p class=\"gutentor-text\"><span style=\"color: #000000;\">La pr\u00e0ctica i l&#8217;aprenentatge de la m\u00fasica demana de la mobilitzaci\u00f3 i de la utilitzaci\u00f3 d&#8217;una s\u00e8rie de mecanismes interns que han de funcionar de manera intu\u00eftiva. Quan comences a aprendre m\u00fasica de petita o de petit, aquests mecanismes tenen tend\u00e8ncia a posar-se en marxa de manera intu\u00eftiva i espont\u00e0nia. Quan comences a aprendre o a fer m\u00fasica a partir de certa edat i en funci\u00f3 de les teves caracter\u00edstiques personals, l&#8217;activitat conscient tendeix a bloquejar el lliure funcionament dels mecanismes intu\u00eftius, i el que passa normalment \u00e9s que o b\u00e9 no es mobilitzen, o b\u00e9 ho fan amb moltes dificultats i de manera molt poc efectiva. A MusicActiva hem treballat durant m\u00e9s de 25 anys investigant el funcionament dels mecanismes que determinen l&#8217;aprenentatge i la capacitat d&#8217;aprenentatge de l&#8217;alumnat i hem desenvolupat una metodologia <strong>-M\u00e8tode Creatiu per l&#8217;Aprenentatge Musical-<\/strong> que ens permet treballar de manera t\u00e8cnica i de manera efectiva en la mobilitzaci\u00f3 de les \u00aboperacions corporals, mentals i sensorials\u00bb que segons les nostres formulacions determinen la capacitat de fer, la capacitat de construir, la capacitat de construir amb contingut art\u00edstic -aix\u00f2 \u00e9s el que anomenem \u00abcrear\u00bb- i si es treballa amb els procediments adients, determinen tamb\u00e9 la capacitat d&#8217;aprendre. La nostra experi\u00e8ncia amb alumnat adult \u00e9s extremadament satisfact\u00f2ria, ja que aconseguim en tots els casos uns resultats formatius molt bons i incl\u00fas sorprenents que molt dif\u00edcilment podr\u00e0s aconseguir amb els procediments \u00abinterpretatius\u00bb amb que es segueix impartint actualment la formaci\u00f3 musical als conservatoris i a les escoles de m\u00fasica \u00abcl\u00e0ssica\u00bb i de m\u00fasica \u00abmoderna\u00bb.<\/span><\/p>\n<p class=\"gutentor-text\"><span style=\"color: #000000;\">Impartir classes a adults \u00e9s un doble plaer, ja que es confirma que si es treballa amb els procediments pedag\u00f2gics adients, es pot aprendre a fer m\u00fasica a qualsevol edat i comprovem que igual que la m\u00fasica, es pot aprendre tamb\u00e9 qualsevol altre cosa. A m\u00e9s a m\u00e9s, les classes col\u00b7lectives s\u00f3n un excel.lent moment per compartir les intenses viv\u00e8ncies que comporta l&#8217;aprenentatge, el bon humor i la il\u00b7lusi\u00f3 que ens aporta un aprenentatge que va m\u00e9s enll\u00e0 de l&#8217;\u00e0mbit exclussivament musical i \u00e9s especialment satisfactori a nivell personal.<\/span><\/p>\t\t\t\t\t\t<\/div>\n\t\t\t\t<\/div>\n\t\t\t\t\t<\/div>\n\t\t<\/div>\n\t\t\t\t\t\t\t<\/div>\n\t\t<\/section>\n\t\t\t\t<section class=\"elementor-section elementor-top-section elementor-element elementor-element-7c6917a elementor-section-boxed elementor-section-height-default elementor-section-height-default\" data-id=\"7c6917a\" data-element_type=\"section\" data-settings=\"{&quot;background_background&quot;:&quot;classic&quot;}\">\n\t\t\t\t\t\t<div class=\"elementor-container elementor-column-gap-default\">\n\t\t\t\t\t<div class=\"elementor-column elementor-col-100 elementor-top-column elementor-element elementor-element-11e572c\" data-id=\"11e572c\" data-element_type=\"column\">\n\t\t\t<div class=\"elementor-widget-wrap elementor-element-populated\">\n\t\t\t\t\t\t\t\t<section class=\"elementor-section elementor-inner-section elementor-element elementor-element-7910342 elementor-section-boxed elementor-section-height-default elementor-section-height-default\" data-id=\"7910342\" data-element_type=\"section\">\n\t\t\t\t\t\t<div class=\"elementor-container elementor-column-gap-default\">\n\t\t\t\t\t<div class=\"elementor-column elementor-col-100 elementor-inner-column elementor-element elementor-element-824933d\" data-id=\"824933d\" data-element_type=\"column\" data-settings=\"{&quot;background_background&quot;:&quot;classic&quot;}\">\n\t\t\t<div class=\"elementor-widget-wrap elementor-element-populated\">\n\t\t\t\t\t\t\t\t<div class=\"elementor-element elementor-element-9c3f66c elementor-widget elementor-widget-text-editor\" data-id=\"9c3f66c\" data-element_type=\"widget\" data-widget_type=\"text-editor.default\">\n\t\t\t\t<div class=\"elementor-widget-container\">\n\t\t\t\t\t\t\t<p class=\"gutentor-text\" style=\"text-align: center;\"><b>CONTINGUTS<\/b><b> FORMATIUS<\/b><\/p>\t\t\t\t\t\t<\/div>\n\t\t\t\t<\/div>\n\t\t\t\t<div class=\"elementor-element elementor-element-7541ead elementor-widget elementor-widget-text-editor\" data-id=\"7541ead\" data-element_type=\"widget\" data-widget_type=\"text-editor.default\">\n\t\t\t\t<div class=\"elementor-widget-container\">\n\t\t\t\t\t\t\t<p class=\"gutentor-text\" style=\"text-align: center;\"><em><b>Qu\u00e8 aprenem, com ho aprenem?<\/b><\/em><\/p>\t\t\t\t\t\t<\/div>\n\t\t\t\t<\/div>\n\t\t\t\t<div class=\"elementor-element elementor-element-9167ae0 elementor-widget elementor-widget-text-editor\" data-id=\"9167ae0\" data-element_type=\"widget\" data-widget_type=\"text-editor.default\">\n\t\t\t\t<div class=\"elementor-widget-container\">\n\t\t\t\t\t\t\t<p><!-- wp:gutentor\/e1 {\"gID\":\"g09ccf8\",\"elAlign\":{\"desktop\":\"text-align-center\",\"tablet\":\"text-align-center\",\"mobile\":\"text-align-center\"},\"elColor\":{\"enable\":true,\"normal\":\"#cf2e2e\",\"hover\":\"\"},\"elTypography\":{\"desktopFontSize\":\"70px\",\"tabletFontSize\":\"42px\",\"mobileFontSize\":\"42px\",\"desktopLineHeight\":1.4,\"tabletLineHeight\":1.4,\"mobileLineHeight\":1}} --><\/p>\n<div id=\"section-g09ccf8\" class=\"wp-block-gutentor-e1 section-g09ccf8 gutentor-element gutentor-element-advanced-text text-align-center-desktop text-align-center-tablet text-align-center-mobile\">\n<div class=\"gutentor-text-wrap\" style=\"text-align: left;\"><em><strong>\u00a0 \u00a0Mira quina formaci\u00f3 aconseguir\u00e0s:\u00a0<\/strong><\/em><\/div>\n<\/div>\n<p><!-- \/wp:paragraph --><\/p>\t\t\t\t\t\t<\/div>\n\t\t\t\t<\/div>\n\t\t\t\t\t<\/div>\n\t\t<\/div>\n\t\t\t\t\t\t\t<\/div>\n\t\t<\/section>\n\t\t\t\t<section class=\"elementor-section elementor-inner-section elementor-element elementor-element-96b4511 elementor-section-boxed elementor-section-height-default elementor-section-height-default\" data-id=\"96b4511\" data-element_type=\"section\" data-settings=\"{&quot;background_background&quot;:&quot;classic&quot;}\">\n\t\t\t\t\t\t<div class=\"elementor-container elementor-column-gap-default\">\n\t\t\t\t\t<div class=\"elementor-column elementor-col-100 elementor-inner-column elementor-element elementor-element-e3534c6\" data-id=\"e3534c6\" data-element_type=\"column\">\n\t\t\t<div class=\"elementor-widget-wrap elementor-element-populated\">\n\t\t\t\t\t\t\t\t<div class=\"elementor-element elementor-element-1aceca2 elementor-widget elementor-widget-text-editor\" data-id=\"1aceca2\" data-element_type=\"widget\" data-widget_type=\"text-editor.default\">\n\t\t\t\t<div class=\"elementor-widget-container\">\n\t\t\t\t\t\t\t<ul>\n<li class=\"gutentor-text\"><span style=\"color: #000000;\"><b>Tocar d&#8217;amunt de l&#8217;escenari:<\/b> el nostra alumnat adult \u00e9s capa\u00e7 de pujar a l&#8217;escenari i tocar davant de p\u00fablic i en situaci\u00f3 de concert el seu repertori, tocant totes les peces de mem\u00f2ria, sense errors formals i aconseguint donar en tots els casos un contingut art\u00edstic personalitzat a les seves interpretacions.\u00a0<\/span><\/li>\n<li class=\"gutentor-text\"><span style=\"color: #000000;\"><b>Interpretar repertori \u00abcl\u00e0ssic\u00bb i \u00abmodern\u00bb, tocat de mem\u00f2ria sense errors i amb plenes garanties de \u00abcontingut\u00bb art\u00edstic:\u00a0<\/b>el nostre alumnat adult apr\u00e8n a interpretar un repertori format per v\u00e0ries peces sel\u00b7leccionades entre les m\u00e9s significatives de la m\u00fasica \u00abcl\u00e0ssica\u00bb i de la m\u00fasica \u00abmoderna\u00bb, peces\u00a0que sap tocar de mem\u00f2ria, que apr\u00e8n a tocar sense errors formals i que apr\u00e8n a interpretar donant-los el \u00absentit personalitzat\u00bb que d\u00f3na\u00a0 \u00abcontingut art\u00edstic\u00bb a la m\u00fasica i els permet iniciar la construcci\u00f3 de la seva pr\u00f2pia \u00abversi\u00f3\u00bb de les peces.<\/span><\/li>\n<li class=\"gutentor-text\"><span style=\"color: #000000;\"><b>Improvisar amb l&#8217;instrument en tots els estils de la m\u00fasica \u00abmoderna\u00bb: <\/b>el nostre alumnat adult apr\u00e8n a improvisar amb l&#8217;instrument, cantant i acompanyant can\u00e7ons de m\u00fasica pop i improvisant sobre blues i standard de jazz.<\/span><\/li>\n<li class=\"gutentor-text\"><span style=\"color: #000000;\"><b>Construir un llenguatge musical personalitzat:<\/b>\u00a0el nostre alumnat adult construeix un \u00abllenguatge musical\u00bb totalment personalitzat que el capacita per aprendre a fer m\u00fasica en qualsevol estil de la m\u00fasica \u00abmoderna\u00bb i de la m\u00fasica \u00abcl\u00e0ssica\u00bb.<\/span><\/li>\n<li class=\"gutentor-text\"><span style=\"color: #000000;\"><b>Desenvolupament del \u00abTALENT\u00bb musical -educaci\u00f3 de l&#8217;o\u00efda \/ sentit del ritme i motricitat-:<\/b> el nostre alumnat posa en marxa el proc\u00e9s de \u00abcapacitaci\u00f3 creativa\u00bb que determina el TALENT musical i art\u00edstic, que el capacita per manipular els instruments, donar forma al so musical i fer m\u00fasica amb contingut art\u00edstic. En tots els casos aconseguir\u00e0s assolir<\/span><span style=\"color: #000000;\">\u00a0les dues condicions que tradicionalment es consideren imprescindibles per poder aprendre m\u00fasica\u00a0 i que s\u00f3n desenvolupar el \u00ab<\/span><span style=\"color: #000000;\">sentit del ritme\u00bb i aconseguir tenir \u00abbona o\u00efda\u00bb.<\/span><\/li>\n<li class=\"gutentor-text\"><span style=\"color: #000000;\"><b>Llegir i escriure m\u00fasica i aprendre teoria de la m\u00fasica: <\/b>el nostre alumnat adult apr\u00e8n a llegir i escriure m\u00fasica, aprenent tota la teoria de la m\u00fasica i assolint un coneixement molt complert del funcionament del sistema musical tradicional.<\/span><\/li>\n<li><span style=\"color: #000000;\"><b>Harmonia. composici\u00f3 i \u00abdigital music\u00bb:<\/b>\u00a0el nostre alumnat adult apr\u00e8n harmonia i utilitza l&#8217;harmonia per composar les seves pr\u00f2pies can\u00e7ons a trav\u00e9s d&#8217;un proc\u00e9s que mobilitza la creativitat necess\u00e0ria per aprendre a composar i l&#8217;introdueix en els arranjaments, l&#8217;enregistrament, la seq\u00fcenciaci\u00f3 i la producci\u00f3 musical utilitzant mitjans digitals -digital music-.<\/span><\/li>\n<li><span style=\"color: #000000;\"><b>Apr\u00e8n m\u00fasica amb un temps de dedicaci\u00f3 totalment assequible: <\/b>apr\u00e8n m\u00fasica amb un temps de dedicaci\u00f3 a l&#8217;estudi que es redueix pr\u00e0cticament a l&#8217;assist\u00e8ncia a classe i proposa uns \u00abdeures\u00bb molt redu\u00efts i totalment compatibles amb la teva feina i la teva vida personal.<\/span><\/li>\n<li><span style=\"color: #000000;\"><b>Apr\u00e8n a fer m\u00fasica d&#8217;una manera apassionant: <\/b>descobreix les teves capacitats musicals i art\u00edstiques i gaudeix d&#8217;una manera d&#8217;aprendre molt enriquidora a nivell personal i molt atractiva.<\/span><\/li>\n<li><span style=\"color: #000000;\"><b>D\u00f3na&#8217;t la possibilitat REAL d&#8217;aprendre a fer m\u00fasica d&#8217;adult: <\/b>gr\u00e0cies als procediments del \u00abM\u00e8tode Creatiu per a l&#8217;Aprenentatge Musical\u00bb podr\u00e0s mobilitzar les funcions intu\u00eftives necess\u00e0ries per a la pr\u00e0ctica de la m\u00fasica i podr\u00e0s aconseguir una formaci\u00f3 musical que un adult molt dif\u00edcilment pot aconseguir mitjan\u00e7ant els procediments \u00abinterpretatius\u00bb tradicionals amb els que es segueix impartint la formaci\u00f3 a les escoles de m\u00fasica \u00abcl\u00e0ssica\u00bb i de m\u00fasica \u00abmoderna\u00bb<\/span><\/li>\n<\/ul>\t\t\t\t\t\t<\/div>\n\t\t\t\t<\/div>\n\t\t\t\t<div class=\"elementor-element elementor-element-a0f29fb elementor-widget elementor-widget-text-editor\" data-id=\"a0f29fb\" data-element_type=\"widget\" data-widget_type=\"text-editor.default\">\n\t\t\t\t<div class=\"elementor-widget-container\">\n\t\t\t\t\t\t\t<p><!-- wp:gutentor\/e1 {\"gID\":\"g09ccf8\",\"elAlign\":{\"desktop\":\"text-align-center\",\"tablet\":\"text-align-center\",\"mobile\":\"text-align-center\"},\"elColor\":{\"enable\":true,\"normal\":\"#cf2e2e\",\"hover\":\"\"},\"elTypography\":{\"desktopFontSize\":\"70px\",\"tabletFontSize\":\"42px\",\"mobileFontSize\":\"42px\",\"desktopLineHeight\":1.4,\"tabletLineHeight\":1.4,\"mobileLineHeight\":1}} --><\/p>\n<div id=\"section-g09ccf8\" class=\"wp-block-gutentor-e1 section-g09ccf8 gutentor-element gutentor-element-advanced-text text-align-center-desktop text-align-center-tablet text-align-center-mobile\">\n<div class=\"gutentor-text-wrap\" style=\"text-align: left;\"><em><strong>\u00a0 \u00a0 \u00a0 \u00a0 \u00a0 \u00a0&#8230;si vols APRENDRE a fer m\u00fasica d&#8217;ADULT,<\/strong><\/em><\/div>\n<div class=\"gutentor-text-wrap\" style=\"text-align: left;\"><em><strong>\u00a0 \u00a0 \u00a0 \u00a0 \u00a0 \u00a0 \u00a0 \u00a0 \u00a0 NO PERDIS el TEMPS&#8230;!!!!!!<\/strong><\/em><\/div>\n<div class=\"gutentor-text-wrap\" style=\"text-align: left;\"><em><strong>\u00a0 \u00a0 \u00a0 \u00a0 \u00a0 \u00a0 \u00a0 \u00a0 \u00a0 Vine a MUSICACTIVA i apr\u00e8n a utilitzar<\/strong><\/em><\/div>\n<div class=\"gutentor-text-wrap\" style=\"text-align: left;\"><em style=\"background-color: var( --e-global-color-3176efd );\"><strong>\u00a0 \u00a0 \u00a0 \u00a0 \u00a0 \u00a0 \u00a0 \u00a0 \u00a0 \u00a0 \u00a0 \u00a0 \u00a0els procediments del \u00abM\u00e8tode Creatiu\u00bb.<\/strong><\/em><\/div>\n<\/div>\n<p><!-- \/wp:paragraph --><\/p>\t\t\t\t\t\t<\/div>\n\t\t\t\t<\/div>\n\t\t\t\t\t<\/div>\n\t\t<\/div>\n\t\t\t\t\t\t\t<\/div>\n\t\t<\/section>\n\t\t\t\t<section class=\"elementor-section elementor-inner-section elementor-element elementor-element-7e43238 elementor-section-boxed elementor-section-height-default elementor-section-height-default\" data-id=\"7e43238\" data-element_type=\"section\">\n\t\t\t\t\t\t<div class=\"elementor-container elementor-column-gap-default\">\n\t\t\t\t\t<div class=\"elementor-column elementor-col-100 elementor-inner-column elementor-element elementor-element-f2851ff\" data-id=\"f2851ff\" data-element_type=\"column\" data-settings=\"{&quot;background_background&quot;:&quot;classic&quot;}\">\n\t\t\t<div class=\"elementor-widget-wrap elementor-element-populated\">\n\t\t\t\t\t\t\t\t<div class=\"elementor-element elementor-element-64cadf6 elementor-widget elementor-widget-text-editor\" data-id=\"64cadf6\" data-element_type=\"widget\" data-widget_type=\"text-editor.default\">\n\t\t\t\t<div class=\"elementor-widget-container\">\n\t\t\t\t\t\t\t<p><!-- wp:gutentor\/e1 {\"gID\":\"g09ccf8\",\"elAlign\":{\"desktop\":\"text-align-center\",\"tablet\":\"text-align-center\",\"mobile\":\"text-align-center\"},\"elColor\":{\"enable\":true,\"normal\":\"#cf2e2e\",\"hover\":\"\"},\"elTypography\":{\"desktopFontSize\":\"70px\",\"tabletFontSize\":\"42px\",\"mobileFontSize\":\"42px\",\"desktopLineHeight\":1.4,\"tabletLineHeight\":1.4,\"mobileLineHeight\":1}} --><\/p>\n<div id=\"section-g09ccf8\" class=\"wp-block-gutentor-e1 section-g09ccf8 gutentor-element gutentor-element-advanced-text text-align-center-desktop text-align-center-tablet text-align-center-mobile\"><a href=\"https:\/\/musicactiva.net\/escolademusica\/assignatures-i-materies\/\"><b>ASSIGNATURES i MAT\u00c8RIES<\/b><\/a><\/div>\n<p><!-- \/wp:paragraph --><\/p>\t\t\t\t\t\t<\/div>\n\t\t\t\t<\/div>\n\t\t\t\t<div class=\"elementor-element elementor-element-af56df8 elementor-widget elementor-widget-text-editor\" data-id=\"af56df8\" data-element_type=\"widget\" data-widget_type=\"text-editor.default\">\n\t\t\t\t<div class=\"elementor-widget-container\">\n\t\t\t\t\t\t\t<p style=\"text-align: center;\"><em>-continguts formatius &#8211; procediments did\u00e0ctics-<\/em><\/p>\t\t\t\t\t\t<\/div>\n\t\t\t\t<\/div>\n\t\t\t\t<div class=\"elementor-element elementor-element-d82a0a2 elementor-widget elementor-widget-text-editor\" data-id=\"d82a0a2\" data-element_type=\"widget\" data-widget_type=\"text-editor.default\">\n\t\t\t\t<div class=\"elementor-widget-container\">\n\t\t\t\t\t\t\t<p style=\"text-align: center;\"><strong>LLENGUATGE MUSICAL<\/strong><\/p>\n<p style=\"text-align: center;\">ritme \/ m\u00e8trica \/ melodia<\/p>\n<p style=\"text-align: center;\"><strong>INSTRUMENT<\/strong><\/p>\n<p style=\"text-align: center;\">t\u00e8cnica \/ improvisaci\u00f3 \/ lectura a vista \/ repertori<\/p>\n<p style=\"text-align: center;\">&#8230;a partir del nivell 4:<strong> LECTURA A VISTA via\u00a0 PLATAFORMA i IMPROVISACI\u00d3 via PLATAFORMA<\/strong><\/p>\n<p style=\"text-align: center;\"><strong>COMBO<\/strong><\/p>\n<p style=\"text-align: center;\"><strong>-grup instrumental de m\u00fasica moderna-<\/strong><\/p>\n<p style=\"text-align: center;\">&#8230;a partir del nivell 8 d&#8217;improvisaci\u00f3 podem comen\u00e7ar a fer \u00abcombo\u00bb<\/p>\n<p style=\"text-align: center;\"><strong>HARMONIA i TALLER de COMPOSICI\u00d3\u00a0<\/strong><\/p>\n<p style=\"text-align: center;\">a partir del nivell 6 de Llenguatge musical podem comen\u00e7ar a aprendre harmonia i fer taller de composici\u00f3<\/p>\t\t\t\t\t\t<\/div>\n\t\t\t\t<\/div>\n\t\t\t\t\t<\/div>\n\t\t<\/div>\n\t\t\t\t\t\t\t<\/div>\n\t\t<\/section>\n\t\t\t\t<section class=\"elementor-section elementor-inner-section elementor-element elementor-element-ee75823 elementor-section-boxed elementor-section-height-default elementor-section-height-default\" data-id=\"ee75823\" data-element_type=\"section\">\n\t\t\t\t\t\t<div class=\"elementor-container elementor-column-gap-default\">\n\t\t\t\t\t<div class=\"elementor-column elementor-col-50 elementor-inner-column elementor-element elementor-element-875f643\" data-id=\"875f643\" data-element_type=\"column\" data-settings=\"{&quot;background_background&quot;:&quot;classic&quot;}\">\n\t\t\t<div class=\"elementor-widget-wrap elementor-element-populated\">\n\t\t\t\t\t\t\t\t<div class=\"elementor-element elementor-element-8121edd elementor-widget elementor-widget-text-editor\" data-id=\"8121edd\" data-element_type=\"widget\" data-widget_type=\"text-editor.default\">\n\t\t\t\t<div class=\"elementor-widget-container\">\n\t\t\t\t\t\t\t<p><strong><em>-seguiment evoluci\u00f3 alumna\/e-<\/em><\/strong><\/p>\t\t\t\t\t\t<\/div>\n\t\t\t\t<\/div>\n\t\t\t\t<div class=\"elementor-element elementor-element-17e3962 elementor-widget elementor-widget-text-editor\" data-id=\"17e3962\" data-element_type=\"widget\" data-widget_type=\"text-editor.default\">\n\t\t\t\t<div class=\"elementor-widget-container\">\n\t\t\t\t\t\t\t<p style=\"text-align: center;\"><a href=\"https:\/\/musicactiva.net\/escolademusica\/audicions-i-concerts-dalumnes\/\" style=\"background-color: rgb(218, 223, 216);\"><strong>SEGUIMENT VIA<\/strong><\/a><br><\/p>\n<p style=\"text-align: center;\"><a href=\"https:\/\/musicactiva.net\/escolademusica\/audicions-i-concerts-dalumnes\/\"><strong>CONCERTS i AUDICIONS<\/strong><\/a><\/p>\t\t\t\t\t\t<\/div>\n\t\t\t\t<\/div>\n\t\t\t\t<div class=\"elementor-element elementor-element-9b12841 elementor-widget elementor-widget-text-editor\" data-id=\"9b12841\" data-element_type=\"widget\" data-widget_type=\"text-editor.default\">\n\t\t\t\t<div class=\"elementor-widget-container\">\n\t\t\t\t\t\t\t<p style=\"text-align: center;\"><strong>SEGUIMENT en forma d&#8217;ESCENIFICACI\u00d3<\/strong><\/p>\n<p style=\"text-align: center;\">A MusicActiva aprendr\u00e0s a pujar a l&#8217;escenari i a tocar els teus repertoris d&#8217;instrument davant de p\u00fablic.<\/p><p style=\"text-align: center;\">D&#8217;aquesta manera treballaras \u00abl&#8217;experi\u00e8ncia esc\u00e8nica\u00bb que \u00e9s imprescindible per aprendre a fer m\u00fasica amb \u00abcontingut artistic\u00bb.<\/p>\n<p style=\"text-align: center;\">TOTS els adults ho aconsegueixen&#8230;!!!!!<\/p>\t\t\t\t\t\t<\/div>\n\t\t\t\t<\/div>\n\t\t\t\t\t<\/div>\n\t\t<\/div>\n\t\t\t\t<div class=\"elementor-column elementor-col-50 elementor-inner-column elementor-element elementor-element-0e8bf50\" data-id=\"0e8bf50\" data-element_type=\"column\" data-settings=\"{&quot;background_background&quot;:&quot;classic&quot;}\">\n\t\t\t<div class=\"elementor-widget-wrap elementor-element-populated\">\n\t\t\t\t\t\t\t\t<div class=\"elementor-element elementor-element-d7b2a48 elementor-widget elementor-widget-text-editor\" data-id=\"d7b2a48\" data-element_type=\"widget\" data-widget_type=\"text-editor.default\">\n\t\t\t\t<div class=\"elementor-widget-container\">\n\t\t\t\t\t\t\t<p><strong><em>-seguiment evoluci\u00f3 alumna\/e-<\/em><\/strong><\/p>\t\t\t\t\t\t<\/div>\n\t\t\t\t<\/div>\n\t\t\t\t<div class=\"elementor-element elementor-element-24821df elementor-widget elementor-widget-text-editor\" data-id=\"24821df\" data-element_type=\"widget\" data-widget_type=\"text-editor.default\">\n\t\t\t\t<div class=\"elementor-widget-container\">\n\t\t\t\t\t\t\t<p style=\"text-align: center;\"><a href=\"https:\/\/musicactiva.net\/escolademusica\/seguiment-via-plataforma\/\"><b>SEGUIMENT<\/b><\/a><\/p>\n<p style=\"text-align: center;\"><a href=\"https:\/\/musicactiva.net\/escolademusica\/seguiment-via-plataforma\/\"><b>VIA PLATAFORMA<\/b><\/a><\/p>\t\t\t\t\t\t<\/div>\n\t\t\t\t<\/div>\n\t\t\t\t<div class=\"elementor-element elementor-element-54cb874 elementor-widget elementor-widget-text-editor\" data-id=\"54cb874\" data-element_type=\"widget\" data-widget_type=\"text-editor.default\">\n\t\t\t\t<div class=\"elementor-widget-container\">\n\t\t\t\t\t\t\t<p style=\"text-align: center;\"><strong>\u00a0\u00abESPAI PERSONAL de L&#8217; ALUMNE\/A\u00bb<\/strong><\/p>\n<p style=\"text-align: center;\">A MusicActiva tindr\u00e0s un espai personal dins\u00a0 la Plataforma MusicActiva al qual podr\u00e0s accedir per disposar de TOTA la INFORMACI\u00d3 i de TOTS els MATERIALS DID\u00c0CTICS que necessites per poder aprendre:<\/p>\n<ul>\n<li style=\"text-align: left;\">\u00abPla de treball personal\u00bb<\/li>\n<li style=\"text-align: left;\">\u00abMaterial d&#8217;estudi\u00bb<\/li>\n<li style=\"text-align: left;\">Material per fer els seguiment i l&#8217;avaluaci\u00f3 de la teva evoluci\u00f3 formativa<\/li>\n<\/ul>\t\t\t\t\t\t<\/div>\n\t\t\t\t<\/div>\n\t\t\t\t\t<\/div>\n\t\t<\/div>\n\t\t\t\t\t\t\t<\/div>\n\t\t<\/section>\n\t\t\t\t<section class=\"elementor-section elementor-inner-section elementor-element elementor-element-53f2544 elementor-section-boxed elementor-section-height-default elementor-section-height-default\" data-id=\"53f2544\" data-element_type=\"section\">\n\t\t\t\t\t\t<div class=\"elementor-container elementor-column-gap-default\">\n\t\t\t\t\t<div class=\"elementor-column elementor-col-100 elementor-inner-column elementor-element elementor-element-a0734b4\" data-id=\"a0734b4\" data-element_type=\"column\" data-settings=\"{&quot;background_background&quot;:&quot;classic&quot;}\">\n\t\t\t<div class=\"elementor-widget-wrap elementor-element-populated\">\n\t\t\t\t\t\t\t\t<div class=\"elementor-element elementor-element-986b9ad elementor-widget elementor-widget-text-editor\" data-id=\"986b9ad\" data-element_type=\"widget\" data-widget_type=\"text-editor.default\">\n\t\t\t\t<div class=\"elementor-widget-container\">\n\t\t\t\t\t\t\t<p style=\"text-align: center;\"><b>PROVA d&#8217;INSTRUMENT i PROVA de NIVELL<\/b><\/p>\n<p style=\"text-align: center;\"><b>PLA de TREBALL PERSONALITZAT<\/b><\/p>\n<p style=\"text-align: center;\"><b>ATENCI\u00d3 INDIVIDUALITZADA<\/b><\/p>\t\t\t\t\t\t<\/div>\n\t\t\t\t<\/div>\n\t\t\t\t<div class=\"elementor-element elementor-element-d729f5d elementor-widget elementor-widget-text-editor\" data-id=\"d729f5d\" data-element_type=\"widget\" data-widget_type=\"text-editor.default\">\n\t\t\t\t<div class=\"elementor-widget-container\">\n\t\t\t\t\t\t\t<p style=\"text-align: center;\">Els directors pedag\u00f2gics et faran la \u00abprova de nivell\u00bb inicial amb la qual&nbsp;<span style=\"background-color: var( --e-global-color-bf0b52d );\">coneixerem les teves caracter\u00edstiques personals,&nbsp;<\/span><span style=\"background-color: var( --e-global-color-bf0b52d );\">valorarem el teu nivell de formaci\u00f3 musical independentment de que tinguis formaci\u00f3 o no en tinguis.<\/span><\/p>\n<p style=\"text-align: center;\"><span style=\"background-color: var( --e-global-color-bf0b52d );\">A partir dels resultats de la prova elaborarem el teu \u00abPLA de TREBALL PERSONAL\u00bb.<\/span><\/p>\n<p style=\"text-align: center;\">Els directors pedag\u00f2gics de MusicActiva seran els teus TUTORS i es faran c\u00e0rrec personalment de la teva formaci\u00f3.<\/p>\t\t\t\t\t\t<\/div>\n\t\t\t\t<\/div>\n\t\t\t\t\t<\/div>\n\t\t<\/div>\n\t\t\t\t\t\t\t<\/div>\n\t\t<\/section>\n\t\t\t\t\t<\/div>\n\t\t<\/div>\n\t\t\t\t\t\t\t<\/div>\n\t\t<\/section>\n\t\t\t\t<section class=\"elementor-section elementor-top-section elementor-element elementor-element-e4b809d elementor-section-boxed elementor-section-height-default elementor-section-height-default\" data-id=\"e4b809d\" data-element_type=\"section\">\n\t\t\t\t\t\t<div class=\"elementor-container elementor-column-gap-default\">\n\t\t\t\t\t<div class=\"elementor-column elementor-col-100 elementor-top-column elementor-element elementor-element-ccfc6f6\" data-id=\"ccfc6f6\" data-element_type=\"column\">\n\t\t\t<div class=\"elementor-widget-wrap elementor-element-populated\">\n\t\t\t\t\t\t\t\t<div class=\"elementor-element elementor-element-0400085 elementor-widget elementor-widget-text-editor\" data-id=\"0400085\" data-element_type=\"widget\" data-widget_type=\"text-editor.default\">\n\t\t\t\t<div class=\"elementor-widget-container\">\n\t\t\t\t\t\t\t<p style=\"text-align: center;\"><em><span style=\"color: #993300;\"><b>INFORMA&#8217;T&#8230;!!!<\/b><\/span><\/em><\/p>\t\t\t\t\t\t<\/div>\n\t\t\t\t<\/div>\n\t\t\t\t<div class=\"elementor-element elementor-element-dbee4e2 elementor-widget elementor-widget-text-editor\" data-id=\"dbee4e2\" data-element_type=\"widget\" data-widget_type=\"text-editor.default\">\n\t\t\t\t<div class=\"elementor-widget-container\">\n\t\t\t\t\t\t\t<p style=\"text-align: center;\"><span style=\"color: #993300;\"><b>REUNIONS INFORMATIVES<\/b><\/span><\/p>\t\t\t\t\t\t<\/div>\n\t\t\t\t<\/div>\n\t\t\t\t<div class=\"elementor-element elementor-element-c12cb83 elementor-widget elementor-widget-text-editor\" data-id=\"c12cb83\" data-element_type=\"widget\" data-widget_type=\"text-editor.default\">\n\t\t\t\t<div class=\"elementor-widget-container\">\n\t\t\t\t\t\t\t<p style=\"text-align: center;\"><span style=\"color: #993300;\"><b>Assisteix a les reunions informatives on descobrir\u00e0s el funcionament<\/b><\/span><\/p>\n<p style=\"text-align: center;\"><span style=\"color: #993300;\"><b>i les aportacions formatives i did\u00e0ctiques de la metodologia<\/b><\/span><\/p>\n<p style=\"text-align: center;\"><span style=\"color: #993300;\"><b>mitjan\u00e7ant la realitzaci\u00f3 d&#8217;exercicis pr\u00e0ctics.<\/b><\/span><\/p>\n<p style=\"text-align: center;\"><a href=\"https:\/\/links.bitlyesp.com\/widget\/booking\/fl1wZrGWtbzS3xXpJEbd\"><span style=\"color: #993300;\"><b>SOL\u00b7LICITA ASSIST\u00c8NCIA A LES REUNIONS OMPLINT EL <span style=\"text-decoration: underline;\">FORMULARI<\/span><\/b><\/span><\/a><\/p>\t\t\t\t\t\t<\/div>\n\t\t\t\t<\/div>\n\t\t\t\t\t<\/div>\n\t\t<\/div>\n\t\t\t\t\t\t\t<\/div>\n\t\t<\/section>\n\t\t\t\t\t\t\t<\/div>\n\t\t","protected":false},"excerpt":{"rendered":"<p>\u00abADULTS\u00bb Es pot aprendre m\u00fasica quan ets adult&#8230;? \u00a0 \u00a0A MusicActiva hem desenvolupat la METODOLOGIA \u00a0 \u00a0 \u00a0 \u00a0 \u00a0 \u00a0 \u00a0que et permetr\u00e0 aprendre a fer m\u00fasica \u00abCL\u00c0SSICA\u00bb i \u00abMODERNA\u00bb \u00a0 \u00a0 \u00a0 \u00a0 \u00a0 \u00a0 \u00a0encara que siguis ADULT i encara que NO tinguis cap formaci\u00f3 musical. La pr\u00e0ctica i l&#8217;aprenentatge de la&hellip;<\/p>\n","protected":false},"author":1,"featured_media":0,"parent":0,"menu_order":0,"comment_status":"closed","ping_status":"closed","template":"","meta":{"footnotes":""},"class_list":["post-385","page","type-page","status-publish","hentry"],"_links":{"self":[{"href":"http:\/\/musicactiva.net\/escolademusica\/wp-json\/wp\/v2\/pages\/385","targetHints":{"allow":["GET"]}}],"collection":[{"href":"http:\/\/musicactiva.net\/escolademusica\/wp-json\/wp\/v2\/pages"}],"about":[{"href":"http:\/\/musicactiva.net\/escolademusica\/wp-json\/wp\/v2\/types\/page"}],"author":[{"embeddable":true,"href":"http:\/\/musicactiva.net\/escolademusica\/wp-json\/wp\/v2\/users\/1"}],"replies":[{"embeddable":true,"href":"http:\/\/musicactiva.net\/escolademusica\/wp-json\/wp\/v2\/comments?post=385"}],"version-history":[{"count":207,"href":"http:\/\/musicactiva.net\/escolademusica\/wp-json\/wp\/v2\/pages\/385\/revisions"}],"predecessor-version":[{"id":5163,"href":"http:\/\/musicactiva.net\/escolademusica\/wp-json\/wp\/v2\/pages\/385\/revisions\/5163"}],"wp:attachment":[{"href":"http:\/\/musicactiva.net\/escolademusica\/wp-json\/wp\/v2\/media?parent=385"}],"curies":[{"name":"wp","href":"https:\/\/api.w.org\/{rel}","templated":true}]}}