{"id":550,"date":"2022-09-01T14:42:17","date_gmt":"2022-09-01T14:42:17","guid":{"rendered":"http:\/\/musicactiva.net\/escolademusica\/?page_id=550"},"modified":"2025-06-12T09:59:25","modified_gmt":"2025-06-12T09:59:25","slug":"qui-som-2","status":"publish","type":"page","link":"http:\/\/musicactiva.net\/escolademusica\/qui-som-2\/","title":{"rendered":"QUI SOM?"},"content":{"rendered":"\t\t<div data-elementor-type=\"wp-page\" data-elementor-id=\"550\" class=\"elementor elementor-550\">\n\t\t\t\t\t\t\t\t\t<section class=\"elementor-section elementor-top-section elementor-element elementor-element-7b7e967 elementor-section-boxed elementor-section-height-default elementor-section-height-default\" data-id=\"7b7e967\" data-element_type=\"section\">\n\t\t\t\t\t\t<div class=\"elementor-container elementor-column-gap-default\">\n\t\t\t\t\t<div class=\"elementor-column elementor-col-100 elementor-top-column elementor-element elementor-element-8b0ae7a\" data-id=\"8b0ae7a\" data-element_type=\"column\">\n\t\t\t<div class=\"elementor-widget-wrap elementor-element-populated\">\n\t\t\t\t\t\t\t\t<div class=\"elementor-element elementor-element-04e96ff elementor-widget elementor-widget-text-editor\" data-id=\"04e96ff\" data-element_type=\"widget\" data-widget_type=\"text-editor.default\">\n\t\t\t\t<div class=\"elementor-widget-container\">\n\t\t\t<style>\/*! elementor - v3.7.8 - 02-10-2022 *\/\n.elementor-widget-text-editor.elementor-drop-cap-view-stacked .elementor-drop-cap{background-color:#818a91;color:#fff}.elementor-widget-text-editor.elementor-drop-cap-view-framed .elementor-drop-cap{color:#818a91;border:3px solid;background-color:transparent}.elementor-widget-text-editor:not(.elementor-drop-cap-view-default) .elementor-drop-cap{margin-top:8px}.elementor-widget-text-editor:not(.elementor-drop-cap-view-default) .elementor-drop-cap-letter{width:1em;height:1em}.elementor-widget-text-editor .elementor-drop-cap{float:left;text-align:center;line-height:1;font-size:50px}.elementor-widget-text-editor .elementor-drop-cap-letter{display:inline-block}<\/style>\t\t\t\t<p><strong>QUI SOM MUSICACTIVA?<\/strong><\/p>\t\t\t\t\t\t<\/div>\n\t\t\t\t<\/div>\n\t\t\t\t\t<\/div>\n\t\t<\/div>\n\t\t\t\t\t\t\t<\/div>\n\t\t<\/section>\n\t\t\t\t<section class=\"elementor-section elementor-top-section elementor-element elementor-element-a95e9b7 elementor-section-boxed elementor-section-height-default elementor-section-height-default\" data-id=\"a95e9b7\" data-element_type=\"section\">\n\t\t\t\t\t\t<div class=\"elementor-container elementor-column-gap-default\">\n\t\t\t\t\t<div class=\"elementor-column elementor-col-100 elementor-top-column elementor-element elementor-element-d4351a6\" data-id=\"d4351a6\" data-element_type=\"column\">\n\t\t\t<div class=\"elementor-widget-wrap elementor-element-populated\">\n\t\t\t\t\t\t\t\t<section class=\"elementor-section elementor-inner-section elementor-element elementor-element-0464a3e elementor-section-boxed elementor-section-height-default elementor-section-height-default\" data-id=\"0464a3e\" data-element_type=\"section\">\n\t\t\t\t\t\t<div class=\"elementor-container elementor-column-gap-default\">\n\t\t\t\t\t<div class=\"elementor-column elementor-col-33 elementor-inner-column elementor-element elementor-element-c829f9d\" data-id=\"c829f9d\" data-element_type=\"column\" data-settings=\"{&quot;background_background&quot;:&quot;classic&quot;}\">\n\t\t\t<div class=\"elementor-widget-wrap elementor-element-populated\">\n\t\t\t\t\t\t\t\t<div class=\"elementor-element elementor-element-137c483 elementor-widget elementor-widget-text-editor\" data-id=\"137c483\" data-element_type=\"widget\" data-widget_type=\"text-editor.default\">\n\t\t\t\t<div class=\"elementor-widget-container\">\n\t\t\t\t\t\t\t<p style=\"text-align: center;\"><a href=\"#musicactiva\"><strong>MUS<\/strong><strong>ICACTIVA<\/strong><\/a><\/p>\t\t\t\t\t\t<\/div>\n\t\t\t\t<\/div>\n\t\t\t\t<div class=\"elementor-element elementor-element-0b7c0e6 elementor-widget elementor-widget-text-editor\" data-id=\"0b7c0e6\" data-element_type=\"widget\" data-widget_type=\"text-editor.default\">\n\t\t\t\t<div class=\"elementor-widget-container\">\n\t\t\t\t\t\t\t<p style=\"text-align: center;\"><strong>-MusicActiva escola de m\u00fasica i centre de creaci\u00f3 pedag\u00f2gica-<\/strong><\/p>\t\t\t\t\t\t<\/div>\n\t\t\t\t<\/div>\n\t\t\t\t\t<\/div>\n\t\t<\/div>\n\t\t\t\t<div class=\"elementor-column elementor-col-33 elementor-inner-column elementor-element elementor-element-29f1dfd\" data-id=\"29f1dfd\" data-element_type=\"column\" data-settings=\"{&quot;background_background&quot;:&quot;classic&quot;}\">\n\t\t\t<div class=\"elementor-widget-wrap elementor-element-populated\">\n\t\t\t\t\t\t\t\t<div class=\"elementor-element elementor-element-c90c7fe elementor-widget elementor-widget-text-editor\" data-id=\"c90c7fe\" data-element_type=\"widget\" data-widget_type=\"text-editor.default\">\n\t\t\t\t<div class=\"elementor-widget-container\">\n\t\t\t\t\t\t\t<p style=\"text-align: center;\"><a href=\"#casal\">CASALS d&#8217;ESTIU\u00a0<\/a><\/p>\t\t\t\t\t\t<\/div>\n\t\t\t\t<\/div>\n\t\t\t\t<div class=\"elementor-element elementor-element-d201436 elementor-widget elementor-widget-text-editor\" data-id=\"d201436\" data-element_type=\"widget\" data-widget_type=\"text-editor.default\">\n\t\t\t\t<div class=\"elementor-widget-container\">\n\t\t\t\t\t\t\t<p style=\"text-align: center;\">-casals de \u00ablleure art\u00edstic\u00bb amb presentaci\u00f3 d&#8217;espectacle musical-<\/p>\t\t\t\t\t\t<\/div>\n\t\t\t\t<\/div>\n\t\t\t\t\t<\/div>\n\t\t<\/div>\n\t\t\t\t<div class=\"elementor-column elementor-col-33 elementor-inner-column elementor-element elementor-element-4863cd3\" data-id=\"4863cd3\" data-element_type=\"column\" data-settings=\"{&quot;background_background&quot;:&quot;classic&quot;}\">\n\t\t\t<div class=\"elementor-widget-wrap elementor-element-populated\">\n\t\t\t\t\t\t\t\t<div class=\"elementor-element elementor-element-ac02aab elementor-widget elementor-widget-text-editor\" data-id=\"ac02aab\" data-element_type=\"widget\" data-widget_type=\"text-editor.default\">\n\t\t\t\t<div class=\"elementor-widget-container\">\n\t\t\t\t\t\t\t<p style=\"text-align: center;\"><a href=\"#creativa\"><strong>\u00abESCOLA CREATIVA\u00bb<\/strong><\/a><\/p>\t\t\t\t\t\t<\/div>\n\t\t\t\t<\/div>\n\t\t\t\t<div class=\"elementor-element elementor-element-04db88d elementor-widget elementor-widget-text-editor\" data-id=\"04db88d\" data-element_type=\"widget\" data-widget_type=\"text-editor.default\">\n\t\t\t\t<div class=\"elementor-widget-container\">\n\t\t\t\t\t\t\t<p style=\"text-align: center;\"><strong>Escola d&#8217;infantil, prim\u00e0ria i secund\u00e0ria amb formaci\u00f3 art\u00edstica integrada<\/strong><\/p>\t\t\t\t\t\t<\/div>\n\t\t\t\t<\/div>\n\t\t\t\t\t<\/div>\n\t\t<\/div>\n\t\t\t\t\t\t\t<\/div>\n\t\t<\/section>\n\t\t\t\t\t<\/div>\n\t\t<\/div>\n\t\t\t\t\t\t\t<\/div>\n\t\t<\/section>\n\t\t\t\t<section class=\"elementor-section elementor-top-section elementor-element elementor-element-7e6232c elementor-section-boxed elementor-section-height-default elementor-section-height-default\" data-id=\"7e6232c\" data-element_type=\"section\" data-settings=\"{&quot;background_background&quot;:&quot;classic&quot;}\">\n\t\t\t\t\t\t<div class=\"elementor-container elementor-column-gap-default\">\n\t\t\t\t\t<div class=\"elementor-column elementor-col-100 elementor-top-column elementor-element elementor-element-d973907\" data-id=\"d973907\" data-element_type=\"column\">\n\t\t\t<div class=\"elementor-widget-wrap elementor-element-populated\">\n\t\t\t\t\t\t\t\t<section class=\"elementor-section elementor-inner-section elementor-element elementor-element-57d84fe elementor-section-boxed elementor-section-height-default elementor-section-height-default\" data-id=\"57d84fe\" data-element_type=\"section\">\n\t\t\t\t\t\t<div class=\"elementor-container elementor-column-gap-default\">\n\t\t\t\t\t<div class=\"elementor-column elementor-col-100 elementor-inner-column elementor-element elementor-element-2271615\" data-id=\"2271615\" data-element_type=\"column\">\n\t\t\t<div class=\"elementor-widget-wrap elementor-element-populated\">\n\t\t\t\t\t\t\t\t<div class=\"elementor-element elementor-element-8891338 elementor-widget elementor-widget-menu-anchor\" data-id=\"8891338\" data-element_type=\"widget\" data-widget_type=\"menu-anchor.default\">\n\t\t\t\t<div class=\"elementor-widget-container\">\n\t\t\t<style>\/*! elementor - v3.7.8 - 02-10-2022 *\/\nbody.elementor-page .elementor-widget-menu-anchor{margin-bottom:0}<\/style>\t\t<div id=\"musicactiva\" class=\"elementor-menu-anchor\"><\/div>\n\t\t\t\t<\/div>\n\t\t\t\t<\/div>\n\t\t\t\t<div class=\"elementor-element elementor-element-6412262 elementor-widget elementor-widget-text-editor\" data-id=\"6412262\" data-element_type=\"widget\" data-widget_type=\"text-editor.default\">\n\t\t\t\t<div class=\"elementor-widget-container\">\n\t\t\t\t\t\t\t<p style=\"text-align: center;\"><strong>MUSICACTIVA<\/strong><\/p>\t\t\t\t\t\t<\/div>\n\t\t\t\t<\/div>\n\t\t\t\t<div class=\"elementor-element elementor-element-a1a2bfc elementor-widget elementor-widget-text-editor\" data-id=\"a1a2bfc\" data-element_type=\"widget\" data-widget_type=\"text-editor.default\">\n\t\t\t\t<div class=\"elementor-widget-container\">\n\t\t\t\t\t\t\t<p style=\"text-align: center;\"><strong>-MusicActiva escola de m\u00fasica i centre de creaci\u00f3 pedag\u00f2gica-<\/strong><\/p>\t\t\t\t\t\t<\/div>\n\t\t\t\t<\/div>\n\t\t\t\t\t<\/div>\n\t\t<\/div>\n\t\t\t\t\t\t\t<\/div>\n\t\t<\/section>\n\t\t\t\t<div class=\"elementor-element elementor-element-c67ec20 elementor-widget elementor-widget-text-editor\" data-id=\"c67ec20\" data-element_type=\"widget\" data-widget_type=\"text-editor.default\">\n\t\t\t\t<div class=\"elementor-widget-container\">\n\t\t\t\t\t\t\t<p class=\"has-black-color has-text-color\"><strong>MusicActiva,<\/strong>\u00a0escola de m\u00fasica i centre d\u2019investigaci\u00f3 i creaci\u00f3 pedag\u00f2gica, va ser fundada el curs 1996-97 a Barcelona per\u00a0<strong>Miriam Darriba, Isabel Darriba i Abel Castell\u00f3<\/strong>, amb el prop\u00f2sit de formar musical i art\u00edsticament els alumnes mitjan\u00e7ant un principi did\u00e0ctic in\u00e8dit:<\/p><p class=\"has-black-color has-text-color\"><strong>\u00a0\u00a0\u00a0\u00a0\u00a0\u00a0\u00a0\u00a0\u00a0\u00a0\u00a0\u00a0\u00a0\u00a0\u00a0\u00a0\u00a0\u00a0\u00a0\u00a0\u00a0\u00a0\u00a0<em>\u201caprendre a fer m\u00fasica construint m\u00fasica creada pel propi alumnat des del primer moment de l\u2019aprenentatge\u201d.<\/em><\/strong><\/p><p>A partir del moment de la seva fundaci\u00f3, -la primera classe es va donar el 6 d\u2019Octubre de 1996-, la tasca dels directors i fundadors de MusicActiva\u00a0ha consistit en dirigir i formar en els procediments de la metodologia al professorat de MusicActiva,\u00a0 en fer-se responsable de la formaci\u00f3 musical d&#8217;una mitjana de\u00a0<strong>550-600 alumnes<\/strong>\u00a0per curs de totes les edats -des de P3 fins alumnes adults-, i en utilitzar aquesta activitat docent per a desenvolupar un\u00a0<strong>pla de investigaci\u00f3 i de creaci\u00f3 pedag\u00f2gica permanent\u00a0<\/strong>amb el qual han desenvolupat la formulaci\u00f3 d\u2019una metodologia &#8211;<strong>M\u00e8tode Creatiu per a l\u2019Aprenentatge Musical-<\/strong>\u00a0i han dissenyat un programa d\u2019estudis &#8211;<strong>Programa d\u2019Estudis MusicActiva-M\u00e8tode Creatiu-,\u00a0<\/strong>que gr\u00e0cies a les formulacions pedag\u00f2giques desenvolupades i gr\u00e0cies als procediments did\u00e0ctics desenvolupats, supera les mancances formatives i les contradiccions did\u00e0ctiques del\u00a0<strong>procediments \u201cinterpretatius\u201d<\/strong>\u00a0amb que es segueix impartint l\u2019ensenyament de la m\u00fasica a conservatoris i escoles de m\u00fasica cl\u00e0ssica i de m\u00fasica moderna, i fa possible que\u00a0<strong>TOTES<\/strong>\u00a0les alumnes i\u00a0<strong>TOTS\u00a0<\/strong>els alumnes puguin aprendre a fer m\u00fasica amb \u201c<strong>sentit art\u00edstic\u201d<\/strong>\u00a0<strong>SENSE<\/strong>\u00a0dependre dels seu \u201c<strong>talent\u201d<\/strong>\u00a0musical i art\u00edstic inicial i aparent i gr\u00e0cies a que els procediments\u00a0<strong>ACTIUS, CONSTRUCTIUS i CREATIUS<\/strong>\u00a0de la metodologia resolen els aspectes t\u00e8cnics sobre el funcionament del sistema musical tradicional i la seva utilitzaci\u00f3 art\u00edstica, i treballen en la mobilitzaci\u00f3 i el desenvolupament de les facultats creatives dels alumnes de manera totalment integrada en els propis exercicis amb els quals aprenem a fer m\u00fasica.<\/p>\t\t\t\t\t\t<\/div>\n\t\t\t\t<\/div>\n\t\t\t\t\t<\/div>\n\t\t<\/div>\n\t\t\t\t\t\t\t<\/div>\n\t\t<\/section>\n\t\t\t\t<section class=\"elementor-section elementor-top-section elementor-element elementor-element-ee32305 elementor-section-boxed elementor-section-height-default elementor-section-height-default\" data-id=\"ee32305\" data-element_type=\"section\" data-settings=\"{&quot;background_background&quot;:&quot;classic&quot;}\">\n\t\t\t\t\t\t<div class=\"elementor-container elementor-column-gap-default\">\n\t\t\t\t\t<div class=\"elementor-column elementor-col-100 elementor-top-column elementor-element elementor-element-c3a8cb2\" data-id=\"c3a8cb2\" data-element_type=\"column\">\n\t\t\t<div class=\"elementor-widget-wrap elementor-element-populated\">\n\t\t\t\t\t\t\t\t<div class=\"elementor-element elementor-element-5aac8e4 elementor-widget elementor-widget-menu-anchor\" data-id=\"5aac8e4\" data-element_type=\"widget\" data-widget_type=\"menu-anchor.default\">\n\t\t\t\t<div class=\"elementor-widget-container\">\n\t\t\t\t\t<div id=\"casal\" class=\"elementor-menu-anchor\"><\/div>\n\t\t\t\t<\/div>\n\t\t\t\t<\/div>\n\t\t\t\t<section class=\"elementor-section elementor-inner-section elementor-element elementor-element-5fc9eee elementor-section-boxed elementor-section-height-default elementor-section-height-default\" data-id=\"5fc9eee\" data-element_type=\"section\">\n\t\t\t\t\t\t<div class=\"elementor-container elementor-column-gap-default\">\n\t\t\t\t\t<div class=\"elementor-column elementor-col-100 elementor-inner-column elementor-element elementor-element-7d5ae9c\" data-id=\"7d5ae9c\" data-element_type=\"column\">\n\t\t\t<div class=\"elementor-widget-wrap elementor-element-populated\">\n\t\t\t\t\t\t\t\t<div class=\"elementor-element elementor-element-26c5560 elementor-widget elementor-widget-text-editor\" data-id=\"26c5560\" data-element_type=\"widget\" data-widget_type=\"text-editor.default\">\n\t\t\t\t<div class=\"elementor-widget-container\">\n\t\t\t\t\t\t\t<p style=\"text-align: center;\">CASALS d&#8217;ESTIU MUSICACTIVA<\/p>\t\t\t\t\t\t<\/div>\n\t\t\t\t<\/div>\n\t\t\t\t<div class=\"elementor-element elementor-element-81bd39b elementor-widget elementor-widget-text-editor\" data-id=\"81bd39b\" data-element_type=\"widget\" data-widget_type=\"text-editor.default\">\n\t\t\t\t<div class=\"elementor-widget-container\">\n\t\t\t\t\t\t\t<p style=\"text-align: center;\">-casals de \u00ablleure art\u00edstic\u00bb amb presentaci\u00f3 d&#8217;espectacle musical-<\/p>\t\t\t\t\t\t<\/div>\n\t\t\t\t<\/div>\n\t\t\t\t\t<\/div>\n\t\t<\/div>\n\t\t\t\t\t\t\t<\/div>\n\t\t<\/section>\n\t\t\t\t<div class=\"elementor-element elementor-element-df4278f elementor-widget elementor-widget-text-editor\" data-id=\"df4278f\" data-element_type=\"widget\" data-widget_type=\"text-editor.default\">\n\t\t\t\t<div class=\"elementor-widget-container\">\n\t\t\t\t\t\t\t<p class=\"has-black-color has-text-color\">A partir de l\u2019any 2007, mitjan\u00e7ant l\u2019aplicaci\u00f3 dels procediments del M\u00e8tode Creatiu a la programaci\u00f3 de les activitats pr\u00f2pies de casal d\u2019estiu, dissenyem la f\u00f3rmula de casals de<strong>\u00a0\u201clleure art\u00edstic\u201d,\u00a0<\/strong>que combina les activitats l\u00fadiques pr\u00f2pies del temps d\u2019estiu i les vacances \u2013piscines, excursions, jocs organitzats- amb els tallers art\u00edstics \u2013taller de can\u00e7ons, taller de dansa, taller de teatre, taller de pl\u00e0stiques, dansa gimn\u00e0stica matinal, etc&#8230;-, amb els que els infants i joves participen de la presentaci\u00f3 d\u2019un gran espectacle musical amb m\u00fasica en directe, presentats per Miriam Darriba i Isabel Darriba, en el que actuen TOTS els alumnes i TOTS els professors del casal i que es presenta setmanalment davant de mares i pares d\u2019alumnes.<\/p><p class=\"has-black-color has-text-color\">Els musicals presenten can\u00e7ons, conte i coreografies originals de Miriam Darriba, Isabel Darriba i Abel Castell\u00f3, han estat un gran \u00e8xit que ha arribat a aplegar damunt de l\u2019escenari fins a 400 persones entre alumnes i professores\/ors i un p\u00fablic de mes de 1.000 persones format per mares i pares d\u2019alumnes i familiars i amics convidats. Els espectacles recreen grans gestes de la hist\u00f2ria universal, tenen un car\u00e0cter simb\u00f2lic exemplaritzant i s\u00f3n els seg\u00fcents:\u00a0\u00a0\u00a0\u00a0\u00a0\u00a0\u00a0\u00a0\u00a0\u00a0\u00a0\u00a0\u00a0\u00a0\u00a0\u00a0<strong><em>\u00a0\u00a0\u00a0\u00a0\u00a0\u00a0\u00a0\u00a0\u00a0<\/em><\/strong><\/p><p class=\"has-text-align-center has-black-color has-text-color has-medium-font-size\"><strong><em>Lluna Blanca \u2013 A l\u2019Abordatge \u2013 El Secret de la Selva \u2013 Viatge a l\u2019Espai<\/em><\/strong><\/p><p class=\"has-black-color has-text-color\">Els casals es realitzen de manera simult\u00e0nia i coordinada a 4 escoles de BCN, estan oberts a alumnes externs i arriben a aplegar setmanalment fins a 400 alumnes a c\u00e0rrec d\u2019un equip de professorat de 50 persones entre professors especialistes de MusicActiva i monitoratge.<\/p>\t\t\t\t\t\t<\/div>\n\t\t\t\t<\/div>\n\t\t\t\t\t<\/div>\n\t\t<\/div>\n\t\t\t\t\t\t\t<\/div>\n\t\t<\/section>\n\t\t\t\t<section class=\"elementor-section elementor-top-section elementor-element elementor-element-0c2afa7 elementor-section-boxed elementor-section-height-default elementor-section-height-default\" data-id=\"0c2afa7\" data-element_type=\"section\" data-settings=\"{&quot;background_background&quot;:&quot;classic&quot;}\">\n\t\t\t\t\t\t<div class=\"elementor-container elementor-column-gap-default\">\n\t\t\t\t\t<div class=\"elementor-column elementor-col-100 elementor-top-column elementor-element elementor-element-09e40dd\" data-id=\"09e40dd\" data-element_type=\"column\" data-settings=\"{&quot;background_background&quot;:&quot;classic&quot;}\">\n\t\t\t<div class=\"elementor-widget-wrap elementor-element-populated\">\n\t\t\t\t\t\t\t\t<section class=\"elementor-section elementor-inner-section elementor-element elementor-element-27f6fa4 elementor-section-boxed elementor-section-height-default elementor-section-height-default\" data-id=\"27f6fa4\" data-element_type=\"section\">\n\t\t\t\t\t\t<div class=\"elementor-container elementor-column-gap-default\">\n\t\t\t\t\t<div class=\"elementor-column elementor-col-100 elementor-inner-column elementor-element elementor-element-c498dfd\" data-id=\"c498dfd\" data-element_type=\"column\">\n\t\t\t<div class=\"elementor-widget-wrap elementor-element-populated\">\n\t\t\t\t\t\t\t\t<div class=\"elementor-element elementor-element-4d8ff22 elementor-widget elementor-widget-menu-anchor\" data-id=\"4d8ff22\" data-element_type=\"widget\" data-widget_type=\"menu-anchor.default\">\n\t\t\t\t<div class=\"elementor-widget-container\">\n\t\t\t\t\t<div id=\"creativa\" class=\"elementor-menu-anchor\"><\/div>\n\t\t\t\t<\/div>\n\t\t\t\t<\/div>\n\t\t\t\t<div class=\"elementor-element elementor-element-dabbba7 elementor-widget elementor-widget-text-editor\" data-id=\"dabbba7\" data-element_type=\"widget\" data-widget_type=\"text-editor.default\">\n\t\t\t\t<div class=\"elementor-widget-container\">\n\t\t\t\t\t\t\t<p style=\"text-align: center;\"><strong>\u00abESCOLA CREATIVA\u00bb<\/strong><\/p>\t\t\t\t\t\t<\/div>\n\t\t\t\t<\/div>\n\t\t\t\t<div class=\"elementor-element elementor-element-5b0f6c8 elementor-widget elementor-widget-text-editor\" data-id=\"5b0f6c8\" data-element_type=\"widget\" data-widget_type=\"text-editor.default\">\n\t\t\t\t<div class=\"elementor-widget-container\">\n\t\t\t\t\t\t\t<p style=\"text-align: center;\"><strong>-primera escola de formaci\u00f3 infantil, prim\u00e0ria i secund\u00e0ria amb formaci\u00f3 art\u00edstica d&#8217;alt nivell<\/strong><\/p><p style=\"text-align: center;\"><strong>en m\u00fasica, dansa, teatre i arts pl\u00e0stiques integrades en la formaci\u00f3 escolar-<\/strong><\/p><p style=\"text-align: center;\"><strong>-utilitzaci\u00f3 de la formaci\u00f3 musical i art\u00edstica per treballar en la \u00abcapacitaci\u00f3 creativa\u00bb de l&#8217;alumne\/a-<\/strong><\/p><p style=\"text-align: center;\"><strong>-aplicaci\u00f3 dels principis del \u00abM\u00e8tode Creatiu per l&#8217;Aprenentatge Musical\u00bb a les \u00aboperacions essencials\u00bb de les mat\u00e8ries curriculars NO art\u00edstiques: llengua, matem\u00e0tiques, etc&#8230;-<\/strong><\/p>\t\t\t\t\t\t<\/div>\n\t\t\t\t<\/div>\n\t\t\t\t<div class=\"elementor-element elementor-element-cb515e9 elementor-widget elementor-widget-text-editor\" data-id=\"cb515e9\" data-element_type=\"widget\" data-widget_type=\"text-editor.default\">\n\t\t\t\t<div class=\"elementor-widget-container\">\n\t\t\t\t\t\t\t<p style=\"text-align: center;\"><span style=\"background-color: var( --e-global-color-bf0b52d );\">UN NOU MODEL EDUCATIU ESSENCIALMENT DIFERENT<\/span><\/p><p style=\"text-align: center;\"><span style=\"background-color: var( --e-global-color-bf0b52d );\">OBERTURA PROPER CURS 24-25<\/span><\/p>\t\t\t\t\t\t<\/div>\n\t\t\t\t<\/div>\n\t\t\t\t\t<\/div>\n\t\t<\/div>\n\t\t\t\t\t\t\t<\/div>\n\t\t<\/section>\n\t\t\t\t<div class=\"elementor-element elementor-element-62c09fe elementor-widget elementor-widget-text-editor\" data-id=\"62c09fe\" data-element_type=\"widget\" data-widget_type=\"text-editor.default\">\n\t\t\t\t<div class=\"elementor-widget-container\">\n\t\t\t\t\t\t\t<p>Fundaci\u00f3 de la primera escola d&#8217;educaci\u00f3 infantil, prim\u00e0ria i secund\u00e0ria amb formaci\u00f3 musical i formaci\u00f3 en arts pl\u00e0stiques i esc\u00e8niques totalment integrada en el programa escolar. L&#8217;escola funcionar\u00e0 com a escola i tamb\u00e9 com a centre de creaci\u00f3 pedag\u00f2gica per aplicar els procediments del M\u00e8tode Creatiu a la resta de disciplines art\u00edstiques -dansa, teatre, pl\u00e0stiques- i tamb\u00e9 a les mat\u00e8ries curriculars. La formaci\u00f3 musical s&#8217;utilitzar\u00e0 no nom\u00e9s per formar musical i art\u00edsticament als alumnes, sino tamb\u00e9 com a eina per treballar de manera T\u00c8CNICA en la mobilitzaci\u00f3 i el desenvolupament dels mecanismes CORPORALS, MENTALS i SENSORIALS que segons els plantejaments de la nostra metodologia determinen la capacitat creativa de la persona en tots els seus \u00e0mbits. L&#8217;objectiu consisteix en aconseguir la FORMACI\u00d3 INTEGRAL de la persona donant a la formaci\u00f3 art\u00edstica d&#8217;alt nivell el lloc que considerem hauria d&#8217;ocupar en la formaci\u00f3 dels infants i dels joves i aplicar a les mat\u00e8ries del curr\u00edculum escolar -lleng\u00fces, matem\u00e0tiques i coneixements-, els mateixos procediments que ens han perm\u00e9s posar l&#8217;aprenentatge de la m\u00fasica a l&#8217;abast de TOTHOM per aconseguir superar les mancances formatives i les profundes contradiccions did\u00e0ctiques que fan que la formaci\u00f3 escolar actual sigui tan summament deficit\u00e0ria des del punt de vista formatiu i tan inneces\u00e0riament conflictiva. Tot aquest plantejament \u00e9s possible gr\u00e0cies als procediments ACTIUS, CONSTRUCTIUS i CREATIUS de la metodologia creativa que treballen en el proc\u00e9s de capacitaci\u00f3 creativa de l&#8217;alumne\/a de manera totalment integrada en la realitzaci\u00f3 dels propis exercicis amb els que aprenem a fer m\u00fasica. Aix\u00f2 fa possible que TOT L&#8217;ALUMNAT es capaciti per realitzar la formaci\u00f3 qu\u00e8 ens proposa el programa d&#8217;estudis en totes les mat\u00e8ries art\u00edstiques i no art\u00edstiques i elimina el principal motiu discriminatori de la formaci\u00f3 escolar actual que \u00e9s la discriminaci\u00f3 a causa de la mala interpretaci\u00f3 i la mala utilitzaci\u00f3 del \u00abtalent\u00bb natural de l&#8217;alumnat. La formaci\u00f3 es realitzar\u00e0 a trav\u00e9s de 3 l\u00ednies formatives paralel\u00b7les:<\/p><ul class=\"has-black-color has-text-color\"><li><strong>FORMACI\u00d3 MUSICAL:<\/strong> formaci\u00f3 musical s\u2019impartir\u00e0 amb el <strong>Programa d\u2019Estudis MusicActiva-M\u00e8tode Creatiu<\/strong> totalment integrat en horari escolar. La formaci\u00f3 musical servir\u00e0 no nom\u00e9s per aconseguir una formaci\u00f3 musical i art\u00edstica d&#8217;alt nivell sin\u00f3 per a treballar de manera t\u00e8cnica i sistem\u00e0tica en la mobilitzaci\u00f3 i el desenvolupament dels mecanismes interns que determinen la capacitat creativa de l&#8217;infant i del jove i que segons la nostra metodologia s\u00f3n els que permeten fer, construir, construir amb contingut creatiu -\u00e9s el que anomenem \u00abcrear\u00bb- i tamb\u00e9, i aix\u00f2 \u00e9s trascendent des del punt de vista did\u00e0ctic, determinen la capacitat d&#8217;aprenentatge.<\/li><\/ul><ul><li><strong>FORMACI\u00d3 ART\u00cdSTICA: <\/strong>la\u00a0formaci\u00f3 en arts pl\u00e0stiques i esc\u00e8niques s\u2019impartir\u00e0 a trav\u00e9s de 2 l\u00ednies complement\u00e0ries: TALLERS ART\u00cdSTICS: realitzaci\u00f3 dels TALLERS de DANSA -dansa-gimn\u00e0stica i dansa-, TALLER de PL\u00c0STIQUES i TALLER de TEATRE integrats en horari escolar. Els tallers es realitzen di\u00e0riament. El tallers de dansa -dansa-gimn\u00e0stica pels petits i dansa pels grans-, serveixen per posar en marxa el cos i iniciar l&#8217;activitat di\u00e0ria.<\/li><\/ul><ul class=\"has-black-color has-text-color\"><li><p><strong>MUSICALS MUSICACTIVA:<\/strong> participaci\u00f3 dels infants i joves als MUSICALS MUSICACTIVA creats i desenvolupats al casals MusicActiva i que permeten treballar la dansa, el teatre i les pl\u00e0stiques de manera integrada en la presentaci\u00f3 esc\u00e8nica dels espectacles. Els espectacles es treballen al llarg de tot el curs i es presenten davant de mares i pares al mes de Juliol. A m\u00e9s a m\u00e9s de la seva funci\u00f3 formativa en els continguts de les mat\u00e8ries art\u00edstiques, els espectacles generen la ficci\u00f3 que mobilitza l&#8217;imaginari col\u00b7lectiu de tot l&#8217;alumnat i tots els membres de l&#8217;escola i provoquen el nivell d&#8217;identificaci\u00f3 amb els personatges i amb les situacions que ens explica el conte del musical i generen \u00abl&#8217;ambient\u00bb en el que es desenvoluparan totes les activitats de l&#8217;escola i que ser\u00e0 un dels seus trets identitaris.<\/p><\/li><li><strong>APLICACI\u00d3 DE LA METODOLOGIA A LES MAT\u00c8RIES ESCOLARS: <\/strong>l&#8217;escola funcionar\u00e0 com a escola i simult\u00e0niament com a centre de creaci\u00f3 pedag\u00f2gica per aplicar els procediments de la metodologia als continguts de les mat\u00e8ries curriculars NO art\u00edstiques, \u00e9s a dir:<br \/><ul class=\"has-black-color has-text-color\"><li>mat\u00e8ries instrumentals: lleng\u00fces maternes: catal\u00e0 i castell\u00e0<\/li><li>lleng\u00fces estrangeres: angl\u00e8s i franc\u00e8s\u00a0<\/li><li>\u00e0rea de coneixements: geografia, hist\u00f2ria, ci\u00e8ncies i tecnologia<\/li><\/ul><\/li><\/ul>\t\t\t\t\t\t<\/div>\n\t\t\t\t<\/div>\n\t\t\t\t\t<\/div>\n\t\t<\/div>\n\t\t\t\t\t\t\t<\/div>\n\t\t<\/section>\n\t\t\t\t<section class=\"elementor-section elementor-top-section elementor-element elementor-element-e732370 elementor-section-boxed elementor-section-height-default elementor-section-height-default\" data-id=\"e732370\" data-element_type=\"section\">\n\t\t\t\t\t\t<div class=\"elementor-container elementor-column-gap-default\">\n\t\t\t\t\t<div class=\"elementor-column elementor-col-100 elementor-top-column elementor-element elementor-element-2ef930a\" data-id=\"2ef930a\" data-element_type=\"column\">\n\t\t\t<div class=\"elementor-widget-wrap elementor-element-populated\">\n\t\t\t\t\t\t\t\t<div class=\"elementor-element elementor-element-ba8a12e elementor-widget elementor-widget-text-editor\" data-id=\"ba8a12e\" data-element_type=\"widget\" data-widget_type=\"text-editor.default\">\n\t\t\t\t<div class=\"elementor-widget-container\">\n\t\t\t\t\t\t\t<p style=\"text-align: center;\"><em><span style=\"color: #993300;\"><b>INFORMA&#8217;T&#8230;!!!<\/b><\/span><\/em><\/p>\t\t\t\t\t\t<\/div>\n\t\t\t\t<\/div>\n\t\t\t\t<div class=\"elementor-element elementor-element-9452900 elementor-widget elementor-widget-text-editor\" data-id=\"9452900\" data-element_type=\"widget\" data-widget_type=\"text-editor.default\">\n\t\t\t\t<div class=\"elementor-widget-container\">\n\t\t\t\t\t\t\t<p style=\"text-align: center;\"><span style=\"color: #993300;\"><b>REUNIONS INFORMATIVES<\/b><\/span><\/p>\t\t\t\t\t\t<\/div>\n\t\t\t\t<\/div>\n\t\t\t\t<div class=\"elementor-element elementor-element-f21a25b elementor-widget elementor-widget-text-editor\" data-id=\"f21a25b\" data-element_type=\"widget\" data-widget_type=\"text-editor.default\">\n\t\t\t\t<div class=\"elementor-widget-container\">\n\t\t\t\t\t\t\t<p style=\"text-align: center;\"><span style=\"color: #993300;\"><b>Assisteix a les reunions informatives on descobrir\u00e0s el funcionament de la metodologia mitjan\u00e7ant la realitzaci\u00f3 pr\u00e0ctica d&#8217;exercicis. <\/b><\/span><\/p><p style=\"text-align: center;\"><a href=\"https:\/\/links.bitlyesp.com\/widget\/booking\/fl1wZrGWtbzS3xXpJEbd\"><span style=\"color: #993300;\"><b>SOL\u00b7LICITA ASSIST\u00c8NCIA A LES REUNIONS OMPLINT EL <span style=\"text-decoration: underline;\">FORMULARI<\/span><\/b><\/span><\/a><\/p>\t\t\t\t\t\t<\/div>\n\t\t\t\t<\/div>\n\t\t\t\t\t<\/div>\n\t\t<\/div>\n\t\t\t\t\t\t\t<\/div>\n\t\t<\/section>\n\t\t\t\t\t\t\t<\/div>\n\t\t","protected":false},"excerpt":{"rendered":"<p>QUI SOM MUSICACTIVA? MUSICACTIVA -MusicActiva escola de m\u00fasica i centre de creaci\u00f3 pedag\u00f2gica- CASALS d&#8217;ESTIU\u00a0 -casals de \u00ablleure art\u00edstic\u00bb amb presentaci\u00f3 d&#8217;espectacle musical- \u00abESCOLA CREATIVA\u00bb Escola d&#8217;infantil, prim\u00e0ria i secund\u00e0ria amb formaci\u00f3 art\u00edstica integrada MUSICACTIVA -MusicActiva escola de m\u00fasica i centre de creaci\u00f3 pedag\u00f2gica- MusicActiva,\u00a0escola de m\u00fasica i centre d\u2019investigaci\u00f3 i creaci\u00f3 pedag\u00f2gica, va ser&hellip;<\/p>\n","protected":false},"author":1,"featured_media":0,"parent":0,"menu_order":0,"comment_status":"closed","ping_status":"closed","template":"","meta":{"footnotes":""},"class_list":["post-550","page","type-page","status-publish","hentry"],"_links":{"self":[{"href":"http:\/\/musicactiva.net\/escolademusica\/wp-json\/wp\/v2\/pages\/550","targetHints":{"allow":["GET"]}}],"collection":[{"href":"http:\/\/musicactiva.net\/escolademusica\/wp-json\/wp\/v2\/pages"}],"about":[{"href":"http:\/\/musicactiva.net\/escolademusica\/wp-json\/wp\/v2\/types\/page"}],"author":[{"embeddable":true,"href":"http:\/\/musicactiva.net\/escolademusica\/wp-json\/wp\/v2\/users\/1"}],"replies":[{"embeddable":true,"href":"http:\/\/musicactiva.net\/escolademusica\/wp-json\/wp\/v2\/comments?post=550"}],"version-history":[{"count":128,"href":"http:\/\/musicactiva.net\/escolademusica\/wp-json\/wp\/v2\/pages\/550\/revisions"}],"predecessor-version":[{"id":5124,"href":"http:\/\/musicactiva.net\/escolademusica\/wp-json\/wp\/v2\/pages\/550\/revisions\/5124"}],"wp:attachment":[{"href":"http:\/\/musicactiva.net\/escolademusica\/wp-json\/wp\/v2\/media?parent=550"}],"curies":[{"name":"wp","href":"https:\/\/api.w.org\/{rel}","templated":true}]}}