{"id":827,"date":"2022-09-03T17:19:48","date_gmt":"2022-09-03T17:19:48","guid":{"rendered":"http:\/\/musicactiva.net\/escolademusica\/?page_id=827"},"modified":"2023-11-06T18:01:59","modified_gmt":"2023-11-06T18:01:59","slug":"taller-de-composicio","status":"publish","type":"page","link":"http:\/\/musicactiva.net\/escolademusica\/taller-de-composicio\/","title":{"rendered":"TALLER DE COMPOSICI\u00d3"},"content":{"rendered":"\t\t<div data-elementor-type=\"wp-page\" data-elementor-id=\"827\" class=\"elementor elementor-827\">\n\t\t\t\t\t\t\t\t\t<section class=\"elementor-section elementor-top-section elementor-element elementor-element-0f205ac elementor-section-boxed elementor-section-height-default elementor-section-height-default\" data-id=\"0f205ac\" data-element_type=\"section\">\n\t\t\t\t\t\t<div class=\"elementor-container elementor-column-gap-default\">\n\t\t\t\t\t<div class=\"elementor-column elementor-col-100 elementor-top-column elementor-element elementor-element-4a4d16c\" data-id=\"4a4d16c\" data-element_type=\"column\">\n\t\t\t<div class=\"elementor-widget-wrap elementor-element-populated\">\n\t\t\t\t\t\t\t\t<div class=\"elementor-element elementor-element-be28c5f elementor-widget elementor-widget-text-editor\" data-id=\"be28c5f\" data-element_type=\"widget\" data-widget_type=\"text-editor.default\">\n\t\t\t\t<div class=\"elementor-widget-container\">\n\t\t\t<style>\/*! elementor - v3.7.8 - 02-10-2022 *\/\n.elementor-widget-text-editor.elementor-drop-cap-view-stacked .elementor-drop-cap{background-color:#818a91;color:#fff}.elementor-widget-text-editor.elementor-drop-cap-view-framed .elementor-drop-cap{color:#818a91;border:3px solid;background-color:transparent}.elementor-widget-text-editor:not(.elementor-drop-cap-view-default) .elementor-drop-cap{margin-top:8px}.elementor-widget-text-editor:not(.elementor-drop-cap-view-default) .elementor-drop-cap-letter{width:1em;height:1em}.elementor-widget-text-editor .elementor-drop-cap{float:left;text-align:center;line-height:1;font-size:50px}.elementor-widget-text-editor .elementor-drop-cap-letter{display:inline-block}<\/style>\t\t\t\t<p style=\"text-align: center;\"><strong>HARMONIA i TALLER de COMPOSICI\u00d3<\/strong><\/p>\t\t\t\t\t\t<\/div>\n\t\t\t\t<\/div>\n\t\t\t\t<div class=\"elementor-element elementor-element-584e167 elementor-widget elementor-widget-text-editor\" data-id=\"584e167\" data-element_type=\"widget\" data-widget_type=\"text-editor.default\">\n\t\t\t\t<div class=\"elementor-widget-container\">\n\t\t\t\t\t\t\t<p style=\"text-align: center;\"><strong>aprendre a composar la nostra pr\u00f2pia m\u00fasica a partir de l&#8217;estudi de l&#8217;harmonia<\/strong><\/p>\n<p style=\"text-align: center;\"><strong>i utilitzant mitjans digitals -digital music-<\/strong><\/p>\t\t\t\t\t\t<\/div>\n\t\t\t\t<\/div>\n\t\t\t\t<section class=\"elementor-section elementor-inner-section elementor-element elementor-element-da7ee71 elementor-section-boxed elementor-section-height-default elementor-section-height-default\" data-id=\"da7ee71\" data-element_type=\"section\">\n\t\t\t\t\t\t<div class=\"elementor-container elementor-column-gap-default\">\n\t\t\t\t\t<div class=\"elementor-column elementor-col-50 elementor-inner-column elementor-element elementor-element-ca874b2\" data-id=\"ca874b2\" data-element_type=\"column\" data-settings=\"{&quot;background_background&quot;:&quot;classic&quot;}\">\n\t\t\t<div class=\"elementor-widget-wrap elementor-element-populated\">\n\t\t\t\t\t\t\t\t<div class=\"elementor-element elementor-element-0cd2923 elementor-widget elementor-widget-text-editor\" data-id=\"0cd2923\" data-element_type=\"widget\" data-widget_type=\"text-editor.default\">\n\t\t\t\t<div class=\"elementor-widget-container\">\n\t\t\t\t\t\t\t<p style=\"text-align: center;\"><a href=\"#que\"><strong>QU\u00c8 APRENEM <\/strong><strong>a TALLER&#8230;?<\/strong><\/a><\/p>\t\t\t\t\t\t<\/div>\n\t\t\t\t<\/div>\n\t\t\t\t\t<\/div>\n\t\t<\/div>\n\t\t\t\t<div class=\"elementor-column elementor-col-50 elementor-inner-column elementor-element elementor-element-2c468dd\" data-id=\"2c468dd\" data-element_type=\"column\" data-settings=\"{&quot;background_background&quot;:&quot;classic&quot;}\">\n\t\t\t<div class=\"elementor-widget-wrap elementor-element-populated\">\n\t\t\t\t\t\t\t\t<div class=\"elementor-element elementor-element-573934e elementor-widget elementor-widget-text-editor\" data-id=\"573934e\" data-element_type=\"widget\" data-widget_type=\"text-editor.default\">\n\t\t\t\t<div class=\"elementor-widget-container\">\n\t\t\t\t\t\t\t<p style=\"text-align: center;\"><a href=\"#comparacio\"><strong>COMPARACI\u00d3 amb els PROCEDIMENTS TRADICIONALS<\/strong><\/a><\/p>\t\t\t\t\t\t<\/div>\n\t\t\t\t<\/div>\n\t\t\t\t\t<\/div>\n\t\t<\/div>\n\t\t\t\t\t\t\t<\/div>\n\t\t<\/section>\n\t\t\t\t<section class=\"elementor-section elementor-inner-section elementor-element elementor-element-7c18871 elementor-section-boxed elementor-section-height-default elementor-section-height-default\" data-id=\"7c18871\" data-element_type=\"section\">\n\t\t\t\t\t\t<div class=\"elementor-container elementor-column-gap-default\">\n\t\t\t\t\t<div class=\"elementor-column elementor-col-100 elementor-inner-column elementor-element elementor-element-de00ce3\" data-id=\"de00ce3\" data-element_type=\"column\">\n\t\t\t<div class=\"elementor-widget-wrap elementor-element-populated\">\n\t\t\t\t\t\t\t\t<div class=\"elementor-element elementor-element-c9f517c elementor-widget elementor-widget-text-editor\" data-id=\"c9f517c\" data-element_type=\"widget\" data-widget_type=\"text-editor.default\">\n\t\t\t\t<div class=\"elementor-widget-container\">\n\t\t\t\t\t\t\t<p style=\"text-align: left;\"><strong>&#8230;mat\u00e8ries de \u00abtaller de composici\u00f3\u00bb:&nbsp;<\/strong><\/p>\t\t\t\t\t\t<\/div>\n\t\t\t\t<\/div>\n\t\t\t\t<section class=\"elementor-section elementor-inner-section elementor-element elementor-element-ddf386f elementor-section-boxed elementor-section-height-default elementor-section-height-default\" data-id=\"ddf386f\" data-element_type=\"section\">\n\t\t\t\t\t\t<div class=\"elementor-container elementor-column-gap-default\">\n\t\t\t\t\t<div class=\"elementor-column elementor-col-33 elementor-inner-column elementor-element elementor-element-b335b99\" data-id=\"b335b99\" data-element_type=\"column\" data-settings=\"{&quot;background_background&quot;:&quot;classic&quot;}\">\n\t\t\t<div class=\"elementor-widget-wrap elementor-element-populated\">\n\t\t\t\t\t\t\t\t<div class=\"elementor-element elementor-element-a3837b2 elementor-widget elementor-widget-text-editor\" data-id=\"a3837b2\" data-element_type=\"widget\" data-widget_type=\"text-editor.default\">\n\t\t\t\t<div class=\"elementor-widget-container\">\n\t\t\t\t\t\t\t<p style=\"text-align: center;\"><strong><a href=\"https:\/\/musicactiva.net\/escolademusica\/harmonia\/\" target=\"_blank\" rel=\"noopener\">HARMONIA<\/a><\/strong><\/p>\t\t\t\t\t\t<\/div>\n\t\t\t\t<\/div>\n\t\t\t\t<div class=\"elementor-element elementor-element-aed1797 elementor-widget elementor-widget-text-editor\" data-id=\"aed1797\" data-element_type=\"widget\" data-widget_type=\"text-editor.default\">\n\t\t\t\t<div class=\"elementor-widget-container\">\n\t\t\t\t\t\t\t<p style=\"text-align: center;\">Descobriment i utilitzaci\u00f3 de les operacions harm\u00f2niques del Sistema Tonal mitjan\u00e7ant exercicis d&#8217;improvisaci\u00f3 i de composici\u00f3<\/p>\t\t\t\t\t\t<\/div>\n\t\t\t\t<\/div>\n\t\t\t\t\t<\/div>\n\t\t<\/div>\n\t\t\t\t<div class=\"elementor-column elementor-col-33 elementor-inner-column elementor-element elementor-element-6efa5f8\" data-id=\"6efa5f8\" data-element_type=\"column\" data-settings=\"{&quot;background_background&quot;:&quot;classic&quot;}\">\n\t\t\t<div class=\"elementor-widget-wrap elementor-element-populated\">\n\t\t\t\t\t\t\t\t<div class=\"elementor-element elementor-element-eb60196 elementor-widget elementor-widget-text-editor\" data-id=\"eb60196\" data-element_type=\"widget\" data-widget_type=\"text-editor.default\">\n\t\t\t\t<div class=\"elementor-widget-container\">\n\t\t\t\t\t\t\t<p style=\"text-align: center;\"><a href=\"https:\/\/musicactiva.net\/escolademusica\/composicio\/\"><strong>COMPOSICI\u00d3<\/strong><\/a><\/p>\t\t\t\t\t\t<\/div>\n\t\t\t\t<\/div>\n\t\t\t\t<div class=\"elementor-element elementor-element-21aab34 elementor-widget elementor-widget-text-editor\" data-id=\"21aab34\" data-element_type=\"widget\" data-widget_type=\"text-editor.default\">\n\t\t\t\t<div class=\"elementor-widget-container\">\n\t\t\t\t\t\t\t<p>Aplicaci\u00f3 a la composici\u00f3 del material harm\u00f2nic, r\u00edtmic i mel\u00f2dic apr\u00e8s a llenguatge musical i a harmonia<\/p>\t\t\t\t\t\t<\/div>\n\t\t\t\t<\/div>\n\t\t\t\t\t<\/div>\n\t\t<\/div>\n\t\t\t\t<div class=\"elementor-column elementor-col-33 elementor-inner-column elementor-element elementor-element-083d2b8\" data-id=\"083d2b8\" data-element_type=\"column\" data-settings=\"{&quot;background_background&quot;:&quot;classic&quot;}\">\n\t\t\t<div class=\"elementor-widget-wrap elementor-element-populated\">\n\t\t\t\t\t\t\t\t<div class=\"elementor-element elementor-element-d0ccbbf elementor-widget elementor-widget-text-editor\" data-id=\"d0ccbbf\" data-element_type=\"widget\" data-widget_type=\"text-editor.default\">\n\t\t\t\t<div class=\"elementor-widget-container\">\n\t\t\t\t\t\t\t<p style=\"text-align: center;\"><a href=\"https:\/\/musicactiva.net\/escolademusica\/digital-music\/\"><b>DIGITAL MUSIC<\/b><\/a><\/p>\t\t\t\t\t\t<\/div>\n\t\t\t\t<\/div>\n\t\t\t\t<div class=\"elementor-element elementor-element-95c3f69 elementor-widget elementor-widget-text-editor\" data-id=\"95c3f69\" data-element_type=\"widget\" data-widget_type=\"text-editor.default\">\n\t\t\t\t<div class=\"elementor-widget-container\">\n\t\t\t\t\t\t\t<p style=\"text-align: center;\">Producci\u00f3 de les composicions amb mitjans digitals<\/p>\t\t\t\t\t\t<\/div>\n\t\t\t\t<\/div>\n\t\t\t\t\t<\/div>\n\t\t<\/div>\n\t\t\t\t\t\t\t<\/div>\n\t\t<\/section>\n\t\t\t\t\t<\/div>\n\t\t<\/div>\n\t\t\t\t\t\t\t<\/div>\n\t\t<\/section>\n\t\t\t\t\t<\/div>\n\t\t<\/div>\n\t\t\t\t\t\t\t<\/div>\n\t\t<\/section>\n\t\t\t\t<section class=\"elementor-section elementor-top-section elementor-element elementor-element-5f14caf elementor-section-boxed elementor-section-height-default elementor-section-height-default\" data-id=\"5f14caf\" data-element_type=\"section\">\n\t\t\t\t\t\t<div class=\"elementor-container elementor-column-gap-default\">\n\t\t\t\t\t<div class=\"elementor-column elementor-col-100 elementor-top-column elementor-element elementor-element-87ef588\" data-id=\"87ef588\" data-element_type=\"column\">\n\t\t\t<div class=\"elementor-widget-wrap elementor-element-populated\">\n\t\t\t\t\t\t\t\t<div class=\"elementor-element elementor-element-f4f8021 elementor-widget elementor-widget-menu-anchor\" data-id=\"f4f8021\" data-element_type=\"widget\" data-widget_type=\"menu-anchor.default\">\n\t\t\t\t<div class=\"elementor-widget-container\">\n\t\t\t<style>\/*! elementor - v3.7.8 - 02-10-2022 *\/\nbody.elementor-page .elementor-widget-menu-anchor{margin-bottom:0}<\/style>\t\t<div id=\"que\" class=\"elementor-menu-anchor\"><\/div>\n\t\t\t\t<\/div>\n\t\t\t\t<\/div>\n\t\t\t\t<div class=\"elementor-element elementor-element-f6440ca elementor-widget elementor-widget-text-editor\" data-id=\"f6440ca\" data-element_type=\"widget\" data-widget_type=\"text-editor.default\">\n\t\t\t\t<div class=\"elementor-widget-container\">\n\t\t\t\t\t\t\t<p><strong>Qu\u00e8 aprenem a Taller de Composici\u00f3? &#8230;com ho aprenem?<\/strong><\/p>\t\t\t\t\t\t<\/div>\n\t\t\t\t<\/div>\n\t\t\t\t\t<\/div>\n\t\t<\/div>\n\t\t\t\t\t\t\t<\/div>\n\t\t<\/section>\n\t\t\t\t<section class=\"elementor-section elementor-top-section elementor-element elementor-element-919bcf3 elementor-section-boxed elementor-section-height-default elementor-section-height-default\" data-id=\"919bcf3\" data-element_type=\"section\">\n\t\t\t\t\t\t<div class=\"elementor-container elementor-column-gap-default\">\n\t\t\t\t\t<div class=\"elementor-column elementor-col-100 elementor-top-column elementor-element elementor-element-f6a8ed0\" data-id=\"f6a8ed0\" data-element_type=\"column\">\n\t\t\t<div class=\"elementor-widget-wrap elementor-element-populated\">\n\t\t\t\t\t\t\t\t<div class=\"elementor-element elementor-element-31f3354 elementor-widget elementor-widget-text-editor\" data-id=\"31f3354\" data-element_type=\"widget\" data-widget_type=\"text-editor.default\">\n\t\t\t\t<div class=\"elementor-widget-container\">\n\t\t\t\t\t\t\t<ul style=\"font-size: 14px;\">\n<li style=\"list-style-type: none;\">\n<ul style=\"font-size: 14px;\">\n<li><strong>Harmonia i composici\u00f3:<\/strong>\u00a0a taller de composici\u00f3 iniciem l\u2019estudi de l\u2019harmonia i aprenem a utilitzar el material harm\u00f2nic per iniciar la composici\u00f3 de peces musicals que construim a nivell r\u00edtmic, mel\u00f2dic i harm\u00f2nic i que per tant, ja presenten una estructura musical completa.<\/li>\n<\/ul>\n<\/li>\n<\/ul>\n<p><!-- \/wp:list-item --><!-- wp:list-item --><\/p>\n<ul style=\"font-size: 14px;\">\n<li style=\"list-style-type: none;\">\n<ul style=\"font-size: 14px;\">\n<li><strong>Composar can\u00e7ons:\u00a0<\/strong>\u00a0les primeres composicions prenen forma de can\u00e7ons. La can\u00e7\u00f3 reuneix els elements essencials de les \u201cformes musicals\u201d: es tracta d&#8217;una forma bin\u00e0ria composta per una tornada i una estrofa a la qual podem afegir altres parts -una introducci\u00f3, una coda, interludis, passatges-, i \u00e9s la forma musical que utilitzem com a refer\u00e8ncia i com a punt de partida per poder evolucionar fins a la construcci\u00f3 d\u2019estructures musicals m\u00e9s complexes.\u00a0<\/li>\n<\/ul>\n<\/li>\n<\/ul>\n<p><!-- \/wp:list-item --><!-- wp:list-item --><\/p>\n<ul style=\"font-size: 14px;\">\n<li style=\"list-style-type: none;\">\n<ul style=\"font-size: 14px;\">\n<li><strong>Creaci\u00f3 de les lletres:<\/strong>\u00a0la composici\u00f3 de can\u00e7ons comporta tamb\u00e9 el proc\u00e9s creatiu pel qual construim les \u00ablletres\u00bb de les can\u00e7ons. Les lletres de les can\u00e7ons ens permeten connectar el proc\u00e9s de creaci\u00f3 liter\u00e0ria amb el proc\u00e9s de creaci\u00f3 musical i s\u00f3n molt estimulants, molt aclaridores i molt formatives per a les i els alumnes.<\/li>\n<\/ul>\n<\/li>\n<\/ul>\n<p><!-- \/wp:list-item --><!-- wp:list-item --><\/p>\n<ul style=\"font-size: 14px;\">\n<li style=\"list-style-type: none;\">\n<ul style=\"font-size: 14px;\">\n<li><strong>Arranjaments, harmonitzaci\u00f3, instrumentaci\u00f3:<\/strong>\u00a0el proc\u00e9s inclou els continguts de la mat\u00e8ria que en les formacions de m\u00fasica moderna s\u2019anomena \u201carranjaments\u201d. Els arranjaments inclouen la instrumentaci\u00f3, l&#8217;harmonitzaci\u00f3 i la composici\u00f3 de tot l&#8217;acompanyament instrumental de la melodia cantada.<\/li>\n<\/ul>\n<\/li>\n<\/ul>\n<p><!-- \/wp:list-item --><!-- wp:list-item --><\/p>\n<ul style=\"font-size: 14px;\">\n<li><strong>Producci\u00f3 de la m\u00fasica composada amb mitjans digitals -digital music:<\/strong>\u00a0la feina que fem a Taller de Composici\u00f3 inclou la utilitzaci\u00f3 dels mitjans digitals amb els quals enregistrem i \u00abfem sonar\u00bb la m\u00fasica composada. Els programes que aprenem a utilitzar s\u00f3n GarageBand i Logic. Els mitjans digitals clarifiquen i faciliten molt el proc\u00e9s compositiu i s\u00f3n molt estimulants des del punt de vista creatiu. Mitjan\u00e7ant la utilitzaci\u00f3 d&#8217;aquests programes l&#8217;alumnat s&#8217;introdueix en el proc\u00e9s de producci\u00f3 musical: enregistrament, seq\u00fcenciaci\u00f3, mescles i primeres masteritzacions.<\/li>\n<\/ul>\t\t\t\t\t\t<\/div>\n\t\t\t\t<\/div>\n\t\t\t\t\t<\/div>\n\t\t<\/div>\n\t\t\t\t\t\t\t<\/div>\n\t\t<\/section>\n\t\t\t\t<section class=\"elementor-section elementor-top-section elementor-element elementor-element-dff9dc5 elementor-section-boxed elementor-section-height-default elementor-section-height-default\" data-id=\"dff9dc5\" data-element_type=\"section\">\n\t\t\t\t\t\t<div class=\"elementor-container elementor-column-gap-default\">\n\t\t\t\t\t<div class=\"elementor-column elementor-col-100 elementor-top-column elementor-element elementor-element-6ea6252\" data-id=\"6ea6252\" data-element_type=\"column\">\n\t\t\t<div class=\"elementor-widget-wrap elementor-element-populated\">\n\t\t\t\t\t\t\t\t<div class=\"elementor-element elementor-element-5ba3a8b elementor-widget elementor-widget-menu-anchor\" data-id=\"5ba3a8b\" data-element_type=\"widget\" data-widget_type=\"menu-anchor.default\">\n\t\t\t\t<div class=\"elementor-widget-container\">\n\t\t\t\t\t<div id=\"comparacio\" class=\"elementor-menu-anchor\"><\/div>\n\t\t\t\t<\/div>\n\t\t\t\t<\/div>\n\t\t\t\t<div class=\"elementor-element elementor-element-f1678c8 elementor-widget elementor-widget-text-editor\" data-id=\"f1678c8\" data-element_type=\"widget\" data-widget_type=\"text-editor.default\">\n\t\t\t\t<div class=\"elementor-widget-container\">\n\t\t\t\t\t\t\t<p><strong>Comparaci\u00f3 amb els procediments tradicionals:\u00a0\u00a0<\/strong><\/p>\t\t\t\t\t\t<\/div>\n\t\t\t\t<\/div>\n\t\t\t\t\t<\/div>\n\t\t<\/div>\n\t\t\t\t\t\t\t<\/div>\n\t\t<\/section>\n\t\t\t\t<section class=\"elementor-section elementor-top-section elementor-element elementor-element-b647b92 elementor-section-boxed elementor-section-height-default elementor-section-height-default\" data-id=\"b647b92\" data-element_type=\"section\">\n\t\t\t\t\t\t<div class=\"elementor-container elementor-column-gap-default\">\n\t\t\t\t\t<div class=\"elementor-column elementor-col-100 elementor-top-column elementor-element elementor-element-cd83984\" data-id=\"cd83984\" data-element_type=\"column\">\n\t\t\t<div class=\"elementor-widget-wrap elementor-element-populated\">\n\t\t\t\t\t\t\t\t<div class=\"elementor-element elementor-element-a345fbb elementor-widget elementor-widget-text-editor\" data-id=\"a345fbb\" data-element_type=\"widget\" data-widget_type=\"text-editor.default\">\n\t\t\t\t<div class=\"elementor-widget-container\">\n\t\t\t\t\t\t\t<ul style=\"font-size: 14px;\">\n<li><strong>Estudi tradicional de l&#8217;harmonia: <\/strong>als procediments \u00abinterpretatius\u00bb amb que es segueix impartint l&#8217;ensenyament de la m\u00fasica als conservatoris, l&#8217;harmonia es treballa de manera priorit\u00e0riament te\u00f2rica i mitjan\u00e7ant la realitzaci\u00f3 d\u2019exercicis que s\u2019han de resoldre aplicant normes i regles. Aquesta formaci\u00f3 es limita a tractar el material musical a un nivell merament formal i en cap cas treballa el nivell d&#8217;educaci\u00f3 auditiva que \u00e9s imprescindible per aprendre harmonia, ni tampoc treballa en la construcci\u00f3 del \u00abllenguatge harm\u00f2nic\u00bb que necessita construir l&#8217;alumnat per descobrir les possibilitats musicals i art\u00edstiques de l&#8217;harmonia musical. A les escoles de m\u00fasica moderna es treballa l&#8217;harmonia a partir d&#8217;un concepte molt m\u00e9s pr\u00e0ctic i molt m\u00e9s entenedor de l&#8217;harmonia que s&#8217;anomena \u00abharmonia funcional\u00bb. Per\u00f2 el tractament que se li d\u00f3na segueix sent molt te\u00f2ric ja que es tracta exposant les \u00abnormes\u00bb que s&#8217;han de seguir per construir estructures harm\u00f2niques i habitualment s&#8217;exemplifica mitjan\u00e7ant l&#8217;an\u00e0lisi d&#8217;exemples musicals.<\/li>\n<li><strong>Estudi de la composici\u00f3 en les formacions tradicionals:<\/strong> l&#8217;estudi de la composici\u00f3 a la formaci\u00f3 cl\u00e0ssica tradicional \u00e9s una especialitzaci\u00f3 del Grau Superior i l&#8217;alumnat hi pot accedir quan ja ha assolit una formaci\u00f3 de gran nivell en harmonia, contrapunt, formes musicals i altres mat\u00e8ries. A les carreres de m\u00fasica moderna no es treballa de manera espec\u00edfica i normalment s&#8217;inclou de manera impl\u00edcita a la mat\u00e8ria d&#8217;arranjaments i sempre a criteri del professorat.<\/li>\n<li><strong>Producci\u00f3 musical:<\/strong>&nbsp;en la formaci\u00f3 tradicional de m\u00fasica cl\u00e0ssica no es contempla la producci\u00f3 musical mitjan\u00e7ans digitals -digital musical-. A les formacions en m\u00fasica moderna, apareix com una especialitat de determinades formacions superiors o professionals. Darrerament amb la proliferaci\u00f3 dels mitjans digitals, moltes vegades s&#8217;utilitzen aquests mitjans per a composar a partir de m\u00fasica que ja ha estat composada i com a substitut del proc\u00e9s constructiu i creatiu pel qual l&#8217;alumnat ha d&#8217;aprendre a estructurar el so musical a nivell r\u00edtmic, mel\u00f2dic i harm\u00f2nic.<\/li>\n<li><strong>Mat\u00e8ries <strong>treballades de manera eminentment te\u00f2rica<\/strong><\/strong> i<strong> desconnectades entre s\u00ed<\/strong>: el resultat en termes generals \u00e9s que els continguts de totes aquestes mat\u00e8ries es treballen de manera eminentment te\u00f2rica i en tots els casos molt desconnectades entre s\u00ed.<\/li>\n<li><strong>Mancances formatives i dificultats did\u00e0ctiques que comporta: <\/strong>aix\u00f2 provoca que l\u2019estudi de totes aquestes mat\u00e8ries amb els procediments \u00abinterpretatius\u00bb tradicionals es converteixi en una formaci\u00f3 te\u00f2rica, molt abstracta, molt desconnectada de la seva aplicaci\u00f3 a la pr\u00e0ctica musical i per tots aquests motius, poc atractiva i molt dif\u00edcil d\u2019aprendre.&nbsp;<\/li>\n<li><strong>Avantatges formatius i did\u00e0ctics de treballar aquestes mat\u00e8ries amb la nostra metodologia:<\/strong>&nbsp;aplicant els procediments de la nostra metodologia, treballem la composici\u00f3 a nivell r\u00edtmic i a nivell mel\u00f2dic des del primer moment de l&#8217;aprenentatge i a partir del moment en qu\u00e8 iniciem l&#8217;estudi de l&#8217;harmonia, utilitzem immediatament el material harm\u00f2nic treballat per aplicar-lo a la composici\u00f3. D&#8217;aquesta manera aconseguim que els continguts de totes les mat\u00e8ries connectin entre s\u00ed i que els seus efectes formatius es complementin. Aix\u00f2 permet que l&#8217;alumnat pugui fer m\u00fasica en cada un dels moments pels quals evoluciona l&#8217;aprenentatge i ens permet traballar els continguts de les mat\u00e8ries d&#8217;una manera pr\u00e0ctica i vivencial que eviten en tot moment els desenvolupaments te\u00f2rics i les preparacions t\u00e8cniques desprovistes de contingut musical.<\/li>\n<li>El proc\u00e9s pel qual construim la m\u00fasica i la dotem d\u2019un \u201csentit musical\u201d personalitzat&nbsp; inclou el proc\u00e9s de capacitaci\u00f3 creativa en la realitzaci\u00f3 dels propis exercicis. Aix\u00f2 fa possible que TOT l&#8217;alumnat pugui mobilitzar les seves capacitats creatives i descobreixi que \u00e9s capa\u00e7 de composar i de crear la seva pr\u00f2pia m\u00fasica i que l&#8217;estudi de les mat\u00e8ries sigui totalment comprensible i assequible per a TOT l&#8217;alumnat.<\/li>\n<\/ul>\t\t\t\t\t\t<\/div>\n\t\t\t\t<\/div>\n\t\t\t\t\t<\/div>\n\t\t<\/div>\n\t\t\t\t\t\t\t<\/div>\n\t\t<\/section>\n\t\t\t\t<section class=\"elementor-section elementor-top-section elementor-element elementor-element-fd6ae51 elementor-section-boxed elementor-section-height-default elementor-section-height-default\" data-id=\"fd6ae51\" data-element_type=\"section\">\n\t\t\t\t\t\t<div class=\"elementor-container elementor-column-gap-default\">\n\t\t\t\t\t<div class=\"elementor-column elementor-col-100 elementor-top-column elementor-element elementor-element-9c6938b\" data-id=\"9c6938b\" data-element_type=\"column\">\n\t\t\t<div class=\"elementor-widget-wrap elementor-element-populated\">\n\t\t\t\t\t\t\t\t<div class=\"elementor-element elementor-element-6838e41 elementor-widget elementor-widget-text-editor\" data-id=\"6838e41\" data-element_type=\"widget\" data-widget_type=\"text-editor.default\">\n\t\t\t\t<div class=\"elementor-widget-container\">\n\t\t\t\t\t\t\t<p><strong>Aplicaci\u00f3 de la metodologia:\u00a0<\/strong><\/p>\t\t\t\t\t\t<\/div>\n\t\t\t\t<\/div>\n\t\t\t\t\t<\/div>\n\t\t<\/div>\n\t\t\t\t\t\t\t<\/div>\n\t\t<\/section>\n\t\t\t\t<section class=\"elementor-section elementor-top-section elementor-element elementor-element-01e9642 elementor-section-boxed elementor-section-height-default elementor-section-height-default\" data-id=\"01e9642\" data-element_type=\"section\">\n\t\t\t\t\t\t<div class=\"elementor-container elementor-column-gap-default\">\n\t\t\t\t\t<div class=\"elementor-column elementor-col-100 elementor-top-column elementor-element elementor-element-9d77902\" data-id=\"9d77902\" data-element_type=\"column\">\n\t\t\t<div class=\"elementor-widget-wrap elementor-element-populated\">\n\t\t\t\t\t\t\t\t<div class=\"elementor-element elementor-element-37a8295 elementor-widget elementor-widget-text-editor\" data-id=\"37a8295\" data-element_type=\"widget\" data-widget_type=\"text-editor.default\">\n\t\t\t\t<div class=\"elementor-widget-container\">\n\t\t\t\t\t\t\t<p>El proc\u00e9s es fa a partir de la definici\u00f3 que fa la metodologia del \u201csistema r\u00edtmic musical\u201d i del \u201csistema m\u00e8tric musical\u201d i el seu funcionament, la difer\u00e8ncia que estableix entre ritme i m\u00e8trica i la seva aplicaci\u00f3 did\u00e0ctica, \u2026i mitjan\u00e7ant l\u2019aplicaci\u00f3 dels models d&#8217;improvisaci\u00f3 i de composici\u00f3 que permeten reconstruir el funcionament del sistema m\u00e8tric i la seva utilitzaci\u00f3 musical construint m\u00fasica de manera immediata d&#8217;una manera pr\u00e0ctica i vivencial.<\/p>\t\t\t\t\t\t<\/div>\n\t\t\t\t<\/div>\n\t\t\t\t\t<\/div>\n\t\t<\/div>\n\t\t\t\t\t\t\t<\/div>\n\t\t<\/section>\n\t\t\t\t\t\t\t<\/div>\n\t\t","protected":false},"excerpt":{"rendered":"<p>HARMONIA i TALLER de COMPOSICI\u00d3 aprendre a composar la nostra pr\u00f2pia m\u00fasica a partir de l&#8217;estudi de l&#8217;harmonia i utilitzant mitjans digitals -digital music- QU\u00c8 APRENEM a TALLER&#8230;? COMPARACI\u00d3 amb els PROCEDIMENTS TRADICIONALS &#8230;mat\u00e8ries de \u00abtaller de composici\u00f3\u00bb:&nbsp; HARMONIA Descobriment i utilitzaci\u00f3 de les operacions harm\u00f2niques del Sistema Tonal mitjan\u00e7ant exercicis d&#8217;improvisaci\u00f3 i de composici\u00f3&hellip;<\/p>\n","protected":false},"author":1,"featured_media":0,"parent":0,"menu_order":0,"comment_status":"closed","ping_status":"closed","template":"","meta":{"footnotes":""},"class_list":["post-827","page","type-page","status-publish","hentry"],"_links":{"self":[{"href":"http:\/\/musicactiva.net\/escolademusica\/wp-json\/wp\/v2\/pages\/827","targetHints":{"allow":["GET"]}}],"collection":[{"href":"http:\/\/musicactiva.net\/escolademusica\/wp-json\/wp\/v2\/pages"}],"about":[{"href":"http:\/\/musicactiva.net\/escolademusica\/wp-json\/wp\/v2\/types\/page"}],"author":[{"embeddable":true,"href":"http:\/\/musicactiva.net\/escolademusica\/wp-json\/wp\/v2\/users\/1"}],"replies":[{"embeddable":true,"href":"http:\/\/musicactiva.net\/escolademusica\/wp-json\/wp\/v2\/comments?post=827"}],"version-history":[{"count":71,"href":"http:\/\/musicactiva.net\/escolademusica\/wp-json\/wp\/v2\/pages\/827\/revisions"}],"predecessor-version":[{"id":5009,"href":"http:\/\/musicactiva.net\/escolademusica\/wp-json\/wp\/v2\/pages\/827\/revisions\/5009"}],"wp:attachment":[{"href":"http:\/\/musicactiva.net\/escolademusica\/wp-json\/wp\/v2\/media?parent=827"}],"curies":[{"name":"wp","href":"https:\/\/api.w.org\/{rel}","templated":true}]}}