{"id":2081,"date":"2026-03-31T08:00:42","date_gmt":"2026-03-31T08:00:42","guid":{"rendered":"https:\/\/musicactiva.net\/casal\/?page_id=2081"},"modified":"2026-04-04T15:50:09","modified_gmt":"2026-04-04T15:50:09","slug":"1r-i-2n-primaria-un-dia-al-casal-abordatge26-marta-corregit","status":"publish","type":"page","link":"https:\/\/musicactiva.net\/casal\/1r-i-2n-primaria-un-dia-al-casal-abordatge26-marta-corregit\/","title":{"rendered":"1r i 2n prim\u00e0ria UN DIA AL CASAL"},"content":{"rendered":"\n<h1 class=\"wp-block-heading\"><strong>UN DIA AL CASAL <\/strong><\/h1>\n\n\n<div class=\"wp-block-image\">\n<figure class=\"aligncenter size-large\"><img loading=\"lazy\" decoding=\"async\" width=\"1024\" height=\"731\" src=\"http:\/\/musicactiva.net\/casal\/wp-content\/uploads\/2026\/03\/UNA-SETMANA-CASAL-11-1024x731.png\" alt=\"\" class=\"wp-image-2252\" srcset=\"https:\/\/musicactiva.net\/casal\/wp-content\/uploads\/2026\/03\/UNA-SETMANA-CASAL-11-1024x731.png 1024w, https:\/\/musicactiva.net\/casal\/wp-content\/uploads\/2026\/03\/UNA-SETMANA-CASAL-11-300x214.png 300w, https:\/\/musicactiva.net\/casal\/wp-content\/uploads\/2026\/03\/UNA-SETMANA-CASAL-11-768x548.png 768w, https:\/\/musicactiva.net\/casal\/wp-content\/uploads\/2026\/03\/UNA-SETMANA-CASAL-11-1536x1097.png 1536w, https:\/\/musicactiva.net\/casal\/wp-content\/uploads\/2026\/03\/UNA-SETMANA-CASAL-11.png 2000w\" sizes=\"auto, (max-width: 1024px) 100vw, 1024px\" \/><\/figure>\n<\/div>\n\n\n<p><\/p>\n\n\n\n<p class=\"has-medium-font-size\" id=\"block-72f8bd55-509e-4061-80f4-79bac309513b\"><strong>DILLUNS i DIMARTS<\/strong><\/p>\n\n\n\n<p id=\"block-f99cecc7-2536-4923-9c70-54606c482823\"><strong>9:30 ENTRENAMENT MATINAL dels PIRATES<\/strong><\/p>\n\n\n\n<figure class=\"wp-block-image\" id=\"block-33dae466-d5c0-4a71-90eb-9c794e343c28\"><img decoding=\"async\" src=\"http:\/\/musicactiva.net\/casal\/wp-content\/uploads\/2022\/04\/Captura-de-pantalla-2022-04-17-a-les-10.19.37-1024x549.png\" alt=\"La imagen tiene un atributo ALT vac\u00edo; su nombre de archivo es Captura-de-pantalla-2022-04-17-a-les-10.19.37-1024x549.png\"\/><\/figure>\n\n\n\n<p id=\"block-784099db-d9f4-4009-a264-e3a8990d0b77\"><strong>-DANSA-GIMN\u00c0STICA MATINAL: <\/strong>el primer que fan <strong>els PIRATES <\/strong>quan es desperten cada mat\u00ed , \u00e9s mobilitzar i entrenar el seu cos amb la DANSA-GIMN\u00c0STICA MATINAL,&nbsp;que s\u00f3n unes danses i un exercicis r\u00edtmics i f\u00edsics que fan <strong>els PIRATES&nbsp;<\/strong> utilitzant la percussi\u00f3 corporal, utilitzant la seva poderosa veu, i amb l\u2019acompanyament de m\u00fasiques tocades en directe amb instruments de percussi\u00f3.&nbsp;<\/p>\n\n\n\n<p id=\"block-9c98270c-0ab2-43ec-80b2-3c63890373d5\">D\u2019aquesta manera <strong>els PIRATES&nbsp;<\/strong> no nom\u00e9s es desperten, sino que aconsegueixen l\u2019energia i el bon humor que necessiten per viure les intenses aventures que passaran al llarg del dia.<\/p>\n\n\n\n<p id=\"block-57f8ef56-b37e-4609-8ffa-739f217c8aca\"><strong>10:15 ASSAIG de LES CAN\u00c7ONS de l\u2019ESPECTACLE&nbsp; &nbsp; &nbsp; &nbsp; &nbsp; &nbsp; &#8230;&#8230;reserva el teu CD!!!!!<\/strong><\/p>\n\n\n\n<figure class=\"wp-block-image\" id=\"block-a2be0b99-a17c-4e6f-ba5c-ab16d15006bb\"><img decoding=\"async\" src=\"http:\/\/musicactiva.net\/casal\/wp-content\/uploads\/2022\/04\/Captura-de-pantalla-2022-04-17-a-les-13.59.54.png\" alt=\"La imagen tiene un atributo ALT vac\u00edo; su nombre de archivo es Captura-de-pantalla-2022-04-17-a-les-13.59.54.png\"\/><\/figure>\n\n\n\n<p id=\"block-a2ab7009-7a6c-4539-8250-4c200573dfb3\"><strong>-TALLERS de CAN\u00c7ONS i CONTE de l\u2019ESPECTACLE: <\/strong>quan<strong> els PIRATES&nbsp;<\/strong> ja estan en marxa arriba el moment d\u2019aprendre les can\u00e7ons de l\u2019espectacle. Cada can\u00e7\u00f3 ens presenta un personatge i ens explica una nova i emocionant aventura. Com ens agraden les can\u00e7ons de l\u2019espectacle!!!!&nbsp; Les aprendrem totes, les cantarem a l\u2019espectacle, les cantarem durant tot el casal i se\u2019ns quedaran tan a dins que les seguirem cantant durant tot l\u2019estiu i la resta de l\u2019any. Ah!!! i les can\u00e7ons no nom\u00e9s les canten <strong>els PIRATES&nbsp;<\/strong>, sino tamb\u00e9&nbsp; totes les mares i els pares del casal!!!!<\/p>\n\n\n\n<p id=\"block-db6ae714-5940-4b7c-b22d-e64276399e0b\"><strong>11:00&nbsp; PATI i ESMORZAR<\/strong><\/p>\n\n\n\n<p id=\"block-76f1b967-60ac-416f-8b97-790a2f8bbbba\">Amb tanta activitat<strong> els PIRATES<\/strong> necessitem aturar-nos un moment&nbsp; per recuperar forces.&nbsp;Ens asseurem en rotllana, menjarem els nostres esmorzars, i ens explicarem les nostres aventures.&nbsp;<\/p>\n\n\n\n<p><p id=\"block-405b0995-9c41-48ad-90bf-6b1081312158\">\ufeff<\/p><\/p>\n\n\n\n<p id=\"block-37d535ff-d8a4-4b22-a6ae-2ec2330e5d69\"><strong>11:30 TALLERS ART\u00cdSTICS&nbsp;<\/strong><\/p>\n\n\n\n<p id=\"block-62251af5-2243-4a07-974e-237792bcbf91\"><strong>-TALLERS de DANSA i COREOGRAFIA: <\/strong>ja hem apr\u00e8s les can\u00e7ons,&nbsp; ja sabem la hist\u00f2ria que hem de representar&#8230; Ara \u00e9s el moment d\u2019aprendre a ballar les danses <strong>dels PIRATES&nbsp;<\/strong> i de construir les coreografies que presentarem a l\u2019espectacle.&nbsp;<\/p>\n\n\n\n<p id=\"block-710e483e-74e2-4589-8d07-07f4660ea3db\">\u00c0nim <strong>PIRATES&nbsp;<\/strong>, comen\u00e7a la festa&#8230;!!!<\/p>\n\n\n\n<figure class=\"wp-block-image\" id=\"block-0a2de20c-275d-4799-947b-0e42d9f3a8d7\"><img decoding=\"async\" src=\"http:\/\/musicactiva.net\/casal\/wp-content\/uploads\/2022\/04\/PICT1084-1024x768.jpg\" alt=\"La imagen tiene un atributo ALT vac\u00edo; su nombre de archivo es PICT1084-1024x768.jpg\"\/><\/figure>\n\n\n\n<p id=\"block-cfdb741e-0628-47f8-9705-a3c7054512a8\"><strong>-TALLER de TEATRE amb M\u00c0SCARES i MAQUILLATGE: <\/strong>construirem el nostre personatge, imaginarem com \u00e9s i aprendrem a moure\u2019ns, a parlar, a gesticular i a comportar-nos com ho fan els aut\u00e8ntics <strong><strong>PIRATES<\/strong>&nbsp;<\/strong>. Si hem d\u2019aprendre texts llargs i complicats no tindrem cap problema, perqu\u00e8 entenem molt b\u00e9 tot el que expliquem i aix\u00f2 ens permet enrecordar-nos de tot.<\/p>\n\n\n\n<p id=\"block-65c088ec-86f7-4da7-904b-b738f9114a7a\">Tamb\u00e9 \u00e9s important que un bon <strong>PIRATA <\/strong>es perfeccioni en la t\u00e8cnica del maquillatge&#8230;, mai se sap quina \u00e9s la cara que ha de posar un pirata a cada escena!!!<\/p>\n\n\n\n<p id=\"block-3571a9da-a468-42cf-bab3-e58bd8850b47\"><strong>&nbsp;<\/strong><\/p>\n\n\n\n<p id=\"block-e502b006-5597-4868-8021-78b48c419da7\"><strong>13:00 PISCINA i JOCS d\u2019AIGUA:&nbsp;&#8230;REFRESQUEM-NOS!!!!<\/strong><\/p>\n\n\n\n<p id=\"block-4bf89c68-5794-4689-a2cc-43e1ef5d2e3e\">Arriba el moment del bany. Una de les coses m\u00e9s importants per a un bon <strong>PIRATA<\/strong> \u00e9s aprendre a nedar, a capbu\u00e7ar-se i saber-se espavilar per tot el m\u00f3n. Aquest estiu tindrem dues remullades ben particulars:<\/p>\n\n\n\n<p id=\"block-222fc682-a28c-4800-8772-6fef4d406260\">&nbsp; &nbsp; &nbsp; &nbsp; &#8211;<strong>Piscina: Llac de la Creuta del Coll<\/strong><\/p>\n\n\n\n<p id=\"block-31cd0f47-438a-4ace-8029-ffa8a434d086\"><strong>&nbsp; &nbsp; &nbsp; &nbsp; -Festa de l\u2019Escuma amb CAN\u00d3 d\u2019&#8217;ESCUMA<\/strong><\/p>\n\n\n\n<figure class=\"wp-block-image\" id=\"block-1e1e6a4e-fff1-4ba3-a3da-f39976e03630\"><img decoding=\"async\" src=\"http:\/\/musicactiva.net\/casal\/wp-content\/uploads\/2022\/04\/Captura-de-pantalla-2022-04-17-a-les-15.48.54-1024x358.png\" alt=\"La imagen tiene un atributo ALT vac\u00edo; su nombre de archivo es Captura-de-pantalla-2022-04-17-a-les-15.48.54-1024x358.png\"\/><\/figure>\n\n\n\n<figure class=\"wp-block-image\" id=\"block-5535ddcd-0acb-4fbd-9f4b-3daa544b3181\"><img decoding=\"async\" src=\"http:\/\/musicactiva.net\/casal\/wp-content\/uploads\/2022\/04\/cano%CC%81-escuma-1024x768.jpg\" alt=\"La imagen tiene un atributo ALT vac\u00edo; su nombre de archivo es cano%CC%81-escuma-1024x768.jpg\"\/><\/figure>\n\n\n\n<p id=\"block-c01dadf8-3c86-4086-aefd-f4205d814f2a\"><strong>&nbsp;<\/strong><\/p>\n\n\n\n<p id=\"block-02bb0ac8-caf8-4d7e-87c4-0c30fba1c9f4\"><strong>14:30 A DINAR!!!!<\/strong>&nbsp;<\/p>\n\n\n\n<p id=\"block-25bc8c41-50bb-45b5-9412-acbf6c3b2d10\">Quina gana!!!! &#8230;. als <strong>PIRATES<\/strong> els hi encanten els menjars bon\u00edssims que els hi preparen les cuineres i els cuiners del vaixell pirata.&nbsp;Qu\u00e8 b\u00e9 que es menja al nostre vaixell pirata!!!<\/p>\n\n\n\n<p id=\"block-468e05a6-55d2-46ff-adc0-fb078b5cb0be\"><strong>&nbsp;<\/strong><\/p>\n\n\n\n<p id=\"block-81fa4132-ab31-4bd8-a975-53796e1c0065\"><strong>15:30 TALLERS ART\u00cdSTICS&nbsp;per la CREACI\u00d3 de l\u2019ESPECTACLE<\/strong><\/p>\n\n\n\n<p><p id=\"block-a4ef15eb-a709-4634-8155-70b5bd2cc3e6\">\ufeff<\/p><\/p>\n\n\n\n<p id=\"block-2fb9a839-1c96-4a4c-b4e3-ddaccb102b3d\"><strong>-TALLER de PL\u00c0STIQUES: els PIRATES<\/strong> necessitem un bon equipament!!! Ens farem el vestuari amb la indument\u00e0ria i tots els estris que necessitem. Cada setmana farem un nou element fins tenir tot el que necessitem per arribar a ser <strong>\u201cuns bons PIRATES\u201d<\/strong>.<\/p>\n\n\n\n<figure class=\"wp-block-image\" id=\"block-b23d7cb8-66d1-4814-a047-19fcacfb0d54\"><img decoding=\"async\" src=\"http:\/\/musicactiva.net\/casal\/wp-content\/uploads\/2022\/04\/1-TALLER-de-PLASTIQUES-.jpg\" alt=\"La imagen tiene un atributo ALT vac\u00edo; su nombre de archivo es 1-TALLER-de-PLASTIQUES-.jpg\"\/><\/figure>\n\n\n\n<p id=\"block-5347b10f-dd6a-427b-9c8c-6b8b1358ff3b\"><strong>-ASSAIG de les ESCENES: <\/strong>ja sabem la hist\u00f2ria que hem de representar, ja sabem cantar les can\u00e7ons, ja sabem com \u00e9s el nostre personatge, les seves aventures, com es comporta. Tamb\u00e9 hem apr\u00e8s a ballar les danses <strong>dels PIRATES<\/strong> i sabem fer les coreografies. \u00c9s el moment d\u2019ajuntar-ho tot i comen\u00e7ar a assajar les escenes de l\u2019espectacle. Tenim molt poc temps, -nom\u00e9s 2 assajos-, per\u00f2 la nostra imaginaci\u00f3 est\u00e0 en marxa, i quan els <strong>PIRATES<\/strong> es posen a imaginar, la seva capacitat i la seva for\u00e7a \u00e9s infinita!!!!!<\/p>\n\n\n\n<p id=\"block-7e1c205b-09af-4ad2-ad02-2cb9318999ef\"><strong>&nbsp;<\/strong><\/p>\n\n\n\n<p id=\"block-46c82167-0112-42fc-8f34-b61302b61a69\"><strong>16:30 &#8230;FINS DEM\u00c0!!!!<\/strong><\/p>\n\n\n\n<p id=\"block-65c0dca7-6db5-4bc5-bea7-980ff0bb3922\"><strong>&nbsp;<\/strong><\/p>\n\n\n\n<p class=\"has-medium-font-size\" id=\"block-c7c653f1-fc8e-4669-8a54-280edd12694c\"><strong>DIMECRES ESPECTACLE &nbsp;<\/strong><\/p>\n\n\n\n<p id=\"block-bf0cace1-2b1e-486c-91ee-159719397b3d\"><strong>&#8230;obert a mares pares i&nbsp;tots els amics que vulgueu convidar<\/strong><\/p>\n\n\n\n<figure class=\"wp-block-image\" id=\"block-c4d8d0b1-b128-4af4-aff4-850c9af1a63b\"><img decoding=\"async\" src=\"http:\/\/musicactiva.net\/casal\/wp-content\/uploads\/2022\/04\/Captura-de-pantalla-2022-04-17-a-les-15.52.29-1024x436.png\" alt=\"La imagen tiene un atributo ALT vac\u00edo; su nombre de archivo es Captura-de-pantalla-2022-04-17-a-les-15.52.29-1024x436.png\"\/><\/figure>\n\n\n\n<p id=\"block-442136df-0278-48f8-811b-3a01ce95d98b\">Ha arribat el gran dia&#8230;! Cada dimecres presentarem l\u2019espectacle obert als pares dels alumnes i a tots els amics i familiars que vulgueu convidar, a on escenificarem la nostra hist\u00f2ria utilitzant tota la feina que hem realitzat als tallers de creaci\u00f3 art\u00edstica: cantarem les can\u00e7ons que hem apr\u00e8s als assajos musicals; ballarem les danses i coreografies de moviment esc\u00e8nic que hem preparat als tallers d\u2019escenificaci\u00f3 ; ens vestirem amb els vestits i complements que hem fet als tallers de pl\u00e0stiques; instal.larem les magn\u00edfiques escenografies i les escultures esc\u00e8niques que hem constru\u00eft, i llegirem o representarem els textes literaris que hem creat arrel de l\u2019argument de l\u2019espectacle.&nbsp;<\/p>\n\n\n\n<p id=\"block-c1efd214-5ec1-42ce-94cd-ccd69a8405cd\">&nbsp; &nbsp; &nbsp; &nbsp; &nbsp; &nbsp; &nbsp; &nbsp; &nbsp; &nbsp; Quina emoci\u00f3!!!!!!<\/p>\n\n\n\n<p id=\"block-807e0643-70b2-4760-95d2-d7e30d7f2010\">&nbsp; &nbsp; &nbsp; &nbsp; &nbsp; &nbsp; &nbsp; &nbsp; &nbsp; &nbsp; &nbsp; &nbsp; &#8230;.les mares, els pares i molts amics ens vindran a veure&#8230;!<\/p>\n\n\n\n<p id=\"block-ef399a61-76c0-4a40-b817-ad9492649e89\">&nbsp; &nbsp; &nbsp; &nbsp; &nbsp; &nbsp; &nbsp; &nbsp; &nbsp; &nbsp; &nbsp; &nbsp; &#8230;&#8230;quins nervis que tenim quan estem als camerinos!!!!&nbsp; &nbsp; &nbsp;<\/p>\n\n\n\n<p id=\"block-3201e90c-dfb6-4ba9-923d-0f7205276e7f\">&nbsp; &nbsp; &nbsp; &nbsp; &nbsp; &nbsp; &nbsp; &nbsp; &nbsp; &nbsp; &nbsp; &nbsp; &nbsp; &nbsp; &nbsp; &nbsp; &nbsp; &nbsp; &nbsp; &nbsp; &#8230;.quina for\u00e7a sentim quan sortim a l\u2019escenari&#8230;!!!&nbsp;<\/p>\n\n\n\n<figure class=\"wp-block-image\" id=\"block-12633a8d-769d-4072-a2d7-e49932695610\"><img decoding=\"async\" src=\"http:\/\/musicactiva.net\/casal\/wp-content\/uploads\/2022\/04\/Captura-de-pantalla-2022-04-17-a-les-15.59.33-1024x479.png\" alt=\"La imagen tiene un atributo ALT vac\u00edo; su nombre de archivo es Captura-de-pantalla-2022-04-17-a-les-15.59.33-1024x479.png\"\/><\/figure>\n\n\n\n<figure class=\"wp-block-image\" id=\"block-d2fe7ada-3603-4dd7-93d2-f7761a04d648\"><img decoding=\"async\" src=\"http:\/\/musicactiva.net\/casal\/wp-content\/uploads\/2022\/04\/Captura-de-pantalla-2022-04-17-a-les-16.00.59-1024x516.png\" alt=\"La imagen tiene un atributo ALT vac\u00edo; su nombre de archivo es Captura-de-pantalla-2022-04-17-a-les-16.00.59-1024x516.png\"\/><\/figure>\n\n\n\n<p id=\"block-6b881ddf-416b-46cd-8056-a1269826fddb\">Quan acabi l\u2019espectacle rebrem els aplaudiments i les felicitacions dels pares i de tot el p\u00fablic, tindrem una sensaci\u00f3 molt intensa que recordarem molt de temps i ens quedarem molt satisfets de la nostra experi\u00e8ncia.<\/p>\n\n\n\n<p id=\"block-a9a51fb5-d298-49e6-9b14-7fb51d9fb5e9\">L\u2019 espectacle \u201c<strong>A L&#8217;ABORDATGE!!!\u201d <\/strong>amb m\u00fasica i libreto original de Miriam Darriba, Isabel Darriba i Abel Castell\u00f3, \u00e9s un gran musical en el qual actuen tots les nenes i els nens que participen al casal i tamb\u00e9 tots els professors i totes les professores. L\u2019espectacle es presenta cada dimecres amb m\u00fasica en directe.<\/p>\n\n\n\n<p id=\"block-4c129b3a-8ab0-42d9-8a27-a6bda5cd7047\">Hi esteu convidats totes les mares, pares familiars i amics als que vulgueu convidar.<\/p>\n\n\n\n<figure class=\"wp-block-image\" id=\"block-46a0e9be-4c72-4b6c-a91a-6a774f5c3e90\"><img decoding=\"async\" src=\"http:\/\/musicactiva.net\/casal\/wp-content\/uploads\/2022\/04\/Captura-de-pantalla-2022-04-17-a-les-16.02.25-1024x531.png\" alt=\"La imagen tiene un atributo ALT vac\u00edo; su nombre de archivo es Captura-de-pantalla-2022-04-17-a-les-16.02.25-1024x531.png\"\/><\/figure>\n\n\n\n<figure class=\"wp-block-image\" id=\"block-01723adb-eccf-4c0f-952c-6c4bf119e2e2\"><img decoding=\"async\" src=\"http:\/\/musicactiva.net\/casal\/wp-content\/uploads\/2022\/04\/Captura-de-pantalla-2022-04-17-a-les-16.09.32-1024x348.png\" alt=\"La imagen tiene un atributo ALT vac\u00edo; su nombre de archivo es Captura-de-pantalla-2022-04-17-a-les-16.09.32-1024x348.png\"\/><\/figure>\n\n\n\n<p><p id=\"block-f48dc603-2fba-41d0-a076-c8b772db9ec1\">\ufeff<\/p><\/p>\n\n\n\n<p class=\"has-medium-font-size\" id=\"block-fc09eb06-e7f5-476d-a488-0f78eac92ffc\"><strong>DIJOUS&nbsp;<\/strong><\/p>\n\n\n\n<p id=\"block-e3d9f05d-2cec-4c1c-be60-943844cfd2b8\"><strong>EXCURSIONS dels PIRATES<\/strong><\/p>\n\n\n\n<p id=\"block-f43aec01-ce18-4123-a3b8-79814b5fe422\">Cada DIJOUS marxarem d\u2019excursi\u00f3 EL DIA SENCER, per viure les aventures de manera real i sobre el terreny!!! Excursions a parcs d\u2019aventura, a \u201csaltings\u201d per saltar en llits el\u00e0stics, a parcs aqu\u00e0tics ,etc&#8230;<\/p>\n\n\n\n<p id=\"block-bb0be859-aafb-4ad7-9d4f-3c55f8a1702a\"><em>Les excursions que farem cada una de les setmanes les determinarem m\u00e9s endavant<\/em>.<\/p>\n\n\n\n<figure class=\"wp-block-image\" id=\"block-727f1d8e-2ab7-4312-88de-c828d5f67b44\"><img decoding=\"async\" src=\"http:\/\/musicactiva.net\/casal\/wp-content\/uploads\/2022\/04\/MarxemExcursio%CC%812-1024x765.jpg\" alt=\"La imagen tiene un atributo ALT vac\u00edo; su nombre de archivo es MarxemExcursio%CC%812-1024x765.jpg\"\/><\/figure>\n\n\n\n<figure class=\"wp-block-image\" id=\"block-32cfa325-d402-415e-aa9b-5ec022982c18\"><img decoding=\"async\" src=\"http:\/\/musicactiva.net\/casal\/wp-content\/uploads\/2022\/04\/la-bassa-filera-tobogan-1-1024x768.jpg\" alt=\"La imagen tiene un atributo ALT vac\u00edo; su nombre de archivo es la-bassa-filera-tobogan-1-1024x768.jpg\"\/><\/figure>\n\n\n\n<figure class=\"wp-block-image\" id=\"block-1ab861b3-fb54-491d-9ae2-2b73114e162b\"><img decoding=\"async\" src=\"http:\/\/musicactiva.net\/casal\/wp-content\/uploads\/2022\/04\/Labassa-piscina-1024x768.jpg\" alt=\"La imagen tiene un atributo ALT vac\u00edo; su nombre de archivo es Labassa-piscina-1024x768.jpg\"\/><\/figure>\n\n\n\n<p class=\"has-medium-font-size\" id=\"block-585921ee-615b-48f0-a376-a6890146ddc1\"><strong>&nbsp;<\/strong><strong>DIVENDRES&nbsp; &nbsp;<\/strong><\/p>\n\n\n\n<p id=\"block-cfcb9c1e-3744-4da7-8b81-5a50d3e6ee82\"><strong>&nbsp;CAMPIONATS de JOCS d\u2019EQUIP&nbsp;amb FESTA d\u2019ENTREGA de TROFEUS!!!<\/strong><\/p>\n\n\n\n<p id=\"block-ae142c08-c38c-44cb-b3ef-971f3d81dd24\"><strong>&nbsp; &nbsp; &nbsp; &nbsp; &nbsp;<\/strong><\/p>\n\n\n\n<p id=\"block-c605ec6c-d999-4365-ac1d-c70416b87863\">Cada divendres, despr\u00e9s d\u2019haver fet l&#8217;espectacle, dedicarem el dia sencer a fer jocs.&nbsp; Crearem els nostres equips, triarem els nostres propis recorreguts, puntuant en els diferents esports i jocs populars i participant finalment en la gran final amb recompte de punts i\u201ctrucs\u201d per salvar-se i millorar puntuacions.<\/p>\n\n\n\n<figure class=\"wp-block-image\" id=\"block-d99e89a0-4627-4d9f-9cc1-5fcbdb80f8c2\"><img decoding=\"async\" src=\"http:\/\/musicactiva.net\/casal\/wp-content\/uploads\/2022\/04\/Captura-de-pantalla-2022-04-17-a-les-16.10.34-1024x537.png\" alt=\"La imagen tiene un atributo ALT vac\u00edo; su nombre de archivo es Captura-de-pantalla-2022-04-17-a-les-16.10.34-1024x537.png\"\/><\/figure>\n\n\n\n<p id=\"block-5da65d55-281f-4b84-a098-d9a52ec32344\"><strong>CIRCUIT MULTIESPORT<\/strong><\/p>\n\n\n\n<p id=\"block-0b48828c-61f7-4b40-8dd7-a6ce0e4b3bb0\">Futbol, b\u00e0squet, handbol, volei, tennis, pales, carreres de relleus, circuit d\u2019esl\u00e0lom, salt d\u2019altura, punteria amb arcs, dards&#8230;<\/p>\n\n\n\n<figure class=\"wp-block-image\" id=\"block-c85d333e-c564-4e86-a6e0-e1298ef36f64\"><img decoding=\"async\" src=\"http:\/\/musicactiva.net\/casal\/wp-content\/uploads\/2022\/04\/Captura-de-pantalla-2022-04-17-a-les-16.17.02-1024x560.png\" alt=\"La imagen tiene un atributo ALT vac\u00edo; su nombre de archivo es Captura-de-pantalla-2022-04-17-a-les-16.17.02-1024x560.png\"\/><\/figure>\n\n\n\n<p id=\"block-8e563868-4cb8-4478-b41d-5eb751a88df0\"><strong>JOCS POPULARS<\/strong><\/p>\n\n\n\n<p id=\"block-be354689-49d1-429f-a10c-1eb644ac4474\">Robacues, carreres de sacs, mataconills, \u201cbaldufes\u201d, bitlles, tabes, bales o \u201dcaniques\u201d., mikado\u2019s gegants&#8230;<\/p>\n\n\n\n<p id=\"block-8bd62b20-5fdc-4e9b-84f7-49db2cd34a60\"><strong>TALLER de CONFECCI\u00d3 de TROFEUS<\/strong><\/p>\n\n\n\n<p id=\"block-14c78a4c-c292-41bc-8c5c-8572c53cbab7\">Tots els que vulguin podran participar del Taller de Construcci\u00f3 de Trofeus confeccionats pels propis alumnes amb que premiarem el bon humor, el companyerisme, saber divertir-nos encara que perdem, etc&#8230;.Tots els equips tindran el seu premi!!!<\/p>\n\n\n\n<p id=\"block-26438806-fa1e-49b3-bb84-67044fdc00f9\"><strong>FESTA de COMIAT amb ENTREGA de TROFEUS<\/strong><\/p>\n\n\n\n<p id=\"block-3b98e469-d7fa-4e15-ad0b-0c3c25680985\">Gran festa d\u2019entrega de trofeus i comiat de la setmana.&nbsp;<\/p>\n\n\n\n<figure class=\"wp-block-image\" id=\"block-9086a09a-1d88-4e48-af12-753340d217c7\"><img decoding=\"async\" src=\"http:\/\/musicactiva.net\/casal\/wp-content\/uploads\/2022\/04\/Captura-de-pantalla-2022-04-17-a-les-11.28.38-1-1024x398.png\" alt=\"La imagen tiene un atributo ALT vac\u00edo; su nombre de archivo es Captura-de-pantalla-2022-04-17-a-les-11.28.38-1-1024x398.png\"\/><\/figure>\n\n\n\n<p id=\"block-120e3c6d-a56a-4419-8c58-c45ee115dffb\">&nbsp;&nbsp; &nbsp; &nbsp; &nbsp; &nbsp; &nbsp; &nbsp; &nbsp; &nbsp; &nbsp; &nbsp;<strong> &#8230;Fins la setmana entrant!!!!<\/strong> &nbsp;<\/p>\n\n\n\n<p>\ufeff<\/p>\n","protected":false},"excerpt":{"rendered":"<p>UN DIA AL CASAL DILLUNS i DIMARTS 9:30 ENTRENAMENT MATINAL dels PIRATES -DANSA-GIMN\u00c0STICA MATINAL: el primer que fan els PIRATES quan es desperten cada mat\u00ed , \u00e9s mobilitzar i entrenar el seu cos amb la DANSA-GIMN\u00c0STICA MATINAL,&nbsp;que s\u00f3n unes danses i un exercicis r\u00edtmics i f\u00edsics que fan els PIRATES&nbsp; utilitzant la percussi\u00f3 corporal, utilitzant&hellip;<\/p>\n","protected":false},"author":1,"featured_media":0,"parent":0,"menu_order":0,"comment_status":"closed","ping_status":"closed","template":"","meta":{"footnotes":""},"class_list":["post-2081","page","type-page","status-publish","hentry"],"aioseo_notices":[],"_links":{"self":[{"href":"https:\/\/musicactiva.net\/casal\/wp-json\/wp\/v2\/pages\/2081","targetHints":{"allow":["GET"]}}],"collection":[{"href":"https:\/\/musicactiva.net\/casal\/wp-json\/wp\/v2\/pages"}],"about":[{"href":"https:\/\/musicactiva.net\/casal\/wp-json\/wp\/v2\/types\/page"}],"author":[{"embeddable":true,"href":"https:\/\/musicactiva.net\/casal\/wp-json\/wp\/v2\/users\/1"}],"replies":[{"embeddable":true,"href":"https:\/\/musicactiva.net\/casal\/wp-json\/wp\/v2\/comments?post=2081"}],"version-history":[{"count":6,"href":"https:\/\/musicactiva.net\/casal\/wp-json\/wp\/v2\/pages\/2081\/revisions"}],"predecessor-version":[{"id":2440,"href":"https:\/\/musicactiva.net\/casal\/wp-json\/wp\/v2\/pages\/2081\/revisions\/2440"}],"wp:attachment":[{"href":"https:\/\/musicactiva.net\/casal\/wp-json\/wp\/v2\/media?parent=2081"}],"curies":[{"name":"wp","href":"https:\/\/api.w.org\/{rel}","templated":true}]}}