{"id":2089,"date":"2026-03-31T08:00:34","date_gmt":"2026-03-31T08:00:34","guid":{"rendered":"https:\/\/musicactiva.net\/casal\/?page_id=2089"},"modified":"2026-04-04T15:50:44","modified_gmt":"2026-04-04T15:50:44","slug":"3r-i-4t-primaria-un-dia-al-casal-abordatge26-marta-corregit","status":"publish","type":"page","link":"https:\/\/musicactiva.net\/casal\/3r-i-4t-primaria-un-dia-al-casal-abordatge26-marta-corregit\/","title":{"rendered":"3r i 4t prim\u00e0ria UN DIA AL CASAL"},"content":{"rendered":"\n<p><a href=\"http:\/\/musicactiva.net\/casal\/wp-admin\/edit.php?post_type=page\"><\/a><\/p>\n\n\n\n<h1 class=\"wp-block-heading\">UN DIA AL CASAL<\/h1>\n\n\n<div class=\"wp-block-image\">\n<figure class=\"aligncenter size-large\"><img loading=\"lazy\" decoding=\"async\" width=\"1024\" height=\"731\" src=\"http:\/\/musicactiva.net\/casal\/wp-content\/uploads\/2026\/03\/UNA-SETMANA-CASAL-8-1-1024x731.png\" alt=\"\" class=\"wp-image-2247\" srcset=\"https:\/\/musicactiva.net\/casal\/wp-content\/uploads\/2026\/03\/UNA-SETMANA-CASAL-8-1-1024x731.png 1024w, https:\/\/musicactiva.net\/casal\/wp-content\/uploads\/2026\/03\/UNA-SETMANA-CASAL-8-1-300x214.png 300w, https:\/\/musicactiva.net\/casal\/wp-content\/uploads\/2026\/03\/UNA-SETMANA-CASAL-8-1-768x548.png 768w, https:\/\/musicactiva.net\/casal\/wp-content\/uploads\/2026\/03\/UNA-SETMANA-CASAL-8-1-1536x1097.png 1536w, https:\/\/musicactiva.net\/casal\/wp-content\/uploads\/2026\/03\/UNA-SETMANA-CASAL-8-1.png 2000w\" sizes=\"auto, (max-width: 1024px) 100vw, 1024px\" \/><\/figure>\n<\/div>\n\n\n<p class=\"has-medium-font-size\" id=\"block-7664bec4-339a-406e-b98b-8a9d791e4444\"><strong>DILLUNS i DIMARTS<\/strong><\/p>\n\n\n\n<p class=\"has-medium-font-size\" id=\"block-22292259-78b7-4a61-9ef8-f225e9e77af3\"><strong>9:30&nbsp; ENTRENAMENT MATINAL dels MARINERS i  les MARINERES<\/strong><\/p>\n\n\n\n<figure class=\"wp-block-image\" id=\"block-cd6880ad-a4de-4eb5-9d34-44aae35f46f8\"><img decoding=\"async\" src=\"http:\/\/musicactiva.net\/casal\/wp-content\/uploads\/2022\/04\/Captura-de-pantalla-2022-04-17-a-les-10.19.37-1024x549.png\" alt=\"La imagen tiene un atributo ALT vac\u00edo; su nombre de archivo es Captura-de-pantalla-2022-04-17-a-les-10.19.37-1024x549.png\"\/><\/figure>\n\n\n\n<p id=\"block-6a912a0e-754a-4f2f-a791-367843bee791\">El primer que fan els <strong>MARINERS i les MARINERES<\/strong> quan es desperten cada mat\u00ed&nbsp;\u00e9s movilitzar el seu cos amb la dansa -gimn\u00e0stica&nbsp;que \u00e9s una dansa r\u00edtmica i uns exercicis f\u00edsics que es fan amb la percussi\u00f3 corporal, amb la veu i amb l\u2019acompanyament de m\u00fasiques fetes amb instruments de percussi\u00f3.&nbsp;<\/p>\n\n\n\n<p id=\"block-c6d14a1e-894e-4991-89d2-28b99ad3a650\">D\u2019aquesta manera els <strong>MARINERS i les MARINERES<\/strong> es desperten i aconsegueixen l\u2019energia i el bon humor que necessiten per passar el dia.<\/p>\n\n\n\n<p class=\"has-medium-font-size\" id=\"block-10baa8a6-24fa-470f-8003-90f928effc25\"><strong>10:15&nbsp; ASSAIG de LES CAN\u00c7ONS de l\u2019ESPECTACLE<\/strong> <strong>&#8230;&#8230;&#8230;&#8230;..reserva el teu CD!!!!!<\/strong><\/p>\n\n\n\n<p id=\"block-328b8111-faf1-446b-8dac-a035f3f54054\">Com ens agraden les can\u00e7ons de l\u2019espectacle!!!! Cada can\u00e7\u00f3 ens presenta un personatge i ens emociona explicant-nos les seves aventures. Les aprendrem totes, les cantarem durant tot el casal i se\u2019ns quedaran ben a dins perqu\u00e8 ens puguin acompanyar durant tot l\u2019estiu i durant tot l\u2019any.<\/p>\n\n\n\n<p class=\"has-medium-font-size\" id=\"block-0759abbe-66cf-4412-8b51-b802f79d5d02\"><strong>11:00&nbsp; PATI i ESMORZAR<\/strong><\/p>\n\n\n\n<p id=\"block-098018a6-8341-49f1-b5d1-6e4826cdd0d1\">Amb tanta activitat \u00e9s imprescindible aturar-nos un moment&nbsp; per reposar forces. Menjarem els nostres esmorzars i ens explicarem les coses que hem fet&nbsp; i les coses que farem durant tot el dia.<\/p>\n\n\n\n<p class=\"has-medium-font-size\" id=\"block-aed0a85a-a261-4846-84ae-8658e49b5cd5\"><strong>11:30&nbsp;TALLERS ART\u00cdSTICS per la CREACI\u00d3 de l\u2019ESPECTACLE<\/strong><\/p>\n\n\n\n<ul id=\"block-14b3b42b-8a5d-4f49-9a06-a66cbbfa3055\" class=\"wp-block-list\">\n<li>TALLER de TEATRE per construir el nostre personatge<\/li>\n\n\n\n<li>TALLER de PL\u00c0STIQUES per fer-nos el nostre equipament de&nbsp;mariners i marineres<\/li>\n\n\n\n<li>TALLER de PERCUSSI\u00d3<\/li>\n\n\n\n<li>TALLER de DANSA i COREOGRAFIA<\/li>\n<\/ul>\n\n\n\n<figure class=\"wp-block-image\" id=\"block-ce6db6d1-699f-453e-8e81-dd181bf82441\"><img decoding=\"async\" src=\"http:\/\/musicactiva.net\/casal\/wp-content\/uploads\/2022\/04\/Vaixell-Mariners-1024x768.jpg\" alt=\"La imagen tiene un atributo ALT vac\u00edo; su nombre de archivo es Vaixell-Mariners-1024x768.jpg\"\/><\/figure>\n\n\n\n<p class=\"has-medium-font-size\" id=\"block-987dbeee-a42c-4502-9271-f6283110bef6\"><strong>13:00 REFRESQUEM-NOS!!!! &#8230;.PISCINA i JOCS d\u2019AIGUA &nbsp; &nbsp;<\/strong><\/p>\n\n\n\n<p><p id=\"block-4459d3f2-da02-4769-bcfb-4caca9a419f7\">\ufeff<\/p><\/p>\n\n\n\n<figure class=\"wp-block-image\" id=\"block-cb8458fd-4e94-4fc5-a205-beb28043efcb\"><img decoding=\"async\" src=\"http:\/\/musicactiva.net\/casal\/wp-content\/uploads\/2022\/04\/Labassa-piscina-1024x768.jpg\" alt=\"La imagen tiene un atributo ALT vac\u00edo; su nombre de archivo es Labassa-piscina-1024x768.jpg\"\/><\/figure>\n\n\n\n<figure class=\"wp-block-image\" id=\"block-880c699e-cec3-4ea4-b94c-abefa925958b\"><img decoding=\"async\" src=\"http:\/\/musicactiva.net\/casal\/wp-content\/uploads\/2022\/04\/cano%CC%81-escuma-2--1024x768.jpg\" alt=\"La imagen tiene un atributo ALT vac\u00edo; su nombre de archivo es cano%CC%81-escuma-2--1024x768.jpg\"\/><\/figure>\n\n\n\n<p id=\"block-c97d7cce-6f28-4111-8efc-7c705cd4e234\">Arriba el moment del bany. Una de les coses m\u00e9s importants per a un bon mariner o marinera \u00e9s aprendre a nedar, a capbu\u00e7ar-se i saber-se espavilar per tot el m\u00f3n.&nbsp;<\/p>\n\n\n\n<ul id=\"block-2bfe3237-7b81-4ffd-a326-a50ce8b07115\" class=\"wp-block-list\">\n<li>&nbsp; &nbsp; &nbsp;Piscina: Club Nataci\u00f3 Catalunya<\/li>\n\n\n\n<li>&nbsp; &nbsp; &nbsp;Festa de l\u2019Escuma amb CAN\u00d3 d\u2019&#8217;ESCUMA<\/li>\n<\/ul>\n\n\n\n<p class=\"has-medium-font-size\" id=\"block-ca0a84bb-2966-4b55-8cc6-22dce4eeaf9d\"><strong>14:30 A DINAR!!!!<\/strong><strong>&nbsp;<\/strong><\/p>\n\n\n\n<p id=\"block-09fc6c04-81ba-41f8-878b-e867bfe3d052\">Quina gana!!!! &#8230;.menjarem menjars bon\u00edssims, gaudint de la fant\u00e0stica conversa dels <strong>MARINERS i les MARINERES<\/strong><\/p>\n\n\n\n<p class=\"has-medium-font-size\" id=\"block-09fc6c04-81ba-41f8-878b-e867bfe3d052\"><strong>15:30 TALLERS ART\u00cdSTICS <\/strong>&nbsp; &#8230;&#8230;&#8230;&#8230;.(tarda)<\/p>\n\n\n\n<p id=\"block-2e037c91-0fc2-4a6e-9381-ee2ec562d2ee\">Un m\u00ednim d\u2019un taller pel mat\u00ed i un altre per la tarda. Tenim moltes coses per aprendre i el temps del que disposem no \u00e9s infinit.<\/p>\n\n\n\n<figure class=\"wp-block-image\" id=\"block-ec22235a-b530-4cb1-b172-df4a62ce211a\"><img decoding=\"async\" src=\"http:\/\/musicactiva.net\/casal\/wp-content\/uploads\/2022\/04\/PICT1135-1024x768.jpg\" alt=\"La imagen tiene un atributo ALT vac\u00edo; su nombre de archivo es PICT1135-1024x768.jpg\"\/><\/figure>\n\n\n\n<p class=\"has-medium-font-size\" id=\"block-9b8e153c-8d5b-4b7a-9274-8cf39225f3e2\"><strong>16:30 &#8230;FINS DEM\u00c0!!!<\/strong><\/p>\n\n\n\n<p class=\"has-medium-font-size\" id=\"block-d0c9b8ce-c164-45bd-8d3a-26332b547637\"><strong>DIMECRES: ESPECTACLE&nbsp;<\/strong><\/p>\n\n\n\n<p class=\"has-medium-font-size\" id=\"block-06d8b234-fc5d-4cf5-9738-1bc824022357\"><strong>&#8230;obert a mares pares i&nbsp;tots els amics que vulgueu convidar<\/strong><\/p>\n\n\n\n<figure class=\"wp-block-image\" id=\"block-1f13d831-723c-4c25-95ea-80884d6cbeac\"><img decoding=\"async\" src=\"http:\/\/musicactiva.net\/casal\/wp-content\/uploads\/2022\/04\/PICT1164-1024x768.jpg\" alt=\"La imagen tiene un atributo ALT vac\u00edo; su nombre de archivo es PICT1164-1024x768.jpg\"\/><\/figure>\n\n\n\n<p id=\"block-8efdfb96-7ca6-4910-9a02-870ad4a60c03\">Ha arribat el gran dia&#8230;! Cada dimecres presentarem l\u2019espectacle obert als pares dels alumnes i a tots els amics i familiars que vulgueu convidar, a on escenificarem la nostra hist\u00f2ria utilitzant tota la feina que hem realitzat als tallers de creaci\u00f3 art\u00edstica: cantarem les can\u00e7ons que hem apr\u00e8s als assajos musicals; ballarem les danses i coreografies de moviment esc\u00e8nic que hem preparat als tallers d\u2019escenificaci\u00f3 ; ens vestirem amb els vestits i complements que hem fet als tallers de pl\u00e0stiques; instal.larem les magn\u00edfiques escenografies i les escultures esc\u00e8niques que hem constru\u00eft, i llegirem o representarem els textes literaris que hem creat arrel de l\u2019argument de l\u2019espectacle.&nbsp;<\/p>\n\n\n\n<p id=\"block-b7a10752-b47a-43db-9c65-3cf1c6d7aa40\">&nbsp; &nbsp; &nbsp; &nbsp; &nbsp; &nbsp; &nbsp; &nbsp; &nbsp; &nbsp; Quina emoci\u00f3!!!!!!<\/p>\n\n\n\n<p id=\"block-294c8c0f-7425-49d9-816a-4f0c894cd35a\">&nbsp; &nbsp; &nbsp; &nbsp; &nbsp; &nbsp; &nbsp; &nbsp; &nbsp; &nbsp; &nbsp; &nbsp; &#8230;.les mares, els pares i molts amics ens vindran a veure&#8230;!<\/p>\n\n\n\n<p id=\"block-c6d1c68c-c3b9-4a74-af8c-5f17e7416ce0\">&nbsp; &nbsp; &nbsp; &nbsp; &nbsp; &nbsp; &nbsp; &nbsp; &nbsp; &nbsp; &nbsp; &nbsp; &#8230;&#8230;quins nervis que tenim quan estem als camerinos!!!!&nbsp; &nbsp; &nbsp;<\/p>\n\n\n\n<p id=\"block-eefb645e-c90c-4e70-b216-674d75a79aa0\">&nbsp; &nbsp; &nbsp; &nbsp; &nbsp; &nbsp; &nbsp; &nbsp; &nbsp; &nbsp; &nbsp; &nbsp; &nbsp; &nbsp; &nbsp; &nbsp; &nbsp; &nbsp; &nbsp; &nbsp; &#8230;.quina for\u00e7a sentim quan sortim a l\u2019escenari&#8230;!!!&nbsp;<\/p>\n\n\n\n<figure class=\"wp-block-image\" id=\"block-d0b22315-4990-4b29-86ad-aab82e7a5e71\"><img decoding=\"async\" src=\"http:\/\/musicactiva.net\/casal\/wp-content\/uploads\/2022\/04\/Captura-de-pantalla-2022-04-19-a-les-13.20.07.png\" alt=\"La imagen tiene un atributo ALT vac\u00edo; su nombre de archivo es Captura-de-pantalla-2022-04-19-a-les-13.20.07.png\"\/><\/figure>\n\n\n\n<p id=\"block-7042ae1b-3d74-46d5-9147-7e4aedcc1374\">Quan acabi l\u2019espectacle rebrem els aplaudiments i les felicitacions dels pares i de tot el p\u00fablic, tindrem una sensaci\u00f3 molt intensa que recordarem molt de temps i ens quedarem molt satisfets de la nostra experi\u00e8ncia.<\/p>\n\n\n\n<p id=\"block-a8456efc-6955-4aad-8bf8-e3bcb4f12879\">L\u2019 espectacle \u201c<strong>A L&#8217;ABORDATGE\u201d <\/strong>amb m\u00fasica i libreto original de Miriam Darriba, Isabel Darriba i Abel Castell\u00f3, \u00e9s un gran musical en el qual actuen tots les nenes i els nens que participen al casal i tamb\u00e9 tots els professors i totes les professores. L\u2019espectacle es presenta cada dimecres amb m\u00fasica en directe.<\/p>\n\n\n\n<p id=\"block-3e14d9b7-e125-4966-bd94-126ea856978b\">Hi esteu convidats totes les mares, pares familiars i amics als que vulgueu convidar.<\/p>\n\n\n\n<p class=\"has-medium-font-size\" id=\"block-55bf9845-1768-4f8c-b036-255aaa8a23fc\"><strong>DIJOUS: EXCURSI\u00d3<\/strong><\/p>\n\n\n\n<p class=\"has-medium-font-size\" id=\"block-23cedb23-ad12-42fa-af62-49d2fd8b9629\"><strong>EXCURSIONS dels MARINERS i les MARINERES<\/strong><\/p>\n\n\n\n<figure class=\"wp-block-image\" id=\"block-a7b9fbd7-1c22-4987-94a4-f497aeb19f3c\"><img decoding=\"async\" src=\"http:\/\/musicactiva.net\/casal\/wp-content\/uploads\/2022\/04\/MarxemExcursio%CC%812-1024x765.jpg\" alt=\"La imagen tiene un atributo ALT vac\u00edo; su nombre de archivo es MarxemExcursio%CC%812-1024x765.jpg\"\/><\/figure>\n\n\n\n<p id=\"block-c9dc74e1-13a1-4e84-835a-e94a6d5c3e6c\">Cada DIJOUS marxarem d\u2019excursi\u00f3 EL DIA SENCER, per viure les aventures dels <strong>MARINERS i les MARINERE<\/strong>S de manera real i sobre el terreny!!!<\/p>\n\n\n\n<p id=\"block-269de423-9ced-4b00-a4e2-ab1bb3cd6076\">Excursions a parcs d\u2019aventura, a \u201csaltings\u201d per saltar en llits el\u00e0stics, al Canal Ol\u00edmpic per saltar en inflables dins l\u2019aigua, parcs aqu\u00e0tics&#8230;<\/p>\n\n\n\n<p>Les activitats que realitzarem a l&#8217;excursi\u00f3 de cada setmana les determinarem m\u00e9s endavant.<\/p>\n\n\n\n<p class=\"has-medium-font-size\" id=\"block-92011ce0-32ac-4f02-996e-8c23a94a26e1\"><strong>DIVENDRES<\/strong><\/p>\n\n\n\n<p class=\"has-medium-font-size\" id=\"block-4557f5a3-31f3-48d1-b3bd-6d0ad6a32944\"><strong>CAMPIONATS de JOCS d\u2019EQUIP amb FESTA d\u2019ENTREGA de TROFEUS!!!<\/strong><\/p>\n\n\n\n<p id=\"block-cd383298-1cb7-47af-8512-865fa27881fd\">Cada divendres, despr\u00e9s d\u2019haver fet el espectacle, dedicarem el dia sencer a fer jocs.&nbsp; Crearem els nostres equips, triarem els nostres propis recorreguts, puntuant en els diferents esports i jocs populars i participant finalment en la gran final amb recompte de punts i\u201ctrucs\u201d per salvar-se i millorar puntuacions.<\/p>\n\n\n\n<figure class=\"wp-block-image\" id=\"block-6a19f0d1-a649-4d7d-ae8b-38af09f70d72\"><img decoding=\"async\" src=\"http:\/\/musicactiva.net\/casal\/wp-content\/uploads\/2022\/04\/Captura-de-pantalla-2022-04-17-a-les-16.10.34-1024x537.png\" alt=\"La imagen tiene un atributo ALT vac\u00edo; su nombre de archivo es Captura-de-pantalla-2022-04-17-a-les-16.10.34-1024x537.png\"\/><\/figure>\n\n\n\n<figure class=\"wp-block-image\" id=\"block-bfae13dd-95a4-41b2-b1d6-bed2693bda82\"><img decoding=\"async\" src=\"http:\/\/musicactiva.net\/casal\/wp-content\/uploads\/2022\/04\/Captura-de-pantalla-2022-04-17-a-les-16.17.02-1024x560.png\" alt=\"La imagen tiene un atributo ALT vac\u00edo; su nombre de archivo es Captura-de-pantalla-2022-04-17-a-les-16.17.02-1024x560.png\"\/><\/figure>\n\n\n\n<ul id=\"block-0b8e1777-a9fa-4efa-b0af-5be5f699d13d\" class=\"wp-block-list\">\n<li><strong>CIRCUIT MULTIESPORT:<\/strong> patinatge, futbol, basquet, handbol, volei, tennis, pales, carreres de relleus, circuit d\u2019esl\u00e0lom, salt d\u2019altura, punteria amb arcs i dards&#8230;. &nbsp; &nbsp;<\/li>\n\n\n\n<li><strong>JOCS POPULARS:<\/strong> robacues, carreres de sacs, mataconills,&nbsp;\u201cbaldufes\u201d, bitlles, tabes, bales o \u201dcaniques\u201d., mikado\u2019s gegants..<\/li>\n\n\n\n<li><strong>EL CRIT<\/strong>: escenificaci\u00f3 d\u2019una acci\u00f3 esc\u00e8nica que crea lliurament cada equip i que tamb\u00e9 puntua al campionat.<\/li>\n\n\n\n<li><strong>TALLER de CONFECCI\u00d3 de TROFEUS:<\/strong>&nbsp; tots els que vulguin podran participar del Taller de Construcci\u00f3 de Trofeus confeccionats pels propis alumnes amb&nbsp;qu\u00e8 premiarem el bon humor, el companyerisme, saber divertir-nos encara que perdem, etc&#8230;.Tots els equips tindran el seu premi!!!<\/li>\n\n\n\n<li><strong>FESTA d\u2019ENTREGA de TROFEUS i ACOMIADAMENT:&nbsp;<\/strong> gran festa d\u2019entrega de trofeus i comiat de la setmana.&nbsp;<\/li>\n<\/ul>\n\n\n\n<figure class=\"wp-block-image\" id=\"block-44cca140-7ffc-40b6-aff1-7771760c1dcb\"><img decoding=\"async\" src=\"http:\/\/musicactiva.net\/casal\/wp-content\/uploads\/2022\/04\/Captura-de-pantalla-2022-04-17-a-les-11.28.38-1-1024x398.png\" alt=\"La imagen tiene un atributo ALT vac\u00edo; su nombre de archivo es Captura-de-pantalla-2022-04-17-a-les-11.28.38-1-1024x398.png\"\/><\/figure>\n\n\n\n<p><p id=\"block-c923dadb-5d06-4468-9416-a38a733c8552\">\ufeff<\/p><\/p>\n\n\n\n<p class=\"has-medium-font-size\" id=\"block-8209bd00-e231-4105-bcd9-5b9f4903862f\">&nbsp; &nbsp; &nbsp; &nbsp; &nbsp;<strong> &#8230;Fins la setmana entrant!!!!<\/strong><\/p>\n","protected":false},"excerpt":{"rendered":"<p>UN DIA AL CASAL DILLUNS i DIMARTS 9:30&nbsp; ENTRENAMENT MATINAL dels MARINERS i les MARINERES El primer que fan els MARINERS i les MARINERES quan es desperten cada mat\u00ed&nbsp;\u00e9s movilitzar el seu cos amb la dansa -gimn\u00e0stica&nbsp;que \u00e9s una dansa r\u00edtmica i uns exercicis f\u00edsics que es fan amb la percussi\u00f3 corporal, amb la veu&hellip;<\/p>\n","protected":false},"author":1,"featured_media":0,"parent":0,"menu_order":0,"comment_status":"closed","ping_status":"closed","template":"","meta":{"footnotes":""},"class_list":["post-2089","page","type-page","status-publish","hentry"],"aioseo_notices":[],"_links":{"self":[{"href":"https:\/\/musicactiva.net\/casal\/wp-json\/wp\/v2\/pages\/2089","targetHints":{"allow":["GET"]}}],"collection":[{"href":"https:\/\/musicactiva.net\/casal\/wp-json\/wp\/v2\/pages"}],"about":[{"href":"https:\/\/musicactiva.net\/casal\/wp-json\/wp\/v2\/types\/page"}],"author":[{"embeddable":true,"href":"https:\/\/musicactiva.net\/casal\/wp-json\/wp\/v2\/users\/1"}],"replies":[{"embeddable":true,"href":"https:\/\/musicactiva.net\/casal\/wp-json\/wp\/v2\/comments?post=2089"}],"version-history":[{"count":5,"href":"https:\/\/musicactiva.net\/casal\/wp-json\/wp\/v2\/pages\/2089\/revisions"}],"predecessor-version":[{"id":2444,"href":"https:\/\/musicactiva.net\/casal\/wp-json\/wp\/v2\/pages\/2089\/revisions\/2444"}],"wp:attachment":[{"href":"https:\/\/musicactiva.net\/casal\/wp-json\/wp\/v2\/media?parent=2089"}],"curies":[{"name":"wp","href":"https:\/\/api.w.org\/{rel}","templated":true}]}}