{"id":2099,"date":"2026-03-31T08:00:27","date_gmt":"2026-03-31T08:00:27","guid":{"rendered":"https:\/\/musicactiva.net\/casal\/?page_id=2099"},"modified":"2026-04-04T15:51:54","modified_gmt":"2026-04-04T15:51:54","slug":"dels-10-als-17-anys-un-dia-al-casal-abordatge26-marta-corregit","status":"publish","type":"page","link":"https:\/\/musicactiva.net\/casal\/dels-10-als-17-anys-un-dia-al-casal-abordatge26-marta-corregit\/","title":{"rendered":"Dels 10 als 17 anys UN DIA AL CASAL"},"content":{"rendered":"\n<h1 class=\"wp-block-heading\">UN DIA AL CASAL<\/h1>\n\n\n<div class=\"wp-block-image\">\n<figure class=\"aligncenter size-large\"><img loading=\"lazy\" decoding=\"async\" width=\"1024\" height=\"731\" src=\"http:\/\/musicactiva.net\/casal\/wp-content\/uploads\/2026\/03\/UNA-SETMANA-CASAL-10-1-1024x731.png\" alt=\"\" class=\"wp-image-2250\" srcset=\"https:\/\/musicactiva.net\/casal\/wp-content\/uploads\/2026\/03\/UNA-SETMANA-CASAL-10-1-1024x731.png 1024w, https:\/\/musicactiva.net\/casal\/wp-content\/uploads\/2026\/03\/UNA-SETMANA-CASAL-10-1-300x214.png 300w, https:\/\/musicactiva.net\/casal\/wp-content\/uploads\/2026\/03\/UNA-SETMANA-CASAL-10-1-768x548.png 768w, https:\/\/musicactiva.net\/casal\/wp-content\/uploads\/2026\/03\/UNA-SETMANA-CASAL-10-1-1536x1097.png 1536w, https:\/\/musicactiva.net\/casal\/wp-content\/uploads\/2026\/03\/UNA-SETMANA-CASAL-10-1.png 2000w\" sizes=\"auto, (max-width: 1024px) 100vw, 1024px\" \/><\/figure>\n<\/div>\n\n\n<p class=\"has-medium-font-size\" id=\"block-4a987024-5bdb-4f2e-a1fe-ee5a754c4e45\"><strong>DILLUNS i DIMARTS<\/strong><\/p>\n\n\n\n<p class=\"has-medium-font-size\" id=\"block-198da3cc-6662-43af-9bef-af7341064b22\"><strong>9:30&nbsp; ENTRENAMENT MATINAL dels<\/strong> <strong>DESCOBRIDORS i DESCOBRIDORES<\/strong><\/p>\n\n\n\n<p id=\"block-736a011c-0d28-40f4-a6cf-1df2e783a840\">El primer que fan <strong>els DESCOBRIDORS i les DESCOBRIDORES <\/strong>quan es desperten cada mat\u00ed&nbsp; \u00e9s movilitzar el seu cos amb la dansa -gimn\u00e0stica que \u00e9s una dansa r\u00edtmica i uns exercicis f\u00edsics que es fan amb la percussi\u00f3 corporal, amb la veu i amb l\u2019acompanyament de m\u00fasiques fetes amb instruments de percussi\u00f3.&nbsp;<\/p>\n\n\n\n<p id=\"block-ae8907a7-ff06-4287-8264-457895d23777\">D\u2019aquesta manera <strong>els DESCOBRIDORS i les DESCOBRIDORES<\/strong> es desperten i aconsegueixen l\u2019energia i el bon humor que necessiten per passar el dia.<\/p>\n\n\n\n<p class=\"has-medium-font-size\" id=\"block-f401a813-6cf0-469f-9454-bae97d05d35f\"><strong>10:15&nbsp; ASSAIG de LES CAN\u00c7ONS de l\u2019ESPECTACLE<\/strong> <strong>&#8230;&#8230;&#8230;&#8230;..reserva el teu CD!!!!!<\/strong><\/p>\n\n\n\n<p id=\"block-e41e3c18-deff-4fe7-bc43-ac5b92a1e659\">Com ens agraden les can\u00e7ons de l\u2019espectacle!!!! Cada can\u00e7\u00f3 ens presenta un personatge i ens emociona explicant-nos les seves aventures. Les aprendrem totes, les cantarem durant tot el casal i se\u2019ns quedaran ben a dins perqu\u00e8 ens puguin acompanyar durant tot l\u2019estiu i durant tot l\u2019any.<\/p>\n\n\n\n<p class=\"has-medium-font-size\" id=\"block-2deab7fe-8912-43ee-b6c5-4a472075d649\"><strong>11:00&nbsp; PATI i ESMORZAR<\/strong><\/p>\n\n\n\n<p id=\"block-d800165d-7186-4957-a71a-54ac65b6fad7\">Amb tanta activitat \u00e9s imprescindible aturar-nos un moment&nbsp; per reposar forces. Menjarem els nostres esmorzars asseguts al nostre campament i ens explicarem les coses que hem fet&nbsp; i les coses que farem durant tot el dia.<\/p>\n\n\n\n<p class=\"has-medium-font-size\" id=\"block-887ca338-3a04-4199-984c-ab2e60e5e4a7\"><strong>11:30&nbsp;TALLERS ART\u00cdSTICS per la CREACI\u00d3 de l\u2019ESPECTACLE<\/strong><\/p>\n\n\n\n<ul id=\"block-900d8c63-e2ed-4b2a-a5cf-7b8cacdd8ff2\" class=\"wp-block-list\">\n<li>TALLER de TEATRE per construir el nostre personatge<\/li>\n\n\n\n<li>TALLER de PL\u00c0STIQUES per fer-nos el nostre equipament de descobridors i descobridores<\/li>\n\n\n\n<li>TALLER de PERCUSSI\u00d3<\/li>\n\n\n\n<li>TALLER de DANSA i COREOGRAFIA<\/li>\n<\/ul>\n\n\n\n<p class=\"has-medium-font-size\" id=\"block-dda2a093-e38d-4f4c-8224-79ebc5a040fc\"><strong>13:00 REFRESQUEM-NOS!!!! &#8230;.PISCINA  i JOCS d\u2019AIGUA &nbsp; &nbsp; &nbsp; &nbsp;<\/strong><\/p>\n\n\n\n<p id=\"block-5363e76d-2313-46e6-b9fb-ed4f75b3262d\">Arriba el moment del bany. Una de les coses m\u00e9s importants per a un bon <strong>DESCOBRIDOR o DESCOBRIDORA<\/strong> \u00e9s aprendre a nedar, a capbu\u00e7ar-se i saber-se espavilar per tot el m\u00f3n.&nbsp;<\/p>\n\n\n\n<ul id=\"block-751c8b2c-c23c-4245-93f8-f063d18bb8df\" class=\"wp-block-list\">\n<li>&nbsp; &nbsp; &nbsp;Piscina: Club Nataci\u00f3 Catalunya<\/li>\n\n\n\n<li>&nbsp; &nbsp; &nbsp;Festa de l\u2019Escuma amb CAN\u00d3 d\u2019&#8217;ESCUMA<\/li>\n<\/ul>\n\n\n\n<p class=\"has-medium-font-size\" id=\"block-88cecf4b-8e5e-4362-b6ba-40bdfa14c075\"><strong>14:30 A DINAR!!!!<\/strong><strong>&nbsp;<\/strong><\/p>\n\n\n\n<p id=\"block-d262d02b-cb66-4d9f-80ad-963f6b0d02b3\">Quina gana!!!! &#8230;.menjarem menjars bon\u00edssims i gaudirem de les converses dels descobridors i les descobridores.<\/p>\n\n\n\n<p class=\"has-medium-font-size\" id=\"block-d262d02b-cb66-4d9f-80ad-963f6b0d02b3\"><strong>15:30 TALLERS ART\u00cdSTICS <\/strong>&nbsp; &#8230;&#8230;&#8230;&#8230;.(tarda)<\/p>\n\n\n\n<p id=\"block-1d3f74ab-6583-4170-9056-8d6b21f2054a\">Un m\u00ednim d\u2019un taller pel mat\u00ed i un altre per la tarda. Tenim moltes coses per aprendre i el temps del que disposem no \u00e9s infinit.<\/p>\n\n\n\n<p class=\"has-medium-font-size\" id=\"block-a20330ae-132c-4e85-8faa-7cd5f41d6f77\"><strong>16:30 &#8230;FINS DEM\u00c0!!!<\/strong><\/p>\n\n\n\n<p class=\"has-medium-font-size\" id=\"block-1abaadb4-ef0a-45a8-9350-fa60ee7bc1e4\"><strong>DIMECRES: ESPECTACLE&nbsp;<\/strong><\/p>\n\n\n\n<p class=\"has-medium-font-size\" id=\"block-c8915fd3-f352-4ff9-9cbc-76aad77d0392\"><strong>&#8230;obert a mares pares i&nbsp;tots els amics que vulgueu convidar<\/strong><\/p>\n\n\n\n<p id=\"block-559b5363-7b11-4408-b7a8-0e7a7b076181\">Ha arribat el gran dia&#8230;! Cada dimecres presentarem l\u2019espectacle obert als pares dels alumnes i a tots els amics i familiars que vulgueu convidar, a on escenificarem la nostra hist\u00f2ria utilitzant tota la feina que hem realitzat als tallers de creaci\u00f3 art\u00edstica: cantarem les can\u00e7ons que hem apr\u00e8s als assajos musicals; ballarem les danses i coreografies de moviment esc\u00e8nic que hem preparat als tallers d\u2019escenificaci\u00f3; ens vestirem amb els vestits i complements que hem fet als tallers de pl\u00e0stiques; instal.larem les magn\u00edfiques escenografies i les escultures esc\u00e8niques que hem constru\u00eft, i llegirem o representarem els textes literaris que hem creat arrel de l\u2019argument de l\u2019espectacle.&nbsp;<\/p>\n\n\n\n<p id=\"block-fc638e20-cc99-45f6-8c37-5e34d40e89ec\">&nbsp; &nbsp; &nbsp; &nbsp; &nbsp; &nbsp; &nbsp; &nbsp; &nbsp; &nbsp; Quina emoci\u00f3!!!!!!<\/p>\n\n\n\n<p id=\"block-da0301e5-f720-43b5-8bf9-34f2a24baa6c\">&nbsp; &nbsp; &nbsp; &nbsp; &nbsp; &nbsp; &nbsp; &nbsp; &nbsp; &nbsp; &nbsp; &nbsp; &#8230;.les mares, els pares i molts amics ens vindran a veure&#8230;!<\/p>\n\n\n\n<p id=\"block-bbf786aa-b102-4529-ad67-8e9d54191506\">&nbsp; &nbsp; &nbsp; &nbsp; &nbsp; &nbsp; &nbsp; &nbsp; &nbsp; &nbsp; &nbsp; &nbsp; &#8230;&#8230;quins nervis que tenim quan estem als camerinos!!!!&nbsp; &nbsp; &nbsp;<\/p>\n\n\n\n<p id=\"block-0793cdc5-c4e5-440a-992a-16c88f53b10f\">&nbsp; &nbsp; &nbsp; &nbsp; &nbsp; &nbsp; &nbsp; &nbsp; &nbsp; &nbsp; &nbsp; &nbsp; &nbsp; &nbsp; &nbsp; &nbsp; &nbsp; &nbsp; &nbsp; &nbsp; &#8230;.quina for\u00e7a sentim quan sortim a l\u2019escenari&#8230;!!!&nbsp;<\/p>\n\n\n\n<p id=\"block-edbb75f9-6e3f-4980-845d-f288aa21a471\">Quan acabi l\u2019espectacle rebrem els aplaudiments i les felicitacions dels pares i de tot el p\u00fablic, tindrem una sensaci\u00f3 molt intensa que recordarem molt de temps i ens quedarem molt satisfets de la nostra experi\u00e8ncia.<\/p>\n\n\n\n<p id=\"block-fed69538-819a-47a3-b1af-a6d795c0e40c\">L\u2019 espectacle \u201c<strong>A L&#8217;ABORDATGE!!!\u201d <\/strong>amb m\u00fasica i libreto original de Miriam Darriba, Isabel Darriba i Abel Castell\u00f3, \u00e9s un gran musical en el qual actuen tots les nenes i els nens que participen al casal i tamb\u00e9 tots els professors i totes les professores. L\u2019espectacle es presenta cada dimecres amb m\u00fasica en directe.<\/p>\n\n\n\n<p id=\"block-f7a346a8-6f9f-4d9c-9891-86b9ab2890ea\">Hi esteu convidats totes les mares, pares, familiars i amics als que vulgueu convidar.<\/p>\n\n\n\n<p class=\"has-medium-font-size\" id=\"block-3d9f4fc4-7dbd-4e97-a03a-52a87c9f273f\"><strong>DIJOUS: EXCURSI\u00d3<\/strong><\/p>\n\n\n\n<p class=\"has-medium-font-size\" id=\"block-ec7ce1a0-047c-448c-8e46-2313375122cf\"><strong>EXCURSIONS d<strong>els<\/strong> DESCOBRIDORS i les DESCOBRIDORES<\/strong><\/p>\n\n\n\n<p id=\"block-6476143e-9b6e-4c53-8ed7-466342c89287\">Cada DIJOUS marxarem d\u2019excursi\u00f3 EL DIA SENCER, per viure les aventures <strong>d<strong>els <\/strong>DESCOBRIDORS i les DESCOBRIDORES <\/strong>de manera real i sobre el terreny!!!<\/p>\n\n\n\n<p id=\"block-300899f0-f9ad-48cd-a044-19172795a163\">Excursions a parcs d\u2019aventura, a \u201csaltings\u201d per saltar en llits el\u00e0stics, al Canal Ol\u00edmpic per saltar en inflables dins l\u2019aigua, parcs aqu\u00e0tics&#8230;<\/p>\n\n\n\n<p>Les activitats que realitzarem a l&#8217;excursi\u00f3 de cada setmana les determinarem m\u00e9s endavant.<\/p>\n\n\n\n<p class=\"has-medium-font-size\" id=\"block-df5664a7-03a7-429e-97ef-1f83c0f22a11\"><strong>DIVENDRES<\/strong><\/p>\n\n\n\n<p class=\"has-medium-font-size\" id=\"block-4948dd60-0ba3-4e3c-8c4b-4fb03db639b7\"><strong>CAMPIONATS de JOCS d\u2019EQUIP amb FESTA d\u2019ENTREGA de TROFEUS!!!<\/strong><\/p>\n\n\n\n<p id=\"block-3dfa5d35-9061-4a85-870a-23c90ed4b788\">Cada divendres, despr\u00e9s d\u2019haver fet l&#8217;espectacle, dedicarem el dia sencer a fer jocs.&nbsp;Crearem els nostres equips, triarem els nostres propis recorreguts, puntuant en els diferents esports i jocs populars i participant finalment en la gran final amb recompte de punts i\u201ctrucs\u201d per salvar-se i millorar puntuacions.<\/p>\n\n\n\n<ul id=\"block-cdd2bde9-deb4-4123-acf1-09650542f7f5\" class=\"wp-block-list\">\n<li><strong>CIRCUIT MULTIESPORT:<\/strong> patinatge, futbol, basquet, handbol, volei,tennis, pales, carreres de relleus, circuit d\u2019esl\u00e0lom, salt d\u2019altura, punteria amb arcs i dards&#8230;. &nbsp; &nbsp;<\/li>\n\n\n\n<li><strong>JOCS POPULARS:<\/strong> robacues, carreres de sacs, mataconills,&nbsp; \u201cbaldufes\u201d, bitlles, tabes, bales o \u201dcaniques\u201d., mikado\u2019s gegants..<\/li>\n\n\n\n<li><strong>EL CRIT<\/strong>: escenificaci\u00f3 d\u2019una acci\u00f3 esc\u00e8nica que crea lliurament cada equip i que tamb\u00e9 puntua al campionat.<\/li>\n\n\n\n<li><strong>TALLER de CONFECCI\u00d3 de TROFEUS:<\/strong>&nbsp; tots els que vulguin podran participar del Taller de Construcci\u00f3 de Trofeus confeccionats pels propis alumnes amb&nbsp;qu\u00e8 premiarem el bon humor, el companyerisme, saber divertir-nos encara que perdem, etc&#8230;.Tots els equips tindran el seu premi!!!<\/li>\n\n\n\n<li><strong>FESTA d\u2019ENTREGA de TROFEUS i ACOMIADAMENT:&nbsp;<\/strong> gran festa d\u2019entrega de trofeus i comiat de la setmana.&nbsp;<\/li>\n<\/ul>\n\n\n\n<p class=\"has-medium-font-size\" id=\"block-22cfa33d-285f-49ab-bb46-9df02438b3e5\">&nbsp; &nbsp; &nbsp; &nbsp; &nbsp;<strong> &#8230;Fins la setmana entrant!!!!<\/strong><\/p>\n","protected":false},"excerpt":{"rendered":"<p>UN DIA AL CASAL DILLUNS i DIMARTS 9:30&nbsp; ENTRENAMENT MATINAL dels DESCOBRIDORS i DESCOBRIDORES El primer que fan els DESCOBRIDORS i les DESCOBRIDORES quan es desperten cada mat\u00ed&nbsp; \u00e9s movilitzar el seu cos amb la dansa -gimn\u00e0stica que \u00e9s una dansa r\u00edtmica i uns exercicis f\u00edsics que es fan amb la percussi\u00f3 corporal, amb la&hellip;<\/p>\n","protected":false},"author":1,"featured_media":0,"parent":0,"menu_order":0,"comment_status":"closed","ping_status":"closed","template":"","meta":{"footnotes":""},"class_list":["post-2099","page","type-page","status-publish","hentry"],"aioseo_notices":[],"_links":{"self":[{"href":"https:\/\/musicactiva.net\/casal\/wp-json\/wp\/v2\/pages\/2099","targetHints":{"allow":["GET"]}}],"collection":[{"href":"https:\/\/musicactiva.net\/casal\/wp-json\/wp\/v2\/pages"}],"about":[{"href":"https:\/\/musicactiva.net\/casal\/wp-json\/wp\/v2\/types\/page"}],"author":[{"embeddable":true,"href":"https:\/\/musicactiva.net\/casal\/wp-json\/wp\/v2\/users\/1"}],"replies":[{"embeddable":true,"href":"https:\/\/musicactiva.net\/casal\/wp-json\/wp\/v2\/comments?post=2099"}],"version-history":[{"count":5,"href":"https:\/\/musicactiva.net\/casal\/wp-json\/wp\/v2\/pages\/2099\/revisions"}],"predecessor-version":[{"id":2450,"href":"https:\/\/musicactiva.net\/casal\/wp-json\/wp\/v2\/pages\/2099\/revisions\/2450"}],"wp:attachment":[{"href":"https:\/\/musicactiva.net\/casal\/wp-json\/wp\/v2\/media?parent=2099"}],"curies":[{"name":"wp","href":"https:\/\/api.w.org\/{rel}","templated":true}]}}