{"id":2522,"date":"2026-04-18T19:12:32","date_gmt":"2026-04-18T19:12:32","guid":{"rendered":"https:\/\/musicactiva.net\/casal\/?page_id=2522"},"modified":"2026-04-19T09:00:33","modified_gmt":"2026-04-19T09:00:33","slug":"casal-de-1r-i-2n-primaria-viladecavalls","status":"publish","type":"page","link":"https:\/\/musicactiva.net\/casal\/casal-de-1r-i-2n-primaria-viladecavalls\/","title":{"rendered":"CASAL de 1r i 2n prim\u00e0ria VILADECAVALLS"},"content":{"rendered":"\n<figure class=\"wp-block-image size-large\"><img loading=\"lazy\" decoding=\"async\" width=\"1024\" height=\"731\" src=\"http:\/\/musicactiva.net\/casal\/wp-content\/uploads\/2026\/03\/UNA-SETMANA-CASAL-11-1024x731.png\" alt=\"\" class=\"wp-image-2252\" srcset=\"https:\/\/musicactiva.net\/casal\/wp-content\/uploads\/2026\/03\/UNA-SETMANA-CASAL-11-1024x731.png 1024w, https:\/\/musicactiva.net\/casal\/wp-content\/uploads\/2026\/03\/UNA-SETMANA-CASAL-11-300x214.png 300w, https:\/\/musicactiva.net\/casal\/wp-content\/uploads\/2026\/03\/UNA-SETMANA-CASAL-11-768x548.png 768w, https:\/\/musicactiva.net\/casal\/wp-content\/uploads\/2026\/03\/UNA-SETMANA-CASAL-11-1536x1097.png 1536w, https:\/\/musicactiva.net\/casal\/wp-content\/uploads\/2026\/03\/UNA-SETMANA-CASAL-11.png 2000w\" sizes=\"auto, (max-width: 1024px) 100vw, 1024px\" \/><\/figure>\n\n\n\n<h1 class=\"wp-block-heading has-text-align-center has-text-color has-medium-font-size\" id=\"block-41f9b61a-3f86-4013-ac10-91755b2849c7\" style=\"color:#106574\"><a href=\"https:\/\/musicactiva.net\/casal\/1r-i-2n-primaria-un-dia-al-casal-abordatge26-marta-corregit\/\">UN DIA AL CASAL dels PIRATES I les PIRATES<\/a><\/h1>\n\n\n\n<p class=\"has-text-align-center\" id=\"block-98615fca-731d-452b-941f-1e700b8cf2ef\" style=\"font-size:14px\">-horari i contingut de les activitats al llarg del dia-<\/p>\n\n\n\n<h1 class=\"wp-block-heading has-text-align-center has-text-color has-medium-font-size\" id=\"block-41f9b61a-3f86-4013-ac10-91755b2849c7\" style=\"color:#106574\"><a href=\"https:\/\/musicactiva.net\/casal\/1r-i-2n-primaria-una-setmana-al-casal-viladecavalls\/\" title=\"\">UNA SETMANA AL CASAL dels PIRATES I les PIRATES<\/a><\/h1>\n\n\n\n<p class=\"has-text-align-center\" id=\"block-992d0ae2-daf6-4b51-9c8e-d827863445c5\" style=\"font-size:14px\">-activitats al llarg de la setmana-<\/p>\n\n\n\n<h1 class=\"wp-block-heading has-text-align-center has-text-color has-medium-font-size\" id=\"block-95d7ea6e-b231-4e72-a40b-791364a61496\" style=\"color:#106574\"><a href=\"https:\/\/musicactiva.net\/casal\/1r-i-2n-primaria-dates-horaris-i-preus-viladecavalls\/\" title=\"\">ORGANITZACI\u00d3<\/a><\/h1>\n\n\n\n<p class=\"has-text-align-center\" id=\"block-7c940d7f-fe37-478f-a406-8fed6c54c78c\" style=\"font-size:16px\">-dates, horaris i preus-<\/p>\n\n\n\n<h1 class=\"wp-block-heading has-text-align-center has-text-color has-medium-font-size\" id=\"block-a5b5b1ac-7927-4bf7-876b-b4fe200865ef\" style=\"color:#106574\"><a href=\"https:\/\/musicactiva.net\/casal\/matriculacio-casal-viladecavalls\/\" title=\"\">MATRICULACI\u00d3<\/a><\/h1>\n\n\n\n<p class=\"has-text-align-center\" id=\"block-50cbc720-89cd-484f-817f-f650ff3f0249\" style=\"font-size:16px\">-tota la informaci\u00f3 per formalitzar la inscripci\u00f3 al casal-<\/p>\n\n\n\n<p><\/p>\n","protected":false},"excerpt":{"rendered":"<p>UN DIA AL CASAL dels PIRATES I les PIRATES -horari i contingut de les activitats al llarg del dia- UNA SETMANA AL CASAL dels PIRATES I les PIRATES -activitats al llarg de la setmana- ORGANITZACI\u00d3 -dates, horaris i preus- MATRICULACI\u00d3 -tota la informaci\u00f3 per formalitzar la inscripci\u00f3 al casal-<\/p>\n","protected":false},"author":1,"featured_media":0,"parent":0,"menu_order":0,"comment_status":"closed","ping_status":"closed","template":"","meta":{"footnotes":""},"class_list":["post-2522","page","type-page","status-publish","hentry"],"aioseo_notices":[],"_links":{"self":[{"href":"https:\/\/musicactiva.net\/casal\/wp-json\/wp\/v2\/pages\/2522","targetHints":{"allow":["GET"]}}],"collection":[{"href":"https:\/\/musicactiva.net\/casal\/wp-json\/wp\/v2\/pages"}],"about":[{"href":"https:\/\/musicactiva.net\/casal\/wp-json\/wp\/v2\/types\/page"}],"author":[{"embeddable":true,"href":"https:\/\/musicactiva.net\/casal\/wp-json\/wp\/v2\/users\/1"}],"replies":[{"embeddable":true,"href":"https:\/\/musicactiva.net\/casal\/wp-json\/wp\/v2\/comments?post=2522"}],"version-history":[{"count":3,"href":"https:\/\/musicactiva.net\/casal\/wp-json\/wp\/v2\/pages\/2522\/revisions"}],"predecessor-version":[{"id":2582,"href":"https:\/\/musicactiva.net\/casal\/wp-json\/wp\/v2\/pages\/2522\/revisions\/2582"}],"wp:attachment":[{"href":"https:\/\/musicactiva.net\/casal\/wp-json\/wp\/v2\/media?parent=2522"}],"curies":[{"name":"wp","href":"https:\/\/api.w.org\/{rel}","templated":true}]}}