{"id":2525,"date":"2026-04-18T19:14:25","date_gmt":"2026-04-18T19:14:25","guid":{"rendered":"https:\/\/musicactiva.net\/casal\/?page_id=2525"},"modified":"2026-04-19T09:02:50","modified_gmt":"2026-04-19T09:02:50","slug":"el-casal-de-3r-i-4t-primaria-viladecavalls","status":"publish","type":"page","link":"https:\/\/musicactiva.net\/casal\/el-casal-de-3r-i-4t-primaria-viladecavalls\/","title":{"rendered":"EL CASAL de 3r i 4t prim\u00e0ria &#8211; VILADECAVALLS"},"content":{"rendered":"<div class=\"wp-block-image\">\n<figure class=\"aligncenter size-large\"><img loading=\"lazy\" decoding=\"async\" width=\"1024\" height=\"731\" src=\"http:\/\/musicactiva.net\/casal\/wp-content\/uploads\/2026\/03\/UNA-SETMANA-CASAL-8-1-1024x731.png\" alt=\"\" class=\"wp-image-2247\" srcset=\"https:\/\/musicactiva.net\/casal\/wp-content\/uploads\/2026\/03\/UNA-SETMANA-CASAL-8-1-1024x731.png 1024w, https:\/\/musicactiva.net\/casal\/wp-content\/uploads\/2026\/03\/UNA-SETMANA-CASAL-8-1-300x214.png 300w, https:\/\/musicactiva.net\/casal\/wp-content\/uploads\/2026\/03\/UNA-SETMANA-CASAL-8-1-768x548.png 768w, https:\/\/musicactiva.net\/casal\/wp-content\/uploads\/2026\/03\/UNA-SETMANA-CASAL-8-1-1536x1097.png 1536w, https:\/\/musicactiva.net\/casal\/wp-content\/uploads\/2026\/03\/UNA-SETMANA-CASAL-8-1.png 2000w\" sizes=\"auto, (max-width: 1024px) 100vw, 1024px\" \/><\/figure>\n<\/div>\n\n\n<h1 class=\"wp-block-heading has-text-align-center has-medium-font-size\" id=\"block-a4219397-b4ae-4a3f-9088-8c831e4ae521\"><a href=\"https:\/\/musicactiva.net\/casal\/3r-i-4t-primaria-un-dia-al-casal-abordatge26-marta-corregit\/\">UN DIA AL CASAL DELS MARINERS I LES MARINERES <\/a><\/h1>\n\n\n\n<p class=\"has-text-align-center\" id=\"block-a4219397-b4ae-4a3f-9088-8c831e4ae521\">Horari i contingut de les activitats al llarg del dia<\/p>\n\n\n\n<h1 class=\"wp-block-heading has-text-align-center has-medium-font-size\" id=\"block-41bb2d23-6b83-4b9d-a837-c853cc5d187a\"><a href=\"https:\/\/musicactiva.net\/casal\/3r-i-4t-primaria-una-setmana-al-casal-viladecavalls\/\" title=\"\">UNA SETMANA AL CASAL DELS MARINERS I LES MARINERES<\/a><\/h1>\n\n\n\n<p class=\"has-text-align-center\" id=\"block-b9555818-7d83-4d03-b89f-5e83b99a7931\">Activitats al llarg de la setmana<\/p>\n\n\n\n<h1 class=\"wp-block-heading has-text-align-center has-medium-font-size\" id=\"block-2e9ecf69-3f88-4488-a154-cfa6685f02b6\"><a href=\"https:\/\/musicactiva.net\/casal\/3r-i-4t-primaria-dates-horaris-i-preus-viladecavalls\/\" title=\"\">ORGANITZACI\u00d3<\/a><\/h1>\n\n\n\n<p class=\"has-text-align-center\" id=\"block-8f8bb7c5-0717-40c9-ae14-320b2a2e2a79\">Dates, horaris i preus<\/p>\n\n\n\n<h1 class=\"wp-block-heading has-text-align-center has-medium-font-size\" id=\"block-dacb473d-01b4-4a50-8eba-b49ef42dcfc3\"><a href=\"https:\/\/musicactiva.net\/casal\/matriculacio-casal-viladecavalls\/\" title=\"\">MATRICULACI\u00d3<\/a><\/h1>\n\n\n\n<p class=\"has-text-align-center\" id=\"block-e3e0679a-6a41-48c3-8cb7-33ae1f8be807\">Tota la informaci\u00f3 per formalitzar la inscripci\u00f3 al casal<\/p>\n\n\n\n<p>\ufeff<\/p>\n","protected":false},"excerpt":{"rendered":"<p>UN DIA AL CASAL DELS MARINERS I LES MARINERES Horari i contingut de les activitats al llarg del dia UNA SETMANA AL CASAL DELS MARINERS I LES MARINERES Activitats al llarg de la setmana ORGANITZACI\u00d3 Dates, horaris i preus MATRICULACI\u00d3 Tota la informaci\u00f3 per formalitzar la inscripci\u00f3 al casal \ufeff<\/p>\n","protected":false},"author":1,"featured_media":0,"parent":0,"menu_order":0,"comment_status":"closed","ping_status":"closed","template":"","meta":{"footnotes":""},"class_list":["post-2525","page","type-page","status-publish","hentry"],"aioseo_notices":[],"_links":{"self":[{"href":"https:\/\/musicactiva.net\/casal\/wp-json\/wp\/v2\/pages\/2525","targetHints":{"allow":["GET"]}}],"collection":[{"href":"https:\/\/musicactiva.net\/casal\/wp-json\/wp\/v2\/pages"}],"about":[{"href":"https:\/\/musicactiva.net\/casal\/wp-json\/wp\/v2\/types\/page"}],"author":[{"embeddable":true,"href":"https:\/\/musicactiva.net\/casal\/wp-json\/wp\/v2\/users\/1"}],"replies":[{"embeddable":true,"href":"https:\/\/musicactiva.net\/casal\/wp-json\/wp\/v2\/comments?post=2525"}],"version-history":[{"count":3,"href":"https:\/\/musicactiva.net\/casal\/wp-json\/wp\/v2\/pages\/2525\/revisions"}],"predecessor-version":[{"id":2584,"href":"https:\/\/musicactiva.net\/casal\/wp-json\/wp\/v2\/pages\/2525\/revisions\/2584"}],"wp:attachment":[{"href":"https:\/\/musicactiva.net\/casal\/wp-json\/wp\/v2\/media?parent=2525"}],"curies":[{"name":"wp","href":"https:\/\/api.w.org\/{rel}","templated":true}]}}