{"id":2846,"date":"2023-09-11T15:11:06","date_gmt":"2023-09-11T15:11:06","guid":{"rendered":"https:\/\/musicactiva.net\/escolademusica\/?page_id=2846"},"modified":"2023-10-03T19:26:34","modified_gmt":"2023-10-03T19:26:34","slug":"seguiment-via-plataforma","status":"publish","type":"page","link":"https:\/\/musicactiva.net\/escolademusica\/seguiment-via-plataforma\/","title":{"rendered":"SEGUIMENT VIA PLATAFORMA"},"content":{"rendered":"\t\t<div data-elementor-type=\"wp-page\" data-elementor-id=\"2846\" class=\"elementor elementor-2846\">\n\t\t\t\t\t\t\t\t\t<section class=\"elementor-section elementor-top-section elementor-element elementor-element-d153673 elementor-section-boxed elementor-section-height-default elementor-section-height-default\" data-id=\"d153673\" data-element_type=\"section\">\n\t\t\t\t\t\t<div class=\"elementor-container elementor-column-gap-default\">\n\t\t\t\t\t<div class=\"elementor-column elementor-col-100 elementor-top-column elementor-element elementor-element-ba0544c\" data-id=\"ba0544c\" data-element_type=\"column\">\n\t\t\t<div class=\"elementor-widget-wrap elementor-element-populated\">\n\t\t\t\t\t\t\t\t<div class=\"elementor-element elementor-element-01996ad elementor-widget elementor-widget-text-editor\" data-id=\"01996ad\" data-element_type=\"widget\" data-widget_type=\"text-editor.default\">\n\t\t\t\t<div class=\"elementor-widget-container\">\n\t\t\t<style>\/*! elementor - v3.7.8 - 02-10-2022 *\/\n.elementor-widget-text-editor.elementor-drop-cap-view-stacked .elementor-drop-cap{background-color:#818a91;color:#fff}.elementor-widget-text-editor.elementor-drop-cap-view-framed .elementor-drop-cap{color:#818a91;border:3px solid;background-color:transparent}.elementor-widget-text-editor:not(.elementor-drop-cap-view-default) .elementor-drop-cap{margin-top:8px}.elementor-widget-text-editor:not(.elementor-drop-cap-view-default) .elementor-drop-cap-letter{width:1em;height:1em}.elementor-widget-text-editor .elementor-drop-cap{float:left;text-align:center;line-height:1;font-size:50px}.elementor-widget-text-editor .elementor-drop-cap-letter{display:inline-block}<\/style>\t\t\t\t<p><strong>SEGUIMENT VIA PLATAFORMA MUSICACTIVA<\/strong><\/p>\t\t\t\t\t\t<\/div>\n\t\t\t\t<\/div>\n\t\t\t\t\t<\/div>\n\t\t<\/div>\n\t\t\t\t\t\t\t<\/div>\n\t\t<\/section>\n\t\t\t\t<section class=\"elementor-section elementor-top-section elementor-element elementor-element-79f2b41 elementor-section-boxed elementor-section-height-default elementor-section-height-default\" data-id=\"79f2b41\" data-element_type=\"section\">\n\t\t\t\t\t\t<div class=\"elementor-container elementor-column-gap-default\">\n\t\t\t\t\t<div class=\"elementor-column elementor-col-100 elementor-top-column elementor-element elementor-element-b2ac056\" data-id=\"b2ac056\" data-element_type=\"column\">\n\t\t\t<div class=\"elementor-widget-wrap elementor-element-populated\">\n\t\t\t\t\t\t\t\t<div class=\"elementor-element elementor-element-c8b76be elementor-widget elementor-widget-text-editor\" data-id=\"c8b76be\" data-element_type=\"widget\" data-widget_type=\"text-editor.default\">\n\t\t\t\t<div class=\"elementor-widget-container\">\n\t\t\t\t\t\t\t<p><b>Espai de l\u2019alumne\/a a la Plataforma MusicActiva:\u00a0<\/b><\/p>\t\t\t\t\t\t<\/div>\n\t\t\t\t<\/div>\n\t\t\t\t\t<\/div>\n\t\t<\/div>\n\t\t\t\t\t\t\t<\/div>\n\t\t<\/section>\n\t\t\t\t<section class=\"elementor-section elementor-top-section elementor-element elementor-element-a2daa42 elementor-section-boxed elementor-section-height-default elementor-section-height-default\" data-id=\"a2daa42\" data-element_type=\"section\">\n\t\t\t\t\t\t<div class=\"elementor-container elementor-column-gap-default\">\n\t\t\t\t\t<div class=\"elementor-column elementor-col-100 elementor-top-column elementor-element elementor-element-f8131eb\" data-id=\"f8131eb\" data-element_type=\"column\">\n\t\t\t<div class=\"elementor-widget-wrap elementor-element-populated\">\n\t\t\t\t\t\t\t\t<div class=\"elementor-element elementor-element-508ec4a elementor-widget elementor-widget-text-editor\" data-id=\"508ec4a\" data-element_type=\"widget\" data-widget_type=\"text-editor.default\">\n\t\t\t\t<div class=\"elementor-widget-container\">\n\t\t\t\t\t\t\t<ul><li style=\"font-weight: 400;\" aria-level=\"7\"><span style=\"font-weight: 400;\">cada alumne\/a disposa d\u2019un espai personal i privat a la Plataforma MusicActiva al qual pot accedir utilitzant la seva contrasenya.\u00a0<\/span><\/li><li style=\"font-weight: 400;\" aria-level=\"7\"><span style=\"font-weight: 400;\">Les mares i pares dels infants i dels alumnes adolescents, podeu accedir a l\u2019espai de manera que podreu saber en tot moment qu\u00e8 est\u00e0 treballant el vostre fill\/a tant a casa en forma de deures, quines accions de seguiment est\u00e0 realitzant i la valoraci\u00f3 que fem els directors pedag\u00f2gics de la seva evoluci\u00f3.\u00a0<\/span><\/li><\/ul>\t\t\t\t\t\t<\/div>\n\t\t\t\t<\/div>\n\t\t\t\t\t<\/div>\n\t\t<\/div>\n\t\t\t\t\t\t\t<\/div>\n\t\t<\/section>\n\t\t\t\t<section class=\"elementor-section elementor-top-section elementor-element elementor-element-9e235a0 elementor-section-boxed elementor-section-height-default elementor-section-height-default\" data-id=\"9e235a0\" data-element_type=\"section\">\n\t\t\t\t\t\t<div class=\"elementor-container elementor-column-gap-default\">\n\t\t\t\t\t<div class=\"elementor-column elementor-col-100 elementor-top-column elementor-element elementor-element-275bcc7\" data-id=\"275bcc7\" data-element_type=\"column\">\n\t\t\t<div class=\"elementor-widget-wrap elementor-element-populated\">\n\t\t\t\t\t\t\t\t<div class=\"elementor-element elementor-element-f431b2e elementor-widget elementor-widget-text-editor\" data-id=\"f431b2e\" data-element_type=\"widget\" data-widget_type=\"text-editor.default\">\n\t\t\t\t<div class=\"elementor-widget-container\">\n\t\t\t\t\t\t\t<p><strong>A l\u2019espai de l&#8217;alumne\/a trobareu:\u00a0<\/strong><\/p>\t\t\t\t\t\t<\/div>\n\t\t\t\t<\/div>\n\t\t\t\t\t<\/div>\n\t\t<\/div>\n\t\t\t\t\t\t\t<\/div>\n\t\t<\/section>\n\t\t\t\t<section class=\"elementor-section elementor-top-section elementor-element elementor-element-be8de9c elementor-section-boxed elementor-section-height-default elementor-section-height-default\" data-id=\"be8de9c\" data-element_type=\"section\">\n\t\t\t\t\t\t<div class=\"elementor-container elementor-column-gap-default\">\n\t\t\t\t\t<div class=\"elementor-column elementor-col-100 elementor-top-column elementor-element elementor-element-be139b5\" data-id=\"be139b5\" data-element_type=\"column\">\n\t\t\t<div class=\"elementor-widget-wrap elementor-element-populated\">\n\t\t\t\t\t\t\t\t<div class=\"elementor-element elementor-element-21c8b04 elementor-widget elementor-widget-text-editor\" data-id=\"21c8b04\" data-element_type=\"widget\" data-widget_type=\"text-editor.default\">\n\t\t\t\t<div class=\"elementor-widget-container\">\n\t\t\t\t\t\t\t<p><span style=\"font-weight: 400;\">El Pla de Treball personal de l\u2019alumne\/a amb la seg\u00fcent informaci\u00f3:<\/span><\/p><ul><li style=\"font-weight: 400;\" aria-level=\"9\"><span style=\"font-weight: 400;\">previsi\u00f3 dels nivells de mat\u00e8ria i les assignatures del Programa d\u2019Estudis que ha de cursar l\u2019alumne\/a;<\/span><\/li><li style=\"font-weight: 400;\" aria-level=\"9\"><span style=\"font-weight: 400;\">accions de seguiment via plataforma que ha de realitzar al llarg del curs: enregistrament i enviament d&#8217;\u00e0udios i videos mitjan\u00e7ant la utilitzaci\u00f3 del material did\u00e0ctic que trobareu a la plataforma<\/span><\/li><li style=\"font-weight: 400;\" aria-level=\"9\"><span style=\"font-weight: 400;\">escenificacions en les quals ha de participar al llarg del curs -audicions de fi de nivell \/ concerts d\u2019alumnes etc\u2026- amb la data prevista per realitzar l\u2019escenificaci\u00f3.<\/span><\/li><li style=\"font-weight: 400;\" aria-level=\"8\"><span style=\"font-weight: 400;\">Material did\u00e0ctic necessari per realitzar les accions de seguiment via plataforma: GUIONS d\u2019ESTUDI, PARTITURES i TUTORIALS MUSICACTIVA en forma d\u2019\u00c0UDIO i de VIDEO<\/span><\/li><li style=\"font-weight: 400;\" aria-level=\"8\"><span style=\"font-weight: 400;\">Material did\u00e0ctic que necessita per preparar les audicions i els concerts: GUIONS d\u2019ESTUDI\u00a0 i TUTORIALS MUSICACTIVA en forma d\u2019\u00c0UDIO i de VIDEO<\/span><\/li><li style=\"font-weight: 400;\" aria-level=\"8\"><span style=\"font-weight: 400;\">Deures: material did\u00e0ctic i instruccions que necessita l\u2019alumne\/a per poder treballar a\u00a0 casa en cas que ja estigui fent deures.<\/span><\/li><\/ul>\t\t\t\t\t\t<\/div>\n\t\t\t\t<\/div>\n\t\t\t\t\t<\/div>\n\t\t<\/div>\n\t\t\t\t\t\t\t<\/div>\n\t\t<\/section>\n\t\t\t\t<section class=\"elementor-section elementor-top-section elementor-element elementor-element-72ce37e elementor-section-boxed elementor-section-height-default elementor-section-height-default\" data-id=\"72ce37e\" data-element_type=\"section\">\n\t\t\t\t\t\t<div class=\"elementor-container elementor-column-gap-default\">\n\t\t\t\t\t<div class=\"elementor-column elementor-col-100 elementor-top-column elementor-element elementor-element-51f8264\" data-id=\"51f8264\" data-element_type=\"column\">\n\t\t\t<div class=\"elementor-widget-wrap elementor-element-populated\">\n\t\t\t\t\t\t\t\t<div class=\"elementor-element elementor-element-43aff6c elementor-widget elementor-widget-text-editor\" data-id=\"43aff6c\" data-element_type=\"widget\" data-widget_type=\"text-editor.default\">\n\t\t\t\t<div class=\"elementor-widget-container\">\n\t\t\t\t\t\t\t<p><b>Qui pot accedir a l\u2019Espai de l\u2019Alumne\/a?<\/b><\/p>\t\t\t\t\t\t<\/div>\n\t\t\t\t<\/div>\n\t\t\t\t\t<\/div>\n\t\t<\/div>\n\t\t\t\t\t\t\t<\/div>\n\t\t<\/section>\n\t\t\t\t<section class=\"elementor-section elementor-top-section elementor-element elementor-element-3c145fb elementor-section-boxed elementor-section-height-default elementor-section-height-default\" data-id=\"3c145fb\" data-element_type=\"section\">\n\t\t\t\t\t\t<div class=\"elementor-container elementor-column-gap-default\">\n\t\t\t\t\t<div class=\"elementor-column elementor-col-100 elementor-top-column elementor-element elementor-element-9f4bdc2\" data-id=\"9f4bdc2\" data-element_type=\"column\">\n\t\t\t<div class=\"elementor-widget-wrap elementor-element-populated\">\n\t\t\t\t\t\t\t\t<div class=\"elementor-element elementor-element-e62a408 elementor-widget elementor-widget-text-editor\" data-id=\"e62a408\" data-element_type=\"widget\" data-widget_type=\"text-editor.default\">\n\t\t\t\t<div class=\"elementor-widget-container\">\n\t\t\t\t\t\t\t<p><span style=\"font-weight: 400;\">A l\u2019espai hi pot accedir: l\u2019alumnat \/ mares i pares d\u2019alumnes \/ professorat assignat per impartir les classes.<\/span><\/p>\t\t\t\t\t\t<\/div>\n\t\t\t\t<\/div>\n\t\t\t\t\t<\/div>\n\t\t<\/div>\n\t\t\t\t\t\t\t<\/div>\n\t\t<\/section>\n\t\t\t\t<section class=\"elementor-section elementor-top-section elementor-element elementor-element-924b848 elementor-section-boxed elementor-section-height-default elementor-section-height-default\" data-id=\"924b848\" data-element_type=\"section\">\n\t\t\t\t\t\t<div class=\"elementor-container elementor-column-gap-default\">\n\t\t\t\t\t<div class=\"elementor-column elementor-col-100 elementor-top-column elementor-element elementor-element-9afb691\" data-id=\"9afb691\" data-element_type=\"column\">\n\t\t\t<div class=\"elementor-widget-wrap elementor-element-populated\">\n\t\t\t\t\t\t\t\t<div class=\"elementor-element elementor-element-566546b elementor-widget elementor-widget-text-editor\" data-id=\"566546b\" data-element_type=\"widget\" data-widget_type=\"text-editor.default\">\n\t\t\t\t<div class=\"elementor-widget-container\">\n\t\t\t\t\t\t\t<p><b>Qui gestiona l\u2019espai?<\/b><\/p>\t\t\t\t\t\t<\/div>\n\t\t\t\t<\/div>\n\t\t\t\t\t<\/div>\n\t\t<\/div>\n\t\t\t\t\t\t\t<\/div>\n\t\t<\/section>\n\t\t\t\t<section class=\"elementor-section elementor-top-section elementor-element elementor-element-09c841b elementor-section-boxed elementor-section-height-default elementor-section-height-default\" data-id=\"09c841b\" data-element_type=\"section\">\n\t\t\t\t\t\t<div class=\"elementor-container elementor-column-gap-default\">\n\t\t\t\t\t<div class=\"elementor-column elementor-col-100 elementor-top-column elementor-element elementor-element-0098049\" data-id=\"0098049\" data-element_type=\"column\">\n\t\t\t<div class=\"elementor-widget-wrap elementor-element-populated\">\n\t\t\t\t\t\t\t\t<div class=\"elementor-element elementor-element-15a13a3 elementor-widget elementor-widget-text-editor\" data-id=\"15a13a3\" data-element_type=\"widget\" data-widget_type=\"text-editor.default\">\n\t\t\t\t<div class=\"elementor-widget-container\">\n\t\t\t\t\t\t\t<p><span style=\"font-weight: 400;\">L\u2019espai est\u00e0 constru\u00eft, actualizat i gestionat pels directors pedag\u00f2gics i tutors responsables de la formaci\u00f3 de TOTES i TOTS els alumnes de MusicActiva.<\/span><\/p>\t\t\t\t\t\t<\/div>\n\t\t\t\t<\/div>\n\t\t\t\t\t<\/div>\n\t\t<\/div>\n\t\t\t\t\t\t\t<\/div>\n\t\t<\/section>\n\t\t\t\t\t\t\t<\/div>\n\t\t","protected":false},"excerpt":{"rendered":"<p>SEGUIMENT VIA PLATAFORMA MUSICACTIVA Espai de l\u2019alumne\/a a la Plataforma MusicActiva:\u00a0 cada alumne\/a disposa d\u2019un espai personal i privat a la Plataforma MusicActiva al qual pot accedir utilitzant la seva contrasenya.\u00a0 Les mares i pares dels infants i dels alumnes adolescents, podeu accedir a l\u2019espai de manera que podreu saber en tot moment qu\u00e8 est\u00e0&hellip;<\/p>\n","protected":false},"author":1,"featured_media":0,"parent":0,"menu_order":0,"comment_status":"closed","ping_status":"closed","template":"","meta":{"footnotes":""},"class_list":["post-2846","page","type-page","status-publish","hentry"],"_links":{"self":[{"href":"https:\/\/musicactiva.net\/escolademusica\/wp-json\/wp\/v2\/pages\/2846","targetHints":{"allow":["GET"]}}],"collection":[{"href":"https:\/\/musicactiva.net\/escolademusica\/wp-json\/wp\/v2\/pages"}],"about":[{"href":"https:\/\/musicactiva.net\/escolademusica\/wp-json\/wp\/v2\/types\/page"}],"author":[{"embeddable":true,"href":"https:\/\/musicactiva.net\/escolademusica\/wp-json\/wp\/v2\/users\/1"}],"replies":[{"embeddable":true,"href":"https:\/\/musicactiva.net\/escolademusica\/wp-json\/wp\/v2\/comments?post=2846"}],"version-history":[{"count":16,"href":"https:\/\/musicactiva.net\/escolademusica\/wp-json\/wp\/v2\/pages\/2846\/revisions"}],"predecessor-version":[{"id":4344,"href":"https:\/\/musicactiva.net\/escolademusica\/wp-json\/wp\/v2\/pages\/2846\/revisions\/4344"}],"wp:attachment":[{"href":"https:\/\/musicactiva.net\/escolademusica\/wp-json\/wp\/v2\/media?parent=2846"}],"curies":[{"name":"wp","href":"https:\/\/api.w.org\/{rel}","templated":true}]}}